{"id":2913,"date":"2020-08-25T14:21:13","date_gmt":"2020-08-25T14:21:13","guid":{"rendered":"http:\/\/cankepa.com\/?page_id=2913"},"modified":"2021-05-16T16:25:33","modified_gmt":"2021-05-16T16:25:33","slug":"pollensa","status":"publish","type":"page","link":"https:\/\/cankepa.com\/en\/mallorca\/pollensa\/","title":{"rendered":"Mallorca &#8211; Pollensa"},"content":{"rendered":"<div class=\"wpb-content-wrapper\"><section class=\"vc_section\"><div class=\"vc_row wpb_row vc_row-fluid\"><div class=\"wpb_column vc_column_container vc_col-sm-2\"><div class=\"vc_column-inner\"><div class=\"wpb_wrapper\"><\/div><\/div><\/div><div class=\"wpb_column vc_column_container vc_col-sm-8\"><div class=\"vc_column-inner\"><div class=\"wpb_wrapper\"><div class=\"vc_icon_element vc_icon_element-outer vc_icon_element-align-center vc_icon_element-have-style\"><div class=\"vc_icon_element-inner vc_icon_element-color-green vc_icon_element-have-style-inner vc_icon_element-size-lg vc_icon_element-style-rounded-outline vc_icon_element-outline vc_icon_element-background-color-grey\" ><span class=\"vc_icon_element-icon fas fa-umbrella-beach\" ><\/span><\/div><\/div>\n\t<div class=\"wpb_text_column wpb_content_element\" >\n\t\t<div class=\"wpb_wrapper\">\n\t\t\t<h2 style=\"text-align: center;\"><span style=\"color: #66b80f;\">\u00b7 Pollen\u00e7a \u00b7<\/span><\/h2>\n\n\t\t<\/div>\n\t<\/div>\n\n\t<div class=\"wpb_text_column wpb_content_element\" >\n\t\t<div class=\"wpb_wrapper\">\n\t\t\t<h1 style=\"text-align: center;\"><span style=\"color: #999999;\">Dicen que es el pueblo m\u00e1s bonito de Mallorca<br \/>\n\u00a1Ven a experimentalo por ti mismo!<\/span><\/h1>\n\n\t\t<\/div>\n\t<\/div>\n<\/div><\/div><\/div><div class=\"wpb_column vc_column_container vc_col-sm-2\"><div class=\"vc_column-inner\"><div class=\"wpb_wrapper\"><\/div><\/div><\/div><\/div><\/section><section class=\"vc_section\"><div class=\"vc_row wpb_row vc_row-fluid\"><div class=\"wpb_column vc_column_container vc_col-sm-2\"><div class=\"vc_column-inner\"><div class=\"wpb_wrapper\"><\/div><\/div><\/div><div class=\"wpb_column vc_column_container vc_col-sm-8\"><div class=\"vc_column-inner\"><div class=\"wpb_wrapper\">\n\t<div  class=\"wpb_single_image wpb_content_element vc_align_center\">\n\t\t\n\t\t<figure class=\"wpb_wrapper vc_figure\">\n\t\t\t<div class=\"vc_single_image-wrapper vc_box_circle  vc_box_border_grey\"><img decoding=\"async\" class=\"vc_single_image-img\" src=\"https:\/\/cankepa.com\/wp-content\/uploads\/2021\/05\/Can-kepa-villas-alquiler-mallorca-pollensa-puig-maria-400x400.jpg\" width=\"400\" height=\"400\" alt=\"Puig de Santa Mar\u00eda desde Pollen\u00e7a\" title=\"Puig de Santa Mar\u00eda desde Pollen\u00e7a\" loading=\"lazy\" \/><\/div>\n\t\t<\/figure>\n\t<\/div>\n\n\t<div class=\"wpb_text_column wpb_content_element\" >\n\t\t<div class=\"wpb_wrapper\">\n\t\t\t<p style=\"text-align: center;\">Pollensa o <em>Pollen\u00e7a<\/em>, es un pueblo en las faldas de la sierra de Tramuntana en el norte de Mallorca.<\/p>\n<p style=\"text-align: center;\">A seis kilometros de la costa, protegido por el Puig <em>(monte)<\/em> de Santa Mar\u00eda.<\/p>\n<p style=\"text-align: center;\">Cerca del cabo de Formentor, el extremo norte de la \u00edsla.<\/p>\n\n\t\t<\/div>\n\t<\/div>\n<\/div><\/div><\/div><div class=\"wpb_column vc_column_container vc_col-sm-2\"><div class=\"vc_column-inner\"><div class=\"wpb_wrapper\"><\/div><\/div><\/div><\/div><\/section><section class=\"vc_section\"><div class=\"vc_row wpb_row vc_row-fluid\"><div class=\"wpb_column vc_column_container vc_col-sm-2\"><div class=\"vc_column-inner\"><div class=\"wpb_wrapper\"><\/div><\/div><\/div><div class=\"wpb_column vc_column_container vc_col-sm-8\"><div class=\"vc_column-inner\"><div class=\"wpb_wrapper\"><div class=\"vc_icon_element vc_icon_element-outer vc_icon_element-align-center vc_icon_element-have-style\"><div class=\"vc_icon_element-inner vc_icon_element-color-white vc_icon_element-have-style-inner vc_icon_element-size-lg vc_icon_element-style-rounded vc_icon_element-background vc_icon_element-background-color-juicy_pink\" ><span class=\"vc_icon_element-icon entypo-icon entypo-icon-traffic-cone\" ><\/span><\/div><\/div>\n\t<div class=\"wpb_text_column wpb_content_element\" >\n\t\t<div class=\"wpb_wrapper\">\n\t\t\t<p style=\"text-align: center;\">M\u00e1s informaci\u00f3n muy pronto.<\/p>\n\n\t\t<\/div>\n\t<\/div>\n<\/div><\/div><\/div><div class=\"wpb_column vc_column_container vc_col-sm-2\"><div class=\"vc_column-inner\"><div class=\"wpb_wrapper\"><\/div><\/div><\/div><\/div><\/section>\n<\/div>","protected":false},"excerpt":{"rendered":"\u00b7 Pollen\u00e7a \u00b7 Dicen que es el pueblo m\u00e1s bonito de Mallorca \u00a1Ven a experimentalo por ti mismo! Pollensa o Pollen\u00e7a, es un pueblo en las faldas de la sierra de Tramuntana en el norte de Mallorca. A seis kilometros de la costa, protegido por el Puig (monte) de Santa Mar\u00eda. Cerca del cabo de [...]","protected":false},"author":1,"featured_media":0,"parent":47,"menu_order":1,"comment_status":"closed","ping_status":"closed","template":"","meta":{"footnotes":""},"yoast_head":"<!-- This site is optimized with the Yoast SEO plugin v23.5 - https:\/\/yoast.com\/wordpress\/plugins\/seo\/ -->\n<title>Informaci\u00f3n de Pollen\u00e7a \u00b7 Conoce el norte de Mallorca desde nuestra villa<\/title>\n<meta name=\"description\" content=\"\u00bfTodav\u00eda no conoces el pueblo? Encuentra toda la informaci\u00f3n que necesitas sobre Pollen\u00e7a para tener la estancia agradable que est\u00e1s buscando\" \/>\n<meta name=\"robots\" content=\"index, follow, max-snippet:-1, max-image-preview:large, max-video-preview:-1\" \/>\n<link rel=\"canonical\" href=\"https:\/\/cankepa.com\/en\/mallorca\/pollensa\/\" \/>\n<meta property=\"og:locale\" content=\"en_GB\" \/>\n<meta property=\"og:type\" content=\"article\" \/>\n<meta property=\"og:title\" content=\"Informaci\u00f3n de Pollen\u00e7a \u00b7 Conoce el norte de Mallorca desde nuestra villa\" \/>\n<meta property=\"og:description\" content=\"\u00bfTodav\u00eda no conoces el pueblo? Encuentra toda la informaci\u00f3n que necesitas sobre Pollen\u00e7a para tener la estancia agradable que est\u00e1s buscando\" \/>\n<meta property=\"og:url\" content=\"https:\/\/cankepa.com\/en\/mallorca\/pollensa\/\" \/>\n<meta property=\"og:site_name\" content=\"Ca\u00b4n Kepa\" \/>\n<meta property=\"article:modified_time\" content=\"2021-05-16T16:25:33+00:00\" \/>\n<meta name=\"twitter:card\" content=\"summary_large_image\" \/>\n<meta name=\"twitter:label1\" content=\"Estimated reading time\" \/>\n\t<meta name=\"twitter:data1\" content=\"4 minutes\" \/>\n<script type=\"application\/ld+json\" class=\"yoast-schema-graph\">{\"@context\":\"https:\/\/schema.org\",\"@graph\":[{\"@type\":\"WebPage\",\"@id\":\"https:\/\/cankepa.com\/mallorca\/pollensa\/\",\"url\":\"https:\/\/cankepa.com\/mallorca\/pollensa\/\",\"name\":\"Informaci\u00f3n de Pollen\u00e7a \u00b7 Conoce el norte de Mallorca desde nuestra villa\",\"isPartOf\":{\"@id\":\"https:\/\/cankepa.com\/es\/#website\"},\"datePublished\":\"2020-08-25T14:21:13+00:00\",\"dateModified\":\"2021-05-16T16:25:33+00:00\",\"description\":\"\u00bfTodav\u00eda no conoces el pueblo? Encuentra toda la informaci\u00f3n que necesitas sobre Pollen\u00e7a para tener la estancia agradable que est\u00e1s buscando\",\"breadcrumb\":{\"@id\":\"https:\/\/cankepa.com\/mallorca\/pollensa\/#breadcrumb\"},\"inLanguage\":\"en-GB\",\"potentialAction\":[{\"@type\":\"ReadAction\",\"target\":[\"https:\/\/cankepa.com\/mallorca\/pollensa\/\"]}]},{\"@type\":\"BreadcrumbList\",\"@id\":\"https:\/\/cankepa.com\/mallorca\/pollensa\/#breadcrumb\",\"itemListElement\":[{\"@type\":\"ListItem\",\"position\":1,\"name\":\"Portada\",\"item\":\"https:\/\/cankepa.com\/es\/\"},{\"@type\":\"ListItem\",\"position\":2,\"name\":\"Mallorca\",\"item\":\"https:\/\/cankepa.com\/mallorca\/\"},{\"@type\":\"ListItem\",\"position\":3,\"name\":\"Mallorca &#8211; Pollensa\"}]},{\"@type\":\"WebSite\",\"@id\":\"https:\/\/cankepa.com\/es\/#website\",\"url\":\"https:\/\/cankepa.com\/es\/\",\"name\":\"Ca\u00b4n Kepa\",\"description\":\"Rural houses &amp; villas\",\"publisher\":{\"@id\":\"https:\/\/cankepa.com\/es\/#organization\"},\"potentialAction\":[{\"@type\":\"SearchAction\",\"target\":{\"@type\":\"EntryPoint\",\"urlTemplate\":\"https:\/\/cankepa.com\/es\/?s={search_term_string}\"},\"query-input\":{\"@type\":\"PropertyValueSpecification\",\"valueRequired\":true,\"valueName\":\"search_term_string\"}}],\"inLanguage\":\"en-GB\"},{\"@type\":\"Organization\",\"@id\":\"https:\/\/cankepa.com\/es\/#organization\",\"name\":\"Ca'n Kepa\",\"url\":\"https:\/\/cankepa.com\/es\/\",\"logo\":{\"@type\":\"ImageObject\",\"inLanguage\":\"en-GB\",\"@id\":\"https:\/\/cankepa.com\/es\/#\/schema\/logo\/image\/\",\"url\":\"https:\/\/cankepa.com\/wp-content\/uploads\/2020\/08\/200820-Logo-Can-Kepa-FINAL-47-1.png\",\"contentUrl\":\"https:\/\/cankepa.com\/wp-content\/uploads\/2020\/08\/200820-Logo-Can-Kepa-FINAL-47-1.png\",\"width\":1278,\"height\":283,\"caption\":\"Ca'n Kepa\"},\"image\":{\"@id\":\"https:\/\/cankepa.com\/es\/#\/schema\/logo\/image\/\"}}]}<\/script>\n<!-- \/ Yoast SEO plugin. -->","yoast_head_json":{"title":"Informaci\u00f3n de Pollen\u00e7a \u00b7 Conoce el norte de Mallorca desde nuestra villa","description":"\u00bfTodav\u00eda no conoces el pueblo? Encuentra toda la informaci\u00f3n que necesitas sobre Pollen\u00e7a para tener la estancia agradable que est\u00e1s buscando","robots":{"index":"index","follow":"follow","max-snippet":"max-snippet:-1","max-image-preview":"max-image-preview:large","max-video-preview":"max-video-preview:-1"},"canonical":"https:\/\/cankepa.com\/en\/mallorca\/pollensa\/","og_locale":"en_GB","og_type":"article","og_title":"Informaci\u00f3n de Pollen\u00e7a \u00b7 Conoce el norte de Mallorca desde nuestra villa","og_description":"\u00bfTodav\u00eda no conoces el pueblo? Encuentra toda la informaci\u00f3n que necesitas sobre Pollen\u00e7a para tener la estancia agradable que est\u00e1s buscando","og_url":"https:\/\/cankepa.com\/en\/mallorca\/pollensa\/","og_site_name":"Ca\u00b4n Kepa","article_modified_time":"2021-05-16T16:25:33+00:00","twitter_card":"summary_large_image","twitter_misc":{"Estimated reading time":"4 minutes"},"schema":{"@context":"https:\/\/schema.org","@graph":[{"@type":"WebPage","@id":"https:\/\/cankepa.com\/mallorca\/pollensa\/","url":"https:\/\/cankepa.com\/mallorca\/pollensa\/","name":"Informaci\u00f3n de Pollen\u00e7a \u00b7 Conoce el norte de Mallorca desde nuestra villa","isPartOf":{"@id":"https:\/\/cankepa.com\/es\/#website"},"datePublished":"2020-08-25T14:21:13+00:00","dateModified":"2021-05-16T16:25:33+00:00","description":"\u00bfTodav\u00eda no conoces el pueblo? Encuentra toda la informaci\u00f3n que necesitas sobre Pollen\u00e7a para tener la estancia agradable que est\u00e1s buscando","breadcrumb":{"@id":"https:\/\/cankepa.com\/mallorca\/pollensa\/#breadcrumb"},"inLanguage":"en-GB","potentialAction":[{"@type":"ReadAction","target":["https:\/\/cankepa.com\/mallorca\/pollensa\/"]}]},{"@type":"BreadcrumbList","@id":"https:\/\/cankepa.com\/mallorca\/pollensa\/#breadcrumb","itemListElement":[{"@type":"ListItem","position":1,"name":"Portada","item":"https:\/\/cankepa.com\/es\/"},{"@type":"ListItem","position":2,"name":"Mallorca","item":"https:\/\/cankepa.com\/mallorca\/"},{"@type":"ListItem","position":3,"name":"Mallorca &#8211; Pollensa"}]},{"@type":"WebSite","@id":"https:\/\/cankepa.com\/es\/#website","url":"https:\/\/cankepa.com\/es\/","name":"Ca\u00b4n Kepa","description":"Rural houses &amp; villas","publisher":{"@id":"https:\/\/cankepa.com\/es\/#organization"},"potentialAction":[{"@type":"SearchAction","target":{"@type":"EntryPoint","urlTemplate":"https:\/\/cankepa.com\/es\/?s={search_term_string}"},"query-input":{"@type":"PropertyValueSpecification","valueRequired":true,"valueName":"search_term_string"}}],"inLanguage":"en-GB"},{"@type":"Organization","@id":"https:\/\/cankepa.com\/es\/#organization","name":"Ca'n Kepa","url":"https:\/\/cankepa.com\/es\/","logo":{"@type":"ImageObject","inLanguage":"en-GB","@id":"https:\/\/cankepa.com\/es\/#\/schema\/logo\/image\/","url":"https:\/\/cankepa.com\/wp-content\/uploads\/2020\/08\/200820-Logo-Can-Kepa-FINAL-47-1.png","contentUrl":"https:\/\/cankepa.com\/wp-content\/uploads\/2020\/08\/200820-Logo-Can-Kepa-FINAL-47-1.png","width":1278,"height":283,"caption":"Ca'n Kepa"},"image":{"@id":"https:\/\/cankepa.com\/es\/#\/schema\/logo\/image\/"}}]}},"_links":{"self":[{"href":"https:\/\/cankepa.com\/en\/wp-json\/wp\/v2\/pages\/2913"}],"collection":[{"href":"https:\/\/cankepa.com\/en\/wp-json\/wp\/v2\/pages"}],"about":[{"href":"https:\/\/cankepa.com\/en\/wp-json\/wp\/v2\/types\/page"}],"author":[{"embeddable":true,"href":"https:\/\/cankepa.com\/en\/wp-json\/wp\/v2\/users\/1"}],"replies":[{"embeddable":true,"href":"https:\/\/cankepa.com\/en\/wp-json\/wp\/v2\/comments?post=2913"}],"version-history":[{"count":24,"href":"https:\/\/cankepa.com\/en\/wp-json\/wp\/v2\/pages\/2913\/revisions"}],"predecessor-version":[{"id":4948,"href":"https:\/\/cankepa.com\/en\/wp-json\/wp\/v2\/pages\/2913\/revisions\/4948"}],"up":[{"embeddable":true,"href":"https:\/\/cankepa.com\/en\/wp-json\/wp\/v2\/pages\/47"}],"wp:attachment":[{"href":"https:\/\/cankepa.com\/en\/wp-json\/wp\/v2\/media?parent=2913"}],"curies":[{"name":"wp","href":"https:\/\/api.w.org\/{rel}","templated":true}]}}