{"id":4195,"date":"2021-01-11T14:04:46","date_gmt":"2021-01-11T14:04:46","guid":{"rendered":"https:\/\/cankepa.com\/?page_id=4195"},"modified":"2021-05-14T15:35:44","modified_gmt":"2021-05-14T15:35:44","slug":"nuestras-casas-mallorca","status":"publish","type":"page","link":"https:\/\/cankepa.com\/en\/nuestras-casas-mallorca\/","title":{"rendered":"Nuestras casa en mallorca"},"content":{"rendered":"<div class=\"wpb-content-wrapper\"><section class=\"vc_section\"><div class=\"vc_row wpb_row vc_row-fluid vc_row-o-content-middle vc_row-flex\"><div class=\"wpb_column vc_column_container vc_col-sm-1\/5\"><div class=\"vc_column-inner\"><div class=\"wpb_wrapper\"><div class=\"vc_btn3-container vc_btn3-center\" ><a class=\"vc_general vc_btn3 vc_btn3-size-md vc_btn3-shape-rounded vc_btn3-style-outline vc_btn3-block vc_btn3-color-blue\" href=\"https:\/\/cankepa.com\/en\/nuestras-casas-alquiler\/\" title=\"\">All our houses<\/a><\/div><\/div><\/div><\/div><div class=\"wpb_column vc_column_container vc_col-sm-1\/5\"><div class=\"vc_column-inner\"><div class=\"wpb_wrapper\"><div class=\"vc_btn3-container vc_btn3-center\" ><a class=\"vc_general vc_btn3 vc_btn3-size-md vc_btn3-shape-rounded vc_btn3-style-outline vc_btn3-block vc_btn3-color-blue\" href=\"https:\/\/cankepa.com\/en\/nuestras-villas\/\" title=\"\">Our villas<\/a><\/div><\/div><\/div><\/div><div class=\"wpb_column vc_column_container vc_col-sm-1\/5\"><div class=\"vc_column-inner\"><div class=\"wpb_wrapper\"><div class=\"vc_btn3-container vc_btn3-center\" ><a class=\"vc_general vc_btn3 vc_btn3-size-md vc_btn3-shape-rounded vc_btn3-style-outline vc_btn3-block vc_btn3-color-blue\" href=\"https:\/\/cankepa.com\/en\/nuestras-casas-rurales\/\" title=\"\">Our rural houses<\/a><\/div><\/div><\/div><\/div><div class=\"wpb_column vc_column_container vc_col-sm-1\/5\"><div class=\"vc_column-inner\"><div class=\"wpb_wrapper\"><div class=\"vc_btn3-container vc_btn3-center\" ><button style=\"background-color:#66b80f; color:#ffffff;\" class=\"vc_general vc_btn3 vc_btn3-size-md vc_btn3-shape-rounded vc_btn3-style-custom vc_btn3-block\">Our houses in Majorca<\/button><\/div><\/div><\/div><\/div><div class=\"wpb_column vc_column_container vc_col-sm-1\/5\"><div class=\"vc_column-inner\"><div class=\"wpb_wrapper\"><div class=\"vc_btn3-container vc_btn3-center\" ><a class=\"vc_general vc_btn3 vc_btn3-size-md vc_btn3-shape-rounded vc_btn3-style-outline vc_btn3-block vc_btn3-color-blue\" href=\"https:\/\/cankepa.com\/en\/nuestras-casas-marruecos\/\" title=\"\">Our houses in Morocco<\/a><\/div><\/div><\/div><\/div><\/div><div class=\"vc_row wpb_row vc_row-fluid\"><div class=\"wpb_column vc_column_container vc_col-sm-12\"><div class=\"vc_column-inner\"><div class=\"wpb_wrapper\">\n\t<div  class=\"wpb_single_image wpb_content_element vc_align_center\">\n\t\t\n\t\t<figure class=\"wpb_wrapper vc_figure\">\n\t\t\t<div class=\"vc_single_image-wrapper   vc_box_border_grey\"><img loading=\"lazy\" decoding=\"async\" width=\"1280\" height=\"604\" src=\"https:\/\/cankepa.com\/wp-content\/uploads\/2021\/01\/Can-Kepa-rural-houses-villas-for-rent-alquiler-casas-rurales-majorca-mallorca-morocco-marruecos-logo-pla.jpg\" class=\"vc_single_image-img attachment-full\" alt=\"\" title=\"Ca&#039;n Kepa \u00b7 Puig de Sta. Magdalena \u00b7 Mallorca\" srcset=\"https:\/\/cankepa.com\/wp-content\/uploads\/2021\/01\/Can-Kepa-rural-houses-villas-for-rent-alquiler-casas-rurales-majorca-mallorca-morocco-marruecos-logo-pla.jpg 1280w, https:\/\/cankepa.com\/wp-content\/uploads\/2021\/01\/Can-Kepa-rural-houses-villas-for-rent-alquiler-casas-rurales-majorca-mallorca-morocco-marruecos-logo-pla-300x142.jpg 300w, https:\/\/cankepa.com\/wp-content\/uploads\/2021\/01\/Can-Kepa-rural-houses-villas-for-rent-alquiler-casas-rurales-majorca-mallorca-morocco-marruecos-logo-pla-1024x483.jpg 1024w, https:\/\/cankepa.com\/wp-content\/uploads\/2021\/01\/Can-Kepa-rural-houses-villas-for-rent-alquiler-casas-rurales-majorca-mallorca-morocco-marruecos-logo-pla-768x362.jpg 768w, https:\/\/cankepa.com\/wp-content\/uploads\/2021\/01\/Can-Kepa-rural-houses-villas-for-rent-alquiler-casas-rurales-majorca-mallorca-morocco-marruecos-logo-pla-80x38.jpg 80w, https:\/\/cankepa.com\/wp-content\/uploads\/2021\/01\/Can-Kepa-rural-houses-villas-for-rent-alquiler-casas-rurales-majorca-mallorca-morocco-marruecos-logo-pla-16x8.jpg 16w\" sizes=\"(max-width: 1280px) 100vw, 1280px\" \/><\/div>\n\t\t<\/figure>\n\t<\/div>\n<\/div><\/div><\/div><\/div><\/section><section class=\"vc_section\"><div class=\"vc_row wpb_row vc_row-fluid\"><div class=\"wpb_column vc_column_container vc_col-sm-12\"><div class=\"vc_column-inner\"><div class=\"wpb_wrapper\">\n\t<div class=\"wpb_text_column wpb_content_element\" >\n\t\t<div class=\"wpb_wrapper\">\n\t\t\t<h1 style=\"text-align: center;\" class=\"translation-block\">Villas for rent by Ca\u2019n Kepa<br>\nin Majorca.<\/h1>\n\n\t\t<\/div>\n\t<\/div>\n<\/div><\/div><\/div><\/div><div class=\"vc_row wpb_row vc_row-fluid\"><div class=\"wpb_column vc_column_container vc_col-sm-2\"><div class=\"vc_column-inner\"><div class=\"wpb_wrapper\"><\/div><\/div><\/div><div class=\"wpb_column vc_column_container vc_col-sm-8\"><div class=\"vc_column-inner\"><div class=\"wpb_wrapper\">\n\t<div class=\"wpb_text_column wpb_content_element\" >\n\t\t<div class=\"wpb_wrapper\">\n\t\t\t<p>Our most exclusive houses are in one of the most beautiful places on the Mediterranean Sea. You can disconnect and lose yourself in the rhythm of life in the countryside, a rhythm that is calmer and more leisurely than that of the city.<\/p>\n<h5 style=\"text-align: center;\">Come and spend some days to our villas, you and your family, and enjoy their pools, estates, and nature.<\/h5>\n\n\t\t<\/div>\n\t<\/div>\n<\/div><\/div><\/div><div class=\"wpb_column vc_column_container vc_col-sm-2\"><div class=\"vc_column-inner\"><div class=\"wpb_wrapper\"><\/div><\/div><\/div><\/div><\/section><section class=\"vc_section\"><div class=\"vc_row wpb_row vc_row-fluid\"><div class=\"wpb_column vc_column_container vc_col-sm-4\"><div class=\"vc_column-inner\"><div class=\"wpb_wrapper\">\n\t<div class=\"wpb_text_column wpb_content_element  vc_custom_1610571870586\" >\n\t\t<div class=\"wpb_wrapper\">\n\t\t\t<p style=\"text-align: center;\"><span style=\"color: #ffffff;\"><strong>Fully equipped<\/strong><\/span><\/p>\n\n\t\t<\/div>\n\t<\/div>\n\n\t<div class=\"wpb_text_column wpb_content_element  vc_custom_1610571890708\" >\n\t\t<div class=\"wpb_wrapper\">\n\t\t\t<p style=\"text-align: center;\" class=\"translation-block\">Fully equipped villas so that you do not miss anything during your stay.<\/p>\n\n\t\t<\/div>\n\t<\/div>\n<\/div><\/div><\/div><div class=\"wpb_column vc_column_container vc_col-sm-4\"><div class=\"vc_column-inner\"><div class=\"wpb_wrapper\">\n\t<div class=\"wpb_text_column wpb_content_element  vc_custom_1610043176250\" >\n\t\t<div class=\"wpb_wrapper\">\n\t\t\t<p style=\"text-align: center;\"><span style=\"color: #ffffff;\"><strong>24 hour service<\/strong><\/span><\/p>\n\n\t\t<\/div>\n\t<\/div>\n\n\t<div class=\"wpb_text_column wpb_content_element  vc_custom_1610043226415\" >\n\t\t<div class=\"wpb_wrapper\">\n\t\t\t<p style=\"text-align: center;\">We are just a phone touch away, for whatever you want, whenever you need it.<\/p>\n\n\t\t<\/div>\n\t<\/div>\n<\/div><\/div><\/div><div class=\"wpb_column vc_column_container vc_col-sm-4\"><div class=\"vc_column-inner\"><div class=\"wpb_wrapper\">\n\t<div class=\"wpb_text_column wpb_content_element  vc_custom_1610043190825\" >\n\t\t<div class=\"wpb_wrapper\">\n\t\t\t<p style=\"text-align: center;\"><span style=\"color: #ffffff;\"><strong>Personal service<\/strong><\/span><\/p>\n\n\t\t<\/div>\n\t<\/div>\n\n\t<div class=\"wpb_text_column wpb_content_element  vc_custom_1610043243208\" >\n\t\t<div class=\"wpb_wrapper\">\n\t\t\t<p style=\"text-align: center;\">We adapt to you. We advise you on the sites, culture and local gastronomy.<\/p>\n\n\t\t<\/div>\n\t<\/div>\n<\/div><\/div><\/div><\/div><\/section><section class=\"vc_section\"><div class=\"vc_row wpb_row vc_row-fluid\"><div class=\"wpb_column vc_column_container vc_col-sm-2\"><div class=\"vc_column-inner\"><div class=\"wpb_wrapper\"><\/div><\/div><\/div><div class=\"wpb_column vc_column_container vc_col-sm-8\"><div class=\"vc_column-inner\"><div class=\"wpb_wrapper\">\n\t<div class=\"wpb_text_column wpb_content_element\" >\n\t\t<div class=\"wpb_wrapper\">\n\t\t\t<p style=\"text-align: left;\" class=\"translation-block\">Villas located in two of the most special places on the island:<br>\n\u00b7 In the countryside of <strong>Pollen\u00e7a<\/strong>, the most beautiful town in Mallorca; <br>\n\u00b7 In the mountain of <strong>Biniarroi<\/strong>, an old uninhabited village in the Sierra de Tramuntana with unparalleled views over the center of <strong>Majorca<\/strong>.<\/p>\n<p style=\"text-align: left;\" class=\"translation-block\">The villas are located fifteen minutes by car from the towns of <strong>Pollen\u00e7a<\/strong> and <strong>Mancor del Vall<\/strong>, where you can find supermarkets, grocery stores, pharmacies, and other services you may need.<\/p>\n\n\t\t<\/div>\n\t<\/div>\n<\/div><\/div><\/div><div class=\"wpb_column vc_column_container vc_col-sm-2\"><div class=\"vc_column-inner\"><div class=\"wpb_wrapper\"><\/div><\/div><\/div><\/div><\/section><section data-vc-full-width=\"true\" data-vc-full-width-init=\"false\" class=\"vc_section\"><div class=\"vc_row wpb_row vc_row-fluid\"><div class=\"wpb_column vc_column_container vc_col-sm-12\"><div class=\"vc_column-inner\"><div class=\"wpb_wrapper\">\n\t<div class=\"wpb_text_column wpb_content_element\" >\n\t\t<div class=\"wpb_wrapper\">\n\t\t\t<h4 style=\"text-align: center;\"><span style=\"color: #66b80f;\"><strong>\u00b7<\/strong>\u00b7 Villa Ca&#8217;n Noguera <\/span><span style=\"color: #66b80f;\">\u00b7\u00b7<\/span><\/h4>\n\n\t\t<\/div>\n\t<\/div>\n\n\t<div class=\"wpb_text_column wpb_content_element\" >\n\t\t<div class=\"wpb_wrapper\">\n\t\t\t<h5 style=\"text-align: center;\"><span style=\"color: #999999;\">\u00b7 Pollen\u00e7a \u00b7<\/span><\/h5>\n\n\t\t<\/div>\n\t<\/div>\n<\/div><\/div><\/div><\/div><div class=\"vc_row wpb_row vc_row-fluid\"><div class=\"wpb_column vc_column_container vc_col-sm-6\"><div class=\"vc_column-inner\"><div class=\"wpb_wrapper\">\n\t<div  class=\"wpb_single_image wpb_content_element vc_align_center\">\n\t\t\n\t\t<figure class=\"wpb_wrapper vc_figure\">\n\t\t\t<a href=\"https:\/\/cankepa.com\/en\/villa-alquiler-turistico-pollensa-mallorca\/\" target=\"_self\" class=\"vc_single_image-wrapper   vc_box_border_grey\"><img loading=\"lazy\" decoding=\"async\" width=\"1024\" height=\"681\" src=\"https:\/\/cankepa.com\/wp-content\/uploads\/2020\/05\/alquiler-casa-de-campo-piscina-noguera-pollensa-mallorca-02-Can-Kepa-1024x681.jpg\" class=\"vc_single_image-img attachment-large\" alt=\"\" title=\"alquiler-casa-de-campo-piscina-noguera-pollensa-mallorca-02-Can-Kepa\" srcset=\"https:\/\/cankepa.com\/wp-content\/uploads\/2020\/05\/alquiler-casa-de-campo-piscina-noguera-pollensa-mallorca-02-Can-Kepa-1024x681.jpg 1024w, https:\/\/cankepa.com\/wp-content\/uploads\/2020\/05\/alquiler-casa-de-campo-piscina-noguera-pollensa-mallorca-02-Can-Kepa-300x199.jpg 300w, https:\/\/cankepa.com\/wp-content\/uploads\/2020\/05\/alquiler-casa-de-campo-piscina-noguera-pollensa-mallorca-02-Can-Kepa-768x510.jpg 768w, https:\/\/cankepa.com\/wp-content\/uploads\/2020\/05\/alquiler-casa-de-campo-piscina-noguera-pollensa-mallorca-02-Can-Kepa-80x53.jpg 80w, https:\/\/cankepa.com\/wp-content\/uploads\/2020\/05\/alquiler-casa-de-campo-piscina-noguera-pollensa-mallorca-02-Can-Kepa-1536x1021.jpg 1536w, https:\/\/cankepa.com\/wp-content\/uploads\/2020\/05\/alquiler-casa-de-campo-piscina-noguera-pollensa-mallorca-02-Can-Kepa-16x12.jpg 16w, https:\/\/cankepa.com\/wp-content\/uploads\/2020\/05\/alquiler-casa-de-campo-piscina-noguera-pollensa-mallorca-02-Can-Kepa.jpg 1920w\" sizes=\"(max-width: 1024px) 100vw, 1024px\" \/><\/a>\n\t\t<\/figure>\n\t<\/div>\n<\/div><\/div><\/div><div class=\"wpb_column vc_column_container vc_col-sm-6\"><div class=\"vc_column-inner\"><div class=\"wpb_wrapper\"><div class=\"vc_row wpb_row vc_inner vc_row-fluid\"><div class=\"wpb_column vc_column_container vc_col-sm-1\/5\"><div class=\"vc_column-inner\"><div class=\"wpb_wrapper\"><div class=\"vc_icon_element vc_icon_element-outer vc_icon_element-align-center vc_icon_element-have-style\"><div class=\"vc_icon_element-inner vc_icon_element-color-green vc_icon_element-have-style-inner vc_icon_element-size-sm vc_icon_element-style-rounded-outline vc_icon_element-outline vc_icon_element-background-color-grey\" ><span class=\"vc_icon_element-icon fas fa-home\" ><\/span><\/div><\/div>\n\t<div class=\"wpb_text_column wpb_content_element\" >\n\t\t<div class=\"wpb_wrapper\">\n\t\t\t<p style=\"text-align: center;\">100 m\u00b2<\/p>\n\n\t\t<\/div>\n\t<\/div>\n<\/div><\/div><\/div><div class=\"wpb_column vc_column_container vc_col-sm-1\/5\"><div class=\"vc_column-inner\"><div class=\"wpb_wrapper\"><div class=\"vc_icon_element vc_icon_element-outer vc_icon_element-align-center vc_icon_element-have-style\"><div class=\"vc_icon_element-inner vc_icon_element-color-green vc_icon_element-have-style-inner vc_icon_element-size-sm vc_icon_element-style-rounded-outline vc_icon_element-outline vc_icon_element-background-color-grey\" ><span class=\"vc_icon_element-icon fas fa-users\" ><\/span><\/div><\/div>\n\t<div class=\"wpb_text_column wpb_content_element\" >\n\t\t<div class=\"wpb_wrapper\">\n\t\t\t<p style=\"text-align: center;\">6<br \/>\npeople<\/p>\n\n\t\t<\/div>\n\t<\/div>\n<\/div><\/div><\/div><div class=\"wpb_column vc_column_container vc_col-sm-1\/5\"><div class=\"vc_column-inner\"><div class=\"wpb_wrapper\"><div class=\"vc_icon_element vc_icon_element-outer vc_icon_element-align-center vc_icon_element-have-style\"><div class=\"vc_icon_element-inner vc_icon_element-color-green vc_icon_element-have-style-inner vc_icon_element-size-sm vc_icon_element-style-rounded-outline vc_icon_element-outline vc_icon_element-background-color-grey\" ><span class=\"vc_icon_element-icon fas fa-door-open\" ><\/span><\/div><\/div>\n\t<div class=\"wpb_text_column wpb_content_element\" >\n\t\t<div class=\"wpb_wrapper\">\n\t\t\t<p style=\"text-align: center;\">3<br \/>\nrooms<\/p>\n\n\t\t<\/div>\n\t<\/div>\n<\/div><\/div><\/div><div class=\"wpb_column vc_column_container vc_col-sm-1\/5\"><div class=\"vc_column-inner\"><div class=\"wpb_wrapper\"><div class=\"vc_icon_element vc_icon_element-outer vc_icon_element-align-center vc_icon_element-have-style\"><div class=\"vc_icon_element-inner vc_icon_element-color-green vc_icon_element-have-style-inner vc_icon_element-size-sm vc_icon_element-style-rounded-outline vc_icon_element-outline vc_icon_element-background-color-grey\" ><span class=\"vc_icon_element-icon fas fa-bath\" ><\/span><\/div><\/div>\n\t<div class=\"wpb_text_column wpb_content_element\" >\n\t\t<div class=\"wpb_wrapper\">\n\t\t\t<p style=\"text-align: center;\">3<br \/>\nbathrooms<\/p>\n\n\t\t<\/div>\n\t<\/div>\n<\/div><\/div><\/div><div class=\"wpb_column vc_column_container vc_col-sm-1\/5\"><div class=\"vc_column-inner\"><div class=\"wpb_wrapper\"><div class=\"vc_icon_element vc_icon_element-outer vc_icon_element-align-center vc_icon_element-have-style\"><div class=\"vc_icon_element-inner vc_icon_element-color-green vc_icon_element-have-style-inner vc_icon_element-size-sm vc_icon_element-style-rounded-outline vc_icon_element-outline vc_icon_element-background-color-grey\" ><span class=\"vc_icon_element-icon fas fa-swimming-pool\" ><\/span><\/div><\/div>\n\t<div class=\"wpb_text_column wpb_content_element\" >\n\t\t<div class=\"wpb_wrapper\">\n\t\t\t<p style=\"text-align: center;\" class=\"translation-block\">Private <br>\nSwimming-pool<\/p>\n\n\t\t<\/div>\n\t<\/div>\n<\/div><\/div><\/div><\/div><div class=\"vc_row wpb_row vc_inner vc_row-fluid\"><div class=\"wpb_column vc_column_container vc_col-sm-12\"><div class=\"vc_column-inner\"><div class=\"wpb_wrapper\">\n\t<div class=\"wpb_text_column wpb_content_element\" >\n\t\t<div class=\"wpb_wrapper\">\n\t\t\t<p style=\"text-align: left;\">Short-term rental villa for six people just five minutes by car from the town of Pollen\u00e7a where you will find small shops, all kinds of basic services, cultural activities and entertainment in nature.<\/p>\n<p style=\"text-align: left;\">The villa is located in an old olive grove ten minutes by car from the beach of Bah\u00eda de Pollen\u00e7a and Cala San Vicente. If you don't feel like moving from home, you can enjoy the pool and terraces in complete privacy throughout the year.<\/p>\n\n\t\t<\/div>\n\t<\/div>\n<\/div><\/div><\/div><\/div><\/div><\/div><\/div><\/div><\/section><div class=\"vc_row-full-width vc_clearfix\"><\/div><section class=\"vc_section\"><div class=\"vc_row wpb_row vc_row-fluid\"><div class=\"wpb_column vc_column_container vc_col-sm-12\"><div class=\"vc_column-inner\"><div class=\"wpb_wrapper\">\n\t<div class=\"wpb_text_column wpb_content_element\" >\n\t\t<div class=\"wpb_wrapper\">\n\t\t\t<h4 style=\"text-align: center;\"><span style=\"color: #66b80f;\">\u00b7\u00b7 Villa Sa Rota de na Fiola \u00b7\u00b7<br \/>\n<\/span><\/h4>\n\n\t\t<\/div>\n\t<\/div>\n\n\t<div class=\"wpb_text_column wpb_content_element\" >\n\t\t<div class=\"wpb_wrapper\">\n\t\t\t<h5 style=\"text-align: center;\"><span style=\"color: #999999;\">\u00b7 Biniarroi \u00b7<\/span><\/h5>\n\n\t\t<\/div>\n\t<\/div>\n<\/div><\/div><\/div><\/div><div class=\"vc_row wpb_row vc_row-fluid vc_rtl-columns-reverse\"><div class=\"wpb_column vc_column_container vc_col-sm-6\"><div class=\"vc_column-inner\"><div class=\"wpb_wrapper\">\n\t<div  class=\"wpb_single_image wpb_content_element vc_align_center\">\n\t\t\n\t\t<figure class=\"wpb_wrapper vc_figure\">\n\t\t\t<a href=\"https:\/\/cankepa.com\/en\/villa-alquiler-campo-biniarroi-mallorca\/\" target=\"_self\" class=\"vc_single_image-wrapper   vc_box_border_grey\"><img loading=\"lazy\" decoding=\"async\" width=\"1024\" height=\"681\" src=\"https:\/\/cankepa.com\/wp-content\/uploads\/2020\/04\/casa-de-campo-piscina-rota-na-fiola-mallorca-biniarroi-01-Can-Kepa-1024x681.jpg\" class=\"vc_single_image-img attachment-large\" alt=\"\" title=\"casa-de-campo-piscina-rota-na-fiola-mallorca-biniarroi-01-Can-Kepa\" srcset=\"https:\/\/cankepa.com\/wp-content\/uploads\/2020\/04\/casa-de-campo-piscina-rota-na-fiola-mallorca-biniarroi-01-Can-Kepa-1024x681.jpg 1024w, https:\/\/cankepa.com\/wp-content\/uploads\/2020\/04\/casa-de-campo-piscina-rota-na-fiola-mallorca-biniarroi-01-Can-Kepa-300x199.jpg 300w, https:\/\/cankepa.com\/wp-content\/uploads\/2020\/04\/casa-de-campo-piscina-rota-na-fiola-mallorca-biniarroi-01-Can-Kepa-768x510.jpg 768w, https:\/\/cankepa.com\/wp-content\/uploads\/2020\/04\/casa-de-campo-piscina-rota-na-fiola-mallorca-biniarroi-01-Can-Kepa-80x53.jpg 80w, https:\/\/cankepa.com\/wp-content\/uploads\/2020\/04\/casa-de-campo-piscina-rota-na-fiola-mallorca-biniarroi-01-Can-Kepa-1536x1021.jpg 1536w, https:\/\/cankepa.com\/wp-content\/uploads\/2020\/04\/casa-de-campo-piscina-rota-na-fiola-mallorca-biniarroi-01-Can-Kepa-16x12.jpg 16w, https:\/\/cankepa.com\/wp-content\/uploads\/2020\/04\/casa-de-campo-piscina-rota-na-fiola-mallorca-biniarroi-01-Can-Kepa.jpg 1920w\" sizes=\"(max-width: 1024px) 100vw, 1024px\" \/><\/a>\n\t\t<\/figure>\n\t<\/div>\n<\/div><\/div><\/div><div class=\"wpb_column vc_column_container vc_col-sm-6\"><div class=\"vc_column-inner\"><div class=\"wpb_wrapper\"><div class=\"vc_row wpb_row vc_inner vc_row-fluid\"><div class=\"wpb_column vc_column_container vc_col-sm-1\/5\"><div class=\"vc_column-inner\"><div class=\"wpb_wrapper\"><div class=\"vc_icon_element vc_icon_element-outer vc_icon_element-align-center vc_icon_element-have-style\"><div class=\"vc_icon_element-inner vc_icon_element-color-green vc_icon_element-have-style-inner vc_icon_element-size-sm vc_icon_element-style-rounded-outline vc_icon_element-outline vc_icon_element-background-color-grey\" ><span class=\"vc_icon_element-icon fas fa-home\" ><\/span><\/div><\/div>\n\t<div class=\"wpb_text_column wpb_content_element\" >\n\t\t<div class=\"wpb_wrapper\">\n\t\t\t<p style=\"text-align: center;\">100 m\u00b2<\/p>\n\n\t\t<\/div>\n\t<\/div>\n<\/div><\/div><\/div><div class=\"wpb_column vc_column_container vc_col-sm-1\/5\"><div class=\"vc_column-inner\"><div class=\"wpb_wrapper\"><div class=\"vc_icon_element vc_icon_element-outer vc_icon_element-align-center vc_icon_element-have-style\"><div class=\"vc_icon_element-inner vc_icon_element-color-green vc_icon_element-have-style-inner vc_icon_element-size-sm vc_icon_element-style-rounded-outline vc_icon_element-outline vc_icon_element-background-color-grey\" ><span class=\"vc_icon_element-icon fas fa-users\" ><\/span><\/div><\/div>\n\t<div class=\"wpb_text_column wpb_content_element\" >\n\t\t<div class=\"wpb_wrapper\">\n\t\t\t<p style=\"text-align: center;\">8<br \/>\npeople<\/p>\n\n\t\t<\/div>\n\t<\/div>\n<\/div><\/div><\/div><div class=\"wpb_column vc_column_container vc_col-sm-1\/5\"><div class=\"vc_column-inner\"><div class=\"wpb_wrapper\"><div class=\"vc_icon_element vc_icon_element-outer vc_icon_element-align-center vc_icon_element-have-style\"><div class=\"vc_icon_element-inner vc_icon_element-color-green vc_icon_element-have-style-inner vc_icon_element-size-sm vc_icon_element-style-rounded-outline vc_icon_element-outline vc_icon_element-background-color-grey\" ><span class=\"vc_icon_element-icon fas fa-door-open\" ><\/span><\/div><\/div>\n\t<div class=\"wpb_text_column wpb_content_element\" >\n\t\t<div class=\"wpb_wrapper\">\n\t\t\t<p style=\"text-align: center;\">4<br \/>\nrooms<\/p>\n\n\t\t<\/div>\n\t<\/div>\n<\/div><\/div><\/div><div class=\"wpb_column vc_column_container vc_col-sm-1\/5\"><div class=\"vc_column-inner\"><div class=\"wpb_wrapper\"><div class=\"vc_icon_element vc_icon_element-outer vc_icon_element-align-center vc_icon_element-have-style\"><div class=\"vc_icon_element-inner vc_icon_element-color-green vc_icon_element-have-style-inner vc_icon_element-size-sm vc_icon_element-style-rounded-outline vc_icon_element-outline vc_icon_element-background-color-grey\" ><span class=\"vc_icon_element-icon fas fa-bath\" ><\/span><\/div><\/div>\n\t<div class=\"wpb_text_column wpb_content_element\" >\n\t\t<div class=\"wpb_wrapper\">\n\t\t\t<p style=\"text-align: center;\">4<br \/>\nbathrooms<\/p>\n\n\t\t<\/div>\n\t<\/div>\n<\/div><\/div><\/div><div class=\"wpb_column vc_column_container vc_col-sm-1\/5\"><div class=\"vc_column-inner\"><div class=\"wpb_wrapper\"><div class=\"vc_icon_element vc_icon_element-outer vc_icon_element-align-center vc_icon_element-have-style\"><div class=\"vc_icon_element-inner vc_icon_element-color-green vc_icon_element-have-style-inner vc_icon_element-size-sm vc_icon_element-style-rounded-outline vc_icon_element-outline vc_icon_element-background-color-grey\" ><span class=\"vc_icon_element-icon fas fa-swimming-pool\" ><\/span><\/div><\/div>\n\t<div class=\"wpb_text_column wpb_content_element\" >\n\t\t<div class=\"wpb_wrapper\">\n\t\t\t<p style=\"text-align: center;\">Swimming-pool<\/p>\n\n\t\t<\/div>\n\t<\/div>\n<\/div><\/div><\/div><\/div>\n\t<div class=\"wpb_text_column wpb_content_element\" >\n\t\t<div class=\"wpb_wrapper\">\n\t\t\t<p style=\"text-align: left;\">Long-term rental villa for eight people in the Sierra de Tramuntana. The villa is a five-minute walk from the old abandoned village of Biniarroi, and a fifteen-minute drive from Mancor del Valle where you will find all the necessary basic services such as food, pharmacy or bank.<\/p>\n<p style=\"text-align: left;\">The house has heating so you don't get cold in winter and have a pleasant stay. In summer cool off in the pool with incredible views over the center of Majorca, from the Bah\u00eda de Alc\u00fadia to the Bah\u00eda de Palma.<\/p>\n\n\t\t<\/div>\n\t<\/div>\n<\/div><\/div><\/div><\/div><\/section><div class=\"vc_row wpb_row vc_row-fluid\"><div class=\"wpb_column vc_column_container vc_col-sm-12\"><div class=\"vc_column-inner\"><div class=\"wpb_wrapper\">\n\t<div class=\"wpb_text_column wpb_content_element\" >\n\t\t<div class=\"wpb_wrapper\">\n\t\t\t<h5 style=\"text-align: center;\">What else would you like to see?<\/h5>\n\n\t\t<\/div>\n\t<\/div>\n<\/div><\/div><\/div><\/div><div class=\"vc_row wpb_row vc_row-fluid vc_row-o-content-middle vc_row-flex\"><div class=\"wpb_column vc_column_container vc_col-sm-1\/5\"><div class=\"vc_column-inner\"><div class=\"wpb_wrapper\"><div class=\"vc_btn3-container vc_btn3-center\" ><a class=\"vc_general vc_btn3 vc_btn3-size-md vc_btn3-shape-rounded vc_btn3-style-outline vc_btn3-block vc_btn3-color-blue\" href=\"https:\/\/cankepa.com\/en\/nuestras-casas-alquiler\/\" title=\"\">Show me everthing<\/a><\/div><\/div><\/div><\/div><div class=\"wpb_column vc_column_container vc_col-sm-1\/5\"><div class=\"vc_column-inner\"><div class=\"wpb_wrapper\"><div class=\"vc_btn3-container vc_btn3-center\" ><a class=\"vc_general vc_btn3 vc_btn3-size-md vc_btn3-shape-rounded vc_btn3-style-outline vc_btn3-block vc_btn3-color-blue\" href=\"https:\/\/cankepa.com\/en\/nuestras-villas\/\" title=\"\">I am interested in the villas<\/a><\/div><\/div><\/div><\/div><div class=\"wpb_column vc_column_container vc_col-sm-1\/5\"><div class=\"vc_column-inner\"><div class=\"wpb_wrapper\"><div class=\"vc_btn3-container vc_btn3-center\" ><a class=\"vc_general vc_btn3 vc_btn3-size-md vc_btn3-shape-rounded vc_btn3-style-outline vc_btn3-block vc_btn3-color-blue\" href=\"https:\/\/cankepa.com\/en\/nuestras-casas-rurales\/\" title=\"\">I want to see the rural houses<\/a><\/div><\/div><\/div><\/div><div class=\"wpb_column vc_column_container vc_col-sm-1\/5\"><div class=\"vc_column-inner\"><div class=\"wpb_wrapper\"><div class=\"vc_btn3-container vc_btn3-center\" ><a style=\"background-color:#66b80f; color:#ffffff;\" class=\"vc_general vc_btn3 vc_btn3-size-md vc_btn3-shape-rounded vc_btn3-style-custom vc_btn3-block\" href=\"https:\/\/cankepa.com\/en\/nuestras-casas-mallorca\/\" title=\"\">I am interested in Majorca<\/a><\/div><\/div><\/div><\/div><div class=\"wpb_column vc_column_container vc_col-sm-1\/5\"><div class=\"vc_column-inner\"><div class=\"wpb_wrapper\"><div class=\"vc_btn3-container vc_btn3-center\" ><a class=\"vc_general vc_btn3 vc_btn3-size-md vc_btn3-shape-rounded vc_btn3-style-outline vc_btn3-block vc_btn3-color-blue\" href=\"https:\/\/cankepa.com\/en\/nuestras-casas-marruecos\/\" title=\"\">I want to go to Morocco<\/a><\/div><\/div><\/div><\/div><\/div><section class=\"vc_section\"><div class=\"vc_row wpb_row vc_row-fluid\"><div class=\"wpb_column vc_column_container vc_col-sm-12\"><div class=\"vc_column-inner\"><div class=\"wpb_wrapper\">\n\t<div  class=\"wpb_single_image wpb_content_element vc_align_center\">\n\t\t\n\t\t<figure class=\"wpb_wrapper vc_figure\">\n\t\t\t<div class=\"vc_single_image-wrapper   vc_box_border_grey\"><img loading=\"lazy\" decoding=\"async\" width=\"1280\" height=\"604\" src=\"https:\/\/cankepa.com\/wp-content\/uploads\/2021\/01\/Can-Kepa-rural-houses-villas-for-rent-alquiler-casas-rurales-majorca-mallorca-morocco-marruecos-logo-bahia-.jpg\" class=\"vc_single_image-img attachment-full\" alt=\"\" title=\"Ca&#039;n Kepa \u00b7 Cap d&#039;es Pinar \u00b7 Mallorca\" srcset=\"https:\/\/cankepa.com\/wp-content\/uploads\/2021\/01\/Can-Kepa-rural-houses-villas-for-rent-alquiler-casas-rurales-majorca-mallorca-morocco-marruecos-logo-bahia-.jpg 1280w, https:\/\/cankepa.com\/wp-content\/uploads\/2021\/01\/Can-Kepa-rural-houses-villas-for-rent-alquiler-casas-rurales-majorca-mallorca-morocco-marruecos-logo-bahia--300x142.jpg 300w, https:\/\/cankepa.com\/wp-content\/uploads\/2021\/01\/Can-Kepa-rural-houses-villas-for-rent-alquiler-casas-rurales-majorca-mallorca-morocco-marruecos-logo-bahia--1024x483.jpg 1024w, https:\/\/cankepa.com\/wp-content\/uploads\/2021\/01\/Can-Kepa-rural-houses-villas-for-rent-alquiler-casas-rurales-majorca-mallorca-morocco-marruecos-logo-bahia--768x362.jpg 768w, https:\/\/cankepa.com\/wp-content\/uploads\/2021\/01\/Can-Kepa-rural-houses-villas-for-rent-alquiler-casas-rurales-majorca-mallorca-morocco-marruecos-logo-bahia--80x38.jpg 80w, https:\/\/cankepa.com\/wp-content\/uploads\/2021\/01\/Can-Kepa-rural-houses-villas-for-rent-alquiler-casas-rurales-majorca-mallorca-morocco-marruecos-logo-bahia--16x8.jpg 16w\" sizes=\"(max-width: 1280px) 100vw, 1280px\" \/><\/div>\n\t\t<\/figure>\n\t<\/div>\n<\/div><\/div><\/div><\/div><\/section>\n<\/div>","protected":false},"excerpt":{"rendered":"Todas nuestras casasNuestras villasNuestras casas ruralesNuestras casas en MallorcaNuestras casas en Marruecos Villas de alquiler de Ca\u2019n Kepa en Mallorca. Nuestros campamentos m\u00e1s exclusivos en uno de los sitios m\u00e1s bonitos del Meditarraneo. Puedes desconectar una temporada y perderte en el ritmo de vida del campo, uno ritmo m\u00e1s tranquilo y pausado que el de [...]","protected":false},"author":1,"featured_media":0,"parent":0,"menu_order":0,"comment_status":"closed","ping_status":"closed","template":"","meta":{"footnotes":""},"yoast_head":"<!-- This site is optimized with the Yoast SEO plugin v23.5 - https:\/\/yoast.com\/wordpress\/plugins\/seo\/ -->\n<title>Villas de alquiler de larga duraci\u00f3n de Ca\u2019n Kepa en Mallorca<\/title>\n<meta name=\"description\" content=\"Echa un vistazo a nuestras villas de alquiler de larga duraci\u00f3n en Mallorca | Ca\u2019n Kepa | Nuestras villas y sus piscinas te est\u00e1n esperando\" \/>\n<meta name=\"robots\" content=\"index, follow, max-snippet:-1, max-image-preview:large, max-video-preview:-1\" \/>\n<link rel=\"canonical\" href=\"https:\/\/cankepa.com\/en\/nuestras-casas-mallorca\/\" \/>\n<meta property=\"og:locale\" content=\"en_GB\" \/>\n<meta property=\"og:type\" content=\"article\" \/>\n<meta property=\"og:title\" content=\"Villas de alquiler de larga duraci\u00f3n de Ca\u2019n Kepa en Mallorca\" \/>\n<meta property=\"og:description\" content=\"Echa un vistazo a nuestras villas de alquiler de larga duraci\u00f3n en Mallorca | Ca\u2019n Kepa | Nuestras villas y sus piscinas te est\u00e1n esperando\" \/>\n<meta property=\"og:url\" content=\"https:\/\/cankepa.com\/en\/nuestras-casas-mallorca\/\" \/>\n<meta property=\"og:site_name\" content=\"Ca\u00b4n Kepa\" \/>\n<meta property=\"article:modified_time\" content=\"2021-05-14T15:35:44+00:00\" \/>\n<meta name=\"twitter:card\" content=\"summary_large_image\" \/>\n<meta name=\"twitter:label1\" content=\"Estimated reading time\" \/>\n\t<meta name=\"twitter:data1\" content=\"3 minutes\" \/>\n<script type=\"application\/ld+json\" class=\"yoast-schema-graph\">{\"@context\":\"https:\/\/schema.org\",\"@graph\":[{\"@type\":\"WebPage\",\"@id\":\"https:\/\/cankepa.com\/es\/nuestras-casas-mallorca\/\",\"url\":\"https:\/\/cankepa.com\/es\/nuestras-casas-mallorca\/\",\"name\":\"Villas de alquiler de larga duraci\u00f3n de Ca\u2019n Kepa en Mallorca\",\"isPartOf\":{\"@id\":\"https:\/\/cankepa.com\/es\/#website\"},\"datePublished\":\"2021-01-11T14:04:46+00:00\",\"dateModified\":\"2021-05-14T15:35:44+00:00\",\"description\":\"Echa un vistazo a nuestras villas de alquiler de larga duraci\u00f3n en Mallorca | Ca\u2019n Kepa | Nuestras villas y sus piscinas te est\u00e1n esperando\",\"breadcrumb\":{\"@id\":\"https:\/\/cankepa.com\/es\/nuestras-casas-mallorca\/#breadcrumb\"},\"inLanguage\":\"en-GB\",\"potentialAction\":[{\"@type\":\"ReadAction\",\"target\":[\"https:\/\/cankepa.com\/es\/nuestras-casas-mallorca\/\"]}]},{\"@type\":\"BreadcrumbList\",\"@id\":\"https:\/\/cankepa.com\/es\/nuestras-casas-mallorca\/#breadcrumb\",\"itemListElement\":[{\"@type\":\"ListItem\",\"position\":1,\"name\":\"Portada\",\"item\":\"https:\/\/cankepa.com\/es\/\"},{\"@type\":\"ListItem\",\"position\":2,\"name\":\"Nuestras casa en mallorca\"}]},{\"@type\":\"WebSite\",\"@id\":\"https:\/\/cankepa.com\/es\/#website\",\"url\":\"https:\/\/cankepa.com\/es\/\",\"name\":\"Ca\u00b4n Kepa\",\"description\":\"Rural houses &amp; villas\",\"publisher\":{\"@id\":\"https:\/\/cankepa.com\/es\/#organization\"},\"potentialAction\":[{\"@type\":\"SearchAction\",\"target\":{\"@type\":\"EntryPoint\",\"urlTemplate\":\"https:\/\/cankepa.com\/es\/?s={search_term_string}\"},\"query-input\":{\"@type\":\"PropertyValueSpecification\",\"valueRequired\":true,\"valueName\":\"search_term_string\"}}],\"inLanguage\":\"en-GB\"},{\"@type\":\"Organization\",\"@id\":\"https:\/\/cankepa.com\/es\/#organization\",\"name\":\"Ca'n Kepa\",\"url\":\"https:\/\/cankepa.com\/es\/\",\"logo\":{\"@type\":\"ImageObject\",\"inLanguage\":\"en-GB\",\"@id\":\"https:\/\/cankepa.com\/es\/#\/schema\/logo\/image\/\",\"url\":\"https:\/\/cankepa.com\/wp-content\/uploads\/2020\/08\/200820-Logo-Can-Kepa-FINAL-47-1.png\",\"contentUrl\":\"https:\/\/cankepa.com\/wp-content\/uploads\/2020\/08\/200820-Logo-Can-Kepa-FINAL-47-1.png\",\"width\":1278,\"height\":283,\"caption\":\"Ca'n Kepa\"},\"image\":{\"@id\":\"https:\/\/cankepa.com\/es\/#\/schema\/logo\/image\/\"}}]}<\/script>\n<!-- \/ Yoast SEO plugin. -->","yoast_head_json":{"title":"Villas de alquiler de larga duraci\u00f3n de Ca\u2019n Kepa en Mallorca","description":"Echa un vistazo a nuestras villas de alquiler de larga duraci\u00f3n en Mallorca | Ca\u2019n Kepa | Nuestras villas y sus piscinas te est\u00e1n esperando","robots":{"index":"index","follow":"follow","max-snippet":"max-snippet:-1","max-image-preview":"max-image-preview:large","max-video-preview":"max-video-preview:-1"},"canonical":"https:\/\/cankepa.com\/en\/nuestras-casas-mallorca\/","og_locale":"en_GB","og_type":"article","og_title":"Villas de alquiler de larga duraci\u00f3n de Ca\u2019n Kepa en Mallorca","og_description":"Echa un vistazo a nuestras villas de alquiler de larga duraci\u00f3n en Mallorca | Ca\u2019n Kepa | Nuestras villas y sus piscinas te est\u00e1n esperando","og_url":"https:\/\/cankepa.com\/en\/nuestras-casas-mallorca\/","og_site_name":"Ca\u00b4n Kepa","article_modified_time":"2021-05-14T15:35:44+00:00","twitter_card":"summary_large_image","twitter_misc":{"Estimated reading time":"3 minutes"},"schema":{"@context":"https:\/\/schema.org","@graph":[{"@type":"WebPage","@id":"https:\/\/cankepa.com\/es\/nuestras-casas-mallorca\/","url":"https:\/\/cankepa.com\/es\/nuestras-casas-mallorca\/","name":"Villas de alquiler de larga duraci\u00f3n de Ca\u2019n Kepa en Mallorca","isPartOf":{"@id":"https:\/\/cankepa.com\/es\/#website"},"datePublished":"2021-01-11T14:04:46+00:00","dateModified":"2021-05-14T15:35:44+00:00","description":"Echa un vistazo a nuestras villas de alquiler de larga duraci\u00f3n en Mallorca | Ca\u2019n Kepa | Nuestras villas y sus piscinas te est\u00e1n esperando","breadcrumb":{"@id":"https:\/\/cankepa.com\/es\/nuestras-casas-mallorca\/#breadcrumb"},"inLanguage":"en-GB","potentialAction":[{"@type":"ReadAction","target":["https:\/\/cankepa.com\/es\/nuestras-casas-mallorca\/"]}]},{"@type":"BreadcrumbList","@id":"https:\/\/cankepa.com\/es\/nuestras-casas-mallorca\/#breadcrumb","itemListElement":[{"@type":"ListItem","position":1,"name":"Portada","item":"https:\/\/cankepa.com\/es\/"},{"@type":"ListItem","position":2,"name":"Nuestras casa en mallorca"}]},{"@type":"WebSite","@id":"https:\/\/cankepa.com\/es\/#website","url":"https:\/\/cankepa.com\/es\/","name":"Ca\u00b4n Kepa","description":"Rural houses &amp; villas","publisher":{"@id":"https:\/\/cankepa.com\/es\/#organization"},"potentialAction":[{"@type":"SearchAction","target":{"@type":"EntryPoint","urlTemplate":"https:\/\/cankepa.com\/es\/?s={search_term_string}"},"query-input":{"@type":"PropertyValueSpecification","valueRequired":true,"valueName":"search_term_string"}}],"inLanguage":"en-GB"},{"@type":"Organization","@id":"https:\/\/cankepa.com\/es\/#organization","name":"Ca'n Kepa","url":"https:\/\/cankepa.com\/es\/","logo":{"@type":"ImageObject","inLanguage":"en-GB","@id":"https:\/\/cankepa.com\/es\/#\/schema\/logo\/image\/","url":"https:\/\/cankepa.com\/wp-content\/uploads\/2020\/08\/200820-Logo-Can-Kepa-FINAL-47-1.png","contentUrl":"https:\/\/cankepa.com\/wp-content\/uploads\/2020\/08\/200820-Logo-Can-Kepa-FINAL-47-1.png","width":1278,"height":283,"caption":"Ca'n Kepa"},"image":{"@id":"https:\/\/cankepa.com\/es\/#\/schema\/logo\/image\/"}}]}},"_links":{"self":[{"href":"https:\/\/cankepa.com\/en\/wp-json\/wp\/v2\/pages\/4195"}],"collection":[{"href":"https:\/\/cankepa.com\/en\/wp-json\/wp\/v2\/pages"}],"about":[{"href":"https:\/\/cankepa.com\/en\/wp-json\/wp\/v2\/types\/page"}],"author":[{"embeddable":true,"href":"https:\/\/cankepa.com\/en\/wp-json\/wp\/v2\/users\/1"}],"replies":[{"embeddable":true,"href":"https:\/\/cankepa.com\/en\/wp-json\/wp\/v2\/comments?post=4195"}],"version-history":[{"count":24,"href":"https:\/\/cankepa.com\/en\/wp-json\/wp\/v2\/pages\/4195\/revisions"}],"predecessor-version":[{"id":4926,"href":"https:\/\/cankepa.com\/en\/wp-json\/wp\/v2\/pages\/4195\/revisions\/4926"}],"wp:attachment":[{"href":"https:\/\/cankepa.com\/en\/wp-json\/wp\/v2\/media?parent=4195"}],"curies":[{"name":"wp","href":"https:\/\/api.w.org\/{rel}","templated":true}]}}