{"id":2934,"date":"2020-08-25T15:05:52","date_gmt":"2020-08-25T15:05:52","guid":{"rendered":"http:\/\/cankepa.com\/?page_id=2934"},"modified":"2021-05-17T20:35:41","modified_gmt":"2021-05-17T20:35:41","slug":"smir","status":"publish","type":"page","link":"https:\/\/cankepa.com\/es\/marruecos\/smir\/","title":{"rendered":"Morocco &#8211; Smir Valley"},"content":{"rendered":"<div class=\"wpb-content-wrapper\"><section class=\"vc_section\"><div class=\"vc_row wpb_row vc_row-fluid\"><div class=\"wpb_column vc_column_container vc_col-sm-2\"><div class=\"vc_column-inner\"><div class=\"wpb_wrapper\"><div class=\"vc_empty_space\"   style=\"height: 32px\"><span class=\"vc_empty_space_inner\"><\/span><\/div><\/div><\/div><\/div><div class=\"wpb_column vc_column_container vc_col-sm-8\"><div class=\"vc_column-inner\"><div class=\"wpb_wrapper\"><div class=\"vc_icon_element vc_icon_element-outer vc_icon_element-align-center vc_icon_element-have-style\"><div class=\"vc_icon_element-inner vc_icon_element-color-green vc_icon_element-have-style-inner vc_icon_element-size-lg vc_icon_element-style-rounded-outline vc_icon_element-outline vc_icon_element-background-color-grey\" ><span class=\"vc_icon_element-icon fas fa-tree\" ><\/span><\/div><\/div>\n\t<div class=\"wpb_text_column wpb_content_element \" >\n\t\t<div class=\"wpb_wrapper\">\n\t\t\t<h2 style=\"text-align: center;\"><span style=\"color: #66b80f;\">\u00b7 Smir \u00b7<\/span><\/h2>\n\n\t\t<\/div>\n\t<\/div>\n\n\t<div class=\"wpb_text_column wpb_content_element \" >\n\t\t<div class=\"wpb_wrapper\">\n\t\t\t<h1 style=\"text-align: center;\"><span style=\"color: #808080;\">El valle que <\/span><span style=\"color: #808080;\">lo tiene todo cerca<\/span><\/h1>\n\n\t\t<\/div>\n\t<\/div>\n<\/div><\/div><\/div><div class=\"wpb_column vc_column_container vc_col-sm-2\"><div class=\"vc_column-inner\"><div class=\"wpb_wrapper\"><\/div><\/div><\/div><\/div><\/section><div class=\"vc_row wpb_row vc_row-fluid\"><div class=\"wpb_column vc_column_container vc_col-sm-2\"><div class=\"vc_column-inner\"><div class=\"wpb_wrapper\"><\/div><\/div><\/div><div class=\"wpb_column vc_column_container vc_col-sm-8\"><div class=\"vc_column-inner\"><div class=\"wpb_wrapper\">\n\t<div class=\"wpb_text_column wpb_content_element \" >\n\t\t<div class=\"wpb_wrapper\">\n\t\t\t<p style=\"text-align: left;\"><span style=\"font-weight: 400;\">En el valle del rio <strong>Smir<\/strong> se encuentra el pueblo de <strong>M&#8217;diq<\/strong> <em>(Rinc\u00f3n en espa\u00f1ol)<\/em>, al lado del cabo Negro, a medio camino entre las ciudades de Ceuta y Tetu\u00e1n. El valle lo tiene todo: campo, playa, monta\u00f1a, y dos ciudades a veinte minutos en coche. <\/span><\/p>\n<p><span style=\"font-weight: 400;\">El valle es una area agr\u00edcola tranquila y apacible donde uno se siente completamente en el campo, con pocos ruidos y aire fresco. La mayor\u00eda de nuestros vecinos son gente humilde que se decican principalemente a la agricultura y a la ganader\u00eda.\u00a0<\/span><\/p>\n\n\t\t<\/div>\n\t<\/div>\n\n\t<div  class=\"wpb_single_image wpb_content_element vc_align_center\">\n\t\t\n\t\t<figure class=\"wpb_wrapper vc_figure\">\n\t\t\t<div class=\"vc_single_image-wrapper   vc_box_border_grey\"><img loading=\"lazy\" decoding=\"async\" width=\"2048\" height=\"485\" src=\"https:\/\/cankepa.com\/wp-content\/uploads\/2020\/04\/Can-Kepa-marruecos-turismo-smir.jpg\" class=\"vc_single_image-img attachment-full\" alt=\"\" title=\"Can-Kepa-marruecos-turismo-smir\" srcset=\"https:\/\/cankepa.com\/wp-content\/uploads\/2020\/04\/Can-Kepa-marruecos-turismo-smir.jpg 2048w, https:\/\/cankepa.com\/wp-content\/uploads\/2020\/04\/Can-Kepa-marruecos-turismo-smir-300x71.jpg 300w, https:\/\/cankepa.com\/wp-content\/uploads\/2020\/04\/Can-Kepa-marruecos-turismo-smir-1024x243.jpg 1024w, https:\/\/cankepa.com\/wp-content\/uploads\/2020\/04\/Can-Kepa-marruecos-turismo-smir-768x182.jpg 768w, https:\/\/cankepa.com\/wp-content\/uploads\/2020\/04\/Can-Kepa-marruecos-turismo-smir-80x19.jpg 80w, https:\/\/cankepa.com\/wp-content\/uploads\/2020\/04\/Can-Kepa-marruecos-turismo-smir-1536x364.jpg 1536w, https:\/\/cankepa.com\/wp-content\/uploads\/2020\/04\/Can-Kepa-marruecos-turismo-smir-16x4.jpg 16w\" sizes=\"(max-width: 2048px) 100vw, 2048px\" \/><\/div>\n\t\t<\/figure>\n\t<\/div>\n\n\t<div class=\"wpb_text_column wpb_content_element \" >\n\t\t<div class=\"wpb_wrapper\">\n\t\t\t<p><span style=\"font-weight: 400;\">A medio camino entre nuestra villa y el pueblo de M&#8217;diq\/Rinc\u00f3n, est\u00e1 el <strong>barrio de<\/strong> <strong>Boughalal<\/strong>, un barrio construido en los \u00faltimos a\u00f1os en el que ya encontrar\u00e1s varias tiendas de comestibles, cafetines, varios cuarteles de las fuerzas de seguridad marroqu\u00eds (polic\u00eda, ej\u00e9rcito y protecci\u00f3n civil), y el acceso a la <strong>autopista A6<\/strong> que conecta con Tetu\u00e1n, Ceuta, T\u00e1nger y el resto del pa\u00eds.<\/span><\/p>\n<p><span style=\"font-weight: 400;\">En valle Smir tambi\u00e9n se encuentra la <strong>villa Las Flores de Marruecos<\/strong> de Ca&#8217;n Kepa, a tan solo diez minutos en coche de M&#8217;diq\/Rinc\u00f3n, pueblo con todo tipo de servicios.\u00a0<\/span><\/p>\n\n\t\t<\/div>\n\t<\/div>\n\n\t<div  class=\"wpb_single_image wpb_content_element vc_align_center\">\n\t\t\n\t\t<figure class=\"wpb_wrapper vc_figure\">\n\t\t\t<div class=\"vc_single_image-wrapper vc_box_circle  vc_box_border_grey\"><img decoding=\"async\" class=\"vc_single_image-img \" src=\"https:\/\/cankepa.com\/wp-content\/uploads\/2021\/05\/can-kepa-casas-rurales-alquiler-mapa-marruecos-smir-scaled-572x572.jpg\" width=\"572\" height=\"572\" alt=\"can-kepa-casas-rurales-alquiler-mapa-marruecos-smir\" title=\"can-kepa-casas-rurales-alquiler-mapa-marruecos-smir\" loading=\"lazy\" \/><\/div>\n\t\t<\/figure>\n\t<\/div>\n\n\t<div class=\"wpb_text_column wpb_content_element \" >\n\t\t<div class=\"wpb_wrapper\">\n\t\t\t<h4 style=\"text-align: center;\"><span style=\"color: #66b80f;\">\u00bfQu\u00e9 hay en los alrededores?<\/span><\/h4>\n\n\t\t<\/div>\n\t<\/div>\n<div class=\"vc_tta-container\" data-vc-action=\"collapseAll\"><div class=\"vc_general vc_tta vc_tta-accordion vc_tta-color-green vc_tta-style-outline vc_tta-shape-rounded vc_tta-o-shape-group vc_tta-controls-align-center vc_tta-o-all-clickable\"><div class=\"vc_tta-panels-container\"><div class=\"vc_tta-panels\"><div class=\"vc_tta-panel\" id=\"1621266369183-a212f7a7-348e\" data-vc-content=\".vc_tta-panel-body\"><div class=\"vc_tta-panel-heading\"><h4 class=\"vc_tta-panel-title vc_tta-controls-icon-position-left\"><a href=\"#1621266369183-a212f7a7-348e\" data-vc-accordion data-vc-container=\".vc_tta-container\"><i class=\"vc_tta-icon far fa-arrow-alt-circle-up\"><\/i><span class=\"vc_tta-title-text\">Norte<\/span><i class=\"vc_tta-controls-icon vc_tta-controls-icon-chevron\"><\/i><\/a><\/h4><\/div><div class=\"vc_tta-panel-body\">\n\t<div class=\"wpb_text_column wpb_content_element \" >\n\t\t<div class=\"wpb_wrapper\">\n\t\t\t<p>Al norte est\u00e1<strong>\u00a0Jbel Zem-zem<\/strong> <em>(monta\u00f1a\u00a0Zem-zem)<\/em>, y despu\u00e9s de esta, a quince kil\u00f3metros, el pueblo de <strong>Fnideq<\/strong> <em>(Castillejos en espa\u00f1ol)<\/em> al lado de la ciudad aut\u00f3noma espa\u00f1ola de <strong>Ceuta<\/strong>.<\/p>\n\n\t\t<\/div>\n\t<\/div>\n<\/div><\/div><div class=\"vc_tta-panel\" id=\"1621266369183-c75b4595-721c\" data-vc-content=\".vc_tta-panel-body\"><div class=\"vc_tta-panel-heading\"><h4 class=\"vc_tta-panel-title vc_tta-controls-icon-position-left\"><a href=\"#1621266369183-c75b4595-721c\" data-vc-accordion data-vc-container=\".vc_tta-container\"><i class=\"vc_tta-icon far fa-arrow-alt-circle-down\"><\/i><span class=\"vc_tta-title-text\">Sur<\/span><i class=\"vc_tta-controls-icon vc_tta-controls-icon-chevron\"><\/i><\/a><\/h4><\/div><div class=\"vc_tta-panel-body\">\n\t<div class=\"wpb_text_column wpb_content_element \" >\n\t\t<div class=\"wpb_wrapper\">\n\t\t\t<p>Al sur est\u00e1<strong> Cabo Negro<\/strong>, zona de veraneo de altos mandatarios marroqu\u00edes, <strong>Rinc\u00f3n\/M&#8217;diq<\/strong>, el pueblo m\u00e1s cercano con todo tipo de servicios como mercados, tiendas de souvenires, centros de salud, restaurantes o escuelas de buceo, y <strong>Tetu\u00e1n, <\/strong>la segunda ciudad m\u00e1s importante del norte de Marruecos con una medina muy aut\u00e9ntica e interesante.<\/p>\n\n\t\t<\/div>\n\t<\/div>\n<\/div><\/div><div class=\"vc_tta-panel\" id=\"1621266517096-04b6f5d2-ab5f\" data-vc-content=\".vc_tta-panel-body\"><div class=\"vc_tta-panel-heading\"><h4 class=\"vc_tta-panel-title vc_tta-controls-icon-position-left\"><a href=\"#1621266517096-04b6f5d2-ab5f\" data-vc-accordion data-vc-container=\".vc_tta-container\"><i class=\"vc_tta-icon far fa-arrow-alt-circle-right\"><\/i><span class=\"vc_tta-title-text\">Este<\/span><i class=\"vc_tta-controls-icon vc_tta-controls-icon-chevron\"><\/i><\/a><\/h4><\/div><div class=\"vc_tta-panel-body\">\n\t<div class=\"wpb_text_column wpb_content_element \" >\n\t\t<div class=\"wpb_wrapper\">\n\t\t\t<p>Al este est\u00e1 la costa del <strong>mar Mediterraneo<\/strong> entre el pueblo de M&#8217;diq\/Rinc\u00f3n y Fnideq\/Castillejos. Una larga playa que une ambos pueblos, que es de arena gorda, de esa que no tienes por qu\u00e9 llevarte de vuelta a casa. En esta costa hay multitud de urbanizaciones tur\u00edsticas, dos puertos deportivos (urbanizaciones de Kabila y de Marina Smir) y un palacio de la familia real marroqu\u00ed.<\/p>\n\n\t\t<\/div>\n\t<\/div>\n<\/div><\/div><div class=\"vc_tta-panel\" id=\"1621266592122-651eaef8-e269\" data-vc-content=\".vc_tta-panel-body\"><div class=\"vc_tta-panel-heading\"><h4 class=\"vc_tta-panel-title vc_tta-controls-icon-position-left\"><a href=\"#1621266592122-651eaef8-e269\" data-vc-accordion data-vc-container=\".vc_tta-container\"><i class=\"vc_tta-icon far fa-arrow-alt-circle-left\"><\/i><span class=\"vc_tta-title-text\">Oeste<\/span><i class=\"vc_tta-controls-icon vc_tta-controls-icon-chevron\"><\/i><\/a><\/h4><\/div><div class=\"vc_tta-panel-body\">\n\t<div class=\"wpb_text_column wpb_content_element \" >\n\t\t<div class=\"wpb_wrapper\">\n\t\t\t<p>Al oeste est\u00e1 el <strong>pantano Smir\u00a0<\/strong><em>(Barraje Smir)<\/em> y la monta\u00f1a de <strong>Fath Lemhar<\/strong>\u00a0con muchas aldeas rurales, entre ellas <strong>el-Kuf<\/strong>\u00a0donde se encuentran nuestras casas rurales.<\/p>\n\n\t\t<\/div>\n\t<\/div>\n<\/div><\/div><\/div><\/div><\/div><\/div>\n\t<div  class=\"wpb_single_image wpb_content_element vc_align_center\">\n\t\t\n\t\t<figure class=\"wpb_wrapper vc_figure\">\n\t\t\t<div class=\"vc_single_image-wrapper   vc_box_border_grey\"><img loading=\"lazy\" decoding=\"async\" width=\"2560\" height=\"714\" src=\"https:\/\/cankepa.com\/wp-content\/uploads\/2020\/04\/Untitled_Panorama1a-copia-scaled.jpg\" class=\"vc_single_image-img attachment-full\" alt=\"\" title=\"\" srcset=\"https:\/\/cankepa.com\/wp-content\/uploads\/2020\/04\/Untitled_Panorama1a-copia-scaled.jpg 2560w, https:\/\/cankepa.com\/wp-content\/uploads\/2020\/04\/Untitled_Panorama1a-copia-300x84.jpg 300w, https:\/\/cankepa.com\/wp-content\/uploads\/2020\/04\/Untitled_Panorama1a-copia-1024x286.jpg 1024w, https:\/\/cankepa.com\/wp-content\/uploads\/2020\/04\/Untitled_Panorama1a-copia-768x214.jpg 768w, https:\/\/cankepa.com\/wp-content\/uploads\/2020\/04\/Untitled_Panorama1a-copia-80x22.jpg 80w, https:\/\/cankepa.com\/wp-content\/uploads\/2020\/04\/Untitled_Panorama1a-copia-1536x428.jpg 1536w, https:\/\/cankepa.com\/wp-content\/uploads\/2020\/04\/Untitled_Panorama1a-copia-2048x571.jpg 2048w\" sizes=\"(max-width: 2560px) 100vw, 2560px\" \/><\/div>\n\t\t<\/figure>\n\t<\/div>\n\n\t<div class=\"wpb_text_column wpb_content_element \" >\n\t\t<div class=\"wpb_wrapper\">\n\t\t\t<p>En verano esta costa esta llena de marroquies del sur del pa\u00eds que disfrutan del mar y del buen clima de la zona, entre ellos el rey de Marruecos, que tiene su palacio de verano en el Mediterraneo cerca de M&#8217;diq\/Rinc\u00f3n.<br \/>\nP\u00e9gate un chapuz\u00f3n en este mar, que al estar cerca del estrecho es un poco m\u00e1s fresco que en el otros sitios del Mediterraneo, pero que sienta de maravilla, te lo digo por experiencia \ud83d\ude09 .<\/p>\n\n\t\t<\/div>\n\t<\/div>\n<\/div><\/div><\/div><div class=\"wpb_column vc_column_container vc_col-sm-2\"><div class=\"vc_column-inner\"><div class=\"wpb_wrapper\"><\/div><\/div><\/div><\/div><section class=\"vc_section\"><div class=\"vc_row wpb_row vc_row-fluid\"><div class=\"wpb_column vc_column_container vc_col-sm-2\"><div class=\"vc_column-inner\"><div class=\"wpb_wrapper\"><\/div><\/div><\/div><div class=\"wpb_column vc_column_container vc_col-sm-8\"><div class=\"vc_column-inner\"><div class=\"wpb_wrapper\">\n\t<div class=\"wpb_text_column wpb_content_element \" >\n\t\t<div class=\"wpb_wrapper\">\n\t\t\t<h4 style=\"text-align: center;\"><span style=\"color: #66b80f;\">\u00bfQu\u00e9 puedes hacer por aqu\u00ed?<\/span><\/h4>\n\n\t\t<\/div>\n\t<\/div>\n<div class=\"vc_tta-container\" data-vc-action=\"collapseAll\"><div class=\"vc_general vc_tta vc_tta-accordion vc_tta-color-green vc_tta-style-outline vc_tta-shape-rounded vc_tta-o-shape-group vc_tta-controls-align-center vc_tta-o-all-clickable\"><div class=\"vc_tta-panels-container\"><div class=\"vc_tta-panels\"><div class=\"vc_tta-panel\" id=\"1619977354113-97435703-d52b\" data-vc-content=\".vc_tta-panel-body\"><div class=\"vc_tta-panel-heading\"><h4 class=\"vc_tta-panel-title vc_tta-controls-icon-position-left\"><a href=\"#1619977354113-97435703-d52b\" data-vc-accordion data-vc-container=\".vc_tta-container\"><span class=\"vc_tta-title-text\">Disfrutar de la naturaleza<\/span><i class=\"vc_tta-controls-icon vc_tta-controls-icon-chevron\"><\/i><\/a><\/h4><\/div><div class=\"vc_tta-panel-body\"><div class=\"vc_row wpb_row vc_inner vc_row-fluid\"><div class=\"wpb_column vc_column_container vc_col-sm-6\"><div class=\"vc_column-inner\"><div class=\"wpb_wrapper\">\n\t<div class=\"wpb_text_column wpb_content_element \" >\n\t\t<div class=\"wpb_wrapper\">\n\t\t\t<ul>\n<li>Salir a pasear por la zona.<\/li>\n<li>Pantano Smir.<\/li>\n<li>Andar en bicicleta por el valles de Smir,el Negro, Mallalien, Martil hasta Tetu\u00e1n.<\/li>\n<\/ul>\n\n\t\t<\/div>\n\t<\/div>\n<\/div><\/div><\/div><div class=\"wpb_column vc_column_container vc_col-sm-6\"><div class=\"vc_column-inner\"><div class=\"wpb_wrapper\"><\/div><\/div><\/div><\/div><\/div><\/div><div class=\"vc_tta-panel\" id=\"1619977354114-3df77a15-a774\" data-vc-content=\".vc_tta-panel-body\"><div class=\"vc_tta-panel-heading\"><h4 class=\"vc_tta-panel-title vc_tta-controls-icon-position-left\"><a href=\"#1619977354114-3df77a15-a774\" data-vc-accordion data-vc-container=\".vc_tta-container\"><span class=\"vc_tta-title-text\">Sol y playa<\/span><i class=\"vc_tta-controls-icon vc_tta-controls-icon-chevron\"><\/i><\/a><\/h4><\/div><div class=\"vc_tta-panel-body\"><div class=\"vc_row wpb_row vc_inner vc_row-fluid\"><div class=\"wpb_column vc_column_container vc_col-sm-12\"><div class=\"vc_column-inner\"><div class=\"wpb_wrapper\">\n\t<div  class=\"wpb_single_image wpb_content_element vc_align_center\">\n\t\t\n\t\t<figure class=\"wpb_wrapper vc_figure\">\n\t\t\t<div class=\"vc_single_image-wrapper   vc_box_border_grey\"><img loading=\"lazy\" decoding=\"async\" width=\"600\" height=\"210\" src=\"https:\/\/cankepa.com\/wp-content\/uploads\/2021\/05\/Can-Kepa-turismo-playa.jpg\" class=\"vc_single_image-img attachment-large\" alt=\"\" title=\"Can-Kepa-turismo-playa\" srcset=\"https:\/\/cankepa.com\/wp-content\/uploads\/2021\/05\/Can-Kepa-turismo-playa.jpg 600w, https:\/\/cankepa.com\/wp-content\/uploads\/2021\/05\/Can-Kepa-turismo-playa-300x105.jpg 300w, https:\/\/cankepa.com\/wp-content\/uploads\/2021\/05\/Can-Kepa-turismo-playa-80x28.jpg 80w, https:\/\/cankepa.com\/wp-content\/uploads\/2021\/05\/Can-Kepa-turismo-playa-16x6.jpg 16w\" sizes=\"(max-width: 600px) 100vw, 600px\" \/><\/div>\n\t\t<\/figure>\n\t<\/div>\n\n\t<div class=\"wpb_text_column wpb_content_element \" >\n\t\t<div class=\"wpb_wrapper\">\n\t\t\t<p>Puedes ir a las playas de la zona:<\/p>\n<p><strong>\u00b7 Playas entre M&#8217;diq\/Rinc\u00f3n y Ceuta<\/strong><\/p>\n<p>En esta parte de la costa hay una sucesi\u00f3n de playas entre las urbanizaciones.<\/p>\n<ul>\n<li>Playa de Kabila,<\/li>\n<li>Playa de Marina Smir,<\/li>\n<li>Playa de Restinga,<\/li>\n<li>Playa de la costa Riffiine, y<\/li>\n<li>Playa de Fnideq\/Castillejos.<\/li>\n<\/ul>\n<p><strong>\u00b7 Playas de Cabo Negro y Martil<\/strong><\/p>\n<p><strong>\u00b7 M\u00e1s playas<\/strong><\/p>\n<p>Si quieres <strong>m\u00e1s playas<\/strong>, despu\u00e9s de Fnideq\/Castillejos tienes muchas playas en la <strong>zona del estrecho<\/strong> de Gibraltar hasta llegar a T\u00e1nger, como las de Belyounech, Eddalya o Ksar Seghir <em>(Alcazarseguir). <\/em>Despu\u00e9s del cabo Spartel, en T\u00e1nger, comienza una larga y ancha <strong>playa del<\/strong> <strong>At\u00e1ntico<\/strong> que se extiende hacia el sur del pa\u00eds.<\/p>\n<p>Si siques la <strong>costa mediterranea<\/strong>, te encontrar\u00e1s con una costa monta\u00f1osa con playas en las desemboladuras de los r\u00edo o torrentes que bajan de la monta\u00f1a, como es Azla, Amsa, Tamrabet, Tamernout o Aouchtam. Luego llegas a la larga playa de <strong>Oued Lau<\/strong>, antes de proseguir con las playas de Targha y Jebha.<\/p>\n<p>&nbsp;<\/p>\n<p>Tambi\u00e9n puedes quedarte en casa, en la tranquilidad del jard\u00edn y piscina con total privacidad de nuestra villa.<\/p>\n\n\t\t<\/div>\n\t<\/div>\n<\/div><\/div><\/div><\/div><\/div><\/div><div class=\"vc_tta-panel\" id=\"1619977464943-2f0210bc-227a\" data-vc-content=\".vc_tta-panel-body\"><div class=\"vc_tta-panel-heading\"><h4 class=\"vc_tta-panel-title vc_tta-controls-icon-position-left\"><a href=\"#1619977464943-2f0210bc-227a\" data-vc-accordion data-vc-container=\".vc_tta-container\"><span class=\"vc_tta-title-text\">Senderismo<\/span><i class=\"vc_tta-controls-icon vc_tta-controls-icon-chevron\"><\/i><\/a><\/h4><\/div><div class=\"vc_tta-panel-body\"><div class=\"vc_row wpb_row vc_inner vc_row-fluid\"><div class=\"wpb_column vc_column_container vc_col-sm-6\"><div class=\"vc_column-inner\"><div class=\"wpb_wrapper\">\n\t<div class=\"wpb_text_column wpb_content_element \" >\n\t\t<div class=\"wpb_wrapper\">\n\t\t\t<p>Por la zona hay varias rutas marcadas de senderismo por las monta\u00f1as de alrededor del valle.<\/p>\n<p><strong>Monta\u00f1a Fath Lemhar<\/strong><\/p>\n<p>Fath Lemhar se encuentra a veinte minutos en coche o tres horas andando del valle de Smir.<\/p>\n<p>Por la monta\u00f1a hay varias rutas marcadas que la rodean. Puedes hacer las rutas por separado o en una sola traves\u00eda de cuatro d\u00edas por las diferentes aldeas que se encuentran en la monta\u00f1a.<\/p>\n<p>&nbsp;<\/p>\n<p><strong>M<\/strong><strong>onta\u00f1a Zem-zem<\/strong> <em>(Jbel Zem zem)<\/em><\/p>\n<p>Esta monta\u00f1a est\u00e1 al norte del valle, hay una ruta que rodea la monta\u00f1a y pasa por tres aldeas que hay en ella.<\/p>\n<p>&nbsp;<\/p>\n<p><strong>Monta\u00f1a Darsa <\/strong><em>(Jbel Darsa)<\/em><\/p>\n<p>Esta monta\u00f1a est\u00e1 encima de la ciudad de Tetu\u00e1n. Se puede llegar a ella (y a la ciudad de Tetu\u00e1n) en una traves\u00eda de tres d\u00edas.<\/p>\n\n\t\t<\/div>\n\t<\/div>\n<\/div><\/div><\/div><div class=\"wpb_column vc_column_container vc_col-sm-6\"><div class=\"vc_column-inner\"><div class=\"wpb_wrapper\">\n\t<div  class=\"wpb_single_image wpb_content_element vc_align_center\">\n\t\t\n\t\t<figure class=\"wpb_wrapper vc_figure\">\n\t\t\t<div class=\"vc_single_image-wrapper   vc_box_border_grey\"><img loading=\"lazy\" decoding=\"async\" width=\"300\" height=\"400\" src=\"https:\/\/cankepa.com\/wp-content\/uploads\/2021\/04\/Can-Kepa-marruecos-turismo-kuf-caminos.jpg\" class=\"vc_single_image-img attachment-large\" alt=\"\" title=\"Can-Kepa-marruecos-turismo-kuf-caminos\" srcset=\"https:\/\/cankepa.com\/wp-content\/uploads\/2021\/04\/Can-Kepa-marruecos-turismo-kuf-caminos.jpg 300w, https:\/\/cankepa.com\/wp-content\/uploads\/2021\/04\/Can-Kepa-marruecos-turismo-kuf-caminos-225x300.jpg 225w, https:\/\/cankepa.com\/wp-content\/uploads\/2021\/04\/Can-Kepa-marruecos-turismo-kuf-caminos-60x80.jpg 60w, https:\/\/cankepa.com\/wp-content\/uploads\/2021\/04\/Can-Kepa-marruecos-turismo-kuf-caminos-9x12.jpg 9w\" sizes=\"(max-width: 300px) 100vw, 300px\" \/><\/div>\n\t\t<\/figure>\n\t<\/div>\n\n\t<div  class=\"wpb_single_image wpb_content_element vc_align_center\">\n\t\t\n\t\t<figure class=\"wpb_wrapper vc_figure\">\n\t\t\t<div class=\"vc_single_image-wrapper   vc_box_border_grey\"><img loading=\"lazy\" decoding=\"async\" width=\"300\" height=\"225\" src=\"https:\/\/cankepa.com\/wp-content\/uploads\/2020\/05\/Can-Kepa-marruecos-turismo-kuf-senderismo-ruta-300x225.jpg\" class=\"vc_single_image-img attachment-medium\" alt=\"\" title=\"Can-Kepa-marruecos-turismo-kuf-senderismo-ruta\" srcset=\"https:\/\/cankepa.com\/wp-content\/uploads\/2020\/05\/Can-Kepa-marruecos-turismo-kuf-senderismo-ruta-300x225.jpg 300w, https:\/\/cankepa.com\/wp-content\/uploads\/2020\/05\/Can-Kepa-marruecos-turismo-kuf-senderismo-ruta-80x60.jpg 80w, https:\/\/cankepa.com\/wp-content\/uploads\/2020\/05\/Can-Kepa-marruecos-turismo-kuf-senderismo-ruta-16x12.jpg 16w, https:\/\/cankepa.com\/wp-content\/uploads\/2020\/05\/Can-Kepa-marruecos-turismo-kuf-senderismo-ruta.jpg 400w\" sizes=\"(max-width: 300px) 100vw, 300px\" \/><\/div>\n\t\t<\/figure>\n\t<\/div>\n<\/div><\/div><\/div><\/div><\/div><\/div><div class=\"vc_tta-panel\" id=\"1621268148976-4c428977-20f8\" data-vc-content=\".vc_tta-panel-body\"><div class=\"vc_tta-panel-heading\"><h4 class=\"vc_tta-panel-title vc_tta-controls-icon-position-left\"><a href=\"#1621268148976-4c428977-20f8\" data-vc-accordion data-vc-container=\".vc_tta-container\"><span class=\"vc_tta-title-text\">Visitar el-Kuf<\/span><i class=\"vc_tta-controls-icon vc_tta-controls-icon-chevron\"><\/i><\/a><\/h4><\/div><div class=\"vc_tta-panel-body\"><div class=\"vc_row wpb_row vc_inner vc_row-fluid\"><div class=\"wpb_column vc_column_container vc_col-sm-6\"><div class=\"vc_column-inner\"><div class=\"wpb_wrapper\">\n\t<div class=\"wpb_text_column wpb_content_element \" >\n\t\t<div class=\"wpb_wrapper\">\n\t\t\t<p><span style=\"font-weight: 400;\">El-Kuf es una aldea <em>(k\u00e1bila)<\/em> rural tradicional muy acogedora, se ubica en la monta\u00f1a de Fath Lemhar y es de unos 1300 habitantes . <\/span><\/p>\n<p><span style=\"font-weight: 400;\">En la aldea puedes conocer una comunidad rural tradicional marroqu\u00ed y su forma de vida.<\/span><\/p>\n<p>Puedes tambi\u00e9n hacer excursiones por la monta\u00f1a y puedes ir las otras aldeas de la monta\u00f1a por rutas marcadas de senderismo.<\/p>\n\n\t\t<\/div>\n\t<\/div>\n<\/div><\/div><\/div><div class=\"wpb_column vc_column_container vc_col-sm-6\"><div class=\"vc_column-inner\"><div class=\"wpb_wrapper\">\n\t<div  class=\"wpb_single_image wpb_content_element vc_align_center\">\n\t\t\n\t\t<figure class=\"wpb_wrapper vc_figure\">\n\t\t\t<div class=\"vc_single_image-wrapper   vc_box_border_grey\"><img loading=\"lazy\" decoding=\"async\" width=\"225\" height=\"300\" src=\"https:\/\/cankepa.com\/wp-content\/uploads\/2020\/05\/Can-Kepa-marruecos-turismo-kuf-casas-camino-225x300.jpg\" class=\"vc_single_image-img attachment-medium\" alt=\"\" title=\"Can-Kepa-marruecos-turismo-kuf-casas-camino\" srcset=\"https:\/\/cankepa.com\/wp-content\/uploads\/2020\/05\/Can-Kepa-marruecos-turismo-kuf-casas-camino-225x300.jpg 225w, https:\/\/cankepa.com\/wp-content\/uploads\/2020\/05\/Can-Kepa-marruecos-turismo-kuf-casas-camino-60x80.jpg 60w, https:\/\/cankepa.com\/wp-content\/uploads\/2020\/05\/Can-Kepa-marruecos-turismo-kuf-casas-camino-9x12.jpg 9w, https:\/\/cankepa.com\/wp-content\/uploads\/2020\/05\/Can-Kepa-marruecos-turismo-kuf-casas-camino.jpg 400w\" sizes=\"(max-width: 225px) 100vw, 225px\" \/><\/div>\n\t\t<\/figure>\n\t<\/div>\n<\/div><\/div><\/div><\/div><div class=\"vc_btn3-container vc_btn3-center\" ><a class=\"vc_general vc_btn3 vc_btn3-size-md vc_btn3-shape-rounded vc_btn3-style-outline vc_btn3-block vc_btn3-icon-left vc_btn3-color-blue\" href=\"https:\/\/cankepa.com\/marruecos\/kuf\/\" title=\"Descubre la aldea\"><i class=\"vc_btn3-icon fas fa-mountain\"><\/i> La aldea de el-Kuf<\/a><\/div><\/div><\/div><div class=\"vc_tta-panel\" id=\"1619977488094-a9551de9-cc64\" data-vc-content=\".vc_tta-panel-body\"><div class=\"vc_tta-panel-heading\"><h4 class=\"vc_tta-panel-title vc_tta-controls-icon-position-left\"><a href=\"#1619977488094-a9551de9-cc64\" data-vc-accordion data-vc-container=\".vc_tta-container\"><span class=\"vc_tta-title-text\">Excursiones en coche<\/span><i class=\"vc_tta-controls-icon vc_tta-controls-icon-chevron\"><\/i><\/a><\/h4><\/div><div class=\"vc_tta-panel-body\"><div class=\"vc_btn3-container vc_btn3-center\" ><a class=\"vc_general vc_btn3 vc_btn3-size-md vc_btn3-shape-rounded vc_btn3-style-outline vc_btn3-block vc_btn3-icon-left vc_btn3-color-blue\" href=\"https:\/\/cankepa.com\/marruecos\/\" title=\"\u00a1A la p\u00e1gina sobre Marruecos!\"><i class=\"vc_btn3-icon fas fa-hamsa\"><\/i> Encuentra m\u00e1s informaci\u00f3n sobre ciudades y pueblos de la regi\u00f3n<\/a><\/div><div class=\"vc_row wpb_row vc_inner vc_row-fluid\"><div class=\"wpb_column vc_column_container vc_col-sm-12\"><div class=\"vc_column-inner\"><div class=\"wpb_wrapper\">\n\t<div  class=\"wpb_single_image wpb_content_element vc_align_center\">\n\t\t\n\t\t<figure class=\"wpb_wrapper vc_figure\">\n\t\t\t<div class=\"vc_single_image-wrapper vc_box_circle  vc_box_border_grey\"><img decoding=\"async\" class=\"vc_single_image-img \" src=\"https:\/\/cankepa.com\/wp-content\/uploads\/2021\/05\/Norte-de-marruecos-scaled-400x400.jpg\" width=\"400\" height=\"400\" alt=\"Norte de marruecos\" title=\"Norte de marruecos\" loading=\"lazy\" \/><\/div>\n\t\t<\/figure>\n\t<\/div>\n\n\t<div class=\"wpb_text_column wpb_content_element \" >\n\t\t<div class=\"wpb_wrapper\">\n\t\t\t<p>Moverte por el norte de la Yebala haciendo excursiones de ida y vuelta el mismo d\u00eda a las ciudades y pueblos m\u00e1s importantes de la regi\u00f3n.<\/p>\n<p>Ciudades<\/p>\n<ul>\n<li><strong>Tetu\u00e1n<\/strong>: a veinte minutos en coche.<\/li>\n<li><strong>Ceuta<\/strong>: a veinte minutos en coche.<\/li>\n<li><strong>T\u00e1nger<\/strong>: una hora cincuenta minutos por la carretera del interior, y a dos horas por la carretera del estrecho.<\/li>\n<li><strong>Chefchaouen<\/strong>: a dos horas en coche.<\/li>\n<li><strong>Larache<\/strong>: a dos horas y med\u00eda en coche.<\/li>\n<\/ul>\n<p>Pueblos<\/p>\n<ul>\n<li><strong>Oued Lau<\/strong>: una hora y media en coche.<\/li>\n<li><strong>Assilah<\/strong>: dos horas en coche.<\/li>\n<li><strong>Moulay Abdessalam<\/strong>: dos horas en coche.<\/li>\n<li><strong>Akchour<\/strong>: dos horas en coche.<\/li>\n<li><strong>Jebha<\/strong>: en la costa mediterranea a dos horas cuarenta minutos.<\/li>\n<li><strong>Moulay Bousselham<\/strong>: en la costa atl\u00e1ntica a dos horas cuarenta y cinco minutos.<\/li>\n<\/ul>\n\n\t\t<\/div>\n\t<\/div>\n<\/div><\/div><\/div><\/div><\/div><\/div><\/div><\/div><\/div><\/div><\/div><\/div><\/div><div class=\"wpb_column vc_column_container vc_col-sm-2\"><div class=\"vc_column-inner\"><div class=\"wpb_wrapper\"><\/div><\/div><\/div><\/div><\/section><section class=\"vc_section\"><div class=\"vc_row wpb_row vc_row-fluid\"><div class=\"wpb_column vc_column_container vc_col-sm-2\"><div class=\"vc_column-inner\"><div class=\"wpb_wrapper\"><\/div><\/div><\/div><div class=\"wpb_column vc_column_container vc_col-sm-8\"><div class=\"vc_column-inner\"><div class=\"wpb_wrapper\">\n\t<div class=\"wpb_text_column wpb_content_element \" >\n\t\t<div class=\"wpb_wrapper\">\n\t\t\t<h4 style=\"text-align: center;\"><span style=\"color: #66b80f;\">\u00bfConoces nuestra villa en el valle de Smir?<\/span><\/h4>\n\n\t\t<\/div>\n\t<\/div>\n<div class=\"vc_empty_space\"   style=\"height: 32px\"><span class=\"vc_empty_space_inner\"><\/span><\/div>\n\t<div class=\"wpb_text_column wpb_content_element \" >\n\t\t<div class=\"wpb_wrapper\">\n\t\t\t<h4 style=\"text-align: center;\">\u00b7 Las Flores de Marruecos \u00b7<\/h4>\n\n\t\t<\/div>\n\t<\/div>\n\n\t<div  class=\"wpb_single_image wpb_content_element vc_align_center\">\n\t\t\n\t\t<figure class=\"wpb_wrapper vc_figure\">\n\t\t\t<a href=\"https:\/\/cankepa.com\/villa-alquiler-turistico-smir-marruecos\/\" target=\"_self\" class=\"vc_single_image-wrapper   vc_box_border_grey\"><img loading=\"lazy\" decoding=\"async\" width=\"1024\" height=\"444\" src=\"https:\/\/cankepa.com\/wp-content\/uploads\/2020\/04\/alquiler-villa-campo-piscina-marruecos-tetuan-rincon-flores-Can-Kepa-1024x444.jpg\" class=\"vc_single_image-img attachment-large\" alt=\"Villa de alquiler tur\u00edstico Las Flores de Marruecos de Ca&#039;n Kepa con vistas sobre Cabo Negro, M&#039;diq y el mar.\" title=\"alquiler-villa-campo-piscina-marruecos-tetuan-rincon-flores-Can-Kepa\" srcset=\"https:\/\/cankepa.com\/wp-content\/uploads\/2020\/04\/alquiler-villa-campo-piscina-marruecos-tetuan-rincon-flores-Can-Kepa-1024x444.jpg 1024w, https:\/\/cankepa.com\/wp-content\/uploads\/2020\/04\/alquiler-villa-campo-piscina-marruecos-tetuan-rincon-flores-Can-Kepa-300x130.jpg 300w, https:\/\/cankepa.com\/wp-content\/uploads\/2020\/04\/alquiler-villa-campo-piscina-marruecos-tetuan-rincon-flores-Can-Kepa-768x333.jpg 768w, https:\/\/cankepa.com\/wp-content\/uploads\/2020\/04\/alquiler-villa-campo-piscina-marruecos-tetuan-rincon-flores-Can-Kepa-80x35.jpg 80w, https:\/\/cankepa.com\/wp-content\/uploads\/2020\/04\/alquiler-villa-campo-piscina-marruecos-tetuan-rincon-flores-Can-Kepa-1536x666.jpg 1536w, https:\/\/cankepa.com\/wp-content\/uploads\/2020\/04\/alquiler-villa-campo-piscina-marruecos-tetuan-rincon-flores-Can-Kepa-16x7.jpg 16w, https:\/\/cankepa.com\/wp-content\/uploads\/2020\/04\/alquiler-villa-campo-piscina-marruecos-tetuan-rincon-flores-Can-Kepa.jpg 1920w\" sizes=\"(max-width: 1024px) 100vw, 1024px\" \/><\/a>\n\t\t<\/figure>\n\t<\/div>\n<\/div><\/div><\/div><div class=\"wpb_column vc_column_container vc_col-sm-2\"><div class=\"vc_column-inner\"><div class=\"wpb_wrapper\"><\/div><\/div><\/div><\/div><\/section>\n<\/div>","protected":false},"excerpt":{"rendered":"\u00b7 Smir \u00b7 El valle que lo tiene todo cerca En el valle del rio Smir se encuentra el pueblo de M'diq (Rinc\u00f3n en espa\u00f1ol), al lado del cabo Negro, a medio camino entre las ciudades de Ceuta y Tetu\u00e1n. El valle lo tiene todo: campo, playa, monta\u00f1a, y dos ciudades a veinte minutos en [...]","protected":false},"author":1,"featured_media":0,"parent":49,"menu_order":4,"comment_status":"closed","ping_status":"closed","template":"","meta":{"footnotes":""},"yoast_head":"<!-- This site is optimized with the Yoast SEO plugin v23.5 - https:\/\/yoast.com\/wordpress\/plugins\/seo\/ -->\n<title>Conoce Marruecos desde el valle del r\u00edo Smir cerca de la ciudad de Tetu\u00e1n<\/title>\n<meta name=\"description\" content=\"El mejor lugar desde el que podr\u00e1s visitar el norte de la Yebala marroqu\u00ed y conocer su gente, su cultura, su patromino hist\u00f3rico y natural\" \/>\n<meta name=\"robots\" content=\"index, follow, max-snippet:-1, max-image-preview:large, max-video-preview:-1\" \/>\n<link rel=\"canonical\" href=\"https:\/\/cankepa.com\/es\/marruecos\/smir\/\" \/>\n<meta property=\"og:locale\" content=\"es_ES\" \/>\n<meta property=\"og:type\" content=\"article\" \/>\n<meta property=\"og:title\" content=\"Conoce Marruecos desde el valle del r\u00edo Smir cerca de la ciudad de Tetu\u00e1n\" \/>\n<meta property=\"og:description\" content=\"El mejor lugar desde el que podr\u00e1s visitar el norte de la Yebala marroqu\u00ed y conocer su gente, su cultura, su patromino hist\u00f3rico y natural\" \/>\n<meta property=\"og:url\" content=\"https:\/\/cankepa.com\/es\/marruecos\/smir\/\" \/>\n<meta property=\"og:site_name\" content=\"Ca\u00b4n Kepa\" \/>\n<meta property=\"article:modified_time\" content=\"2021-05-17T20:35:41+00:00\" \/>\n<meta name=\"twitter:card\" content=\"summary_large_image\" \/>\n<meta name=\"twitter:label1\" content=\"Tiempo de lectura\" \/>\n\t<meta name=\"twitter:data1\" content=\"9 minutos\" \/>\n<script type=\"application\/ld+json\" class=\"yoast-schema-graph\">{\"@context\":\"https:\/\/schema.org\",\"@graph\":[{\"@type\":\"WebPage\",\"@id\":\"https:\/\/cankepa.com\/marruecos\/smir\/\",\"url\":\"https:\/\/cankepa.com\/marruecos\/smir\/\",\"name\":\"Conoce Marruecos desde el valle del r\u00edo Smir cerca de la ciudad de Tetu\u00e1n\",\"isPartOf\":{\"@id\":\"https:\/\/cankepa.com\/es\/#website\"},\"datePublished\":\"2020-08-25T15:05:52+00:00\",\"dateModified\":\"2021-05-17T20:35:41+00:00\",\"description\":\"El mejor lugar desde el que podr\u00e1s visitar el norte de la Yebala marroqu\u00ed y conocer su gente, su cultura, su patromino hist\u00f3rico y natural\",\"breadcrumb\":{\"@id\":\"https:\/\/cankepa.com\/marruecos\/smir\/#breadcrumb\"},\"inLanguage\":\"es\",\"potentialAction\":[{\"@type\":\"ReadAction\",\"target\":[\"https:\/\/cankepa.com\/marruecos\/smir\/\"]}]},{\"@type\":\"BreadcrumbList\",\"@id\":\"https:\/\/cankepa.com\/marruecos\/smir\/#breadcrumb\",\"itemListElement\":[{\"@type\":\"ListItem\",\"position\":1,\"name\":\"Portada\",\"item\":\"https:\/\/cankepa.com\/es\/\"},{\"@type\":\"ListItem\",\"position\":2,\"name\":\"Morocco\",\"item\":\"https:\/\/cankepa.com\/marruecos\/\"},{\"@type\":\"ListItem\",\"position\":3,\"name\":\"Morocco &#8211; Smir Valley\"}]},{\"@type\":\"WebSite\",\"@id\":\"https:\/\/cankepa.com\/es\/#website\",\"url\":\"https:\/\/cankepa.com\/es\/\",\"name\":\"Ca\u00b4n Kepa\",\"description\":\"Rural houses &amp; villas\",\"publisher\":{\"@id\":\"https:\/\/cankepa.com\/es\/#organization\"},\"potentialAction\":[{\"@type\":\"SearchAction\",\"target\":{\"@type\":\"EntryPoint\",\"urlTemplate\":\"https:\/\/cankepa.com\/es\/?s={search_term_string}\"},\"query-input\":{\"@type\":\"PropertyValueSpecification\",\"valueRequired\":true,\"valueName\":\"search_term_string\"}}],\"inLanguage\":\"es\"},{\"@type\":\"Organization\",\"@id\":\"https:\/\/cankepa.com\/es\/#organization\",\"name\":\"Ca'n Kepa\",\"url\":\"https:\/\/cankepa.com\/es\/\",\"logo\":{\"@type\":\"ImageObject\",\"inLanguage\":\"es\",\"@id\":\"https:\/\/cankepa.com\/es\/#\/schema\/logo\/image\/\",\"url\":\"https:\/\/cankepa.com\/wp-content\/uploads\/2020\/08\/200820-Logo-Can-Kepa-FINAL-47-1.png\",\"contentUrl\":\"https:\/\/cankepa.com\/wp-content\/uploads\/2020\/08\/200820-Logo-Can-Kepa-FINAL-47-1.png\",\"width\":1278,\"height\":283,\"caption\":\"Ca'n Kepa\"},\"image\":{\"@id\":\"https:\/\/cankepa.com\/es\/#\/schema\/logo\/image\/\"}}]}<\/script>\n<!-- \/ Yoast SEO plugin. -->","yoast_head_json":{"title":"Conoce Marruecos desde el valle del r\u00edo Smir cerca de la ciudad de Tetu\u00e1n","description":"El mejor lugar desde el que podr\u00e1s visitar el norte de la Yebala marroqu\u00ed y conocer su gente, su cultura, su patromino hist\u00f3rico y natural","robots":{"index":"index","follow":"follow","max-snippet":"max-snippet:-1","max-image-preview":"max-image-preview:large","max-video-preview":"max-video-preview:-1"},"canonical":"https:\/\/cankepa.com\/es\/marruecos\/smir\/","og_locale":"es_ES","og_type":"article","og_title":"Conoce Marruecos desde el valle del r\u00edo Smir cerca de la ciudad de Tetu\u00e1n","og_description":"El mejor lugar desde el que podr\u00e1s visitar el norte de la Yebala marroqu\u00ed y conocer su gente, su cultura, su patromino hist\u00f3rico y natural","og_url":"https:\/\/cankepa.com\/es\/marruecos\/smir\/","og_site_name":"Ca\u00b4n Kepa","article_modified_time":"2021-05-17T20:35:41+00:00","twitter_card":"summary_large_image","twitter_misc":{"Tiempo de lectura":"9 minutos"},"schema":{"@context":"https:\/\/schema.org","@graph":[{"@type":"WebPage","@id":"https:\/\/cankepa.com\/marruecos\/smir\/","url":"https:\/\/cankepa.com\/marruecos\/smir\/","name":"Conoce Marruecos desde el valle del r\u00edo Smir cerca de la ciudad de Tetu\u00e1n","isPartOf":{"@id":"https:\/\/cankepa.com\/es\/#website"},"datePublished":"2020-08-25T15:05:52+00:00","dateModified":"2021-05-17T20:35:41+00:00","description":"El mejor lugar desde el que podr\u00e1s visitar el norte de la Yebala marroqu\u00ed y conocer su gente, su cultura, su patromino hist\u00f3rico y natural","breadcrumb":{"@id":"https:\/\/cankepa.com\/marruecos\/smir\/#breadcrumb"},"inLanguage":"es","potentialAction":[{"@type":"ReadAction","target":["https:\/\/cankepa.com\/marruecos\/smir\/"]}]},{"@type":"BreadcrumbList","@id":"https:\/\/cankepa.com\/marruecos\/smir\/#breadcrumb","itemListElement":[{"@type":"ListItem","position":1,"name":"Portada","item":"https:\/\/cankepa.com\/es\/"},{"@type":"ListItem","position":2,"name":"Morocco","item":"https:\/\/cankepa.com\/marruecos\/"},{"@type":"ListItem","position":3,"name":"Morocco &#8211; Smir Valley"}]},{"@type":"WebSite","@id":"https:\/\/cankepa.com\/es\/#website","url":"https:\/\/cankepa.com\/es\/","name":"Ca\u00b4n Kepa","description":"Rural houses &amp; villas","publisher":{"@id":"https:\/\/cankepa.com\/es\/#organization"},"potentialAction":[{"@type":"SearchAction","target":{"@type":"EntryPoint","urlTemplate":"https:\/\/cankepa.com\/es\/?s={search_term_string}"},"query-input":{"@type":"PropertyValueSpecification","valueRequired":true,"valueName":"search_term_string"}}],"inLanguage":"es"},{"@type":"Organization","@id":"https:\/\/cankepa.com\/es\/#organization","name":"Ca'n Kepa","url":"https:\/\/cankepa.com\/es\/","logo":{"@type":"ImageObject","inLanguage":"es","@id":"https:\/\/cankepa.com\/es\/#\/schema\/logo\/image\/","url":"https:\/\/cankepa.com\/wp-content\/uploads\/2020\/08\/200820-Logo-Can-Kepa-FINAL-47-1.png","contentUrl":"https:\/\/cankepa.com\/wp-content\/uploads\/2020\/08\/200820-Logo-Can-Kepa-FINAL-47-1.png","width":1278,"height":283,"caption":"Ca'n Kepa"},"image":{"@id":"https:\/\/cankepa.com\/es\/#\/schema\/logo\/image\/"}}]}},"_links":{"self":[{"href":"https:\/\/cankepa.com\/es\/wp-json\/wp\/v2\/pages\/2934"}],"collection":[{"href":"https:\/\/cankepa.com\/es\/wp-json\/wp\/v2\/pages"}],"about":[{"href":"https:\/\/cankepa.com\/es\/wp-json\/wp\/v2\/types\/page"}],"author":[{"embeddable":true,"href":"https:\/\/cankepa.com\/es\/wp-json\/wp\/v2\/users\/1"}],"replies":[{"embeddable":true,"href":"https:\/\/cankepa.com\/es\/wp-json\/wp\/v2\/comments?post=2934"}],"version-history":[{"count":40,"href":"https:\/\/cankepa.com\/es\/wp-json\/wp\/v2\/pages\/2934\/revisions"}],"predecessor-version":[{"id":4968,"href":"https:\/\/cankepa.com\/es\/wp-json\/wp\/v2\/pages\/2934\/revisions\/4968"}],"up":[{"embeddable":true,"href":"https:\/\/cankepa.com\/es\/wp-json\/wp\/v2\/pages\/49"}],"wp:attachment":[{"href":"https:\/\/cankepa.com\/es\/wp-json\/wp\/v2\/media?parent=2934"}],"curies":[{"name":"wp","href":"https:\/\/api.w.org\/{rel}","templated":true}]}}