{"id":2936,"date":"2020-08-25T15:06:27","date_gmt":"2020-08-25T15:06:27","guid":{"rendered":"http:\/\/cankepa.com\/?page_id=2936"},"modified":"2021-05-23T11:25:27","modified_gmt":"2021-05-23T11:25:27","slug":"kuf","status":"publish","type":"page","link":"https:\/\/cankepa.com\/es\/marruecos\/kuf\/","title":{"rendered":"Morocco &#8211; il-Kuf"},"content":{"rendered":"<div class=\"wpb-content-wrapper\"><section class=\"vc_section\"><div class=\"vc_row wpb_row vc_row-fluid\"><div class=\"wpb_column vc_column_container vc_col-sm-2\"><div class=\"vc_column-inner\"><div class=\"wpb_wrapper\"><div class=\"vc_empty_space\"   style=\"height: 32px\"><span class=\"vc_empty_space_inner\"><\/span><\/div><\/div><\/div><\/div><div class=\"wpb_column vc_column_container vc_col-sm-8\"><div class=\"vc_column-inner\"><div class=\"wpb_wrapper\"><div class=\"vc_icon_element vc_icon_element-outer vc_icon_element-align-center vc_icon_element-have-style\"><div class=\"vc_icon_element-inner vc_icon_element-color-green vc_icon_element-have-style-inner vc_icon_element-size-lg vc_icon_element-style-rounded-outline vc_icon_element-outline vc_icon_element-background-color-grey\" ><span class=\"vc_icon_element-icon fas fa-mountain\" ><\/span><\/div><\/div>\n\t<div class=\"wpb_text_column wpb_content_element \" >\n\t\t<div class=\"wpb_wrapper\">\n\t\t\t<h2 style=\"text-align: center;\"><span style=\"color: #66b80f;\">\u00b7 el-Kuf \u00b7<\/span><\/h2>\n\n\t\t<\/div>\n\t<\/div>\n\n\t<div class=\"wpb_text_column wpb_content_element \" >\n\t\t<div class=\"wpb_wrapper\">\n\t\t\t<h1 style=\"text-align: center;\">Una comunidad rural tradicional en el norte de la Yebala marroqu\u00ed<\/h1>\n\n\t\t<\/div>\n\t<\/div>\n<\/div><\/div><\/div><div class=\"wpb_column vc_column_container vc_col-sm-2\"><div class=\"vc_column-inner\"><div class=\"wpb_wrapper\"><\/div><\/div><\/div><\/div><\/section><section class=\"vc_section\"><div class=\"vc_row wpb_row vc_row-fluid\"><div class=\"wpb_column vc_column_container vc_col-sm-2\"><div class=\"vc_column-inner\"><div class=\"wpb_wrapper\"><\/div><\/div><\/div><div class=\"wpb_column vc_column_container vc_col-sm-8\"><div class=\"vc_column-inner\"><div class=\"wpb_wrapper\">\n\t<div class=\"wpb_text_column wpb_content_element \" >\n\t\t<div class=\"wpb_wrapper\">\n\t\t\t<p><strong>El-Kuf<\/strong>, <em>il-Kouf<\/em> en su transcripci\u00f3n francesa, es una k\u00e1bila o aldea de unos 1300 habitantes, perteneciente al municipio de Allyene, en el norte de Marruecos. La aldea se localiza\u00a0 en la monta\u00f1a Fath Lemhar, a cuatro kil\u00f3metros del pantano Smir <em>(Barrage Smir)<\/em> y a ocho de la costa mediterranea.<\/p>\n\n\t\t<\/div>\n\t<\/div>\n\n\t<div  class=\"wpb_single_image wpb_content_element vc_align_center\">\n\t\t\n\t\t<figure class=\"wpb_wrapper vc_figure\">\n\t\t\t<div class=\"vc_single_image-wrapper   vc_box_border_grey\"><img loading=\"lazy\" decoding=\"async\" width=\"1024\" height=\"485\" src=\"https:\/\/cankepa.com\/wp-content\/uploads\/2020\/05\/Can-Kepa-marruecos-turismo-fath-lemhar-1024x485.jpg\" class=\"vc_single_image-img attachment-large\" alt=\"\" title=\"Can-Kepa-marruecos-turismo-fath-lemhar\" srcset=\"https:\/\/cankepa.com\/wp-content\/uploads\/2020\/05\/Can-Kepa-marruecos-turismo-fath-lemhar-1024x485.jpg 1024w, https:\/\/cankepa.com\/wp-content\/uploads\/2020\/05\/Can-Kepa-marruecos-turismo-fath-lemhar-300x142.jpg 300w, https:\/\/cankepa.com\/wp-content\/uploads\/2020\/05\/Can-Kepa-marruecos-turismo-fath-lemhar-768x364.jpg 768w, https:\/\/cankepa.com\/wp-content\/uploads\/2020\/05\/Can-Kepa-marruecos-turismo-fath-lemhar-80x38.jpg 80w, https:\/\/cankepa.com\/wp-content\/uploads\/2020\/05\/Can-Kepa-marruecos-turismo-fath-lemhar-16x8.jpg 16w, https:\/\/cankepa.com\/wp-content\/uploads\/2020\/05\/Can-Kepa-marruecos-turismo-fath-lemhar.jpg 1280w\" sizes=\"(max-width: 1024px) 100vw, 1024px\" \/><\/div>\n\t\t<\/figure>\n\t<\/div>\n<div class=\"vc_row wpb_row vc_inner vc_row-fluid\"><div class=\"wpb_column vc_column_container vc_col-sm-6\"><div class=\"vc_column-inner\"><div class=\"wpb_wrapper\">\n\t<div class=\"wpb_text_column wpb_content_element \" >\n\t\t<div class=\"wpb_wrapper\">\n\t\t\t<p><span style=\"font-weight: 400;\"><strong>El-Kuf<\/strong> se divide en cuatro barrios o zonas:<\/span><\/p>\n<ul>\n<li><span style=\"font-weight: 400;\">Il-Kuf il-fouki (<em>el-Kuf de arriba<\/em>),<\/span><\/li>\n<li><span style=\"font-weight: 400;\">Il-Kuf es-sefli (<em>el-Kuf de abajo<\/em>),<\/span><\/li>\n<li><span style=\"font-weight: 400;\">Il-Kuf Duowali, y<\/span><\/li>\n<li><span style=\"font-weight: 400;\">Il-Kuf Sassem.<\/span><\/li>\n<\/ul>\n\n\t\t<\/div>\n\t<\/div>\n\n\t<div class=\"wpb_text_column wpb_content_element \" >\n\t\t<div class=\"wpb_wrapper\">\n\t\t\t<p>El-Kuf es parte de la comuna rural de <strong>Allyene<\/strong> en el Valle del Negro, en la prefectura de Fnideq\/M&#8217;diq (<em>Castillejos\/Rinc\u00f3n<\/em> en espa\u00f1ol), que consiste en varias aldeas:<\/p>\n<ul>\n<li><span style=\"font-weight: 400;\">Allyene, centro administrativo de la comuna.<\/span><\/li>\n<li>I<span style=\"font-weight: 400;\">l-Kuf,<\/span><\/li>\n<li><span style=\"font-weight: 400;\">Buojmil,<br \/>\n<\/span><\/li>\n<li><span style=\"font-weight: 400;\">Oued Yaryum, y<br \/>\n<\/span><\/li>\n<li><span style=\"font-weight: 400;\">Al-Bayine.<\/span><\/li>\n<\/ul>\n\n\t\t<\/div>\n\t<\/div>\n<\/div><\/div><\/div><div class=\"wpb_column vc_column_container vc_col-sm-6\"><div class=\"vc_column-inner\"><div class=\"wpb_wrapper\">\n\t<div  class=\"wpb_single_image wpb_content_element vc_align_center\">\n\t\t\n\t\t<figure class=\"wpb_wrapper vc_figure\">\n\t\t\t<div class=\"vc_single_image-wrapper   vc_box_border_grey\"><img loading=\"lazy\" decoding=\"async\" width=\"400\" height=\"533\" src=\"https:\/\/cankepa.com\/wp-content\/uploads\/2020\/05\/Can-Kepa-marruecos-turismo-kuf-casas-camino.jpg\" class=\"vc_single_image-img attachment-large\" alt=\"\" title=\"Can-Kepa-marruecos-turismo-kuf-casas-camino\" srcset=\"https:\/\/cankepa.com\/wp-content\/uploads\/2020\/05\/Can-Kepa-marruecos-turismo-kuf-casas-camino.jpg 400w, https:\/\/cankepa.com\/wp-content\/uploads\/2020\/05\/Can-Kepa-marruecos-turismo-kuf-casas-camino-225x300.jpg 225w, https:\/\/cankepa.com\/wp-content\/uploads\/2020\/05\/Can-Kepa-marruecos-turismo-kuf-casas-camino-60x80.jpg 60w, https:\/\/cankepa.com\/wp-content\/uploads\/2020\/05\/Can-Kepa-marruecos-turismo-kuf-casas-camino-9x12.jpg 9w\" sizes=\"(max-width: 400px) 100vw, 400px\" \/><\/div>\n\t\t<\/figure>\n\t<\/div>\n<\/div><\/div><\/div><\/div><\/div><\/div><\/div><div class=\"wpb_column vc_column_container vc_col-sm-2\"><div class=\"vc_column-inner\"><div class=\"wpb_wrapper\"><\/div><\/div><\/div><\/div><\/section><section class=\"vc_section\"><div class=\"vc_row wpb_row vc_row-fluid\"><div class=\"wpb_column vc_column_container vc_col-sm-2\"><div class=\"vc_column-inner\"><div class=\"wpb_wrapper\"><\/div><\/div><\/div><div class=\"wpb_column vc_column_container vc_col-sm-8\"><div class=\"vc_column-inner\"><div class=\"wpb_wrapper\">\n\t<div class=\"wpb_text_column wpb_content_element \" >\n\t\t<div class=\"wpb_wrapper\">\n\t\t\t<h3 style=\"text-align: center;\"><span style=\"color: #66b80f;\">La comunidad<\/span><\/h3>\n\n\t\t<\/div>\n\t<\/div>\n<div class=\"vc_row wpb_row vc_inner vc_row-fluid\"><div class=\"wpb_column vc_column_container vc_col-sm-12\"><div class=\"vc_column-inner\"><div class=\"wpb_wrapper\">\n\t<div class=\"wpb_text_column wpb_content_element \" >\n\t\t<div class=\"wpb_wrapper\">\n\t\t\t<p>Nuestras casas rurales se encuentran en esta comunidad rural tradicional humilde y muy acogedora.<\/p>\n<p>La actividad econ\u00f3mica local se basa en la agricultura y ganader\u00eda de subsistencia, y cuando existen excedentes se venden en el mercado de M&#8217;diq\/Rinc\u00f3n o Tetu\u00e1n. La comunidad se autoabastece de pan, huevos y productos l\u00e1cteos como queso o mantequilla. El tipo de agricultura es el t\u00edpico de la agricultura tradicional con t\u00e9cnicas rudimentarias como el trabajo manual o el arado romano. Las herramientas mec\u00e1nicas son escasas o se alquilan por temporada.<\/p>\n\n\t\t<\/div>\n\t<\/div>\n<\/div><\/div><\/div><\/div><div class=\"vc_row wpb_row vc_inner vc_row-fluid\"><div class=\"wpb_column vc_column_container vc_col-sm-6\"><div class=\"vc_column-inner\"><div class=\"wpb_wrapper\">\n\t<div  class=\"wpb_single_image wpb_content_element vc_align_center\">\n\t\t\n\t\t<figure class=\"wpb_wrapper vc_figure\">\n\t\t\t<div class=\"vc_single_image-wrapper   vc_box_border_grey\"><img loading=\"lazy\" decoding=\"async\" width=\"300\" height=\"300\" src=\"https:\/\/cankepa.com\/wp-content\/uploads\/2020\/05\/Can-Kepa-marruecos-turismo-kuf-vecinas-300x300.jpg\" class=\"vc_single_image-img attachment-medium\" alt=\"\" title=\"Can-Kepa-marruecos-turismo-kuf-vecinas\" srcset=\"https:\/\/cankepa.com\/wp-content\/uploads\/2020\/05\/Can-Kepa-marruecos-turismo-kuf-vecinas-300x300.jpg 300w, https:\/\/cankepa.com\/wp-content\/uploads\/2020\/05\/Can-Kepa-marruecos-turismo-kuf-vecinas-150x150.jpg 150w, https:\/\/cankepa.com\/wp-content\/uploads\/2020\/05\/Can-Kepa-marruecos-turismo-kuf-vecinas-80x80.jpg 80w, https:\/\/cankepa.com\/wp-content\/uploads\/2020\/05\/Can-Kepa-marruecos-turismo-kuf-vecinas-12x12.jpg 12w, https:\/\/cankepa.com\/wp-content\/uploads\/2020\/05\/Can-Kepa-marruecos-turismo-kuf-vecinas.jpg 400w\" sizes=\"(max-width: 300px) 100vw, 300px\" \/><\/div>\n\t\t<\/figure>\n\t<\/div>\n<\/div><\/div><\/div><div class=\"wpb_column vc_column_container vc_col-sm-6\"><div class=\"vc_column-inner\"><div class=\"wpb_wrapper\">\n\t<div  class=\"wpb_single_image wpb_content_element vc_align_center\">\n\t\t\n\t\t<figure class=\"wpb_wrapper vc_figure\">\n\t\t\t<div class=\"vc_single_image-wrapper   vc_box_border_grey\"><img loading=\"lazy\" decoding=\"async\" width=\"300\" height=\"300\" src=\"https:\/\/cankepa.com\/wp-content\/uploads\/2020\/05\/Can-Kepa-marruecos-turismo-kuf-vecinos-arado-romano-300x300.jpg\" class=\"vc_single_image-img attachment-medium\" alt=\"\" title=\"Can-Kepa-marruecos-turismo-kuf-vecinos-arado-romano\" srcset=\"https:\/\/cankepa.com\/wp-content\/uploads\/2020\/05\/Can-Kepa-marruecos-turismo-kuf-vecinos-arado-romano-300x300.jpg 300w, https:\/\/cankepa.com\/wp-content\/uploads\/2020\/05\/Can-Kepa-marruecos-turismo-kuf-vecinos-arado-romano-150x150.jpg 150w, https:\/\/cankepa.com\/wp-content\/uploads\/2020\/05\/Can-Kepa-marruecos-turismo-kuf-vecinos-arado-romano-80x80.jpg 80w, https:\/\/cankepa.com\/wp-content\/uploads\/2020\/05\/Can-Kepa-marruecos-turismo-kuf-vecinos-arado-romano-12x12.jpg 12w, https:\/\/cankepa.com\/wp-content\/uploads\/2020\/05\/Can-Kepa-marruecos-turismo-kuf-vecinos-arado-romano.jpg 400w\" sizes=\"(max-width: 300px) 100vw, 300px\" \/><\/div>\n\t\t<\/figure>\n\t<\/div>\n<\/div><\/div><\/div><\/div><\/div><\/div><\/div><div class=\"wpb_column vc_column_container vc_col-sm-2\"><div class=\"vc_column-inner\"><div class=\"wpb_wrapper\"><\/div><\/div><\/div><\/div><div class=\"vc_row wpb_row vc_row-fluid\"><div class=\"wpb_column vc_column_container vc_col-sm-2\"><div class=\"vc_column-inner\"><div class=\"wpb_wrapper\"><\/div><\/div><\/div><div class=\"wpb_column vc_column_container vc_col-sm-8\"><div class=\"vc_column-inner\"><div class=\"wpb_wrapper\">\n\t<div class=\"wpb_text_column wpb_content_element \" >\n\t\t<div class=\"wpb_wrapper\">\n\t\t\t<p>En los \u00faltimos a\u00f1os, algunos de los hombres de la comunidad trabajan en las urbanizaciones de la zona de la costa en trabajos de mantenimiento. Dos vecinos tienen peque\u00f1as tiendas de productos b\u00e1sicos de primera necesidad como aceite o harina. Otros pocos trabajan en servicios de transporte local en furgoneta entre el-Kuf y M&#8217;diq\/Rinc\u00f3n.<\/p>\n\n\t\t<\/div>\n\t<\/div>\n<\/div><\/div><\/div><div class=\"wpb_column vc_column_container vc_col-sm-2\"><div class=\"vc_column-inner\"><div class=\"wpb_wrapper\"><\/div><\/div><\/div><\/div><\/section><section class=\"vc_section\"><div class=\"vc_row wpb_row vc_row-fluid\"><div class=\"wpb_column vc_column_container vc_col-sm-2\"><div class=\"vc_column-inner\"><div class=\"wpb_wrapper\"><\/div><\/div><\/div><div class=\"wpb_column vc_column_container vc_col-sm-8\"><div class=\"vc_column-inner\"><div class=\"wpb_wrapper\">\n\t<div class=\"wpb_text_column wpb_content_element \" >\n\t\t<div class=\"wpb_wrapper\">\n\t\t\t<h3 style=\"text-align: center;\"><span style=\"color: #66b80f;\">\u00bfQu\u00e9 puedes hacer por el-Kuf?<\/span><\/h3>\n<p style=\"text-align: center;\">El-Kuf te brinda un amplio abanico de posibilidades.<\/p>\n\n\t\t<\/div>\n\t<\/div>\n<div class=\"vc_tta-container\" data-vc-action=\"collapseAll\"><div class=\"vc_general vc_tta vc_tta-accordion vc_tta-color-green vc_tta-style-outline vc_tta-shape-rounded vc_tta-o-shape-group vc_tta-controls-align-center vc_tta-o-all-clickable\"><div class=\"vc_tta-panels-container\"><div class=\"vc_tta-panels\"><div class=\"vc_tta-panel\" id=\"1619823656256-07bf710e-acbc\" data-vc-content=\".vc_tta-panel-body\"><div class=\"vc_tta-panel-heading\"><h4 class=\"vc_tta-panel-title vc_tta-controls-icon-position-left\"><a href=\"#1619823656256-07bf710e-acbc\" data-vc-accordion data-vc-container=\".vc_tta-container\"><span class=\"vc_tta-title-text\">Convivencia con la comunidad<\/span><i class=\"vc_tta-controls-icon vc_tta-controls-icon-chevron\"><\/i><\/a><\/h4><\/div><div class=\"vc_tta-panel-body\"><div class=\"vc_row wpb_row vc_inner vc_row-fluid\"><div class=\"wpb_column vc_column_container vc_col-sm-6\"><div class=\"vc_column-inner\"><div class=\"wpb_wrapper\">\n\t<div class=\"wpb_text_column wpb_content_element \" >\n\t\t<div class=\"wpb_wrapper\">\n\t\t\t<p><span style=\"font-weight: 400;\">En el-Kuf puedes experimentar la convivencia con una comunidad rural tradicional marroqu\u00ed.<br \/>\n<\/span><\/p>\n<p><span style=\"font-weight: 400;\">En el-Kuf podr\u00e1s descubrir:<br \/>\n\u00b7 Las tradiciones locales,<br \/>\n\u00b7 La cultura y arquitectura local,<br \/>\n\u00b7 Su historia, sus cuentos e imaginario colectivo,<br \/>\n<\/span><span style=\"font-weight: 400;\">\u00b7 Las formas de agricultura y ganader\u00eda de subsistencia,<br \/>\n\u00b7 La gastronom\u00eda de Marruecos,<br \/>\n\u00b7 Los remedios de medicina tradicional,<br \/>\n<\/span><span style=\"font-weight: 400;\">\u00b7 Los m\u00e9todos de producci\u00f3n de productos locales como telares, agua de azahar o queso fresco.<\/span><\/p>\n\n\t\t<\/div>\n\t<\/div>\n<\/div><\/div><\/div><div class=\"wpb_column vc_column_container vc_col-sm-6\"><div class=\"vc_column-inner\"><div class=\"wpb_wrapper\">\n\t<div  class=\"wpb_single_image wpb_content_element vc_align_center\">\n\t\t\n\t\t<figure class=\"wpb_wrapper vc_figure\">\n\t\t\t<div class=\"vc_single_image-wrapper   vc_box_border_grey\"><img loading=\"lazy\" decoding=\"async\" width=\"400\" height=\"300\" src=\"https:\/\/cankepa.com\/wp-content\/uploads\/2020\/05\/Can-Kepa-marruecos-turismo-kuf-casas.jpg\" class=\"vc_single_image-img attachment-large\" alt=\"\" title=\"Can-Kepa-marruecos-turismo-kuf-casas\" srcset=\"https:\/\/cankepa.com\/wp-content\/uploads\/2020\/05\/Can-Kepa-marruecos-turismo-kuf-casas.jpg 400w, https:\/\/cankepa.com\/wp-content\/uploads\/2020\/05\/Can-Kepa-marruecos-turismo-kuf-casas-300x225.jpg 300w, https:\/\/cankepa.com\/wp-content\/uploads\/2020\/05\/Can-Kepa-marruecos-turismo-kuf-casas-80x60.jpg 80w, https:\/\/cankepa.com\/wp-content\/uploads\/2020\/05\/Can-Kepa-marruecos-turismo-kuf-casas-16x12.jpg 16w\" sizes=\"(max-width: 400px) 100vw, 400px\" \/><\/div>\n\t\t<\/figure>\n\t<\/div>\n\n\t<div  class=\"wpb_single_image wpb_content_element vc_align_center\">\n\t\t\n\t\t<figure class=\"wpb_wrapper vc_figure\">\n\t\t\t<div class=\"vc_single_image-wrapper   vc_box_border_grey\"><img loading=\"lazy\" decoding=\"async\" width=\"400\" height=\"300\" src=\"https:\/\/cankepa.com\/wp-content\/uploads\/2021\/04\/Can-Kepa-marruecos-turismo-kuf-sefli.jpg\" class=\"vc_single_image-img attachment-large\" alt=\"\" title=\"Can-Kepa-marruecos-turismo-kuf-sefli\" srcset=\"https:\/\/cankepa.com\/wp-content\/uploads\/2021\/04\/Can-Kepa-marruecos-turismo-kuf-sefli.jpg 400w, https:\/\/cankepa.com\/wp-content\/uploads\/2021\/04\/Can-Kepa-marruecos-turismo-kuf-sefli-300x225.jpg 300w, https:\/\/cankepa.com\/wp-content\/uploads\/2021\/04\/Can-Kepa-marruecos-turismo-kuf-sefli-80x60.jpg 80w, https:\/\/cankepa.com\/wp-content\/uploads\/2021\/04\/Can-Kepa-marruecos-turismo-kuf-sefli-16x12.jpg 16w\" sizes=\"(max-width: 400px) 100vw, 400px\" \/><\/div>\n\t\t<\/figure>\n\t<\/div>\n<\/div><\/div><\/div><\/div><\/div><\/div><div class=\"vc_tta-panel\" id=\"1619823656257-6ba5e0d2-a4c6\" data-vc-content=\".vc_tta-panel-body\"><div class=\"vc_tta-panel-heading\"><h4 class=\"vc_tta-panel-title vc_tta-controls-icon-position-left\"><a href=\"#1619823656257-6ba5e0d2-a4c6\" data-vc-accordion data-vc-container=\".vc_tta-container\"><span class=\"vc_tta-title-text\">Visitar la aldea<\/span><i class=\"vc_tta-controls-icon vc_tta-controls-icon-chevron\"><\/i><\/a><\/h4><\/div><div class=\"vc_tta-panel-body\">\n\t<div class=\"wpb_text_column wpb_content_element \" >\n\t\t<div class=\"wpb_wrapper\">\n\t\t\t<p>La aldea el-Kuf no tiene un nucleo urbano denso y est\u00e1 moderadamente dispersa por la zona. Las calles, m\u00e1s bien caminos, entre las diferentes partes de el-Kuf son en su mayor\u00eda senderos que van por la monta\u00f1a. Al mismo tiempo que te mueves para conocer la aldea vas a disfrutar de la naturaleza de la zona.<\/p>\n<p>Tambi\u00e9n puedes visitar los siguientes lugares de especial inter\u00e9s:<\/p>\n<ul>\n<li>Molino de agua para harina: Un molino para la producci\u00f3n de harina propulsado por agua canalizada que baja de la monta\u00f1a. Los vecinos de el-Kuf que cosechan trigo llevan el grano a moler a este molino. Podr\u00e1s conocer el funcionamiento de esta pieza de ingenier\u00eda arcaica.<\/li>\n<\/ul>\n\n\t\t<\/div>\n\t<\/div>\n<div class=\"vc_row wpb_row vc_inner vc_row-fluid\"><div class=\"wpb_column vc_column_container vc_col-sm-6\"><div class=\"vc_column-inner\"><div class=\"wpb_wrapper\">\n\t<div  class=\"wpb_single_image wpb_content_element vc_align_center\">\n\t\t\n\t\t<figure class=\"wpb_wrapper vc_figure\">\n\t\t\t<div class=\"vc_single_image-wrapper   vc_box_border_grey\"><img loading=\"lazy\" decoding=\"async\" width=\"400\" height=\"300\" src=\"https:\/\/cankepa.com\/wp-content\/uploads\/2020\/04\/Can-Kepa-marruecos-turismo-kuf-molino-agua-harina.jpg\" class=\"vc_single_image-img attachment-large\" alt=\"\" title=\"Can-Kepa-marruecos-turismo-kuf-molino-agua-harina\" srcset=\"https:\/\/cankepa.com\/wp-content\/uploads\/2020\/04\/Can-Kepa-marruecos-turismo-kuf-molino-agua-harina.jpg 400w, https:\/\/cankepa.com\/wp-content\/uploads\/2020\/04\/Can-Kepa-marruecos-turismo-kuf-molino-agua-harina-300x225.jpg 300w, https:\/\/cankepa.com\/wp-content\/uploads\/2020\/04\/Can-Kepa-marruecos-turismo-kuf-molino-agua-harina-80x60.jpg 80w, https:\/\/cankepa.com\/wp-content\/uploads\/2020\/04\/Can-Kepa-marruecos-turismo-kuf-molino-agua-harina-16x12.jpg 16w\" sizes=\"(max-width: 400px) 100vw, 400px\" \/><\/div>\n\t\t<\/figure>\n\t<\/div>\n<\/div><\/div><\/div><div class=\"wpb_column vc_column_container vc_col-sm-6\"><div class=\"vc_column-inner\"><div class=\"wpb_wrapper\">\n\t<div  class=\"wpb_single_image wpb_content_element vc_align_center\">\n\t\t\n\t\t<figure class=\"wpb_wrapper vc_figure\">\n\t\t\t<div class=\"vc_single_image-wrapper   vc_box_border_grey\"><img loading=\"lazy\" decoding=\"async\" width=\"400\" height=\"300\" src=\"https:\/\/cankepa.com\/wp-content\/uploads\/2021\/04\/Can-Kepa-marruecos-turismo-kuf-casa-derruida.jpg\" class=\"vc_single_image-img attachment-large\" alt=\"\" title=\"Can-Kepa-marruecos-turismo-kuf-casa-derruida\" srcset=\"https:\/\/cankepa.com\/wp-content\/uploads\/2021\/04\/Can-Kepa-marruecos-turismo-kuf-casa-derruida.jpg 400w, https:\/\/cankepa.com\/wp-content\/uploads\/2021\/04\/Can-Kepa-marruecos-turismo-kuf-casa-derruida-300x225.jpg 300w, https:\/\/cankepa.com\/wp-content\/uploads\/2021\/04\/Can-Kepa-marruecos-turismo-kuf-casa-derruida-80x60.jpg 80w, https:\/\/cankepa.com\/wp-content\/uploads\/2021\/04\/Can-Kepa-marruecos-turismo-kuf-casa-derruida-16x12.jpg 16w\" sizes=\"(max-width: 400px) 100vw, 400px\" \/><\/div>\n\t\t<\/figure>\n\t<\/div>\n<\/div><\/div><\/div><\/div>\n\t<div class=\"wpb_text_column wpb_content_element \" >\n\t\t<div class=\"wpb_wrapper\">\n\t\t\t<ul>\n<li>Poza de agua: A medio camino entre el-Kuf de arriba (<em>il-Kouf il-fouki<\/em>) y el-Kuf de abajo (<em>il-Kuf es-sefli<\/em>), medio escondida, hay una poza natural de agua que baja de la monta\u00f1a, a donde van los ni\u00f1os del pueblo a ba\u00f1arse en verano.<\/li>\n<\/ul>\n\n\t\t<\/div>\n\t<\/div>\n\n\t<div class=\"wpb_text_column wpb_content_element \" >\n\t\t<div class=\"wpb_wrapper\">\n\t\t\t<ul>\n<li>Antiguo cementerio: Se localiza en la parte alta del pueblo. Los fallecidos de la aldea se llevan enterrando aqu\u00ed desde hace siglos. Podr\u00e1s ver un cementario tradicional de la zona, donde se utilizan como l\u00e1pidas piedras colocadas de posici\u00f3n horizontal. Al haber crecido vegetaci\u00f3n en el area igual pasas por delante y ni siquiera te das cuenta de que est\u00e1 pasando por un cementerio. Tambi\u00e9n puedes ver un antiguo morabito de un sant\u00f3n (hombre sabio) que vivi\u00f3 en la aldea en el pasado.<\/li>\n<\/ul>\n\n\t\t<\/div>\n\t<\/div>\n<div class=\"vc_row wpb_row vc_inner vc_row-fluid\"><div class=\"wpb_column vc_column_container vc_col-sm-6\"><div class=\"vc_column-inner\"><div class=\"wpb_wrapper\">\n\t<div  class=\"wpb_single_image wpb_content_element vc_align_center\">\n\t\t\n\t\t<figure class=\"wpb_wrapper vc_figure\">\n\t\t\t<div class=\"vc_single_image-wrapper   vc_box_border_grey\"><img loading=\"lazy\" decoding=\"async\" width=\"600\" height=\"903\" src=\"https:\/\/cankepa.com\/wp-content\/uploads\/2020\/05\/Can-Kepa-marruecos-turismo-kuf-olivo.jpg\" class=\"vc_single_image-img attachment-large\" alt=\"\" title=\"Can-Kepa-marruecos-turismo-kuf-olivo\" srcset=\"https:\/\/cankepa.com\/wp-content\/uploads\/2020\/05\/Can-Kepa-marruecos-turismo-kuf-olivo.jpg 600w, https:\/\/cankepa.com\/wp-content\/uploads\/2020\/05\/Can-Kepa-marruecos-turismo-kuf-olivo-199x300.jpg 199w, https:\/\/cankepa.com\/wp-content\/uploads\/2020\/05\/Can-Kepa-marruecos-turismo-kuf-olivo-53x80.jpg 53w, https:\/\/cankepa.com\/wp-content\/uploads\/2020\/05\/Can-Kepa-marruecos-turismo-kuf-olivo-8x12.jpg 8w\" sizes=\"(max-width: 600px) 100vw, 600px\" \/><\/div>\n\t\t<\/figure>\n\t<\/div>\n<\/div><\/div><\/div><div class=\"wpb_column vc_column_container vc_col-sm-6\"><div class=\"vc_column-inner\"><div class=\"wpb_wrapper\">\n\t<div  class=\"wpb_single_image wpb_content_element vc_align_center\">\n\t\t\n\t\t<figure class=\"wpb_wrapper vc_figure\">\n\t\t\t<div class=\"vc_single_image-wrapper   vc_box_border_grey\"><img loading=\"lazy\" decoding=\"async\" width=\"400\" height=\"300\" src=\"https:\/\/cankepa.com\/wp-content\/uploads\/2020\/04\/Can-Kepa-marruecos-turismo-kuf-poza.jpg\" class=\"vc_single_image-img attachment-large\" alt=\"\" title=\"Can-Kepa-marruecos-turismo-kuf-poza\" srcset=\"https:\/\/cankepa.com\/wp-content\/uploads\/2020\/04\/Can-Kepa-marruecos-turismo-kuf-poza.jpg 400w, https:\/\/cankepa.com\/wp-content\/uploads\/2020\/04\/Can-Kepa-marruecos-turismo-kuf-poza-300x225.jpg 300w, https:\/\/cankepa.com\/wp-content\/uploads\/2020\/04\/Can-Kepa-marruecos-turismo-kuf-poza-80x60.jpg 80w, https:\/\/cankepa.com\/wp-content\/uploads\/2020\/04\/Can-Kepa-marruecos-turismo-kuf-poza-16x12.jpg 16w\" sizes=\"(max-width: 400px) 100vw, 400px\" \/><\/div>\n\t\t<\/figure>\n\t<\/div>\n\n\t<div  class=\"wpb_single_image wpb_content_element vc_align_center\">\n\t\t\n\t\t<figure class=\"wpb_wrapper vc_figure\">\n\t\t\t<div class=\"vc_single_image-wrapper   vc_box_border_grey\"><img loading=\"lazy\" decoding=\"async\" width=\"400\" height=\"266\" src=\"https:\/\/cankepa.com\/wp-content\/uploads\/2020\/04\/Can-Kepa-marruecos-turismo-kuf-cementerio.jpg\" class=\"vc_single_image-img attachment-large\" alt=\"\" title=\"Can-Kepa-marruecos-turismo-kuf-cementerio\" srcset=\"https:\/\/cankepa.com\/wp-content\/uploads\/2020\/04\/Can-Kepa-marruecos-turismo-kuf-cementerio.jpg 400w, https:\/\/cankepa.com\/wp-content\/uploads\/2020\/04\/Can-Kepa-marruecos-turismo-kuf-cementerio-300x200.jpg 300w, https:\/\/cankepa.com\/wp-content\/uploads\/2020\/04\/Can-Kepa-marruecos-turismo-kuf-cementerio-80x53.jpg 80w, https:\/\/cankepa.com\/wp-content\/uploads\/2020\/04\/Can-Kepa-marruecos-turismo-kuf-cementerio-16x12.jpg 16w\" sizes=\"(max-width: 400px) 100vw, 400px\" \/><\/div>\n\t\t<\/figure>\n\t<\/div>\n<\/div><\/div><\/div><\/div><\/div><\/div><div class=\"vc_tta-panel\" id=\"1619823678974-6a69c566-6589\" data-vc-content=\".vc_tta-panel-body\"><div class=\"vc_tta-panel-heading\"><h4 class=\"vc_tta-panel-title vc_tta-controls-icon-position-left\"><a href=\"#1619823678974-6a69c566-6589\" data-vc-accordion data-vc-container=\".vc_tta-container\"><span class=\"vc_tta-title-text\">Excursiones por la monta\u00f1a de il-Kuf<\/span><i class=\"vc_tta-controls-icon vc_tta-controls-icon-chevron\"><\/i><\/a><\/h4><\/div><div class=\"vc_tta-panel-body\">\n\t<div class=\"wpb_text_column wpb_content_element \" >\n\t\t<div class=\"wpb_wrapper\">\n\t\t\t<p>Fuera ya del disperso nucleo urbano hay varios sitio interesantes:<\/p>\n<ul>\n<li>Paseo a la fuente de arriba: Por encima de la parte alta de la aldea, puedes visitar una fuente natural que brota de la monta\u00f1a. El agua de esta fuente est\u00e1 canalizada por parte de la aldea y se utiliza para el riego de las huertas de los vencinos.<\/li>\n<\/ul>\n\n\t\t<\/div>\n\t<\/div>\n\n\t<div  class=\"wpb_single_image wpb_content_element vc_align_center\">\n\t\t\n\t\t<figure class=\"wpb_wrapper vc_figure\">\n\t\t\t<div class=\"vc_single_image-wrapper   vc_box_border_grey\"><img loading=\"lazy\" decoding=\"async\" width=\"1024\" height=\"403\" src=\"https:\/\/cankepa.com\/wp-content\/uploads\/2020\/04\/Panorama_sin_t\u00edtulo2-1024x403.jpg\" class=\"vc_single_image-img attachment-large\" alt=\"\" title=\"\" srcset=\"https:\/\/cankepa.com\/wp-content\/uploads\/2020\/04\/Panorama_sin_t\u00edtulo2-1024x403.jpg 1024w, https:\/\/cankepa.com\/wp-content\/uploads\/2020\/04\/Panorama_sin_t\u00edtulo2-300x118.jpg 300w, https:\/\/cankepa.com\/wp-content\/uploads\/2020\/04\/Panorama_sin_t\u00edtulo2-768x302.jpg 768w, https:\/\/cankepa.com\/wp-content\/uploads\/2020\/04\/Panorama_sin_t\u00edtulo2-80x32.jpg 80w, https:\/\/cankepa.com\/wp-content\/uploads\/2020\/04\/Panorama_sin_t\u00edtulo2-1536x605.jpg 1536w, https:\/\/cankepa.com\/wp-content\/uploads\/2020\/04\/Panorama_sin_t\u00edtulo2-2048x806.jpg 2048w\" sizes=\"(max-width: 1024px) 100vw, 1024px\" \/><\/div>\n\t\t<\/figure>\n\t<\/div>\n\n\t<div class=\"wpb_text_column wpb_content_element \" >\n\t\t<div class=\"wpb_wrapper\">\n\t\t\t<ul>\n<li>Paseo a la cima de la monta\u00f1a: Puedes subir a la monta\u00f1a por encima de la aldea donde podr\u00e1s disfrutar una agradable excursi\u00f3n y disfrutar de las vistas sobre el pantano Smir (<em>Barraghe Smir<\/em>), la monta\u00f1a Zem-zem (<em>Jbel Zem zem<\/em>), Cabo Negro y el mar Mediterraneo.<\/li>\n<\/ul>\n\n\t\t<\/div>\n\t<\/div>\n\n\t<div  class=\"wpb_single_image wpb_content_element vc_align_center\">\n\t\t\n\t\t<figure class=\"wpb_wrapper vc_figure\">\n\t\t\t<div class=\"vc_single_image-wrapper   vc_box_border_grey\"><img loading=\"lazy\" decoding=\"async\" width=\"1024\" height=\"373\" src=\"https:\/\/cankepa.com\/wp-content\/uploads\/2020\/04\/Can-Kepa-marruecos-turismo-kuf-olivar-fath-lemhar-1024x373.jpg\" class=\"vc_single_image-img attachment-large\" alt=\"\" title=\"Can-Kepa-marruecos-turismo-kuf-olivar-fath-lemhar\" srcset=\"https:\/\/cankepa.com\/wp-content\/uploads\/2020\/04\/Can-Kepa-marruecos-turismo-kuf-olivar-fath-lemhar-1024x373.jpg 1024w, https:\/\/cankepa.com\/wp-content\/uploads\/2020\/04\/Can-Kepa-marruecos-turismo-kuf-olivar-fath-lemhar-300x109.jpg 300w, https:\/\/cankepa.com\/wp-content\/uploads\/2020\/04\/Can-Kepa-marruecos-turismo-kuf-olivar-fath-lemhar-768x280.jpg 768w, https:\/\/cankepa.com\/wp-content\/uploads\/2020\/04\/Can-Kepa-marruecos-turismo-kuf-olivar-fath-lemhar-80x29.jpg 80w, https:\/\/cankepa.com\/wp-content\/uploads\/2020\/04\/Can-Kepa-marruecos-turismo-kuf-olivar-fath-lemhar-1536x560.jpg 1536w, https:\/\/cankepa.com\/wp-content\/uploads\/2020\/04\/Can-Kepa-marruecos-turismo-kuf-olivar-fath-lemhar-16x6.jpg 16w, https:\/\/cankepa.com\/wp-content\/uploads\/2020\/04\/Can-Kepa-marruecos-turismo-kuf-olivar-fath-lemhar.jpg 2000w\" sizes=\"(max-width: 1024px) 100vw, 1024px\" \/><\/div>\n\t\t<\/figure>\n\t<\/div>\n\n\t<div class=\"wpb_text_column wpb_content_element \" >\n\t\t<div class=\"wpb_wrapper\">\n\t\t\t<ul>\n<li>Paseo hasta el pantano por Sassem: Desde el-Kuf puedes bajar al pantano Smir por diferentes caminos. Uno de los m\u00e1s bonitos es el antiguo camino de pie del el-Kuf que pasa por el valle de Sassem.<\/li>\n<\/ul>\n\n\t\t<\/div>\n\t<\/div>\n<div class=\"vc_row wpb_row vc_inner vc_row-fluid\"><div class=\"wpb_column vc_column_container vc_col-sm-4\"><div class=\"vc_column-inner\"><div class=\"wpb_wrapper\">\n\t<div  class=\"wpb_single_image wpb_content_element vc_align_center\">\n\t\t\n\t\t<figure class=\"wpb_wrapper vc_figure\">\n\t\t\t<div class=\"vc_single_image-wrapper   vc_box_border_grey\"><img loading=\"lazy\" decoding=\"async\" width=\"300\" height=\"400\" src=\"https:\/\/cankepa.com\/wp-content\/uploads\/2021\/04\/Can-Kepa-marruecos-turismo-kuf-camino-sassem.jpg\" class=\"vc_single_image-img attachment-large\" alt=\"\" title=\"Can-Kepa-marruecos-turismo-kuf-camino-sassem\" srcset=\"https:\/\/cankepa.com\/wp-content\/uploads\/2021\/04\/Can-Kepa-marruecos-turismo-kuf-camino-sassem.jpg 300w, https:\/\/cankepa.com\/wp-content\/uploads\/2021\/04\/Can-Kepa-marruecos-turismo-kuf-camino-sassem-225x300.jpg 225w, https:\/\/cankepa.com\/wp-content\/uploads\/2021\/04\/Can-Kepa-marruecos-turismo-kuf-camino-sassem-60x80.jpg 60w, https:\/\/cankepa.com\/wp-content\/uploads\/2021\/04\/Can-Kepa-marruecos-turismo-kuf-camino-sassem-9x12.jpg 9w\" sizes=\"(max-width: 300px) 100vw, 300px\" \/><\/div>\n\t\t<\/figure>\n\t<\/div>\n<\/div><\/div><\/div><div class=\"wpb_column vc_column_container vc_col-sm-8\"><div class=\"vc_column-inner\"><div class=\"wpb_wrapper\">\n\t<div  class=\"wpb_single_image wpb_content_element vc_align_center\">\n\t\t\n\t\t<figure class=\"wpb_wrapper vc_figure\">\n\t\t\t<div class=\"vc_single_image-wrapper   vc_box_border_grey\"><img loading=\"lazy\" decoding=\"async\" width=\"400\" height=\"250\" src=\"https:\/\/cankepa.com\/wp-content\/uploads\/2020\/05\/Can-Kepa-marruecos-turismo-kuf-caballo.jpg\" class=\"vc_single_image-img attachment-full\" alt=\"\" title=\"Can-Kepa-marruecos-turismo-kuf-caballo\" srcset=\"https:\/\/cankepa.com\/wp-content\/uploads\/2020\/05\/Can-Kepa-marruecos-turismo-kuf-caballo.jpg 400w, https:\/\/cankepa.com\/wp-content\/uploads\/2020\/05\/Can-Kepa-marruecos-turismo-kuf-caballo-300x188.jpg 300w, https:\/\/cankepa.com\/wp-content\/uploads\/2020\/05\/Can-Kepa-marruecos-turismo-kuf-caballo-80x50.jpg 80w, https:\/\/cankepa.com\/wp-content\/uploads\/2020\/05\/Can-Kepa-marruecos-turismo-kuf-caballo-16x10.jpg 16w\" sizes=\"(max-width: 400px) 100vw, 400px\" \/><\/div>\n\t\t<\/figure>\n\t<\/div>\n<\/div><\/div><\/div><\/div><\/div><\/div><div class=\"vc_tta-panel\" id=\"1619868454760-e84a5d92-6c29\" data-vc-content=\".vc_tta-panel-body\"><div class=\"vc_tta-panel-heading\"><h4 class=\"vc_tta-panel-title vc_tta-controls-icon-position-left\"><a href=\"#1619868454760-e84a5d92-6c29\" data-vc-accordion data-vc-container=\".vc_tta-container\"><span class=\"vc_tta-title-text\">Senderimo por Fath Lemhar<\/span><i class=\"vc_tta-controls-icon vc_tta-controls-icon-chevron\"><\/i><\/a><\/h4><\/div><div class=\"vc_tta-panel-body\"><div class=\"vc_row wpb_row vc_inner vc_row-fluid\"><div class=\"wpb_column vc_column_container vc_col-sm-6\"><div class=\"vc_column-inner\"><div class=\"wpb_wrapper\">\n\t<div  class=\"wpb_single_image wpb_content_element vc_align_center\">\n\t\t\n\t\t<figure class=\"wpb_wrapper vc_figure\">\n\t\t\t<div class=\"vc_single_image-wrapper   vc_box_border_grey\"><img loading=\"lazy\" decoding=\"async\" width=\"300\" height=\"400\" src=\"https:\/\/cankepa.com\/wp-content\/uploads\/2021\/04\/Can-Kepa-marruecos-turismo-kuf-caminos.jpg\" class=\"vc_single_image-img attachment-large\" alt=\"\" title=\"Can-Kepa-marruecos-turismo-kuf-caminos\" srcset=\"https:\/\/cankepa.com\/wp-content\/uploads\/2021\/04\/Can-Kepa-marruecos-turismo-kuf-caminos.jpg 300w, https:\/\/cankepa.com\/wp-content\/uploads\/2021\/04\/Can-Kepa-marruecos-turismo-kuf-caminos-225x300.jpg 225w, https:\/\/cankepa.com\/wp-content\/uploads\/2021\/04\/Can-Kepa-marruecos-turismo-kuf-caminos-60x80.jpg 60w, https:\/\/cankepa.com\/wp-content\/uploads\/2021\/04\/Can-Kepa-marruecos-turismo-kuf-caminos-9x12.jpg 9w\" sizes=\"(max-width: 300px) 100vw, 300px\" \/><\/div>\n\t\t<\/figure>\n\t<\/div>\n\n\t<div  class=\"wpb_single_image wpb_content_element vc_align_center\">\n\t\t\n\t\t<figure class=\"wpb_wrapper vc_figure\">\n\t\t\t<div class=\"vc_single_image-wrapper   vc_box_border_grey\"><img loading=\"lazy\" decoding=\"async\" width=\"300\" height=\"400\" src=\"https:\/\/cankepa.com\/wp-content\/uploads\/2021\/04\/Can-Kepa-marruecos-turismo-kuf-senderismo-olivo.jpg\" class=\"vc_single_image-img attachment-large\" alt=\"\" title=\"Can-Kepa-marruecos-turismo-kuf-senderismo-olivo\" srcset=\"https:\/\/cankepa.com\/wp-content\/uploads\/2021\/04\/Can-Kepa-marruecos-turismo-kuf-senderismo-olivo.jpg 300w, https:\/\/cankepa.com\/wp-content\/uploads\/2021\/04\/Can-Kepa-marruecos-turismo-kuf-senderismo-olivo-225x300.jpg 225w, https:\/\/cankepa.com\/wp-content\/uploads\/2021\/04\/Can-Kepa-marruecos-turismo-kuf-senderismo-olivo-60x80.jpg 60w, https:\/\/cankepa.com\/wp-content\/uploads\/2021\/04\/Can-Kepa-marruecos-turismo-kuf-senderismo-olivo-9x12.jpg 9w\" sizes=\"(max-width: 300px) 100vw, 300px\" \/><\/div>\n\t\t<\/figure>\n\t<\/div>\n\n\t<div  class=\"wpb_single_image wpb_content_element vc_align_center\">\n\t\t\n\t\t<figure class=\"wpb_wrapper vc_figure\">\n\t\t\t<div class=\"vc_single_image-wrapper   vc_box_border_grey\"><img loading=\"lazy\" decoding=\"async\" width=\"400\" height=\"300\" src=\"https:\/\/cankepa.com\/wp-content\/uploads\/2020\/05\/Can-Kepa-marruecos-turismo-kuf-senderismo-ruta.jpg\" class=\"vc_single_image-img attachment-large\" alt=\"\" title=\"Can-Kepa-marruecos-turismo-kuf-senderismo-ruta\" srcset=\"https:\/\/cankepa.com\/wp-content\/uploads\/2020\/05\/Can-Kepa-marruecos-turismo-kuf-senderismo-ruta.jpg 400w, https:\/\/cankepa.com\/wp-content\/uploads\/2020\/05\/Can-Kepa-marruecos-turismo-kuf-senderismo-ruta-300x225.jpg 300w, https:\/\/cankepa.com\/wp-content\/uploads\/2020\/05\/Can-Kepa-marruecos-turismo-kuf-senderismo-ruta-80x60.jpg 80w, https:\/\/cankepa.com\/wp-content\/uploads\/2020\/05\/Can-Kepa-marruecos-turismo-kuf-senderismo-ruta-16x12.jpg 16w\" sizes=\"(max-width: 400px) 100vw, 400px\" \/><\/div>\n\t\t<\/figure>\n\t<\/div>\n<\/div><\/div><\/div><div class=\"wpb_column vc_column_container vc_col-sm-6\"><div class=\"vc_column-inner\"><div class=\"wpb_wrapper\">\n\t<div class=\"wpb_text_column wpb_content_element \" >\n\t\t<div class=\"wpb_wrapper\">\n\t\t\t<p><span style=\"font-weight: 400;\">Hay varias rutas de senderismo marcadas en las monta\u00f1as de:<\/span><\/p>\n<p><span style=\"font-weight: 400;\"><strong>\u00b7 Fath Lemhar<\/strong><\/span><\/p>\n<p>Desde el-Kuf puedes rodear la monta\u00f1a en una traves\u00eda de cuatro d\u00edas:<\/p>\n<ul>\n<li>D\u00eda 1: Inicio en el<span style=\"font-weight: 400;\">-Kouf, pasando por las aldeas de Oued-Yaryoum, Boujmil, y Taghramt, hasta Khoualem.<\/span><\/li>\n<li>D\u00eda 2: Salida de la aldea de <span style=\"font-weight: 400;\">Khoualem, pasando por Bab A\u00e2rahiya, El Onsar el-Khouasem, Ed-Dhar, Dar el Hijar, hasta la aldea de Tarrante.<\/span><\/li>\n<li>D\u00eda 3: Salida de <span style=\"font-weight: 400;\">Tarrante, pasando por las aldeas de Agla, Jilbech, El-Keddane, El Onsar, El Allauiya, hasta llegar a la de Asrour.<\/span><\/li>\n<li>D\u00eda 4: Salida de <span style=\"font-weight: 400;\">Asrour, pasando por las aldeas de Oued el-Lile, Belouazene, El Bayine, y llegada de vuelta a Il-Kouf.<\/span><\/li>\n<\/ul>\n<p>Tambi\u00e9n puedes cruzar la monta\u00f1a de Tarrante a il-Kouf.<\/p>\n<p><strong>\u00b7 Jbel Zem zem<\/strong><\/p>\n<p>Ruta alrededor de la monta\u00f1a Zem-zem <em>(<\/em><span style=\"font-weight: 400;\"><em>Jbel Zem-zem), <\/em>cercana al Pantano Smir<em> (Barrage Smir)<\/em> y al valle del r\u00edo Smir<em>.<\/em> La ruta pasa por las aldeas de Tachia, Ikareh y Mrah Rhrif.<\/span><\/p>\n<p>\u00b7 <strong>Pantano Smir<\/strong><\/p>\n<p>La ruta al rededor de el Pantano Smir <em>(Barrage Smir) <\/em>pasa pr\u00f3xima a las aldeas de el-Kouf es-selfi, <span style=\"font-weight: 400;\">Belouazene, El Bayine, Rechchaka, y cruzando el r\u00edo Smir (<em>Oued Smir<\/em>).<\/span><\/p>\n<p><strong>\u00b7 Jbel Darsa<\/strong><\/p>\n<ul>\n<li>D\u00eda 1: Desde el-Kuf puedes ir a Tetu\u00e1n pasando por las aldeas de <span style=\"font-weight: 400;\">El Bayine, Belouazene, <\/span><span style=\"font-weight: 400;\">Oued el-Lile,\u00a0 hasta Asrour. <\/span><\/li>\n<li><span style=\"font-weight: 400;\">D\u00eda 2: Ir a Tetu\u00e1n desde Asrour pasando por Mezrouka, y El Ma\u00e2dil hasta Tetu\u00e1n. Luego puedes volver a Asrour por Darsa. <\/span><\/li>\n<li><span style=\"font-weight: 400;\">D\u00eda 3: Un tercer d\u00eda para volver de Asrour a il-Kouf haciendo la ruta opuesta del primer d\u00eda.<\/span><\/li>\n<\/ul>\n\n\t\t<\/div>\n\t<\/div>\n<\/div><\/div><\/div><\/div><\/div><\/div><div class=\"vc_tta-panel\" id=\"1619868512715-50477d05-b669\" data-vc-content=\".vc_tta-panel-body\"><div class=\"vc_tta-panel-heading\"><h4 class=\"vc_tta-panel-title vc_tta-controls-icon-position-left\"><a href=\"#1619868512715-50477d05-b669\" data-vc-accordion data-vc-container=\".vc_tta-container\"><span class=\"vc_tta-title-text\">Bicicleta por el pantano Smir<\/span><i class=\"vc_tta-controls-icon vc_tta-controls-icon-chevron\"><\/i><\/a><\/h4><\/div><div class=\"vc_tta-panel-body\"><div class=\"vc_row wpb_row vc_inner vc_row-fluid\"><div class=\"wpb_column vc_column_container vc_col-sm-6\"><div class=\"vc_column-inner\"><div class=\"wpb_wrapper\">\n\t<div class=\"wpb_text_column wpb_content_element \" >\n\t\t<div class=\"wpb_wrapper\">\n\t\t\t<p><span style=\"font-weight: 400;\">Se pueden hacer rutas en bicicleta por los caminos rurales que van a:<\/span><\/p>\n<ul>\n<li>La ciudad de Tet\u00faan, pasando por el p<span style=\"font-weight: 400;\">antano Smir (<em>Barrage Smir<\/em>), y va paralelos a la monta\u00f1a Fath Lemhar y sus aldeas,<\/span><\/li>\n<li><span style=\"font-weight: 400;\">La zona Allyene y del valle de El Negro,<\/span><\/li>\n<li><span style=\"font-weight: 400;\">Las aldeas de Haydra hasta Fnideq\/Castillejos y la ciudad aut\u00f3noma espa\u00f1ola de Ceuta.<\/span><\/li>\n<\/ul>\n\n\t\t<\/div>\n\t<\/div>\n<\/div><\/div><\/div><div class=\"wpb_column vc_column_container vc_col-sm-6\"><div class=\"vc_column-inner\"><div class=\"wpb_wrapper\">\n\t<div  class=\"wpb_single_image wpb_content_element vc_align_center\">\n\t\t\n\t\t<figure class=\"wpb_wrapper vc_figure\">\n\t\t\t<div class=\"vc_single_image-wrapper   vc_box_border_grey\"><img loading=\"lazy\" decoding=\"async\" width=\"400\" height=\"300\" src=\"https:\/\/cankepa.com\/wp-content\/uploads\/2020\/05\/Can-Kepa-marruecos-turismo-barrage-smir.jpg\" class=\"vc_single_image-img attachment-large\" alt=\"\" title=\"Can-Kepa-marruecos-turismo-barrage-smir\" srcset=\"https:\/\/cankepa.com\/wp-content\/uploads\/2020\/05\/Can-Kepa-marruecos-turismo-barrage-smir.jpg 400w, https:\/\/cankepa.com\/wp-content\/uploads\/2020\/05\/Can-Kepa-marruecos-turismo-barrage-smir-300x225.jpg 300w, https:\/\/cankepa.com\/wp-content\/uploads\/2020\/05\/Can-Kepa-marruecos-turismo-barrage-smir-80x60.jpg 80w, https:\/\/cankepa.com\/wp-content\/uploads\/2020\/05\/Can-Kepa-marruecos-turismo-barrage-smir-16x12.jpg 16w\" sizes=\"(max-width: 400px) 100vw, 400px\" \/><\/div>\n\t\t<\/figure>\n\t<\/div>\n<\/div><\/div><\/div><\/div><\/div><\/div><\/div><\/div><\/div><\/div><\/div><\/div><\/div><div class=\"wpb_column vc_column_container vc_col-sm-2\"><div class=\"vc_column-inner\"><div class=\"wpb_wrapper\"><\/div><\/div><\/div><\/div><div class=\"vc_row wpb_row vc_row-fluid\"><div class=\"wpb_column vc_column_container vc_col-sm-12\"><div class=\"vc_column-inner\"><div class=\"wpb_wrapper\">\n\t<div  class=\"wpb_single_image wpb_content_element vc_align_center\">\n\t\t\n\t\t<figure class=\"wpb_wrapper vc_figure\">\n\t\t\t<div class=\"vc_single_image-wrapper   vc_box_border_grey\"><img loading=\"lazy\" decoding=\"async\" width=\"1024\" height=\"303\" src=\"https:\/\/cankepa.com\/wp-content\/uploads\/2020\/04\/Can-Kepa-marruecos-turismo-kuf-panoramica-invierno-1024x303.jpg\" class=\"vc_single_image-img attachment-large\" alt=\"\" title=\"Can-Kepa-marruecos-turismo-kuf-panoramica-invierno\" srcset=\"https:\/\/cankepa.com\/wp-content\/uploads\/2020\/04\/Can-Kepa-marruecos-turismo-kuf-panoramica-invierno-1024x303.jpg 1024w, https:\/\/cankepa.com\/wp-content\/uploads\/2020\/04\/Can-Kepa-marruecos-turismo-kuf-panoramica-invierno-300x89.jpg 300w, https:\/\/cankepa.com\/wp-content\/uploads\/2020\/04\/Can-Kepa-marruecos-turismo-kuf-panoramica-invierno-768x227.jpg 768w, https:\/\/cankepa.com\/wp-content\/uploads\/2020\/04\/Can-Kepa-marruecos-turismo-kuf-panoramica-invierno-80x24.jpg 80w, https:\/\/cankepa.com\/wp-content\/uploads\/2020\/04\/Can-Kepa-marruecos-turismo-kuf-panoramica-invierno-1536x455.jpg 1536w, https:\/\/cankepa.com\/wp-content\/uploads\/2020\/04\/Can-Kepa-marruecos-turismo-kuf-panoramica-invierno-16x5.jpg 16w, https:\/\/cankepa.com\/wp-content\/uploads\/2020\/04\/Can-Kepa-marruecos-turismo-kuf-panoramica-invierno.jpg 2000w\" sizes=\"(max-width: 1024px) 100vw, 1024px\" \/><\/div>\n\t\t<\/figure>\n\t<\/div>\n<\/div><\/div><\/div><\/div><\/section><section class=\"vc_section\"><div class=\"vc_row wpb_row vc_row-fluid\"><div class=\"wpb_column vc_column_container vc_col-sm-2\"><div class=\"vc_column-inner\"><div class=\"wpb_wrapper\"><\/div><\/div><\/div><div class=\"wpb_column vc_column_container vc_col-sm-8\"><div class=\"vc_column-inner\"><div class=\"wpb_wrapper\"><div class=\"vc_empty_space\"   style=\"height: 32px\"><span class=\"vc_empty_space_inner\"><\/span><\/div>\n\t<div class=\"wpb_text_column wpb_content_element \" >\n\t\t<div class=\"wpb_wrapper\">\n\t\t\t<h3 style=\"text-align: center;\"><span style=\"color: #66b80f;\">Servicios en el-Kuf<\/span><\/h3>\n<p style=\"text-align: center;\">Los servicios de los que dispone la comunidad.<\/p>\n\n\t\t<\/div>\n\t<\/div>\n<div class=\"vc_tta-container\" data-vc-action=\"collapseAll\"><div class=\"vc_general vc_tta vc_tta-accordion vc_tta-color-green vc_tta-style-outline vc_tta-shape-rounded vc_tta-o-shape-group vc_tta-controls-align-center vc_tta-o-all-clickable\"><div class=\"vc_tta-panels-container\"><div class=\"vc_tta-panels\"><div class=\"vc_tta-panel\" id=\"1619867822622-168d422e-de2d\" data-vc-content=\".vc_tta-panel-body\"><div class=\"vc_tta-panel-heading\"><h4 class=\"vc_tta-panel-title vc_tta-controls-icon-position-left\"><a href=\"#1619867822622-168d422e-de2d\" data-vc-accordion data-vc-container=\".vc_tta-container\"><span class=\"vc_tta-title-text\">Servicios b\u00e1sicos<\/span><i class=\"vc_tta-controls-icon vc_tta-controls-icon-chevron\"><\/i><\/a><\/h4><\/div><div class=\"vc_tta-panel-body\"><div class=\"vc_row wpb_row vc_inner vc_row-fluid\"><div class=\"wpb_column vc_column_container vc_col-sm-6\"><div class=\"vc_column-inner\"><div class=\"wpb_wrapper\">\n\t<div class=\"wpb_text_column wpb_content_element \" >\n\t\t<div class=\"wpb_wrapper\">\n\t\t\t<h5 style=\"text-align: center;\"><span style=\"font-weight: 400;\">\u00a0Electricidad<\/span><\/h5>\n<p>La aldea est\u00e1 electrificada, excepto el valle de Sassem que debido a su localizaci\u00f3n m\u00e1s alejada de la aldea todav\u00eda no tiene luz, pero ya est\u00e1 en proyecto llevar la electricidad a este bonito valle.<\/p>\n<h5 style=\"text-align: center;\"><span style=\"font-weight: 400;\">\u00a0Agua<\/span><\/h5>\n<p><span style=\"font-weight: 400;\">Los habitantes del Kuf sol\u00edan ir a por agua para uso dom\u00e9stico a las diferentes fuentes localizadas en la aldea. En los \u00faltimos a\u00f1os el agua se ha ido llevando a los hogares y varios vecinos ya cuentan con agua en sus casas. A pesar de ellos todav\u00eda hay vecinos que siguen yendo a las fuentes a por agua.\u00a0<\/span><\/p>\n<p>El-Kuf se abastece de agua de diferentes fuentes de la monta\u00f1a. Algunas fuentes se usan para consumo humano y otras para regar huertas y para consumo animal.<\/p>\n<h5 style=\"text-align: center;\"><span style=\"font-weight: 400;\">\u00a0Telecomunicaci\u00f3n<\/span><\/h5>\n<p><span style=\"font-weight: 400;\">\u00a0En el-Kuf hay covertura m\u00f3vil y covertura de datos.<\/span><\/p>\n\n\t\t<\/div>\n\t<\/div>\n<\/div><\/div><\/div><div class=\"wpb_column vc_column_container vc_col-sm-6\"><div class=\"vc_column-inner\"><div class=\"wpb_wrapper\">\n\t<div  class=\"wpb_single_image wpb_content_element vc_align_left\">\n\t\t\n\t\t<figure class=\"wpb_wrapper vc_figure\">\n\t\t\t<div class=\"vc_single_image-wrapper   vc_box_border_grey\"><img loading=\"lazy\" decoding=\"async\" width=\"500\" height=\"753\" src=\"https:\/\/cankepa.com\/wp-content\/uploads\/2020\/05\/Can-Kepa-marruecos-turismo-kuf-casa.jpg\" class=\"vc_single_image-img attachment-large\" alt=\"\" title=\"Can-Kepa-marruecos-turismo-kuf-casa\" srcset=\"https:\/\/cankepa.com\/wp-content\/uploads\/2020\/05\/Can-Kepa-marruecos-turismo-kuf-casa.jpg 500w, https:\/\/cankepa.com\/wp-content\/uploads\/2020\/05\/Can-Kepa-marruecos-turismo-kuf-casa-199x300.jpg 199w, https:\/\/cankepa.com\/wp-content\/uploads\/2020\/05\/Can-Kepa-marruecos-turismo-kuf-casa-53x80.jpg 53w, https:\/\/cankepa.com\/wp-content\/uploads\/2020\/05\/Can-Kepa-marruecos-turismo-kuf-casa-8x12.jpg 8w\" sizes=\"(max-width: 500px) 100vw, 500px\" \/><\/div>\n\t\t<\/figure>\n\t<\/div>\n<\/div><\/div><\/div><\/div><\/div><\/div><div class=\"vc_tta-panel\" id=\"1619867822630-1992a5d1-8ce6\" data-vc-content=\".vc_tta-panel-body\"><div class=\"vc_tta-panel-heading\"><h4 class=\"vc_tta-panel-title vc_tta-controls-icon-position-left\"><a href=\"#1619867822630-1992a5d1-8ce6\" data-vc-accordion data-vc-container=\".vc_tta-container\"><span class=\"vc_tta-title-text\">Transporte<\/span><i class=\"vc_tta-controls-icon vc_tta-controls-icon-chevron\"><\/i><\/a><\/h4><\/div><div class=\"vc_tta-panel-body\"><div class=\"vc_row wpb_row vc_inner vc_row-fluid\"><div class=\"wpb_column vc_column_container vc_col-sm-6\"><div class=\"vc_column-inner\"><div class=\"wpb_wrapper\">\n\t<div  class=\"wpb_single_image wpb_content_element vc_align_left\">\n\t\t\n\t\t<figure class=\"wpb_wrapper vc_figure\">\n\t\t\t<div class=\"vc_single_image-wrapper   vc_box_border_grey\"><img loading=\"lazy\" decoding=\"async\" width=\"400\" height=\"400\" src=\"https:\/\/cankepa.com\/wp-content\/uploads\/2020\/05\/Can-Kepa-marruecos-turismo-kuf-transporte-furgoneta.jpg\" class=\"vc_single_image-img attachment-large\" alt=\"\" title=\"Can-Kepa-marruecos-turismo-kuf-transporte-furgoneta\" srcset=\"https:\/\/cankepa.com\/wp-content\/uploads\/2020\/05\/Can-Kepa-marruecos-turismo-kuf-transporte-furgoneta.jpg 400w, https:\/\/cankepa.com\/wp-content\/uploads\/2020\/05\/Can-Kepa-marruecos-turismo-kuf-transporte-furgoneta-300x300.jpg 300w, https:\/\/cankepa.com\/wp-content\/uploads\/2020\/05\/Can-Kepa-marruecos-turismo-kuf-transporte-furgoneta-150x150.jpg 150w, https:\/\/cankepa.com\/wp-content\/uploads\/2020\/05\/Can-Kepa-marruecos-turismo-kuf-transporte-furgoneta-80x80.jpg 80w, https:\/\/cankepa.com\/wp-content\/uploads\/2020\/05\/Can-Kepa-marruecos-turismo-kuf-transporte-furgoneta-12x12.jpg 12w\" sizes=\"(max-width: 400px) 100vw, 400px\" \/><\/div>\n\t\t<\/figure>\n\t<\/div>\n<\/div><\/div><\/div><div class=\"wpb_column vc_column_container vc_col-sm-6\"><div class=\"vc_column-inner\"><div class=\"wpb_wrapper\">\n\t<div class=\"wpb_text_column wpb_content_element \" >\n\t\t<div class=\"wpb_wrapper\">\n\t\t\t<p><span style=\"font-weight: 400;\">Desde que los vecinos del Kuf comenzaron a trabajar fuera de la aldea, otros vecinos comenzaron negocios de tranporte con furgonetas. Estos vecinos se encargan del transporte local: <strong>dos viajes diarios a M&#8217;diq\/Rinc\u00f3n<\/strong>, al transporte de ganado, y a hacer recados a otros vecinos en M&#8217;diq\/Rinc\u00f3n y Tetu\u00e1n.<\/span><\/p>\n\n\t\t<\/div>\n\t<\/div>\n<\/div><\/div><\/div><\/div><\/div><\/div><div class=\"vc_tta-panel\" id=\"1619867822635-4c394d52-e281\" data-vc-content=\".vc_tta-panel-body\"><div class=\"vc_tta-panel-heading\"><h4 class=\"vc_tta-panel-title vc_tta-controls-icon-position-left\"><a href=\"#1619867822635-4c394d52-e281\" data-vc-accordion data-vc-container=\".vc_tta-container\"><span class=\"vc_tta-title-text\">Alimentaci\u00f3n<\/span><i class=\"vc_tta-controls-icon vc_tta-controls-icon-chevron\"><\/i><\/a><\/h4><\/div><div class=\"vc_tta-panel-body\"><div class=\"vc_row wpb_row vc_inner vc_row-fluid\"><div class=\"wpb_column vc_column_container vc_col-sm-6\"><div class=\"vc_column-inner\"><div class=\"wpb_wrapper\">\n\t<div class=\"wpb_text_column wpb_content_element \" >\n\t\t<div class=\"wpb_wrapper\">\n\t\t\t<p style=\"text-align: left;\">La gente del Kuf siempre ha practicado la agricultura de subsistencia y han consumido lo que la tierra les da: vegetales, frutas, cereales, carne y productos lacteos.<\/p>\n<p>Recientemente, dos vecinos pusieron dos peque\u00f1as tiendas de productos b\u00e1sicos de primera necesidad.<\/p>\n<p>Una vez a la semana sube un pescadero a vender sardinas y otros pescados baratos.<\/p>\n<p style=\"text-align: left;\">En el pasado, solian ir al zoco (<em>souk<\/em>, mercado) en burro, o mula, a M&#8217;diq\/Rinc\u00f3n y Tetu\u00e1n a vender sus excedentes y otros productos como miel o corcho, y a comprar productos\u00a0 manufacturados o petroleo para lamparas. Hoy en d\u00eda, el servicio de furgonetas ha facilitado mucho las cosas, llevando a la gente o haciendoles recados.<\/p>\n\n\t\t<\/div>\n\t<\/div>\n<\/div><\/div><\/div><div class=\"wpb_column vc_column_container vc_col-sm-6\"><div class=\"vc_column-inner\"><div class=\"wpb_wrapper\"><div class=\"vc_empty_space\"   style=\"height: 32px\"><span class=\"vc_empty_space_inner\"><\/span><\/div>\n\t<div  class=\"wpb_single_image wpb_content_element vc_align_center\">\n\t\t\n\t\t<figure class=\"wpb_wrapper vc_figure\">\n\t\t\t<div class=\"vc_single_image-wrapper   vc_box_border_grey\"><img loading=\"lazy\" decoding=\"async\" width=\"400\" height=\"400\" src=\"https:\/\/cankepa.com\/wp-content\/uploads\/2020\/05\/Can-Kepa-marruecos-turismo-kuf-camino-vecina.jpg\" class=\"vc_single_image-img attachment-large\" alt=\"\" title=\"Can-Kepa-marruecos-turismo-kuf-camino-vecina\" srcset=\"https:\/\/cankepa.com\/wp-content\/uploads\/2020\/05\/Can-Kepa-marruecos-turismo-kuf-camino-vecina.jpg 400w, https:\/\/cankepa.com\/wp-content\/uploads\/2020\/05\/Can-Kepa-marruecos-turismo-kuf-camino-vecina-300x300.jpg 300w, https:\/\/cankepa.com\/wp-content\/uploads\/2020\/05\/Can-Kepa-marruecos-turismo-kuf-camino-vecina-150x150.jpg 150w, https:\/\/cankepa.com\/wp-content\/uploads\/2020\/05\/Can-Kepa-marruecos-turismo-kuf-camino-vecina-80x80.jpg 80w, https:\/\/cankepa.com\/wp-content\/uploads\/2020\/05\/Can-Kepa-marruecos-turismo-kuf-camino-vecina-12x12.jpg 12w\" sizes=\"(max-width: 400px) 100vw, 400px\" \/><\/div>\n\t\t<\/figure>\n\t<\/div>\n<\/div><\/div><\/div><\/div><\/div><\/div><\/div><\/div><\/div><\/div><\/div><\/div><\/div><div class=\"wpb_column vc_column_container vc_col-sm-2\"><div class=\"vc_column-inner\"><div class=\"wpb_wrapper\"><\/div><\/div><\/div><\/div><div class=\"vc_row wpb_row vc_row-fluid\"><div class=\"wpb_column vc_column_container vc_col-sm-12\"><div class=\"vc_column-inner\"><div class=\"wpb_wrapper\">\n\t<div  class=\"wpb_single_image wpb_content_element vc_align_center\">\n\t\t\n\t\t<figure class=\"wpb_wrapper vc_figure\">\n\t\t\t<div class=\"vc_single_image-wrapper   vc_box_border_grey\"><img loading=\"lazy\" decoding=\"async\" width=\"1024\" height=\"288\" src=\"https:\/\/cankepa.com\/wp-content\/uploads\/2020\/04\/Can-Kepa-marruecos-turismo-kuf-panoramica-verano-1024x288.jpg\" class=\"vc_single_image-img attachment-large\" alt=\"\" title=\"Can-Kepa-marruecos-turismo-kuf-panoramica-verano\" srcset=\"https:\/\/cankepa.com\/wp-content\/uploads\/2020\/04\/Can-Kepa-marruecos-turismo-kuf-panoramica-verano-1024x288.jpg 1024w, https:\/\/cankepa.com\/wp-content\/uploads\/2020\/04\/Can-Kepa-marruecos-turismo-kuf-panoramica-verano-300x84.jpg 300w, https:\/\/cankepa.com\/wp-content\/uploads\/2020\/04\/Can-Kepa-marruecos-turismo-kuf-panoramica-verano-768x216.jpg 768w, https:\/\/cankepa.com\/wp-content\/uploads\/2020\/04\/Can-Kepa-marruecos-turismo-kuf-panoramica-verano-80x23.jpg 80w, https:\/\/cankepa.com\/wp-content\/uploads\/2020\/04\/Can-Kepa-marruecos-turismo-kuf-panoramica-verano-1536x432.jpg 1536w, https:\/\/cankepa.com\/wp-content\/uploads\/2020\/04\/Can-Kepa-marruecos-turismo-kuf-panoramica-verano-16x5.jpg 16w, https:\/\/cankepa.com\/wp-content\/uploads\/2020\/04\/Can-Kepa-marruecos-turismo-kuf-panoramica-verano.jpg 2000w\" sizes=\"(max-width: 1024px) 100vw, 1024px\" \/><\/div>\n\t\t<\/figure>\n\t<\/div>\n<\/div><\/div><\/div><\/div><\/section><section class=\"vc_section\"><div class=\"vc_row wpb_row vc_row-fluid\"><div class=\"wpb_column vc_column_container vc_col-sm-2\"><div class=\"vc_column-inner\"><div class=\"wpb_wrapper\"><div class=\"vc_empty_space\"   style=\"height: 32px\"><span class=\"vc_empty_space_inner\"><\/span><\/div><\/div><\/div><\/div><div class=\"wpb_column vc_column_container vc_col-sm-8\"><div class=\"vc_column-inner\"><div class=\"wpb_wrapper\">\n\t<div class=\"wpb_text_column wpb_content_element \" >\n\t\t<div class=\"wpb_wrapper\">\n\t\t\t<h3 style=\"text-align: center;\"><span style=\"color: #66b80f;\">\u00bfQuieres preguntarnos algo m\u00e1s?<\/span><\/h3>\n<p style=\"text-align: center;\">\u00bfTe quedan dudas, tienes preguntas o quieres saber m\u00e1s?<br \/>\n\u00a1Escr\u00edbenos y te las resolvemos todas!<\/p>\n\n\t\t<\/div>\n\t<\/div>\n<div class=\"vc_btn3-container vc_btn3-center\" ><button class=\"vc_general vc_btn3 vc_btn3-size-md vc_btn3-shape-rounded vc_btn3-style-outline vc_btn3-block vc_btn3-icon-left vc_btn3-color-blue\"><i class=\"vc_btn3-icon fas fa-pen-nib\"><\/i> \u00a1Cont\u00e1ctanos, sin miedo!<\/button><\/div><\/div><\/div><\/div><div class=\"wpb_column vc_column_container vc_col-sm-2\"><div class=\"vc_column-inner\"><div class=\"wpb_wrapper\"><\/div><\/div><\/div><\/div><\/section><section class=\"vc_section\"><div class=\"vc_row wpb_row vc_row-fluid\"><div class=\"wpb_column vc_column_container vc_col-sm-2\"><div class=\"vc_column-inner\"><div class=\"wpb_wrapper\"><\/div><\/div><\/div><div class=\"wpb_column vc_column_container vc_col-sm-8\"><div class=\"vc_column-inner\"><div class=\"wpb_wrapper\">\n\t<div class=\"wpb_text_column wpb_content_element \" >\n\t\t<div class=\"wpb_wrapper\">\n\t\t\t<h3 style=\"text-align: center;\"><span style=\"color: #66b80f;\">\u00bfConoces nuestras casas en el-Kuf?<\/span><\/h3>\n\n\t\t<\/div>\n\t<\/div>\n\n\t<div class=\"wpb_text_column wpb_content_element \" >\n\t\t<div class=\"wpb_wrapper\">\n\t\t\t<p style=\"text-align: center;\">\u00a1Echa un vistazo y enam\u00f3rate!<\/p>\n\n\t\t<\/div>\n\t<\/div>\n<\/div><\/div><\/div><div class=\"wpb_column vc_column_container vc_col-sm-2\"><div class=\"vc_column-inner\"><div class=\"wpb_wrapper\"><\/div><\/div><\/div><\/div><div class=\"vc_row wpb_row vc_row-fluid\"><div class=\"wpb_column vc_column_container vc_col-sm-1\/5\"><div class=\"vc_column-inner\"><div class=\"wpb_wrapper\">\n\t<div class=\"wpb_text_column wpb_content_element \" >\n\t\t<div class=\"wpb_wrapper\">\n\t\t\t<h4 style=\"text-align: center;\">\u00b7 Casa Azul \u00b7<\/h4>\n\n\t\t<\/div>\n\t<\/div>\n\n\t<div  class=\"wpb_single_image wpb_content_element vc_align_left\">\n\t\t\n\t\t<figure class=\"wpb_wrapper vc_figure\">\n\t\t\t<a href=\"https:\/\/cankepa.com\/casa-rural-azul-alquiler-turistico-kuf-marruecos\/\" target=\"_self\" class=\"vc_single_image-wrapper   vc_box_border_grey\"><img loading=\"lazy\" decoding=\"async\" width=\"300\" height=\"225\" src=\"https:\/\/cankepa.com\/wp-content\/uploads\/2020\/05\/alquiler-casa-rural-marruecos-kuf-rincon-tetuan-azul-01-Can-Kepa-300x225.jpg\" class=\"vc_single_image-img attachment-medium\" alt=\"\" title=\"alquiler-casa-rural-marruecos-kuf-rincon-tetuan-azul-01-Can-Kepa\" srcset=\"https:\/\/cankepa.com\/wp-content\/uploads\/2020\/05\/alquiler-casa-rural-marruecos-kuf-rincon-tetuan-azul-01-Can-Kepa-300x225.jpg 300w, https:\/\/cankepa.com\/wp-content\/uploads\/2020\/05\/alquiler-casa-rural-marruecos-kuf-rincon-tetuan-azul-01-Can-Kepa-1024x768.jpg 1024w, https:\/\/cankepa.com\/wp-content\/uploads\/2020\/05\/alquiler-casa-rural-marruecos-kuf-rincon-tetuan-azul-01-Can-Kepa-768x576.jpg 768w, https:\/\/cankepa.com\/wp-content\/uploads\/2020\/05\/alquiler-casa-rural-marruecos-kuf-rincon-tetuan-azul-01-Can-Kepa-80x60.jpg 80w, https:\/\/cankepa.com\/wp-content\/uploads\/2020\/05\/alquiler-casa-rural-marruecos-kuf-rincon-tetuan-azul-01-Can-Kepa-1536x1152.jpg 1536w, https:\/\/cankepa.com\/wp-content\/uploads\/2020\/05\/alquiler-casa-rural-marruecos-kuf-rincon-tetuan-azul-01-Can-Kepa-16x12.jpg 16w, https:\/\/cankepa.com\/wp-content\/uploads\/2020\/05\/alquiler-casa-rural-marruecos-kuf-rincon-tetuan-azul-01-Can-Kepa.jpg 1920w\" sizes=\"(max-width: 300px) 100vw, 300px\" \/><\/a>\n\t\t<\/figure>\n\t<\/div>\n<\/div><\/div><\/div><div class=\"wpb_column vc_column_container vc_col-sm-1\/5\"><div class=\"vc_column-inner\"><div class=\"wpb_wrapper\">\n\t<div class=\"wpb_text_column wpb_content_element \" >\n\t\t<div class=\"wpb_wrapper\">\n\t\t\t<h4 style=\"text-align: center;\">\u00b7 Casa de Ena \u00b7<\/h4>\n\n\t\t<\/div>\n\t<\/div>\n\n\t<div  class=\"wpb_single_image wpb_content_element vc_align_left\">\n\t\t\n\t\t<figure class=\"wpb_wrapper vc_figure\">\n\t\t\t<a href=\"https:\/\/cankepa.com\/casa-rural-ena-alquiler-turistico-kuf-marruecos\/\" target=\"_self\" class=\"vc_single_image-wrapper   vc_box_border_grey\"><img loading=\"lazy\" decoding=\"async\" width=\"300\" height=\"225\" src=\"https:\/\/cankepa.com\/wp-content\/uploads\/2020\/04\/alquiler-casa-rural-marruecos-kuf-rincon-tetuan-ena-01-Can-Kepa-300x225.jpg\" class=\"vc_single_image-img attachment-medium\" alt=\"\" title=\"alquiler-casa-rural-marruecos-kuf-rincon-tetuan-ena-01-Can-Kepa\" srcset=\"https:\/\/cankepa.com\/wp-content\/uploads\/2020\/04\/alquiler-casa-rural-marruecos-kuf-rincon-tetuan-ena-01-Can-Kepa-300x225.jpg 300w, https:\/\/cankepa.com\/wp-content\/uploads\/2020\/04\/alquiler-casa-rural-marruecos-kuf-rincon-tetuan-ena-01-Can-Kepa-1024x768.jpg 1024w, https:\/\/cankepa.com\/wp-content\/uploads\/2020\/04\/alquiler-casa-rural-marruecos-kuf-rincon-tetuan-ena-01-Can-Kepa-768x576.jpg 768w, https:\/\/cankepa.com\/wp-content\/uploads\/2020\/04\/alquiler-casa-rural-marruecos-kuf-rincon-tetuan-ena-01-Can-Kepa-80x60.jpg 80w, https:\/\/cankepa.com\/wp-content\/uploads\/2020\/04\/alquiler-casa-rural-marruecos-kuf-rincon-tetuan-ena-01-Can-Kepa-1536x1152.jpg 1536w, https:\/\/cankepa.com\/wp-content\/uploads\/2020\/04\/alquiler-casa-rural-marruecos-kuf-rincon-tetuan-ena-01-Can-Kepa-16x12.jpg 16w, https:\/\/cankepa.com\/wp-content\/uploads\/2020\/04\/alquiler-casa-rural-marruecos-kuf-rincon-tetuan-ena-01-Can-Kepa.jpg 1920w\" sizes=\"(max-width: 300px) 100vw, 300px\" \/><\/a>\n\t\t<\/figure>\n\t<\/div>\n<\/div><\/div><\/div><div class=\"wpb_column vc_column_container vc_col-sm-1\/5\"><div class=\"vc_column-inner\"><div class=\"wpb_wrapper\">\n\t<div class=\"wpb_text_column wpb_content_element \" >\n\t\t<div class=\"wpb_wrapper\">\n\t\t\t<h4 style=\"text-align: center;\">\u00b7 Casa de piedra \u00b7<\/h4>\n\n\t\t<\/div>\n\t<\/div>\n\n\t<div  class=\"wpb_single_image wpb_content_element vc_align_left\">\n\t\t\n\t\t<figure class=\"wpb_wrapper vc_figure\">\n\t\t\t<a href=\"https:\/\/cankepa.com\/casa-rural-piedra-alquiler-turistico-kuf-marruecos\/\" target=\"_self\" class=\"vc_single_image-wrapper   vc_box_border_grey\"><img loading=\"lazy\" decoding=\"async\" width=\"300\" height=\"225\" src=\"https:\/\/cankepa.com\/wp-content\/uploads\/2020\/04\/alquiler-casa-rural-marruecos-kuf-rincon-tetuan-piedra-01-Can-Kepa-300x225.jpg\" class=\"vc_single_image-img attachment-medium\" alt=\"\" title=\"alquiler-casa-rural-marruecos-kuf-rincon-tetuan-piedra-01-Can-Kepa\" srcset=\"https:\/\/cankepa.com\/wp-content\/uploads\/2020\/04\/alquiler-casa-rural-marruecos-kuf-rincon-tetuan-piedra-01-Can-Kepa-300x225.jpg 300w, https:\/\/cankepa.com\/wp-content\/uploads\/2020\/04\/alquiler-casa-rural-marruecos-kuf-rincon-tetuan-piedra-01-Can-Kepa-1024x768.jpg 1024w, https:\/\/cankepa.com\/wp-content\/uploads\/2020\/04\/alquiler-casa-rural-marruecos-kuf-rincon-tetuan-piedra-01-Can-Kepa-768x576.jpg 768w, https:\/\/cankepa.com\/wp-content\/uploads\/2020\/04\/alquiler-casa-rural-marruecos-kuf-rincon-tetuan-piedra-01-Can-Kepa-80x60.jpg 80w, https:\/\/cankepa.com\/wp-content\/uploads\/2020\/04\/alquiler-casa-rural-marruecos-kuf-rincon-tetuan-piedra-01-Can-Kepa-1536x1152.jpg 1536w, https:\/\/cankepa.com\/wp-content\/uploads\/2020\/04\/alquiler-casa-rural-marruecos-kuf-rincon-tetuan-piedra-01-Can-Kepa-16x12.jpg 16w, https:\/\/cankepa.com\/wp-content\/uploads\/2020\/04\/alquiler-casa-rural-marruecos-kuf-rincon-tetuan-piedra-01-Can-Kepa.jpg 1920w\" sizes=\"(max-width: 300px) 100vw, 300px\" \/><\/a>\n\t\t<\/figure>\n\t<\/div>\n<\/div><\/div><\/div><div class=\"wpb_column vc_column_container vc_col-sm-1\/5\"><div class=\"vc_column-inner\"><div class=\"wpb_wrapper\">\n\t<div class=\"wpb_text_column wpb_content_element \" >\n\t\t<div class=\"wpb_wrapper\">\n\t\t\t<h4 style=\"text-align: center;\">\u00b7 Sassem Itziar \u00b7<\/h4>\n\n\t\t<\/div>\n\t<\/div>\n\n\t<div  class=\"wpb_single_image wpb_content_element vc_align_left\">\n\t\t\n\t\t<figure class=\"wpb_wrapper vc_figure\">\n\t\t\t<a href=\"https:\/\/cankepa.com\/casa-rural-sassem-itz-alquiler-turistico-kuf-marruecos\/\" target=\"_self\" class=\"vc_single_image-wrapper   vc_box_border_grey\"><img loading=\"lazy\" decoding=\"async\" width=\"300\" height=\"225\" src=\"https:\/\/cankepa.com\/wp-content\/uploads\/2020\/04\/alquiler-casa-rural-marruecos-kuf-rincon-tetuan-sassem-itz-01-Can-Kepa-300x225.jpg\" class=\"vc_single_image-img attachment-medium\" alt=\"\" title=\"alquiler-casa-rural-marruecos-kuf-rincon-tetuan-sassem-itz-01-Can-Kepa\" srcset=\"https:\/\/cankepa.com\/wp-content\/uploads\/2020\/04\/alquiler-casa-rural-marruecos-kuf-rincon-tetuan-sassem-itz-01-Can-Kepa-300x225.jpg 300w, https:\/\/cankepa.com\/wp-content\/uploads\/2020\/04\/alquiler-casa-rural-marruecos-kuf-rincon-tetuan-sassem-itz-01-Can-Kepa-1024x768.jpg 1024w, https:\/\/cankepa.com\/wp-content\/uploads\/2020\/04\/alquiler-casa-rural-marruecos-kuf-rincon-tetuan-sassem-itz-01-Can-Kepa-768x576.jpg 768w, https:\/\/cankepa.com\/wp-content\/uploads\/2020\/04\/alquiler-casa-rural-marruecos-kuf-rincon-tetuan-sassem-itz-01-Can-Kepa-80x60.jpg 80w, https:\/\/cankepa.com\/wp-content\/uploads\/2020\/04\/alquiler-casa-rural-marruecos-kuf-rincon-tetuan-sassem-itz-01-Can-Kepa-1536x1152.jpg 1536w, https:\/\/cankepa.com\/wp-content\/uploads\/2020\/04\/alquiler-casa-rural-marruecos-kuf-rincon-tetuan-sassem-itz-01-Can-Kepa-16x12.jpg 16w, https:\/\/cankepa.com\/wp-content\/uploads\/2020\/04\/alquiler-casa-rural-marruecos-kuf-rincon-tetuan-sassem-itz-01-Can-Kepa.jpg 1920w\" sizes=\"(max-width: 300px) 100vw, 300px\" \/><\/a>\n\t\t<\/figure>\n\t<\/div>\n<\/div><\/div><\/div><div class=\"wpb_column vc_column_container vc_col-sm-1\/5\"><div class=\"vc_column-inner\"><div class=\"wpb_wrapper\">\n\t<div class=\"wpb_text_column wpb_content_element \" >\n\t\t<div class=\"wpb_wrapper\">\n\t\t\t<h4 style=\"text-align: center;\">\u00b7 Sassem Pepe \u00b7<\/h4>\n\n\t\t<\/div>\n\t<\/div>\n\n\t<div  class=\"wpb_single_image wpb_content_element vc_align_left\">\n\t\t\n\t\t<figure class=\"wpb_wrapper vc_figure\">\n\t\t\t<a href=\"https:\/\/cankepa.com\/casa-rural-sassem-pep-alquiler-turistico-kuf-marruecos\/\" target=\"_self\" class=\"vc_single_image-wrapper   vc_box_border_grey\"><img loading=\"lazy\" decoding=\"async\" width=\"300\" height=\"225\" src=\"https:\/\/cankepa.com\/wp-content\/uploads\/2020\/04\/alquiler-casa-rural-marruecos-kuf-rincon-tetuan-sassem-pep-01-Can-Kepa-300x225.jpg\" class=\"vc_single_image-img attachment-medium\" alt=\"\" title=\"alquiler-casa-rural-marruecos-kuf-rincon-tetuan-sassem-pep-01-Can-Kepa\" srcset=\"https:\/\/cankepa.com\/wp-content\/uploads\/2020\/04\/alquiler-casa-rural-marruecos-kuf-rincon-tetuan-sassem-pep-01-Can-Kepa-300x225.jpg 300w, https:\/\/cankepa.com\/wp-content\/uploads\/2020\/04\/alquiler-casa-rural-marruecos-kuf-rincon-tetuan-sassem-pep-01-Can-Kepa-1024x768.jpg 1024w, https:\/\/cankepa.com\/wp-content\/uploads\/2020\/04\/alquiler-casa-rural-marruecos-kuf-rincon-tetuan-sassem-pep-01-Can-Kepa-768x576.jpg 768w, https:\/\/cankepa.com\/wp-content\/uploads\/2020\/04\/alquiler-casa-rural-marruecos-kuf-rincon-tetuan-sassem-pep-01-Can-Kepa-80x60.jpg 80w, https:\/\/cankepa.com\/wp-content\/uploads\/2020\/04\/alquiler-casa-rural-marruecos-kuf-rincon-tetuan-sassem-pep-01-Can-Kepa-1536x1152.jpg 1536w, https:\/\/cankepa.com\/wp-content\/uploads\/2020\/04\/alquiler-casa-rural-marruecos-kuf-rincon-tetuan-sassem-pep-01-Can-Kepa-16x12.jpg 16w, https:\/\/cankepa.com\/wp-content\/uploads\/2020\/04\/alquiler-casa-rural-marruecos-kuf-rincon-tetuan-sassem-pep-01-Can-Kepa.jpg 1920w\" sizes=\"(max-width: 300px) 100vw, 300px\" \/><\/a>\n\t\t<\/figure>\n\t<\/div>\n<\/div><\/div><\/div><\/div><\/section>\n<\/div>","protected":false},"excerpt":{"rendered":"\u00b7 el-Kuf \u00b7 Una comunidad rural tradicional en el norte de la Yebala marroqu\u00ed El-Kuf, il-Kouf en su transcripci\u00f3n francesa, es una k\u00e1bila o aldea de unos 1300 habitantes, perteneciente al municipio de Allyene, en el norte de Marruecos. La aldea se localiza\u00a0 en la monta\u00f1a Fath Lemhar, a cuatro kil\u00f3metros del pantano Smir (Barrage [...]","protected":false},"author":1,"featured_media":0,"parent":49,"menu_order":5,"comment_status":"closed","ping_status":"closed","template":"","meta":{"footnotes":""},"yoast_head":"<!-- This site is optimized with the Yoast SEO plugin v23.5 - https:\/\/yoast.com\/wordpress\/plugins\/seo\/ -->\n<title>Una comunidad rural tradicional cerca de Tetu\u00e1n en el norte de Marruecos<\/title>\n<meta name=\"description\" content=\"Ven a descubrir la aldea de el-Kuf. Experimenta la convivencia con su gente, su impresionante naturaleza. Descubre sus tradiciones y secretos\" \/>\n<meta name=\"robots\" content=\"index, follow, max-snippet:-1, max-image-preview:large, max-video-preview:-1\" \/>\n<link rel=\"canonical\" href=\"https:\/\/cankepa.com\/es\/marruecos\/kuf\/\" \/>\n<meta property=\"og:locale\" content=\"es_ES\" \/>\n<meta property=\"og:type\" content=\"article\" \/>\n<meta property=\"og:title\" content=\"Una comunidad rural tradicional cerca de Tetu\u00e1n en el norte de Marruecos\" \/>\n<meta property=\"og:description\" content=\"Ven a descubrir la aldea de el-Kuf. Experimenta la convivencia con su gente, su impresionante naturaleza. Descubre sus tradiciones y secretos\" \/>\n<meta property=\"og:url\" content=\"https:\/\/cankepa.com\/es\/marruecos\/kuf\/\" \/>\n<meta property=\"og:site_name\" content=\"Ca\u00b4n Kepa\" \/>\n<meta property=\"article:modified_time\" content=\"2021-05-23T11:25:27+00:00\" \/>\n<meta name=\"twitter:card\" content=\"summary_large_image\" \/>\n<meta name=\"twitter:label1\" content=\"Tiempo de lectura\" \/>\n\t<meta name=\"twitter:data1\" content=\"5 minutos\" \/>\n<script type=\"application\/ld+json\" class=\"yoast-schema-graph\">{\"@context\":\"https:\/\/schema.org\",\"@graph\":[{\"@type\":\"WebPage\",\"@id\":\"https:\/\/cankepa.com\/marruecos\/kuf\/\",\"url\":\"https:\/\/cankepa.com\/marruecos\/kuf\/\",\"name\":\"Una comunidad rural tradicional cerca de Tetu\u00e1n en el norte de Marruecos\",\"isPartOf\":{\"@id\":\"https:\/\/cankepa.com\/es\/#website\"},\"datePublished\":\"2020-08-25T15:06:27+00:00\",\"dateModified\":\"2021-05-23T11:25:27+00:00\",\"description\":\"Ven a descubrir la aldea de el-Kuf. Experimenta la convivencia con su gente, su impresionante naturaleza. Descubre sus tradiciones y secretos\",\"breadcrumb\":{\"@id\":\"https:\/\/cankepa.com\/marruecos\/kuf\/#breadcrumb\"},\"inLanguage\":\"es\",\"potentialAction\":[{\"@type\":\"ReadAction\",\"target\":[\"https:\/\/cankepa.com\/marruecos\/kuf\/\"]}]},{\"@type\":\"BreadcrumbList\",\"@id\":\"https:\/\/cankepa.com\/marruecos\/kuf\/#breadcrumb\",\"itemListElement\":[{\"@type\":\"ListItem\",\"position\":1,\"name\":\"Portada\",\"item\":\"https:\/\/cankepa.com\/es\/\"},{\"@type\":\"ListItem\",\"position\":2,\"name\":\"Morocco\",\"item\":\"https:\/\/cankepa.com\/marruecos\/\"},{\"@type\":\"ListItem\",\"position\":3,\"name\":\"Morocco &#8211; il-Kuf\"}]},{\"@type\":\"WebSite\",\"@id\":\"https:\/\/cankepa.com\/es\/#website\",\"url\":\"https:\/\/cankepa.com\/es\/\",\"name\":\"Ca\u00b4n Kepa\",\"description\":\"Rural houses &amp; villas\",\"publisher\":{\"@id\":\"https:\/\/cankepa.com\/es\/#organization\"},\"potentialAction\":[{\"@type\":\"SearchAction\",\"target\":{\"@type\":\"EntryPoint\",\"urlTemplate\":\"https:\/\/cankepa.com\/es\/?s={search_term_string}\"},\"query-input\":{\"@type\":\"PropertyValueSpecification\",\"valueRequired\":true,\"valueName\":\"search_term_string\"}}],\"inLanguage\":\"es\"},{\"@type\":\"Organization\",\"@id\":\"https:\/\/cankepa.com\/es\/#organization\",\"name\":\"Ca'n Kepa\",\"url\":\"https:\/\/cankepa.com\/es\/\",\"logo\":{\"@type\":\"ImageObject\",\"inLanguage\":\"es\",\"@id\":\"https:\/\/cankepa.com\/es\/#\/schema\/logo\/image\/\",\"url\":\"https:\/\/cankepa.com\/wp-content\/uploads\/2020\/08\/200820-Logo-Can-Kepa-FINAL-47-1.png\",\"contentUrl\":\"https:\/\/cankepa.com\/wp-content\/uploads\/2020\/08\/200820-Logo-Can-Kepa-FINAL-47-1.png\",\"width\":1278,\"height\":283,\"caption\":\"Ca'n Kepa\"},\"image\":{\"@id\":\"https:\/\/cankepa.com\/es\/#\/schema\/logo\/image\/\"}}]}<\/script>\n<!-- \/ Yoast SEO plugin. -->","yoast_head_json":{"title":"Una comunidad rural tradicional cerca de Tetu\u00e1n en el norte de Marruecos","description":"Ven a descubrir la aldea de el-Kuf. Experimenta la convivencia con su gente, su impresionante naturaleza. Descubre sus tradiciones y secretos","robots":{"index":"index","follow":"follow","max-snippet":"max-snippet:-1","max-image-preview":"max-image-preview:large","max-video-preview":"max-video-preview:-1"},"canonical":"https:\/\/cankepa.com\/es\/marruecos\/kuf\/","og_locale":"es_ES","og_type":"article","og_title":"Una comunidad rural tradicional cerca de Tetu\u00e1n en el norte de Marruecos","og_description":"Ven a descubrir la aldea de el-Kuf. Experimenta la convivencia con su gente, su impresionante naturaleza. Descubre sus tradiciones y secretos","og_url":"https:\/\/cankepa.com\/es\/marruecos\/kuf\/","og_site_name":"Ca\u00b4n Kepa","article_modified_time":"2021-05-23T11:25:27+00:00","twitter_card":"summary_large_image","twitter_misc":{"Tiempo de lectura":"5 minutos"},"schema":{"@context":"https:\/\/schema.org","@graph":[{"@type":"WebPage","@id":"https:\/\/cankepa.com\/marruecos\/kuf\/","url":"https:\/\/cankepa.com\/marruecos\/kuf\/","name":"Una comunidad rural tradicional cerca de Tetu\u00e1n en el norte de Marruecos","isPartOf":{"@id":"https:\/\/cankepa.com\/es\/#website"},"datePublished":"2020-08-25T15:06:27+00:00","dateModified":"2021-05-23T11:25:27+00:00","description":"Ven a descubrir la aldea de el-Kuf. Experimenta la convivencia con su gente, su impresionante naturaleza. Descubre sus tradiciones y secretos","breadcrumb":{"@id":"https:\/\/cankepa.com\/marruecos\/kuf\/#breadcrumb"},"inLanguage":"es","potentialAction":[{"@type":"ReadAction","target":["https:\/\/cankepa.com\/marruecos\/kuf\/"]}]},{"@type":"BreadcrumbList","@id":"https:\/\/cankepa.com\/marruecos\/kuf\/#breadcrumb","itemListElement":[{"@type":"ListItem","position":1,"name":"Portada","item":"https:\/\/cankepa.com\/es\/"},{"@type":"ListItem","position":2,"name":"Morocco","item":"https:\/\/cankepa.com\/marruecos\/"},{"@type":"ListItem","position":3,"name":"Morocco &#8211; il-Kuf"}]},{"@type":"WebSite","@id":"https:\/\/cankepa.com\/es\/#website","url":"https:\/\/cankepa.com\/es\/","name":"Ca\u00b4n Kepa","description":"Rural houses &amp; villas","publisher":{"@id":"https:\/\/cankepa.com\/es\/#organization"},"potentialAction":[{"@type":"SearchAction","target":{"@type":"EntryPoint","urlTemplate":"https:\/\/cankepa.com\/es\/?s={search_term_string}"},"query-input":{"@type":"PropertyValueSpecification","valueRequired":true,"valueName":"search_term_string"}}],"inLanguage":"es"},{"@type":"Organization","@id":"https:\/\/cankepa.com\/es\/#organization","name":"Ca'n Kepa","url":"https:\/\/cankepa.com\/es\/","logo":{"@type":"ImageObject","inLanguage":"es","@id":"https:\/\/cankepa.com\/es\/#\/schema\/logo\/image\/","url":"https:\/\/cankepa.com\/wp-content\/uploads\/2020\/08\/200820-Logo-Can-Kepa-FINAL-47-1.png","contentUrl":"https:\/\/cankepa.com\/wp-content\/uploads\/2020\/08\/200820-Logo-Can-Kepa-FINAL-47-1.png","width":1278,"height":283,"caption":"Ca'n Kepa"},"image":{"@id":"https:\/\/cankepa.com\/es\/#\/schema\/logo\/image\/"}}]}},"_links":{"self":[{"href":"https:\/\/cankepa.com\/es\/wp-json\/wp\/v2\/pages\/2936"}],"collection":[{"href":"https:\/\/cankepa.com\/es\/wp-json\/wp\/v2\/pages"}],"about":[{"href":"https:\/\/cankepa.com\/es\/wp-json\/wp\/v2\/types\/page"}],"author":[{"embeddable":true,"href":"https:\/\/cankepa.com\/es\/wp-json\/wp\/v2\/users\/1"}],"replies":[{"embeddable":true,"href":"https:\/\/cankepa.com\/es\/wp-json\/wp\/v2\/comments?post=2936"}],"version-history":[{"count":115,"href":"https:\/\/cankepa.com\/es\/wp-json\/wp\/v2\/pages\/2936\/revisions"}],"predecessor-version":[{"id":4969,"href":"https:\/\/cankepa.com\/es\/wp-json\/wp\/v2\/pages\/2936\/revisions\/4969"}],"up":[{"embeddable":true,"href":"https:\/\/cankepa.com\/es\/wp-json\/wp\/v2\/pages\/49"}],"wp:attachment":[{"href":"https:\/\/cankepa.com\/es\/wp-json\/wp\/v2\/media?parent=2936"}],"curies":[{"name":"wp","href":"https:\/\/api.w.org\/{rel}","templated":true}]}}