{"id":4193,"date":"2021-01-11T14:04:25","date_gmt":"2021-01-11T14:04:25","guid":{"rendered":"https:\/\/cankepa.com\/?page_id=4193"},"modified":"2021-01-14T13:32:50","modified_gmt":"2021-01-14T13:32:50","slug":"nuestras-casas-rurales","status":"publish","type":"page","link":"https:\/\/cankepa.com\/es\/nuestras-casas-rurales\/","title":{"rendered":"Nuestras casas rurales"},"content":{"rendered":"<div class=\"wpb-content-wrapper\"><section class=\"vc_section\"><div class=\"vc_row wpb_row vc_row-fluid vc_row-o-content-middle vc_row-flex\"><div class=\"wpb_column vc_column_container vc_col-sm-1\/5\"><div class=\"vc_column-inner\"><div class=\"wpb_wrapper\"><div class=\"vc_btn3-container vc_btn3-center\" ><a class=\"vc_general vc_btn3 vc_btn3-size-md vc_btn3-shape-rounded vc_btn3-style-outline vc_btn3-block vc_btn3-color-blue\" href=\"https:\/\/cankepa.com\/nuestras-casas-alquiler\/\" title=\"\">Todas nuestras casas<\/a><\/div><\/div><\/div><\/div><div class=\"wpb_column vc_column_container vc_col-sm-1\/5\"><div class=\"vc_column-inner\"><div class=\"wpb_wrapper\"><div class=\"vc_btn3-container vc_btn3-center\" ><a class=\"vc_general vc_btn3 vc_btn3-size-md vc_btn3-shape-rounded vc_btn3-style-outline vc_btn3-block vc_btn3-color-blue\" href=\"https:\/\/cankepa.com\/nuestras-villas\/\" title=\"\">Nuestras villas<\/a><\/div><\/div><\/div><\/div><div class=\"wpb_column vc_column_container vc_col-sm-1\/5\"><div class=\"vc_column-inner\"><div class=\"wpb_wrapper\"><div class=\"vc_btn3-container vc_btn3-center\" ><button style=\"background-color:#66b80f; color:#ffffff;\" class=\"vc_general vc_btn3 vc_btn3-size-md vc_btn3-shape-rounded vc_btn3-style-custom vc_btn3-block\">Nuestras casas rurales<\/button><\/div><\/div><\/div><\/div><div class=\"wpb_column vc_column_container vc_col-sm-1\/5\"><div class=\"vc_column-inner\"><div class=\"wpb_wrapper\"><div class=\"vc_btn3-container vc_btn3-center\" ><a class=\"vc_general vc_btn3 vc_btn3-size-md vc_btn3-shape-rounded vc_btn3-style-outline vc_btn3-block vc_btn3-color-blue\" href=\"https:\/\/cankepa.com\/nuestras-casas-mallorca\/\" title=\"\">Nuestras casas en Mallorca<\/a><\/div><\/div><\/div><\/div><div class=\"wpb_column vc_column_container vc_col-sm-1\/5\"><div class=\"vc_column-inner\"><div class=\"wpb_wrapper\"><div class=\"vc_btn3-container vc_btn3-center\" ><a class=\"vc_general vc_btn3 vc_btn3-size-md vc_btn3-shape-rounded vc_btn3-style-outline vc_btn3-block vc_btn3-color-blue\" href=\"https:\/\/cankepa.com\/nuestras-casas-marruecos\/\" title=\"\">Nuestras casas en Marruecos<\/a><\/div><\/div><\/div><\/div><\/div><div class=\"vc_row wpb_row vc_row-fluid\"><div class=\"wpb_column vc_column_container vc_col-sm-12\"><div class=\"vc_column-inner\"><div class=\"wpb_wrapper\">\n\t<div  class=\"wpb_single_image wpb_content_element vc_align_center\">\n\t\t\n\t\t<figure class=\"wpb_wrapper vc_figure\">\n\t\t\t<div class=\"vc_single_image-wrapper   vc_box_border_grey\"><img loading=\"lazy\" decoding=\"async\" width=\"1280\" height=\"604\" src=\"https:\/\/cankepa.com\/wp-content\/uploads\/2021\/01\/Can-Kepa-rural-houses-villas-for-rent-alquiler-casas-rurales-majorca-mallorca-morocco-marruecos-logo-sassem.jpg\" class=\"vc_single_image-img attachment-full\" alt=\"\" title=\"Ca&#039;n Kepa \u00b7 Valle de Sassem \u00b7 Marruecos\" srcset=\"https:\/\/cankepa.com\/wp-content\/uploads\/2021\/01\/Can-Kepa-rural-houses-villas-for-rent-alquiler-casas-rurales-majorca-mallorca-morocco-marruecos-logo-sassem.jpg 1280w, https:\/\/cankepa.com\/wp-content\/uploads\/2021\/01\/Can-Kepa-rural-houses-villas-for-rent-alquiler-casas-rurales-majorca-mallorca-morocco-marruecos-logo-sassem-300x142.jpg 300w, https:\/\/cankepa.com\/wp-content\/uploads\/2021\/01\/Can-Kepa-rural-houses-villas-for-rent-alquiler-casas-rurales-majorca-mallorca-morocco-marruecos-logo-sassem-1024x483.jpg 1024w, https:\/\/cankepa.com\/wp-content\/uploads\/2021\/01\/Can-Kepa-rural-houses-villas-for-rent-alquiler-casas-rurales-majorca-mallorca-morocco-marruecos-logo-sassem-768x362.jpg 768w, https:\/\/cankepa.com\/wp-content\/uploads\/2021\/01\/Can-Kepa-rural-houses-villas-for-rent-alquiler-casas-rurales-majorca-mallorca-morocco-marruecos-logo-sassem-80x38.jpg 80w, https:\/\/cankepa.com\/wp-content\/uploads\/2021\/01\/Can-Kepa-rural-houses-villas-for-rent-alquiler-casas-rurales-majorca-mallorca-morocco-marruecos-logo-sassem-16x8.jpg 16w\" sizes=\"(max-width: 1280px) 100vw, 1280px\" \/><\/div>\n\t\t<\/figure>\n\t<\/div>\n<\/div><\/div><\/div><\/div><\/section><section class=\"vc_section\"><div class=\"vc_row wpb_row vc_row-fluid\"><div class=\"wpb_column vc_column_container vc_col-sm-12\"><div class=\"vc_column-inner\"><div class=\"wpb_wrapper\">\n\t<div class=\"wpb_text_column wpb_content_element \" >\n\t\t<div class=\"wpb_wrapper\">\n\t\t\t<h1 style=\"text-align: center;\">Casas rurales de alquiler de Ca\u2019n Kepa<\/h1>\n<h1 style=\"text-align: center;\">en Marruecos.<\/h1>\n\n\t\t<\/div>\n\t<\/div>\n<\/div><\/div><\/div><\/div><div class=\"vc_row wpb_row vc_row-fluid\"><div class=\"wpb_column vc_column_container vc_col-sm-2\"><div class=\"vc_column-inner\"><div class=\"wpb_wrapper\"><\/div><\/div><\/div><div class=\"wpb_column vc_column_container vc_col-sm-8\"><div class=\"vc_column-inner\"><div class=\"wpb_wrapper\">\n\t<div class=\"wpb_text_column wpb_content_element \" >\n\t\t<div class=\"wpb_wrapper\">\n\t\t\t<p>Descubre nuestros campamentos m\u00e1s escondidos donde puedes desconectar unos d\u00edas y perderte en otro ritmo de\u00a0 vida m\u00e1s pausado y tranquilo. Si el ritmo de vida de Marruecos es en general m\u00e1s relajado que el europeo, el del campo marroqu\u00ed \u00a1est\u00e1 a otro nivel! Vuelve a tu casa siendo otro, con esa sensaci\u00f3n\u00a0 de haber estado en otro mundo.<\/p>\n<p>Convive con una comunidad rural tradicional marroqu\u00ed y su forma de vida apacible y tranquila.<\/p>\n<p>Casas rurales completamente equipadas para que no te falte de nada durante tu estancia.<\/p>\n<h5 style=\"text-align: center;\">Ven a pasar una temporada a nuestras casas y descubre esta parte no tan conocida del pa\u00eds .<\/h5>\n\n\t\t<\/div>\n\t<\/div>\n<\/div><\/div><\/div><div class=\"wpb_column vc_column_container vc_col-sm-2\"><div class=\"vc_column-inner\"><div class=\"wpb_wrapper\"><\/div><\/div><\/div><\/div><\/section><section class=\"vc_section\"><div class=\"vc_row wpb_row vc_row-fluid\"><div class=\"wpb_column vc_column_container vc_col-sm-4\"><div class=\"vc_column-inner\"><div class=\"wpb_wrapper\">\n\t<div class=\"wpb_text_column wpb_content_element  vc_custom_1610043165124\" >\n\t\t<div class=\"wpb_wrapper\">\n\t\t\t<p style=\"text-align: center;\"><span style=\"color: #ffffff;\"><strong>Independencia de movimiento<\/strong><\/span><\/p>\n\n\t\t<\/div>\n\t<\/div>\n\n\t<div class=\"wpb_text_column wpb_content_element  vc_custom_1610043213170\" >\n\t\t<div class=\"wpb_wrapper\">\n\t\t\t<p style=\"text-align: center;\">Te damos las llaves de casa y toda la informaci\u00f3n necesaria para que t\u00fa te muevas a tu aire.<\/p>\n\n\t\t<\/div>\n\t<\/div>\n<\/div><\/div><\/div><div class=\"wpb_column vc_column_container vc_col-sm-4\"><div class=\"vc_column-inner\"><div class=\"wpb_wrapper\">\n\t<div class=\"wpb_text_column wpb_content_element  vc_custom_1610043176250\" >\n\t\t<div class=\"wpb_wrapper\">\n\t\t\t<p style=\"text-align: center;\"><span style=\"color: #ffffff;\"><strong>Atenci\u00f3n 24 h<\/strong><\/span><\/p>\n\n\t\t<\/div>\n\t<\/div>\n\n\t<div class=\"wpb_text_column wpb_content_element  vc_custom_1610043226415\" >\n\t\t<div class=\"wpb_wrapper\">\n\t\t\t<p style=\"text-align: center;\">Nos tienes a un toque de tel\u00e9fono, para lo que necesites, para lo que quieras, cuando quieras.<\/p>\n\n\t\t<\/div>\n\t<\/div>\n<\/div><\/div><\/div><div class=\"wpb_column vc_column_container vc_col-sm-4\"><div class=\"vc_column-inner\"><div class=\"wpb_wrapper\">\n\t<div class=\"wpb_text_column wpb_content_element  vc_custom_1610043190825\" >\n\t\t<div class=\"wpb_wrapper\">\n\t\t\t<p style=\"text-align: center;\"><span style=\"color: #ffffff;\"><strong>Trato personalizado<\/strong><\/span><\/p>\n\n\t\t<\/div>\n\t<\/div>\n\n\t<div class=\"wpb_text_column wpb_content_element  vc_custom_1610043243208\" >\n\t\t<div class=\"wpb_wrapper\">\n\t\t\t<p style=\"text-align: center;\">Nos adaptamos a ti. Te aconsejaremos sobre los sitios, la cultura y la gastronom\u00eda local.<\/p>\n\n\t\t<\/div>\n\t<\/div>\n<\/div><\/div><\/div><\/div><\/section><section class=\"vc_section\"><div class=\"vc_row wpb_row vc_row-fluid\"><div class=\"wpb_column vc_column_container vc_col-sm-2\"><div class=\"vc_column-inner\"><div class=\"wpb_wrapper\"><\/div><\/div><\/div><div class=\"wpb_column vc_column_container vc_col-sm-8\"><div class=\"vc_column-inner\"><div class=\"wpb_wrapper\">\n\t<div class=\"wpb_text_column wpb_content_element \" >\n\t\t<div class=\"wpb_wrapper\">\n\t\t\t<h3 style=\"text-align: center;\">Aldea de el-Kuf<\/h3>\n\n\t\t<\/div>\n\t<\/div>\n\n\t<div class=\"wpb_text_column wpb_content_element \" >\n\t\t<div class=\"wpb_wrapper\">\n\t\t\t<p style=\"text-align: left;\">Casas rurales de alquiler tur\u00edstico bien equipadas en el-Kuf, una agradable aldea en la monta\u00f1a a veinte minutos en coche de M&#8217;diq (Rinc\u00f3n) y a treinta minutos de la ciudad de Tetu\u00e1n.<\/p>\n<p style=\"text-align: left;\">El-Kuf es una aldea de mil quinientas personas donde puedes experimentar la convivencia con una comunidad rural tradicional marroqu\u00ed. El-Kuf est\u00e1 comunicada con el resto de aldeas al rededor de la monta\u00f1a Fath Lemhar por rutas de senderismo marcadas, la ruta se extiende hasta la ciudad de Tetu\u00e1n.<\/p>\n<p style=\"text-align: left;\">Disfruta unos d\u00edas asilvestr\u00e1ndote en la monta\u00f1a sabiendo que est\u00e1s cerca de las principales ciudades y pueblos del norte de Marruecos.<\/p>\n<p style=\"text-align: left;\">\u00a1Tienes un mont\u00f3n de cosas por descubrir!<\/p>\n\n\t\t<\/div>\n\t<\/div>\n<\/div><\/div><\/div><div class=\"wpb_column vc_column_container vc_col-sm-2\"><div class=\"vc_column-inner\"><div class=\"wpb_wrapper\"><\/div><\/div><\/div><\/div><\/section><section data-vc-full-width=\"true\" data-vc-full-width-init=\"false\" class=\"vc_section\"><div class=\"vc_row wpb_row vc_row-fluid\"><div class=\"wpb_column vc_column_container vc_col-sm-12\"><div class=\"vc_column-inner\"><div class=\"wpb_wrapper\">\n\t<div class=\"wpb_text_column wpb_content_element \" >\n\t\t<div class=\"wpb_wrapper\">\n\t\t\t<h3 style=\"text-align: center;\"><span style=\"color: #66b80f;\">\u00b7\u00b7 Casa Azul \u00b7\u00b7<\/span><\/h3>\n\n\t\t<\/div>\n\t<\/div>\n\n\t<div class=\"wpb_text_column wpb_content_element \" >\n\t\t<div class=\"wpb_wrapper\">\n\t\t\t<h4 style=\"text-align: center;\"><span style=\"color: #808080;\">\u00b7 il-Kuf el-Fouki \u00b7<\/span><\/h4>\n<h6 style=\"text-align: center;\"><span style=\"color: #999999;\">(el-Kuf de arriba)<\/span><\/h6>\n\n\t\t<\/div>\n\t<\/div>\n<\/div><\/div><\/div><\/div><div class=\"vc_row wpb_row vc_row-fluid vc_rtl-columns-reverse\"><div class=\"wpb_column vc_column_container vc_col-sm-6\"><div class=\"vc_column-inner\"><div class=\"wpb_wrapper\">\n\t<div  class=\"wpb_single_image wpb_content_element vc_align_left\">\n\t\t\n\t\t<figure class=\"wpb_wrapper vc_figure\">\n\t\t\t<a href=\"https:\/\/cankepa.com\/casa-rural-azul-alquiler-turistico-kuf-marruecos\/\" target=\"_self\" class=\"vc_single_image-wrapper   vc_box_border_grey\"><img loading=\"lazy\" decoding=\"async\" width=\"1024\" height=\"768\" src=\"https:\/\/cankepa.com\/wp-content\/uploads\/2020\/05\/alquiler-casa-rural-marruecos-kuf-rincon-tetuan-azul-01-Can-Kepa-1024x768.jpg\" class=\"vc_single_image-img attachment-large\" alt=\"\" title=\"alquiler-casa-rural-marruecos-kuf-rincon-tetuan-azul-01-Can-Kepa\" srcset=\"https:\/\/cankepa.com\/wp-content\/uploads\/2020\/05\/alquiler-casa-rural-marruecos-kuf-rincon-tetuan-azul-01-Can-Kepa-1024x768.jpg 1024w, https:\/\/cankepa.com\/wp-content\/uploads\/2020\/05\/alquiler-casa-rural-marruecos-kuf-rincon-tetuan-azul-01-Can-Kepa-300x225.jpg 300w, https:\/\/cankepa.com\/wp-content\/uploads\/2020\/05\/alquiler-casa-rural-marruecos-kuf-rincon-tetuan-azul-01-Can-Kepa-768x576.jpg 768w, https:\/\/cankepa.com\/wp-content\/uploads\/2020\/05\/alquiler-casa-rural-marruecos-kuf-rincon-tetuan-azul-01-Can-Kepa-80x60.jpg 80w, https:\/\/cankepa.com\/wp-content\/uploads\/2020\/05\/alquiler-casa-rural-marruecos-kuf-rincon-tetuan-azul-01-Can-Kepa-1536x1152.jpg 1536w, https:\/\/cankepa.com\/wp-content\/uploads\/2020\/05\/alquiler-casa-rural-marruecos-kuf-rincon-tetuan-azul-01-Can-Kepa-16x12.jpg 16w, https:\/\/cankepa.com\/wp-content\/uploads\/2020\/05\/alquiler-casa-rural-marruecos-kuf-rincon-tetuan-azul-01-Can-Kepa.jpg 1920w\" sizes=\"(max-width: 1024px) 100vw, 1024px\" \/><\/a>\n\t\t<\/figure>\n\t<\/div>\n<\/div><\/div><\/div><div class=\"wpb_column vc_column_container vc_col-sm-6\"><div class=\"vc_column-inner\"><div class=\"wpb_wrapper\"><div class=\"vc_row wpb_row vc_inner vc_row-fluid\"><div class=\"wpb_column vc_column_container vc_col-sm-1\/5\"><div class=\"vc_column-inner\"><div class=\"wpb_wrapper\"><div class=\"vc_icon_element vc_icon_element-outer vc_icon_element-align-center vc_icon_element-have-style\"><div class=\"vc_icon_element-inner vc_icon_element-color-green vc_icon_element-have-style-inner vc_icon_element-size-sm vc_icon_element-style-rounded-outline vc_icon_element-outline vc_icon_element-background-color-grey\" ><span class=\"vc_icon_element-icon fas fa-home\" ><\/span><\/div><\/div>\n\t<div class=\"wpb_text_column wpb_content_element \" >\n\t\t<div class=\"wpb_wrapper\">\n\t\t\t<p style=\"text-align: center;\">75 m\u00b2<\/p>\n\n\t\t<\/div>\n\t<\/div>\n<\/div><\/div><\/div><div class=\"wpb_column vc_column_container vc_col-sm-1\/5\"><div class=\"vc_column-inner\"><div class=\"wpb_wrapper\"><div class=\"vc_icon_element vc_icon_element-outer vc_icon_element-align-center vc_icon_element-have-style\"><div class=\"vc_icon_element-inner vc_icon_element-color-green vc_icon_element-have-style-inner vc_icon_element-size-sm vc_icon_element-style-rounded-outline vc_icon_element-outline vc_icon_element-background-color-grey\" ><span class=\"vc_icon_element-icon fas fa-users\" ><\/span><\/div><\/div>\n\t<div class=\"wpb_text_column wpb_content_element \" >\n\t\t<div class=\"wpb_wrapper\">\n\t\t\t<p style=\"text-align: center;\">5<br \/>\npersonas<\/p>\n\n\t\t<\/div>\n\t<\/div>\n<\/div><\/div><\/div><div class=\"wpb_column vc_column_container vc_col-sm-1\/5\"><div class=\"vc_column-inner\"><div class=\"wpb_wrapper\"><div class=\"vc_icon_element vc_icon_element-outer vc_icon_element-align-center vc_icon_element-have-style\"><div class=\"vc_icon_element-inner vc_icon_element-color-green vc_icon_element-have-style-inner vc_icon_element-size-sm vc_icon_element-style-rounded-outline vc_icon_element-outline vc_icon_element-background-color-grey\" ><span class=\"vc_icon_element-icon fas fa-door-open\" ><\/span><\/div><\/div>\n\t<div class=\"wpb_text_column wpb_content_element \" >\n\t\t<div class=\"wpb_wrapper\">\n\t\t\t<p style=\"text-align: center;\">2<br \/>\nhabitaciones<\/p>\n\n\t\t<\/div>\n\t<\/div>\n<\/div><\/div><\/div><div class=\"wpb_column vc_column_container vc_col-sm-1\/5\"><div class=\"vc_column-inner\"><div class=\"wpb_wrapper\"><div class=\"vc_icon_element vc_icon_element-outer vc_icon_element-align-center vc_icon_element-have-style\"><div class=\"vc_icon_element-inner vc_icon_element-color-green vc_icon_element-have-style-inner vc_icon_element-size-sm vc_icon_element-style-rounded-outline vc_icon_element-outline vc_icon_element-background-color-grey\" ><span class=\"vc_icon_element-icon fas fa-bath\" ><\/span><\/div><\/div>\n\t<div class=\"wpb_text_column wpb_content_element \" >\n\t\t<div class=\"wpb_wrapper\">\n\t\t\t<p style=\"text-align: center;\">1<br \/>\nba\u00f1o<\/p>\n\n\t\t<\/div>\n\t<\/div>\n<\/div><\/div><\/div><div class=\"wpb_column vc_column_container vc_col-sm-1\/5\"><div class=\"vc_column-inner\"><div class=\"wpb_wrapper\"><div class=\"vc_icon_element vc_icon_element-outer vc_icon_element-align-center vc_icon_element-have-style\"><div class=\"vc_icon_element-inner vc_icon_element-color-green vc_icon_element-have-style-inner vc_icon_element-size-sm vc_icon_element-style-rounded-outline vc_icon_element-outline vc_icon_element-background-color-grey\" ><span class=\"vc_icon_element-icon fas fa-mountain\" ><\/span><\/div><\/div>\n\t<div class=\"wpb_text_column wpb_content_element \" >\n\t\t<div class=\"wpb_wrapper\">\n\t\t\t<p style=\"text-align: center;\">En la monta\u00f1a<\/p>\n\n\t\t<\/div>\n\t<\/div>\n<\/div><\/div><\/div><\/div>\n\t<div class=\"wpb_text_column wpb_content_element \" >\n\t\t<div class=\"wpb_wrapper\">\n\t\t\t<p style=\"text-align: left;\">Casa rural para cinco personas ubicada en el centro de el-Kuf de arriba.<\/p>\n<p style=\"text-align: left;\">Casa con chimenea cerrada de le\u00f1a, para que est\u00e9s bien a gusto en invierno, y una terraza donde podr\u00e1s estar a la fresca en verano.\u00a0 \u00a1Levantate con los sonidos de la naturaleza durante todo el a\u00f1o!<\/p>\n<p style=\"text-align: left;\">La casa est\u00e1 en la misma finca que la Casa de Ena de Ca&#8217;n Kepa.<\/p>\n\n\t\t<\/div>\n\t<\/div>\n<\/div><\/div><\/div><\/div><\/section><div class=\"vc_row-full-width vc_clearfix\"><\/div><section data-vc-full-width=\"true\" data-vc-full-width-init=\"false\" class=\"vc_section\"><div class=\"vc_row wpb_row vc_row-fluid\"><div class=\"wpb_column vc_column_container vc_col-sm-12\"><div class=\"vc_column-inner\"><div class=\"wpb_wrapper\">\n\t<div class=\"wpb_text_column wpb_content_element \" >\n\t\t<div class=\"wpb_wrapper\">\n\t\t\t<h3 style=\"text-align: center;\"><span style=\"color: #66b80f;\">\u00b7\u00b7 Casa de Ena \u00b7\u00b7<\/span><\/h3>\n\n\t\t<\/div>\n\t<\/div>\n\n\t<div class=\"wpb_text_column wpb_content_element \" >\n\t\t<div class=\"wpb_wrapper\">\n\t\t\t<h4 style=\"text-align: center;\"><span style=\"color: #808080;\">\u00b7 il-Kuf el-Fouki \u00b7<\/span><\/h4>\n<h6 style=\"text-align: center;\"><span style=\"color: #999999;\">(el-Kuf de arriba)<\/span><\/h6>\n\n\t\t<\/div>\n\t<\/div>\n<\/div><\/div><\/div><\/div><div class=\"vc_row wpb_row vc_row-fluid\"><div class=\"wpb_column vc_column_container vc_col-sm-6\"><div class=\"vc_column-inner\"><div class=\"wpb_wrapper\">\n\t<div  class=\"wpb_single_image wpb_content_element vc_align_left\">\n\t\t\n\t\t<figure class=\"wpb_wrapper vc_figure\">\n\t\t\t<a href=\"https:\/\/cankepa.com\/casa-rural-ena-alquiler-turistico-kuf-marruecos\/\" target=\"_self\" class=\"vc_single_image-wrapper   vc_box_border_grey\"><img loading=\"lazy\" decoding=\"async\" width=\"1024\" height=\"768\" src=\"https:\/\/cankepa.com\/wp-content\/uploads\/2020\/04\/alquiler-casa-rural-marruecos-kuf-rincon-tetuan-ena-01-Can-Kepa-1024x768.jpg\" class=\"vc_single_image-img attachment-large\" alt=\"\" title=\"alquiler-casa-rural-marruecos-kuf-rincon-tetuan-ena-01-Can-Kepa\" srcset=\"https:\/\/cankepa.com\/wp-content\/uploads\/2020\/04\/alquiler-casa-rural-marruecos-kuf-rincon-tetuan-ena-01-Can-Kepa-1024x768.jpg 1024w, https:\/\/cankepa.com\/wp-content\/uploads\/2020\/04\/alquiler-casa-rural-marruecos-kuf-rincon-tetuan-ena-01-Can-Kepa-300x225.jpg 300w, https:\/\/cankepa.com\/wp-content\/uploads\/2020\/04\/alquiler-casa-rural-marruecos-kuf-rincon-tetuan-ena-01-Can-Kepa-768x576.jpg 768w, https:\/\/cankepa.com\/wp-content\/uploads\/2020\/04\/alquiler-casa-rural-marruecos-kuf-rincon-tetuan-ena-01-Can-Kepa-80x60.jpg 80w, https:\/\/cankepa.com\/wp-content\/uploads\/2020\/04\/alquiler-casa-rural-marruecos-kuf-rincon-tetuan-ena-01-Can-Kepa-1536x1152.jpg 1536w, https:\/\/cankepa.com\/wp-content\/uploads\/2020\/04\/alquiler-casa-rural-marruecos-kuf-rincon-tetuan-ena-01-Can-Kepa-16x12.jpg 16w, https:\/\/cankepa.com\/wp-content\/uploads\/2020\/04\/alquiler-casa-rural-marruecos-kuf-rincon-tetuan-ena-01-Can-Kepa.jpg 1920w\" sizes=\"(max-width: 1024px) 100vw, 1024px\" \/><\/a>\n\t\t<\/figure>\n\t<\/div>\n<\/div><\/div><\/div><div class=\"wpb_column vc_column_container vc_col-sm-6\"><div class=\"vc_column-inner\"><div class=\"wpb_wrapper\"><div class=\"vc_row wpb_row vc_inner vc_row-fluid\"><div class=\"wpb_column vc_column_container vc_col-sm-1\/5\"><div class=\"vc_column-inner\"><div class=\"wpb_wrapper\"><div class=\"vc_icon_element vc_icon_element-outer vc_icon_element-align-center vc_icon_element-have-style\"><div class=\"vc_icon_element-inner vc_icon_element-color-green vc_icon_element-have-style-inner vc_icon_element-size-sm vc_icon_element-style-rounded-outline vc_icon_element-outline vc_icon_element-background-color-grey\" ><span class=\"vc_icon_element-icon fas fa-home\" ><\/span><\/div><\/div>\n\t<div class=\"wpb_text_column wpb_content_element \" >\n\t\t<div class=\"wpb_wrapper\">\n\t\t\t<p style=\"text-align: center;\">25 m\u00b2<\/p>\n\n\t\t<\/div>\n\t<\/div>\n<\/div><\/div><\/div><div class=\"wpb_column vc_column_container vc_col-sm-1\/5\"><div class=\"vc_column-inner\"><div class=\"wpb_wrapper\"><div class=\"vc_icon_element vc_icon_element-outer vc_icon_element-align-center vc_icon_element-have-style\"><div class=\"vc_icon_element-inner vc_icon_element-color-green vc_icon_element-have-style-inner vc_icon_element-size-sm vc_icon_element-style-rounded-outline vc_icon_element-outline vc_icon_element-background-color-grey\" ><span class=\"vc_icon_element-icon fas fa-users\" ><\/span><\/div><\/div>\n\t<div class=\"wpb_text_column wpb_content_element \" >\n\t\t<div class=\"wpb_wrapper\">\n\t\t\t<p style=\"text-align: center;\">4<br \/>\npersonas<\/p>\n\n\t\t<\/div>\n\t<\/div>\n<\/div><\/div><\/div><div class=\"wpb_column vc_column_container vc_col-sm-1\/5\"><div class=\"vc_column-inner\"><div class=\"wpb_wrapper\"><div class=\"vc_icon_element vc_icon_element-outer vc_icon_element-align-center vc_icon_element-have-style\"><div class=\"vc_icon_element-inner vc_icon_element-color-green vc_icon_element-have-style-inner vc_icon_element-size-sm vc_icon_element-style-rounded-outline vc_icon_element-outline vc_icon_element-background-color-grey\" ><span class=\"vc_icon_element-icon fas fa-door-open\" ><\/span><\/div><\/div>\n\t<div class=\"wpb_text_column wpb_content_element \" >\n\t\t<div class=\"wpb_wrapper\">\n\t\t\t<p style=\"text-align: center;\">2<br \/>\nhabitaciones<\/p>\n\n\t\t<\/div>\n\t<\/div>\n<\/div><\/div><\/div><div class=\"wpb_column vc_column_container vc_col-sm-1\/5\"><div class=\"vc_column-inner\"><div class=\"wpb_wrapper\"><div class=\"vc_icon_element vc_icon_element-outer vc_icon_element-align-center vc_icon_element-have-style\"><div class=\"vc_icon_element-inner vc_icon_element-color-green vc_icon_element-have-style-inner vc_icon_element-size-sm vc_icon_element-style-rounded-outline vc_icon_element-outline vc_icon_element-background-color-grey\" ><span class=\"vc_icon_element-icon fas fa-bath\" ><\/span><\/div><\/div>\n\t<div class=\"wpb_text_column wpb_content_element \" >\n\t\t<div class=\"wpb_wrapper\">\n\t\t\t<p style=\"text-align: center;\">1<br \/>\nba\u00f1o<\/p>\n\n\t\t<\/div>\n\t<\/div>\n<\/div><\/div><\/div><div class=\"wpb_column vc_column_container vc_col-sm-1\/5\"><div class=\"vc_column-inner\"><div class=\"wpb_wrapper\"><div class=\"vc_icon_element vc_icon_element-outer vc_icon_element-align-center vc_icon_element-have-style\"><div class=\"vc_icon_element-inner vc_icon_element-color-green vc_icon_element-have-style-inner vc_icon_element-size-sm vc_icon_element-style-rounded-outline vc_icon_element-outline vc_icon_element-background-color-grey\" ><span class=\"vc_icon_element-icon fas fa-mountain\" ><\/span><\/div><\/div>\n\t<div class=\"wpb_text_column wpb_content_element \" >\n\t\t<div class=\"wpb_wrapper\">\n\t\t\t<p style=\"text-align: center;\">En la monta\u00f1a<\/p>\n\n\t\t<\/div>\n\t<\/div>\n<\/div><\/div><\/div><\/div>\n\t<div class=\"wpb_text_column wpb_content_element \" >\n\t\t<div class=\"wpb_wrapper\">\n\t\t\t<p style=\"text-align: left;\">Acojedora peque\u00f1a casa rural con altillo para cuatro personas ubicada en el centro de el-Kuf de arriba.<\/p>\n<p style=\"text-align: left;\">La casa cuenta con una chimenea cerrada de le\u00f1a para que no pases fr\u00edo en invierno. En verano no hace nada de calor en el porche con la brisa fresca de la monta\u00f1a. Tambi\u00e9n podr\u00e1s descansar sentado a la fresca al lado del riachuelo que delimita la finca.<\/p>\n<p style=\"text-align: left;\">La casa casa se encuentra en la misma finca que la Casa de Azul de Ca&#8217;n Kepa.<\/p>\n\n\t\t<\/div>\n\t<\/div>\n<\/div><\/div><\/div><\/div><\/section><div class=\"vc_row-full-width vc_clearfix\"><\/div><section data-vc-full-width=\"true\" data-vc-full-width-init=\"false\" class=\"vc_section\"><div class=\"vc_row wpb_row vc_row-fluid\"><div class=\"wpb_column vc_column_container vc_col-sm-12\"><div class=\"vc_column-inner\"><div class=\"wpb_wrapper\">\n\t<div class=\"wpb_text_column wpb_content_element \" >\n\t\t<div class=\"wpb_wrapper\">\n\t\t\t<h3 style=\"text-align: center;\"><span style=\"color: #66b80f;\">\u00b7\u00b7 Casa de piedra \u00b7\u00b7<\/span><\/h3>\n\n\t\t<\/div>\n\t<\/div>\n\n\t<div class=\"wpb_text_column wpb_content_element \" >\n\t\t<div class=\"wpb_wrapper\">\n\t\t\t<h4 style=\"text-align: center;\"><span style=\"color: #808080;\">\u00b7 il-Kuf el-Fouki \u00b7<\/span><\/h4>\n<h6 style=\"text-align: center;\"><span style=\"color: #999999;\">(el-Kuf de arriba)<\/span><\/h6>\n\n\t\t<\/div>\n\t<\/div>\n<\/div><\/div><\/div><\/div><div class=\"vc_row wpb_row vc_row-fluid\"><div class=\"wpb_column vc_column_container vc_col-sm-6\"><div class=\"vc_column-inner\"><div class=\"wpb_wrapper\">\n\t<div  class=\"wpb_single_image wpb_content_element vc_align_left\">\n\t\t\n\t\t<figure class=\"wpb_wrapper vc_figure\">\n\t\t\t<a href=\"https:\/\/cankepa.com\/casa-rural-piedra-alquiler-turistico-kuf-marruecos\/\" target=\"_self\" class=\"vc_single_image-wrapper   vc_box_border_grey\"><img loading=\"lazy\" decoding=\"async\" width=\"1024\" height=\"768\" src=\"https:\/\/cankepa.com\/wp-content\/uploads\/2020\/04\/alquiler-casa-rural-marruecos-kuf-rincon-tetuan-piedra-01-Can-Kepa-1024x768.jpg\" class=\"vc_single_image-img attachment-large\" alt=\"\" title=\"alquiler-casa-rural-marruecos-kuf-rincon-tetuan-piedra-01-Can-Kepa\" srcset=\"https:\/\/cankepa.com\/wp-content\/uploads\/2020\/04\/alquiler-casa-rural-marruecos-kuf-rincon-tetuan-piedra-01-Can-Kepa-1024x768.jpg 1024w, https:\/\/cankepa.com\/wp-content\/uploads\/2020\/04\/alquiler-casa-rural-marruecos-kuf-rincon-tetuan-piedra-01-Can-Kepa-300x225.jpg 300w, https:\/\/cankepa.com\/wp-content\/uploads\/2020\/04\/alquiler-casa-rural-marruecos-kuf-rincon-tetuan-piedra-01-Can-Kepa-768x576.jpg 768w, https:\/\/cankepa.com\/wp-content\/uploads\/2020\/04\/alquiler-casa-rural-marruecos-kuf-rincon-tetuan-piedra-01-Can-Kepa-80x60.jpg 80w, https:\/\/cankepa.com\/wp-content\/uploads\/2020\/04\/alquiler-casa-rural-marruecos-kuf-rincon-tetuan-piedra-01-Can-Kepa-1536x1152.jpg 1536w, https:\/\/cankepa.com\/wp-content\/uploads\/2020\/04\/alquiler-casa-rural-marruecos-kuf-rincon-tetuan-piedra-01-Can-Kepa-16x12.jpg 16w, https:\/\/cankepa.com\/wp-content\/uploads\/2020\/04\/alquiler-casa-rural-marruecos-kuf-rincon-tetuan-piedra-01-Can-Kepa.jpg 1920w\" sizes=\"(max-width: 1024px) 100vw, 1024px\" \/><\/a>\n\t\t<\/figure>\n\t<\/div>\n<\/div><\/div><\/div><div class=\"wpb_column vc_column_container vc_col-sm-6\"><div class=\"vc_column-inner\"><div class=\"wpb_wrapper\"><div class=\"vc_separator wpb_content_element vc_separator_align_center vc_sep_width_100 vc_sep_pos_align_center vc_separator_no_text vc_sep_color_grey\" ><span class=\"vc_sep_holder vc_sep_holder_l\"><span class=\"vc_sep_line\"><\/span><\/span><span class=\"vc_sep_holder vc_sep_holder_r\"><span class=\"vc_sep_line\"><\/span><\/span>\n<\/div><div class=\"vc_row wpb_row vc_inner vc_row-fluid\"><div class=\"wpb_column vc_column_container vc_col-sm-1\/5\"><div class=\"vc_column-inner\"><div class=\"wpb_wrapper\"><div class=\"vc_icon_element vc_icon_element-outer vc_icon_element-align-center vc_icon_element-have-style\"><div class=\"vc_icon_element-inner vc_icon_element-color-green vc_icon_element-have-style-inner vc_icon_element-size-sm vc_icon_element-style-rounded-outline vc_icon_element-outline vc_icon_element-background-color-grey\" ><span class=\"vc_icon_element-icon fas fa-home\" ><\/span><\/div><\/div>\n\t<div class=\"wpb_text_column wpb_content_element \" >\n\t\t<div class=\"wpb_wrapper\">\n\t\t\t<p style=\"text-align: center;\">70 m\u00b2<\/p>\n\n\t\t<\/div>\n\t<\/div>\n<\/div><\/div><\/div><div class=\"wpb_column vc_column_container vc_col-sm-1\/5\"><div class=\"vc_column-inner\"><div class=\"wpb_wrapper\"><div class=\"vc_icon_element vc_icon_element-outer vc_icon_element-align-center vc_icon_element-have-style\"><div class=\"vc_icon_element-inner vc_icon_element-color-green vc_icon_element-have-style-inner vc_icon_element-size-sm vc_icon_element-style-rounded-outline vc_icon_element-outline vc_icon_element-background-color-grey\" ><span class=\"vc_icon_element-icon fas fa-users\" ><\/span><\/div><\/div>\n\t<div class=\"wpb_text_column wpb_content_element \" >\n\t\t<div class=\"wpb_wrapper\">\n\t\t\t<p style=\"text-align: center;\">&#8211;<br \/>\npersonas<\/p>\n\n\t\t<\/div>\n\t<\/div>\n<\/div><\/div><\/div><div class=\"wpb_column vc_column_container vc_col-sm-1\/5\"><div class=\"vc_column-inner\"><div class=\"wpb_wrapper\"><div class=\"vc_icon_element vc_icon_element-outer vc_icon_element-align-center vc_icon_element-have-style\"><div class=\"vc_icon_element-inner vc_icon_element-color-green vc_icon_element-have-style-inner vc_icon_element-size-sm vc_icon_element-style-rounded-outline vc_icon_element-outline vc_icon_element-background-color-grey\" ><span class=\"vc_icon_element-icon fas fa-door-open\" ><\/span><\/div><\/div>\n\t<div class=\"wpb_text_column wpb_content_element \" >\n\t\t<div class=\"wpb_wrapper\">\n\t\t\t<p style=\"text-align: center;\">3<br \/>\nhabitaciones<\/p>\n\n\t\t<\/div>\n\t<\/div>\n<\/div><\/div><\/div><div class=\"wpb_column vc_column_container vc_col-sm-1\/5\"><div class=\"vc_column-inner\"><div class=\"wpb_wrapper\"><div class=\"vc_icon_element vc_icon_element-outer vc_icon_element-align-center vc_icon_element-have-style\"><div class=\"vc_icon_element-inner vc_icon_element-color-green vc_icon_element-have-style-inner vc_icon_element-size-sm vc_icon_element-style-rounded-outline vc_icon_element-outline vc_icon_element-background-color-grey\" ><span class=\"vc_icon_element-icon fas fa-bath\" ><\/span><\/div><\/div>\n\t<div class=\"wpb_text_column wpb_content_element \" >\n\t\t<div class=\"wpb_wrapper\">\n\t\t\t<p style=\"text-align: center;\">2<br \/>\nba\u00f1os<\/p>\n\n\t\t<\/div>\n\t<\/div>\n<\/div><\/div><\/div><div class=\"wpb_column vc_column_container vc_col-sm-1\/5\"><div class=\"vc_column-inner\"><div class=\"wpb_wrapper\"><div class=\"vc_icon_element vc_icon_element-outer vc_icon_element-align-center vc_icon_element-have-style\"><div class=\"vc_icon_element-inner vc_icon_element-color-green vc_icon_element-have-style-inner vc_icon_element-size-sm vc_icon_element-style-rounded-outline vc_icon_element-outline vc_icon_element-background-color-grey\" ><span class=\"vc_icon_element-icon fas fa-eye\" ><\/span><\/div><\/div>\n\t<div class=\"wpb_text_column wpb_content_element \" >\n\t\t<div class=\"wpb_wrapper\">\n\t\t\t<p style=\"text-align: center;\">Vistas<br \/>\npanor\u00e1micas<\/p>\n\n\t\t<\/div>\n\t<\/div>\n<\/div><\/div><\/div><\/div>\n\t<div class=\"wpb_text_column wpb_content_element \" >\n\t\t<div class=\"wpb_wrapper\">\n\t\t\t<p style=\"text-align: left;\">Casa rural de alquiler tur\u00edstico ubicada en la parte alta de el-Kuf de arriba. La casa tiene un patio privado donde tendr\u00e1s total intimidad durante todo el a\u00f1o.<\/p>\n<p style=\"text-align: left;\">Esta es nuestra casa con las mejores vistas, desde Rio Martil en el sur siguiendo la costa hasta Ceuta al norte, y en los d\u00edas despejados puedes ver hasta Gibraltar. \u00a1Las vistas te dejar\u00e1n boquiabierto!<\/p>\n<p style=\"text-align: left;\">La casa casa se encuentra a quinientos metros de nuestras otras casas en la aldea, la Casa Azul y la Casa de Ena.<\/p>\n\n\t\t<\/div>\n\t<\/div>\n<\/div><\/div><\/div><\/div><\/section><div class=\"vc_row-full-width vc_clearfix\"><\/div><section data-vc-full-width=\"true\" data-vc-full-width-init=\"false\" class=\"vc_section\"><div class=\"vc_row wpb_row vc_row-fluid\"><div class=\"wpb_column vc_column_container vc_col-sm-12\"><div class=\"vc_column-inner\"><div class=\"wpb_wrapper\">\n\t<div class=\"wpb_text_column wpb_content_element \" >\n\t\t<div class=\"wpb_wrapper\">\n\t\t\t<h3 style=\"text-align: center;\"><span style=\"color: #999999;\">Valle de Sassem<\/span><\/h3>\n<p style=\"text-align: center;\">El acojedor valle de Sassem es una zona de el-Kuf un poco alejada de la aldea. Sassem est\u00e1 a treinta minutos andando monte abajo, a medio camino entre el-Kuf y el pantano Smir (Barrage Smir). Desde el valle tambi\u00e9n se puede llegar a la aldea en coche todoterreno en unos quince minutos.<\/p>\n\n\t\t<\/div>\n\t<\/div>\n\n\t<div class=\"wpb_text_column wpb_content_element \" >\n\t\t<div class=\"wpb_wrapper\">\n\t\t\t<h3 style=\"text-align: center;\"><span style=\"color: #66b80f;\">\u00b7\u00b7 Casa Sassem de Itziar \u00b7\u00b7<br \/>\n<\/span><\/h3>\n\n\t\t<\/div>\n\t<\/div>\n<\/div><\/div><\/div><\/div><div class=\"vc_row wpb_row vc_row-fluid vc_row-o-equal-height vc_row-flex\"><div class=\"wpb_column vc_column_container vc_col-sm-6\"><div class=\"vc_column-inner\"><div class=\"wpb_wrapper\">\n\t<div  class=\"wpb_single_image wpb_content_element vc_align_left\">\n\t\t\n\t\t<figure class=\"wpb_wrapper vc_figure\">\n\t\t\t<a href=\"https:\/\/cankepa.com\/casa-rural-sassem-itz-alquiler-turistico-kuf-marruecos\/\" target=\"_self\" class=\"vc_single_image-wrapper   vc_box_border_grey\"><img loading=\"lazy\" decoding=\"async\" width=\"1024\" height=\"768\" src=\"https:\/\/cankepa.com\/wp-content\/uploads\/2020\/04\/alquiler-casa-rural-marruecos-kuf-rincon-tetuan-sassem-itz-01-Can-Kepa-1024x768.jpg\" class=\"vc_single_image-img attachment-large\" alt=\"\" title=\"alquiler-casa-rural-marruecos-kuf-rincon-tetuan-sassem-itz-01-Can-Kepa\" srcset=\"https:\/\/cankepa.com\/wp-content\/uploads\/2020\/04\/alquiler-casa-rural-marruecos-kuf-rincon-tetuan-sassem-itz-01-Can-Kepa-1024x768.jpg 1024w, https:\/\/cankepa.com\/wp-content\/uploads\/2020\/04\/alquiler-casa-rural-marruecos-kuf-rincon-tetuan-sassem-itz-01-Can-Kepa-300x225.jpg 300w, https:\/\/cankepa.com\/wp-content\/uploads\/2020\/04\/alquiler-casa-rural-marruecos-kuf-rincon-tetuan-sassem-itz-01-Can-Kepa-768x576.jpg 768w, https:\/\/cankepa.com\/wp-content\/uploads\/2020\/04\/alquiler-casa-rural-marruecos-kuf-rincon-tetuan-sassem-itz-01-Can-Kepa-80x60.jpg 80w, https:\/\/cankepa.com\/wp-content\/uploads\/2020\/04\/alquiler-casa-rural-marruecos-kuf-rincon-tetuan-sassem-itz-01-Can-Kepa-1536x1152.jpg 1536w, https:\/\/cankepa.com\/wp-content\/uploads\/2020\/04\/alquiler-casa-rural-marruecos-kuf-rincon-tetuan-sassem-itz-01-Can-Kepa-16x12.jpg 16w, https:\/\/cankepa.com\/wp-content\/uploads\/2020\/04\/alquiler-casa-rural-marruecos-kuf-rincon-tetuan-sassem-itz-01-Can-Kepa.jpg 1920w\" sizes=\"(max-width: 1024px) 100vw, 1024px\" \/><\/a>\n\t\t<\/figure>\n\t<\/div>\n<\/div><\/div><\/div><div class=\"wpb_column vc_column_container vc_col-sm-6\"><div class=\"vc_column-inner\"><div class=\"wpb_wrapper\"><div class=\"vc_row wpb_row vc_inner vc_row-fluid\"><div class=\"wpb_column vc_column_container vc_col-sm-1\/5\"><div class=\"vc_column-inner\"><div class=\"wpb_wrapper\"><div class=\"vc_icon_element vc_icon_element-outer vc_icon_element-align-center vc_icon_element-have-style\"><div class=\"vc_icon_element-inner vc_icon_element-color-green vc_icon_element-have-style-inner vc_icon_element-size-sm vc_icon_element-style-rounded-outline vc_icon_element-outline vc_icon_element-background-color-grey\" ><span class=\"vc_icon_element-icon fas fa-home\" ><\/span><\/div><\/div>\n\t<div class=\"wpb_text_column wpb_content_element \" >\n\t\t<div class=\"wpb_wrapper\">\n\t\t\t<p style=\"text-align: center;\">80 m\u00b2<\/p>\n\n\t\t<\/div>\n\t<\/div>\n<\/div><\/div><\/div><div class=\"wpb_column vc_column_container vc_col-sm-1\/5\"><div class=\"vc_column-inner\"><div class=\"wpb_wrapper\"><div class=\"vc_icon_element vc_icon_element-outer vc_icon_element-align-center vc_icon_element-have-style\"><div class=\"vc_icon_element-inner vc_icon_element-color-green vc_icon_element-have-style-inner vc_icon_element-size-sm vc_icon_element-style-rounded-outline vc_icon_element-outline vc_icon_element-background-color-grey\" ><span class=\"vc_icon_element-icon fas fa-users\" ><\/span><\/div><\/div>\n\t<div class=\"wpb_text_column wpb_content_element \" >\n\t\t<div class=\"wpb_wrapper\">\n\t\t\t<p style=\"text-align: center;\">6<br \/>\npersonas<\/p>\n\n\t\t<\/div>\n\t<\/div>\n<\/div><\/div><\/div><div class=\"wpb_column vc_column_container vc_col-sm-1\/5\"><div class=\"vc_column-inner\"><div class=\"wpb_wrapper\"><div class=\"vc_icon_element vc_icon_element-outer vc_icon_element-align-center vc_icon_element-have-style\"><div class=\"vc_icon_element-inner vc_icon_element-color-green vc_icon_element-have-style-inner vc_icon_element-size-sm vc_icon_element-style-rounded-outline vc_icon_element-outline vc_icon_element-background-color-grey\" ><span class=\"vc_icon_element-icon fas fa-door-open\" ><\/span><\/div><\/div>\n\t<div class=\"wpb_text_column wpb_content_element \" >\n\t\t<div class=\"wpb_wrapper\">\n\t\t\t<p style=\"text-align: center;\">2<br \/>\nhabitaciones<\/p>\n\n\t\t<\/div>\n\t<\/div>\n<\/div><\/div><\/div><div class=\"wpb_column vc_column_container vc_col-sm-1\/5\"><div class=\"vc_column-inner\"><div class=\"wpb_wrapper\"><div class=\"vc_icon_element vc_icon_element-outer vc_icon_element-align-center vc_icon_element-have-style\"><div class=\"vc_icon_element-inner vc_icon_element-color-green vc_icon_element-have-style-inner vc_icon_element-size-sm vc_icon_element-style-rounded-outline vc_icon_element-outline vc_icon_element-background-color-grey\" ><span class=\"vc_icon_element-icon fas fa-bath\" ><\/span><\/div><\/div>\n\t<div class=\"wpb_text_column wpb_content_element \" >\n\t\t<div class=\"wpb_wrapper\">\n\t\t\t<p style=\"text-align: center;\">2<br \/>\nba\u00f1os<\/p>\n\n\t\t<\/div>\n\t<\/div>\n<\/div><\/div><\/div><div class=\"wpb_column vc_column_container vc_col-sm-1\/5\"><div class=\"vc_column-inner\"><div class=\"wpb_wrapper\"><div class=\"vc_icon_element vc_icon_element-outer vc_icon_element-align-center vc_icon_element-have-style\"><div class=\"vc_icon_element-inner vc_icon_element-color-green vc_icon_element-have-style-inner vc_icon_element-size-sm vc_icon_element-style-rounded-outline vc_icon_element-outline vc_icon_element-background-color-grey\" ><span class=\"vc_icon_element-icon fas fa-cube\" ><\/span><\/div><\/div>\n\t<div class=\"wpb_text_column wpb_content_element \" >\n\t\t<div class=\"wpb_wrapper\">\n\t\t\t<p style=\"text-align: center;\">Jard\u00edn<br \/>\nprivado<\/p>\n\n\t\t<\/div>\n\t<\/div>\n<\/div><\/div><\/div><\/div>\n\t<div class=\"wpb_text_column wpb_content_element \" >\n\t\t<div class=\"wpb_wrapper\">\n\t\t\t<p style=\"text-align: left;\">Casa rural para seis personas ubicada en el valle de Sassem cerca de la aldea de el-Kuf. La casa cuenta con dos chimeneas cerradas y mucha le\u00f1a en la finca para que el invierno en la casa sea agradable. La casa est\u00e1 dentro de un jard\u00edn privado con \u00e1rboles frutales y fuente de agua propia donde tendr\u00e1s absoluta privacidad.<\/p>\n<p>La casa se encuentra a cinco minutos andando de la casa Sassem de Pepe de Ca&#8217;n Kepa.<\/p>\n<p style=\"text-align: left;\">\u00a1Desconecta completamente en la naturaleza de nuestra casa!<\/p>\n\n\t\t<\/div>\n\t<\/div>\n<\/div><\/div><\/div><\/div><\/section><div class=\"vc_row-full-width vc_clearfix\"><\/div><section class=\"vc_section\"><div class=\"vc_row wpb_row vc_row-fluid\"><div class=\"wpb_column vc_column_container vc_col-sm-12\"><div class=\"vc_column-inner\"><div class=\"wpb_wrapper\">\n\t<div class=\"wpb_text_column wpb_content_element \" >\n\t\t<div class=\"wpb_wrapper\">\n\t\t\t<h3 style=\"text-align: center;\"><span style=\"color: #66b80f;\">\u00b7\u00b7 Casa Sassem de Pepe \u00b7\u00b7<\/span><\/h3>\n\n\t\t<\/div>\n\t<\/div>\n<\/div><\/div><\/div><\/div><div class=\"vc_row wpb_row vc_row-fluid vc_row-o-equal-height vc_row-flex\"><div class=\"wpb_column vc_column_container vc_col-sm-6\"><div class=\"vc_column-inner\"><div class=\"wpb_wrapper\">\n\t<div  class=\"wpb_single_image wpb_content_element vc_align_left\">\n\t\t\n\t\t<figure class=\"wpb_wrapper vc_figure\">\n\t\t\t<a href=\"https:\/\/cankepa.com\/casa-rural-sassem-pep-alquiler-turistico-kuf-marruecos\/\" target=\"_self\" class=\"vc_single_image-wrapper   vc_box_border_grey\"><img loading=\"lazy\" decoding=\"async\" width=\"1024\" height=\"768\" src=\"https:\/\/cankepa.com\/wp-content\/uploads\/2020\/04\/alquiler-casa-rural-marruecos-kuf-rincon-tetuan-sassem-pep-01-Can-Kepa-1024x768.jpg\" class=\"vc_single_image-img attachment-large\" alt=\"\" title=\"alquiler-casa-rural-marruecos-kuf-rincon-tetuan-sassem-pep-01-Can-Kepa\" srcset=\"https:\/\/cankepa.com\/wp-content\/uploads\/2020\/04\/alquiler-casa-rural-marruecos-kuf-rincon-tetuan-sassem-pep-01-Can-Kepa-1024x768.jpg 1024w, https:\/\/cankepa.com\/wp-content\/uploads\/2020\/04\/alquiler-casa-rural-marruecos-kuf-rincon-tetuan-sassem-pep-01-Can-Kepa-300x225.jpg 300w, https:\/\/cankepa.com\/wp-content\/uploads\/2020\/04\/alquiler-casa-rural-marruecos-kuf-rincon-tetuan-sassem-pep-01-Can-Kepa-768x576.jpg 768w, https:\/\/cankepa.com\/wp-content\/uploads\/2020\/04\/alquiler-casa-rural-marruecos-kuf-rincon-tetuan-sassem-pep-01-Can-Kepa-80x60.jpg 80w, https:\/\/cankepa.com\/wp-content\/uploads\/2020\/04\/alquiler-casa-rural-marruecos-kuf-rincon-tetuan-sassem-pep-01-Can-Kepa-1536x1152.jpg 1536w, https:\/\/cankepa.com\/wp-content\/uploads\/2020\/04\/alquiler-casa-rural-marruecos-kuf-rincon-tetuan-sassem-pep-01-Can-Kepa-16x12.jpg 16w, https:\/\/cankepa.com\/wp-content\/uploads\/2020\/04\/alquiler-casa-rural-marruecos-kuf-rincon-tetuan-sassem-pep-01-Can-Kepa.jpg 1920w\" sizes=\"(max-width: 1024px) 100vw, 1024px\" \/><\/a>\n\t\t<\/figure>\n\t<\/div>\n<\/div><\/div><\/div><div class=\"wpb_column vc_column_container vc_col-sm-6\"><div class=\"vc_column-inner\"><div class=\"wpb_wrapper\"><div class=\"vc_row wpb_row vc_inner vc_row-fluid\"><div class=\"wpb_column vc_column_container vc_col-sm-1\/5\"><div class=\"vc_column-inner\"><div class=\"wpb_wrapper\"><div class=\"vc_icon_element vc_icon_element-outer vc_icon_element-align-center vc_icon_element-have-style\"><div class=\"vc_icon_element-inner vc_icon_element-color-green vc_icon_element-have-style-inner vc_icon_element-size-sm vc_icon_element-style-rounded-outline vc_icon_element-outline vc_icon_element-background-color-grey\" ><span class=\"vc_icon_element-icon fas fa-home\" ><\/span><\/div><\/div>\n\t<div class=\"wpb_text_column wpb_content_element \" >\n\t\t<div class=\"wpb_wrapper\">\n\t\t\t<p style=\"text-align: center;\">50 m\u00b2<\/p>\n\n\t\t<\/div>\n\t<\/div>\n<\/div><\/div><\/div><div class=\"wpb_column vc_column_container vc_col-sm-1\/5\"><div class=\"vc_column-inner\"><div class=\"wpb_wrapper\"><div class=\"vc_icon_element vc_icon_element-outer vc_icon_element-align-center vc_icon_element-have-style\"><div class=\"vc_icon_element-inner vc_icon_element-color-green vc_icon_element-have-style-inner vc_icon_element-size-sm vc_icon_element-style-rounded-outline vc_icon_element-outline vc_icon_element-background-color-grey\" ><span class=\"vc_icon_element-icon fas fa-users\" ><\/span><\/div><\/div>\n\t<div class=\"wpb_text_column wpb_content_element \" >\n\t\t<div class=\"wpb_wrapper\">\n\t\t\t<p style=\"text-align: center;\">4<br \/>\npersonas<\/p>\n\n\t\t<\/div>\n\t<\/div>\n<\/div><\/div><\/div><div class=\"wpb_column vc_column_container vc_col-sm-1\/5\"><div class=\"vc_column-inner\"><div class=\"wpb_wrapper\"><div class=\"vc_icon_element vc_icon_element-outer vc_icon_element-align-center vc_icon_element-have-style\"><div class=\"vc_icon_element-inner vc_icon_element-color-green vc_icon_element-have-style-inner vc_icon_element-size-sm vc_icon_element-style-rounded-outline vc_icon_element-outline vc_icon_element-background-color-grey\" ><span class=\"vc_icon_element-icon fas fa-door-open\" ><\/span><\/div><\/div>\n\t<div class=\"wpb_text_column wpb_content_element \" >\n\t\t<div class=\"wpb_wrapper\">\n\t\t\t<p style=\"text-align: center;\">2<br \/>\nhabitaciones<\/p>\n\n\t\t<\/div>\n\t<\/div>\n<\/div><\/div><\/div><div class=\"wpb_column vc_column_container vc_col-sm-1\/5\"><div class=\"vc_column-inner\"><div class=\"wpb_wrapper\"><div class=\"vc_icon_element vc_icon_element-outer vc_icon_element-align-center vc_icon_element-have-style\"><div class=\"vc_icon_element-inner vc_icon_element-color-green vc_icon_element-have-style-inner vc_icon_element-size-sm vc_icon_element-style-rounded-outline vc_icon_element-outline vc_icon_element-background-color-grey\" ><span class=\"vc_icon_element-icon fas fa-bath\" ><\/span><\/div><\/div>\n\t<div class=\"wpb_text_column wpb_content_element \" >\n\t\t<div class=\"wpb_wrapper\">\n\t\t\t<p style=\"text-align: center;\">3<br \/>\nba\u00f1os<\/p>\n\n\t\t<\/div>\n\t<\/div>\n<\/div><\/div><\/div><div class=\"wpb_column vc_column_container vc_col-sm-1\/5\"><div class=\"vc_column-inner\"><div class=\"wpb_wrapper\"><div class=\"vc_icon_element vc_icon_element-outer vc_icon_element-align-center vc_icon_element-have-style\"><div class=\"vc_icon_element-inner vc_icon_element-color-green vc_icon_element-have-style-inner vc_icon_element-size-sm vc_icon_element-style-rounded-outline vc_icon_element-outline vc_icon_element-background-color-grey\" ><span class=\"vc_icon_element-icon fas fa-swimming-pool\" ><\/span><\/div><\/div>\n\t<div class=\"wpb_text_column wpb_content_element \" >\n\t\t<div class=\"wpb_wrapper\">\n\t\t\t<p style=\"text-align: center;\">Piscina<\/p>\n\n\t\t<\/div>\n\t<\/div>\n<\/div><\/div><\/div><\/div>\n\t<div class=\"wpb_text_column wpb_content_element \" >\n\t\t<div class=\"wpb_wrapper\">\n\t\t\t<p style=\"text-align: left;\">Casa rural para cuatro personas ubicada en el valle de Sassem cerca de la aldea de el-Kuf.<\/p>\n<p style=\"text-align: left;\">La casa cuenta con chimenea de le\u00f1a y mucha madera en la finca para que el invierno en la casa sea agradable. La casa tiene un patio privado con \u00e1rboles frutales y una peque\u00f1a piscina para refrescarte en verano con absoluta privacidad.<\/p>\n<p style=\"text-align: left;\">\u00a1Ven a nuestra casa, sum\u00e9rgete en la naturaleza del valle y desconecta completamente!<\/p>\n<p>La casa se encuentra a cinco minutos andando de la casa Sassem de Itziar de Ca&#8217;n Kepa.<\/p>\n<p style=\"text-align: left;\">\u00a1Desconecta completamente en la naturaleza de nuestra casa!<\/p>\n\n\t\t<\/div>\n\t<\/div>\n<\/div><\/div><\/div><\/div><\/section><div class=\"vc_row wpb_row vc_row-fluid\"><div class=\"wpb_column vc_column_container vc_col-sm-12\"><div class=\"vc_column-inner\"><div class=\"wpb_wrapper\">\n\t<div class=\"wpb_text_column wpb_content_element \" >\n\t\t<div class=\"wpb_wrapper\">\n\t\t\t<h5 style=\"text-align: center;\">\u00bfQu\u00e9 m\u00e1s quieres ver?<\/h5>\n\n\t\t<\/div>\n\t<\/div>\n<\/div><\/div><\/div><\/div><div class=\"vc_row wpb_row vc_row-fluid vc_row-o-content-middle vc_row-flex\"><div class=\"wpb_column vc_column_container vc_col-sm-1\/5\"><div class=\"vc_column-inner\"><div class=\"wpb_wrapper\"><div class=\"vc_btn3-container vc_btn3-center\" ><a class=\"vc_general vc_btn3 vc_btn3-size-md vc_btn3-shape-rounded vc_btn3-style-outline vc_btn3-block vc_btn3-color-blue\" href=\"https:\/\/cankepa.com\/nuestras-casas-alquiler\/\" title=\"\">Ens\u00e9\u00f1ame todas las casas<\/a><\/div><\/div><\/div><\/div><div class=\"wpb_column vc_column_container vc_col-sm-1\/5\"><div class=\"vc_column-inner\"><div class=\"wpb_wrapper\"><div class=\"vc_btn3-container vc_btn3-center\" ><a class=\"vc_general vc_btn3 vc_btn3-size-md vc_btn3-shape-rounded vc_btn3-style-outline vc_btn3-block vc_btn3-color-blue\" href=\"https:\/\/cankepa.com\/nuestras-villas\/\" title=\"\">Me interesa ver las villas<\/a><\/div><\/div><\/div><\/div><div class=\"wpb_column vc_column_container vc_col-sm-1\/5\"><div class=\"vc_column-inner\"><div class=\"wpb_wrapper\"><div class=\"vc_btn3-container vc_btn3-center\" ><button style=\"background-color:#66b80f; color:#ffffff;\" class=\"vc_general vc_btn3 vc_btn3-size-md vc_btn3-shape-rounded vc_btn3-style-custom vc_btn3-block\">Quiero ver las casas rurales<\/button><\/div><\/div><\/div><\/div><div class=\"wpb_column vc_column_container vc_col-sm-1\/5\"><div class=\"vc_column-inner\"><div class=\"wpb_wrapper\"><div class=\"vc_btn3-container vc_btn3-center\" ><a class=\"vc_general vc_btn3 vc_btn3-size-md vc_btn3-shape-rounded vc_btn3-style-outline vc_btn3-block vc_btn3-color-blue\" href=\"https:\/\/cankepa.com\/nuestras-casas-mallorca\/\" title=\"\">Me interesa Mallorca<\/a><\/div><\/div><\/div><\/div><div class=\"wpb_column vc_column_container vc_col-sm-1\/5\"><div class=\"vc_column-inner\"><div class=\"wpb_wrapper\"><div class=\"vc_btn3-container vc_btn3-center\" ><a class=\"vc_general vc_btn3 vc_btn3-size-md vc_btn3-shape-rounded vc_btn3-style-outline vc_btn3-block vc_btn3-color-blue\" href=\"https:\/\/cankepa.com\/nuestras-casas-marruecos\/\" title=\"\">Quiero ir a Marruecos<\/a><\/div><\/div><\/div><\/div><\/div><section class=\"vc_section\"><div class=\"vc_row wpb_row vc_row-fluid\"><div class=\"wpb_column vc_column_container vc_col-sm-12\"><div class=\"vc_column-inner\"><div class=\"wpb_wrapper\">\n\t<div  class=\"wpb_single_image wpb_content_element vc_align_center\">\n\t\t\n\t\t<figure class=\"wpb_wrapper vc_figure\">\n\t\t\t<div class=\"vc_single_image-wrapper   vc_box_border_grey\"><img loading=\"lazy\" decoding=\"async\" width=\"1280\" height=\"604\" src=\"https:\/\/cankepa.com\/wp-content\/uploads\/2021\/01\/Can-Kepa-rural-houses-villas-for-rent-alquiler-casas-rurales-majorca-mallorca-morocco-marruecos-logo-kuf.jpg\" class=\"vc_single_image-img attachment-full\" alt=\"\" title=\"Ca&#039;n Kepa \u00b7 el-Kuf es-Sefli \u00b7 Marruecos\" srcset=\"https:\/\/cankepa.com\/wp-content\/uploads\/2021\/01\/Can-Kepa-rural-houses-villas-for-rent-alquiler-casas-rurales-majorca-mallorca-morocco-marruecos-logo-kuf.jpg 1280w, https:\/\/cankepa.com\/wp-content\/uploads\/2021\/01\/Can-Kepa-rural-houses-villas-for-rent-alquiler-casas-rurales-majorca-mallorca-morocco-marruecos-logo-kuf-300x142.jpg 300w, https:\/\/cankepa.com\/wp-content\/uploads\/2021\/01\/Can-Kepa-rural-houses-villas-for-rent-alquiler-casas-rurales-majorca-mallorca-morocco-marruecos-logo-kuf-1024x483.jpg 1024w, https:\/\/cankepa.com\/wp-content\/uploads\/2021\/01\/Can-Kepa-rural-houses-villas-for-rent-alquiler-casas-rurales-majorca-mallorca-morocco-marruecos-logo-kuf-768x362.jpg 768w, https:\/\/cankepa.com\/wp-content\/uploads\/2021\/01\/Can-Kepa-rural-houses-villas-for-rent-alquiler-casas-rurales-majorca-mallorca-morocco-marruecos-logo-kuf-80x38.jpg 80w, https:\/\/cankepa.com\/wp-content\/uploads\/2021\/01\/Can-Kepa-rural-houses-villas-for-rent-alquiler-casas-rurales-majorca-mallorca-morocco-marruecos-logo-kuf-16x8.jpg 16w\" sizes=\"(max-width: 1280px) 100vw, 1280px\" \/><\/div>\n\t\t<\/figure>\n\t<\/div>\n<\/div><\/div><\/div><\/div><\/section>\n<\/div>","protected":false},"excerpt":{"rendered":"Todas nuestras casasNuestras villasNuestras casas ruralesNuestras casas en MallorcaNuestras casas en Marruecos Casas rurales de alquiler de Ca\u2019n Kepa en Marruecos. Descubre nuestros campamentos m\u00e1s escondidos donde puedes desconectar unos d\u00edas y perderte en otro ritmo de\u00a0 vida m\u00e1s pausado y tranquilo. Si el ritmo de vida de Marruecos es en general m\u00e1s relajado que [...]","protected":false},"author":1,"featured_media":0,"parent":0,"menu_order":0,"comment_status":"closed","ping_status":"closed","template":"","meta":{"footnotes":""},"yoast_head":"<!-- This site is optimized with the Yoast SEO plugin v23.5 - https:\/\/yoast.com\/wordpress\/plugins\/seo\/ -->\n<title>Casas rurales de alquiler tur\u00edstico en el norte de Marruecos<\/title>\n<meta name=\"description\" content=\"Echa un vistazo a nuestras casas rurales de alquiler tur\u00edstico en una comunidad rural marroqu\u00ed | Ca\u2019n Kepa | Nuevas experiencias te esperan\" \/>\n<meta name=\"robots\" content=\"index, follow, max-snippet:-1, max-image-preview:large, max-video-preview:-1\" \/>\n<link rel=\"canonical\" href=\"https:\/\/cankepa.com\/es\/nuestras-casas-rurales\/\" \/>\n<meta property=\"og:locale\" content=\"es_ES\" \/>\n<meta property=\"og:type\" content=\"article\" \/>\n<meta property=\"og:title\" content=\"Casas rurales de alquiler tur\u00edstico en el norte de Marruecos\" \/>\n<meta property=\"og:description\" content=\"Echa un vistazo a nuestras casas rurales de alquiler tur\u00edstico en una comunidad rural marroqu\u00ed | Ca\u2019n Kepa | Nuevas experiencias te esperan\" \/>\n<meta property=\"og:url\" content=\"https:\/\/cankepa.com\/es\/nuestras-casas-rurales\/\" \/>\n<meta property=\"og:site_name\" content=\"Ca\u00b4n Kepa\" \/>\n<meta property=\"article:modified_time\" content=\"2021-01-14T13:32:50+00:00\" \/>\n<meta name=\"twitter:card\" content=\"summary_large_image\" \/>\n<meta name=\"twitter:label1\" content=\"Tiempo de lectura\" \/>\n\t<meta name=\"twitter:data1\" content=\"6 minutos\" \/>\n<script type=\"application\/ld+json\" class=\"yoast-schema-graph\">{\"@context\":\"https:\/\/schema.org\",\"@graph\":[{\"@type\":\"WebPage\",\"@id\":\"https:\/\/cankepa.com\/es\/nuestras-casas-rurales\/\",\"url\":\"https:\/\/cankepa.com\/es\/nuestras-casas-rurales\/\",\"name\":\"Casas rurales de alquiler tur\u00edstico en el norte de Marruecos\",\"isPartOf\":{\"@id\":\"https:\/\/cankepa.com\/es\/#website\"},\"datePublished\":\"2021-01-11T14:04:25+00:00\",\"dateModified\":\"2021-01-14T13:32:50+00:00\",\"description\":\"Echa un vistazo a nuestras casas rurales de alquiler tur\u00edstico en una comunidad rural marroqu\u00ed | Ca\u2019n Kepa | Nuevas experiencias te esperan\",\"breadcrumb\":{\"@id\":\"https:\/\/cankepa.com\/es\/nuestras-casas-rurales\/#breadcrumb\"},\"inLanguage\":\"es\",\"potentialAction\":[{\"@type\":\"ReadAction\",\"target\":[\"https:\/\/cankepa.com\/es\/nuestras-casas-rurales\/\"]}]},{\"@type\":\"BreadcrumbList\",\"@id\":\"https:\/\/cankepa.com\/es\/nuestras-casas-rurales\/#breadcrumb\",\"itemListElement\":[{\"@type\":\"ListItem\",\"position\":1,\"name\":\"Portada\",\"item\":\"https:\/\/cankepa.com\/es\/\"},{\"@type\":\"ListItem\",\"position\":2,\"name\":\"Nuestras casas rurales\"}]},{\"@type\":\"WebSite\",\"@id\":\"https:\/\/cankepa.com\/es\/#website\",\"url\":\"https:\/\/cankepa.com\/es\/\",\"name\":\"Ca\u00b4n Kepa\",\"description\":\"Rural houses &amp; villas\",\"publisher\":{\"@id\":\"https:\/\/cankepa.com\/es\/#organization\"},\"potentialAction\":[{\"@type\":\"SearchAction\",\"target\":{\"@type\":\"EntryPoint\",\"urlTemplate\":\"https:\/\/cankepa.com\/es\/?s={search_term_string}\"},\"query-input\":{\"@type\":\"PropertyValueSpecification\",\"valueRequired\":true,\"valueName\":\"search_term_string\"}}],\"inLanguage\":\"es\"},{\"@type\":\"Organization\",\"@id\":\"https:\/\/cankepa.com\/es\/#organization\",\"name\":\"Ca'n Kepa\",\"url\":\"https:\/\/cankepa.com\/es\/\",\"logo\":{\"@type\":\"ImageObject\",\"inLanguage\":\"es\",\"@id\":\"https:\/\/cankepa.com\/es\/#\/schema\/logo\/image\/\",\"url\":\"https:\/\/cankepa.com\/wp-content\/uploads\/2020\/08\/200820-Logo-Can-Kepa-FINAL-47-1.png\",\"contentUrl\":\"https:\/\/cankepa.com\/wp-content\/uploads\/2020\/08\/200820-Logo-Can-Kepa-FINAL-47-1.png\",\"width\":1278,\"height\":283,\"caption\":\"Ca'n Kepa\"},\"image\":{\"@id\":\"https:\/\/cankepa.com\/es\/#\/schema\/logo\/image\/\"}}]}<\/script>\n<!-- \/ Yoast SEO plugin. -->","yoast_head_json":{"title":"Casas rurales de alquiler tur\u00edstico en el norte de Marruecos","description":"Echa un vistazo a nuestras casas rurales de alquiler tur\u00edstico en una comunidad rural marroqu\u00ed | Ca\u2019n Kepa | Nuevas experiencias te esperan","robots":{"index":"index","follow":"follow","max-snippet":"max-snippet:-1","max-image-preview":"max-image-preview:large","max-video-preview":"max-video-preview:-1"},"canonical":"https:\/\/cankepa.com\/es\/nuestras-casas-rurales\/","og_locale":"es_ES","og_type":"article","og_title":"Casas rurales de alquiler tur\u00edstico en el norte de Marruecos","og_description":"Echa un vistazo a nuestras casas rurales de alquiler tur\u00edstico en una comunidad rural marroqu\u00ed | Ca\u2019n Kepa | Nuevas experiencias te esperan","og_url":"https:\/\/cankepa.com\/es\/nuestras-casas-rurales\/","og_site_name":"Ca\u00b4n Kepa","article_modified_time":"2021-01-14T13:32:50+00:00","twitter_card":"summary_large_image","twitter_misc":{"Tiempo de lectura":"6 minutos"},"schema":{"@context":"https:\/\/schema.org","@graph":[{"@type":"WebPage","@id":"https:\/\/cankepa.com\/es\/nuestras-casas-rurales\/","url":"https:\/\/cankepa.com\/es\/nuestras-casas-rurales\/","name":"Casas rurales de alquiler tur\u00edstico en el norte de Marruecos","isPartOf":{"@id":"https:\/\/cankepa.com\/es\/#website"},"datePublished":"2021-01-11T14:04:25+00:00","dateModified":"2021-01-14T13:32:50+00:00","description":"Echa un vistazo a nuestras casas rurales de alquiler tur\u00edstico en una comunidad rural marroqu\u00ed | Ca\u2019n Kepa | Nuevas experiencias te esperan","breadcrumb":{"@id":"https:\/\/cankepa.com\/es\/nuestras-casas-rurales\/#breadcrumb"},"inLanguage":"es","potentialAction":[{"@type":"ReadAction","target":["https:\/\/cankepa.com\/es\/nuestras-casas-rurales\/"]}]},{"@type":"BreadcrumbList","@id":"https:\/\/cankepa.com\/es\/nuestras-casas-rurales\/#breadcrumb","itemListElement":[{"@type":"ListItem","position":1,"name":"Portada","item":"https:\/\/cankepa.com\/es\/"},{"@type":"ListItem","position":2,"name":"Nuestras casas rurales"}]},{"@type":"WebSite","@id":"https:\/\/cankepa.com\/es\/#website","url":"https:\/\/cankepa.com\/es\/","name":"Ca\u00b4n Kepa","description":"Rural houses &amp; villas","publisher":{"@id":"https:\/\/cankepa.com\/es\/#organization"},"potentialAction":[{"@type":"SearchAction","target":{"@type":"EntryPoint","urlTemplate":"https:\/\/cankepa.com\/es\/?s={search_term_string}"},"query-input":{"@type":"PropertyValueSpecification","valueRequired":true,"valueName":"search_term_string"}}],"inLanguage":"es"},{"@type":"Organization","@id":"https:\/\/cankepa.com\/es\/#organization","name":"Ca'n Kepa","url":"https:\/\/cankepa.com\/es\/","logo":{"@type":"ImageObject","inLanguage":"es","@id":"https:\/\/cankepa.com\/es\/#\/schema\/logo\/image\/","url":"https:\/\/cankepa.com\/wp-content\/uploads\/2020\/08\/200820-Logo-Can-Kepa-FINAL-47-1.png","contentUrl":"https:\/\/cankepa.com\/wp-content\/uploads\/2020\/08\/200820-Logo-Can-Kepa-FINAL-47-1.png","width":1278,"height":283,"caption":"Ca'n Kepa"},"image":{"@id":"https:\/\/cankepa.com\/es\/#\/schema\/logo\/image\/"}}]}},"_links":{"self":[{"href":"https:\/\/cankepa.com\/es\/wp-json\/wp\/v2\/pages\/4193"}],"collection":[{"href":"https:\/\/cankepa.com\/es\/wp-json\/wp\/v2\/pages"}],"about":[{"href":"https:\/\/cankepa.com\/es\/wp-json\/wp\/v2\/types\/page"}],"author":[{"embeddable":true,"href":"https:\/\/cankepa.com\/es\/wp-json\/wp\/v2\/users\/1"}],"replies":[{"embeddable":true,"href":"https:\/\/cankepa.com\/es\/wp-json\/wp\/v2\/comments?post=4193"}],"version-history":[{"count":36,"href":"https:\/\/cankepa.com\/es\/wp-json\/wp\/v2\/pages\/4193\/revisions"}],"predecessor-version":[{"id":4374,"href":"https:\/\/cankepa.com\/es\/wp-json\/wp\/v2\/pages\/4193\/revisions\/4374"}],"wp:attachment":[{"href":"https:\/\/cankepa.com\/es\/wp-json\/wp\/v2\/media?parent=4193"}],"curies":[{"name":"wp","href":"https:\/\/api.w.org\/{rel}","templated":true}]}}