{"id":47,"date":"2020-04-04T10:58:50","date_gmt":"2020-04-04T10:58:50","guid":{"rendered":"http:\/\/cankepa.com\/?page_id=47"},"modified":"2026-02-18T08:59:53","modified_gmt":"2026-02-18T08:59:53","slug":"mallorca","status":"publish","type":"page","link":"https:\/\/cankepa.com\/es\/mallorca\/","title":{"rendered":"Mallorca"},"content":{"rendered":"<div class=\"wpb-content-wrapper\"><div class=\"vc_row wpb_row vc_row-fluid\"><div class=\"wpb_column vc_column_container vc_col-sm-2\"><div class=\"vc_column-inner\"><div class=\"wpb_wrapper\"><\/div><\/div><\/div><div class=\"wpb_column vc_column_container vc_col-sm-8\"><div class=\"vc_column-inner\"><div class=\"wpb_wrapper\">\n\t<div  class=\"wpb_single_image wpb_content_element vc_align_center\">\n\t\t\n\t\t<figure class=\"wpb_wrapper vc_figure\">\n\t\t\t<div class=\"vc_single_image-wrapper vc_box_circle  vc_box_border_grey\"><img loading=\"lazy\" decoding=\"async\" width=\"150\" height=\"150\" src=\"https:\/\/cankepa.com\/wp-content\/uploads\/2020\/08\/Can-Kepa-rural-houses-villas-for-rent-alquiler-casas-rurales-majorca-morocco-marruecoss-logo-mallorca-150x150.png\" class=\"vc_single_image-img attachment-thumbnail\" alt=\"\" title=\"Ca&#039;n Kepa \u00b7 Mallorca\" srcset=\"https:\/\/cankepa.com\/wp-content\/uploads\/2020\/08\/Can-Kepa-rural-houses-villas-for-rent-alquiler-casas-rurales-majorca-morocco-marruecoss-logo-mallorca-150x150.png 150w, https:\/\/cankepa.com\/wp-content\/uploads\/2020\/08\/Can-Kepa-rural-houses-villas-for-rent-alquiler-casas-rurales-majorca-morocco-marruecoss-logo-mallorca-300x300.png 300w, https:\/\/cankepa.com\/wp-content\/uploads\/2020\/08\/Can-Kepa-rural-houses-villas-for-rent-alquiler-casas-rurales-majorca-morocco-marruecoss-logo-mallorca-80x80.png 80w, https:\/\/cankepa.com\/wp-content\/uploads\/2020\/08\/Can-Kepa-rural-houses-villas-for-rent-alquiler-casas-rurales-majorca-morocco-marruecoss-logo-mallorca-12x12.png 12w, https:\/\/cankepa.com\/wp-content\/uploads\/2020\/08\/Can-Kepa-rural-houses-villas-for-rent-alquiler-casas-rurales-majorca-morocco-marruecoss-logo-mallorca.png 437w\" sizes=\"(max-width: 150px) 100vw, 150px\" \/><\/div>\n\t\t<\/figure>\n\t<\/div>\n\n\t<div class=\"wpb_text_column wpb_content_element \" >\n\t\t<div class=\"wpb_wrapper\">\n\t\t\t<h2 style=\"text-align: center;\"><span style=\"color: #66b80f;\">Mallorca<\/span><\/h2>\n\n\t\t<\/div>\n\t<\/div>\n\n\t<div class=\"wpb_text_column wpb_content_element \" >\n\t\t<div class=\"wpb_wrapper\">\n\t\t\t<h1 style=\"text-align: center;\">Pi\u00e9rdete por los rincones m\u00e1s tranquilos y escondidos de esta \u00edsla mediterranea<\/h1>\n\n\t\t<\/div>\n\t<\/div>\n<\/div><\/div><\/div><div class=\"wpb_column vc_column_container vc_col-sm-2\"><div class=\"vc_column-inner\"><div class=\"wpb_wrapper\"><\/div><\/div><\/div><\/div><section class=\"vc_section\"><div class=\"vc_row wpb_row vc_row-fluid\"><div class=\"wpb_column vc_column_container vc_col-sm-12\"><div class=\"vc_column-inner\"><div class=\"wpb_wrapper\">\n\t<div class=\"wpb_text_column wpb_content_element \" >\n\t\t<div class=\"wpb_wrapper\">\n\t\t\t<h3 style=\"text-align: center;\"><span style=\"color: #66b80f;\">\u00bfD\u00f3nde nos puedes encontrar?<\/span><\/h3>\n\n\t\t<\/div>\n\t<\/div>\n<\/div><\/div><\/div><\/div><div class=\"vc_row wpb_row vc_row-fluid\"><div class=\"wpb_column vc_column_container vc_col-sm-6\"><div class=\"vc_column-inner\"><div class=\"wpb_wrapper\">\n\t<div class=\"wpb_text_column wpb_content_element \" >\n\t\t<div class=\"wpb_wrapper\">\n\t\t\t<h4 style=\"text-align: center;\">\u00b7 Pollen\u00e7a \u00b7<\/h4>\n<p style=\"text-align: center;\">El pueblo m\u00e1s bonito de &#8216;la \u00edsla de la calma&#8217;.<\/p>\n\n\t\t<\/div>\n\t<\/div>\n<div class=\"vc_btn3-container vc_btn3-center\" ><a class=\"vc_general vc_btn3 vc_btn3-size-md vc_btn3-shape-rounded vc_btn3-style-outline vc_btn3-block vc_btn3-icon-left vc_btn3-color-blue\" href=\"https:\/\/cankepa.com\/mallorca\/pollensa\/\" title=\"Informaci\u00f3n sobre Pollen\u00e7a\"><i class=\"vc_btn3-icon fab fa-pagelines\"><\/i> Descubre Pollen\u00e7a<\/a><\/div><\/div><\/div><\/div><div class=\"wpb_column vc_column_container vc_col-sm-6\"><div class=\"vc_column-inner\"><div class=\"wpb_wrapper\">\n\t<div class=\"wpb_text_column wpb_content_element \" >\n\t\t<div class=\"wpb_wrapper\">\n\t\t\t<h4 style=\"text-align: center;\">\u00b7 Biniarroi \u00b7<\/h4>\n<p style=\"text-align: center;\">Una aldea deshabitada con unas vistas \u00fanicas sobre el centro de la \u00edsla.<\/p>\n\n\t\t<\/div>\n\t<\/div>\n<div class=\"vc_btn3-container vc_btn3-center\" ><a class=\"vc_general vc_btn3 vc_btn3-size-md vc_btn3-shape-rounded vc_btn3-style-outline vc_btn3-block vc_btn3-icon-left vc_btn3-color-blue\" href=\"https:\/\/cankepa.com\/mallorca\/biniarroi\/\" title=\"Informaci\u00f3n sobre Biniarroi\"><i class=\"vc_btn3-icon fas fa-mountain\"><\/i> Enam\u00f3rate de Biniarroi<\/a><\/div><\/div><\/div><\/div><\/div><\/section><section data-vc-full-width=\"true\" data-vc-full-width-init=\"false\" class=\"vc_section\"><div class=\"vc_row wpb_row vc_row-fluid\"><div class=\"wpb_column vc_column_container vc_col-sm-2\"><div class=\"vc_column-inner\"><div class=\"wpb_wrapper\"><\/div><\/div><\/div><div class=\"wpb_column vc_column_container vc_col-sm-8\"><div class=\"vc_column-inner\"><div class=\"wpb_wrapper\">\n\t<div class=\"wpb_text_column wpb_content_element \" >\n\t\t<div class=\"wpb_wrapper\">\n\t\t\t<h3 style=\"text-align: center;\"><span style=\"color: #66b80f;\">\u00bfTodav\u00eda no conoces nuestras villas en Mallorca?<\/span><\/h3>\n<p style=\"text-align: center;\">Villas unifamiliares con piscina que podeis disfrutar t\u00fa y tu familia todo el a\u00f1o.<\/p>\n\n\t\t<\/div>\n\t<\/div>\n<\/div><\/div><\/div><div class=\"wpb_column vc_column_container vc_col-sm-2\"><div class=\"vc_column-inner\"><div class=\"wpb_wrapper\"><\/div><\/div><\/div><\/div><div class=\"vc_row wpb_row vc_row-fluid\"><div class=\"wpb_column vc_column_container vc_col-sm-2\"><div class=\"vc_column-inner\"><div class=\"wpb_wrapper\"><\/div><\/div><\/div><div class=\"wpb_column vc_column_container vc_col-sm-4\"><div class=\"vc_column-inner\"><div class=\"wpb_wrapper\">\n\t<div class=\"wpb_text_column wpb_content_element \" >\n\t\t<div class=\"wpb_wrapper\">\n\t\t\t<h4 style=\"text-align: center;\"><span style=\"color: #808080;\"><strong>\u00b7<\/strong>\u00b7 Villa Ca&#8217;n Noguera \u00b7\u00b7<\/span><\/h4>\n<h5 style=\"text-align: center;\">\u00b7 Pollen\u00e7a \u00b7<\/h5>\n\n\t\t<\/div>\n\t<\/div>\n\n\t<div  class=\"wpb_single_image wpb_content_element vc_align_left\">\n\t\t\n\t\t<figure class=\"wpb_wrapper vc_figure\">\n\t\t\t<a href=\"https:\/\/cankepa.com\/villa-alquiler-turistico-pollensa-mallorca\/\" target=\"_self\" class=\"vc_single_image-wrapper   vc_box_border_grey\"><img loading=\"lazy\" decoding=\"async\" width=\"1920\" height=\"1276\" src=\"https:\/\/cankepa.com\/wp-content\/uploads\/2020\/05\/alquiler-casa-de-campo-piscina-noguera-pollensa-mallorca-02-Can-Kepa.jpg\" class=\"vc_single_image-img attachment-full\" alt=\"\" title=\"alquiler-casa-de-campo-piscina-noguera-pollensa-mallorca-02-Can-Kepa\" srcset=\"https:\/\/cankepa.com\/wp-content\/uploads\/2020\/05\/alquiler-casa-de-campo-piscina-noguera-pollensa-mallorca-02-Can-Kepa.jpg 1920w, https:\/\/cankepa.com\/wp-content\/uploads\/2020\/05\/alquiler-casa-de-campo-piscina-noguera-pollensa-mallorca-02-Can-Kepa-300x199.jpg 300w, https:\/\/cankepa.com\/wp-content\/uploads\/2020\/05\/alquiler-casa-de-campo-piscina-noguera-pollensa-mallorca-02-Can-Kepa-1024x681.jpg 1024w, https:\/\/cankepa.com\/wp-content\/uploads\/2020\/05\/alquiler-casa-de-campo-piscina-noguera-pollensa-mallorca-02-Can-Kepa-768x510.jpg 768w, https:\/\/cankepa.com\/wp-content\/uploads\/2020\/05\/alquiler-casa-de-campo-piscina-noguera-pollensa-mallorca-02-Can-Kepa-80x53.jpg 80w, https:\/\/cankepa.com\/wp-content\/uploads\/2020\/05\/alquiler-casa-de-campo-piscina-noguera-pollensa-mallorca-02-Can-Kepa-1536x1021.jpg 1536w, https:\/\/cankepa.com\/wp-content\/uploads\/2020\/05\/alquiler-casa-de-campo-piscina-noguera-pollensa-mallorca-02-Can-Kepa-16x12.jpg 16w\" sizes=\"(max-width: 1920px) 100vw, 1920px\" \/><\/a>\n\t\t<\/figure>\n\t<\/div>\n<div class=\"vc_icon_element vc_icon_element-outer vc_icon_element-align-center vc_icon_element-have-style\"><div class=\"vc_icon_element-inner vc_icon_element-color-custom vc_icon_element-have-style-inner vc_icon_element-size-sm vc_icon_element-style-rounded-outline vc_icon_element-outline vc_icon_element-background-color-grey\" ><span class=\"vc_icon_element-icon fas fa-home\" style=\"color:#339966 !important\"><\/span><\/div><\/div><\/div><\/div><\/div><div class=\"wpb_column vc_column_container vc_col-sm-4\"><div class=\"vc_column-inner\"><div class=\"wpb_wrapper\">\n\t<div class=\"wpb_text_column wpb_content_element \" >\n\t\t<div class=\"wpb_wrapper\">\n\t\t\t<h4 style=\"text-align: center;\"><span style=\"color: #808080;\"><strong>\u00b7<\/strong>\u00b7 Villa Sa Rota de la Fiola \u00b7\u00b7<\/span><\/h4>\n<h5 style=\"text-align: center;\">\u00b7 Biniarroi \u00b7<\/h5>\n\n\t\t<\/div>\n\t<\/div>\n\n\t<div  class=\"wpb_single_image wpb_content_element vc_align_left\">\n\t\t\n\t\t<figure class=\"wpb_wrapper vc_figure\">\n\t\t\t<a href=\"https:\/\/cankepa.com\/villa-alquiler-campo-biniarroi-mallorca\/\" target=\"_self\" class=\"vc_single_image-wrapper   vc_box_border_grey\"><img loading=\"lazy\" decoding=\"async\" width=\"1920\" height=\"1276\" src=\"https:\/\/cankepa.com\/wp-content\/uploads\/2020\/04\/casa-de-campo-piscina-rota-na-fiola-mallorca-biniarroi-01-Can-Kepa.jpg\" class=\"vc_single_image-img attachment-full\" alt=\"\" title=\"casa-de-campo-piscina-rota-na-fiola-mallorca-biniarroi-01-Can-Kepa\" srcset=\"https:\/\/cankepa.com\/wp-content\/uploads\/2020\/04\/casa-de-campo-piscina-rota-na-fiola-mallorca-biniarroi-01-Can-Kepa.jpg 1920w, https:\/\/cankepa.com\/wp-content\/uploads\/2020\/04\/casa-de-campo-piscina-rota-na-fiola-mallorca-biniarroi-01-Can-Kepa-300x199.jpg 300w, https:\/\/cankepa.com\/wp-content\/uploads\/2020\/04\/casa-de-campo-piscina-rota-na-fiola-mallorca-biniarroi-01-Can-Kepa-1024x681.jpg 1024w, https:\/\/cankepa.com\/wp-content\/uploads\/2020\/04\/casa-de-campo-piscina-rota-na-fiola-mallorca-biniarroi-01-Can-Kepa-768x510.jpg 768w, https:\/\/cankepa.com\/wp-content\/uploads\/2020\/04\/casa-de-campo-piscina-rota-na-fiola-mallorca-biniarroi-01-Can-Kepa-80x53.jpg 80w, https:\/\/cankepa.com\/wp-content\/uploads\/2020\/04\/casa-de-campo-piscina-rota-na-fiola-mallorca-biniarroi-01-Can-Kepa-1536x1021.jpg 1536w, https:\/\/cankepa.com\/wp-content\/uploads\/2020\/04\/casa-de-campo-piscina-rota-na-fiola-mallorca-biniarroi-01-Can-Kepa-16x12.jpg 16w\" sizes=\"(max-width: 1920px) 100vw, 1920px\" \/><\/a>\n\t\t<\/figure>\n\t<\/div>\n<div class=\"vc_icon_element vc_icon_element-outer vc_icon_element-align-center vc_icon_element-have-style\"><div class=\"vc_icon_element-inner vc_icon_element-color-custom vc_icon_element-have-style-inner vc_icon_element-size-sm vc_icon_element-style-rounded-outline vc_icon_element-outline vc_icon_element-background-color-grey\" ><span class=\"vc_icon_element-icon fas fa-home\" style=\"color:#dd9933 !important\"><\/span><\/div><\/div><\/div><\/div><\/div><div class=\"wpb_column vc_column_container vc_col-sm-2\"><div class=\"vc_column-inner\"><div class=\"wpb_wrapper\"><\/div><\/div><\/div><\/div><div data-vc-full-width=\"true\" data-vc-full-width-init=\"false\" data-vc-stretch-content=\"true\" class=\"vc_row wpb_row vc_row-fluid\"><div class=\"wpb_column vc_column_container vc_col-sm-2\"><div class=\"vc_column-inner\"><div class=\"wpb_wrapper\"><\/div><\/div><\/div><div class=\"wpb_column vc_column_container vc_col-sm-2\"><div class=\"vc_column-inner\"><div class=\"wpb_wrapper\"><\/div><\/div><\/div><\/div><div class=\"vc_row-full-width vc_clearfix\"><\/div><\/section><div class=\"vc_row-full-width vc_clearfix\"><\/div>\n<\/div>","protected":false},"excerpt":{"rendered":"Mallorca Pi\u00e9rdete por los rincones m\u00e1s tranquilos y escondidos de esta \u00edsla mediterranea \u00bfD\u00f3nde nos puedes encontrar? \u00b7 Pollen\u00e7a \u00b7 El pueblo m\u00e1s bonito de 'la \u00edsla de la calma'. Descubre Pollen\u00e7a \u00b7 Biniarroi \u00b7 Una aldea deshabitada con unas vistas \u00fanicas sobre el centro de la \u00edsla. Enam\u00f3rate de Biniarroi \u00bfTodav\u00eda no conoces nuestras [...]","protected":false},"author":1,"featured_media":0,"parent":0,"menu_order":0,"comment_status":"closed","ping_status":"closed","template":"","meta":{"footnotes":""},"yoast_head":"<!-- This site is optimized with the Yoast SEO plugin v23.5 - https:\/\/yoast.com\/wordpress\/plugins\/seo\/ -->\n<title>Informaci\u00f3n de Mallorca \u00b7 Conoce la \u00edsla desde nuestras villas \u00b7 Ca&#039;n Kepa<\/title>\n<meta name=\"description\" content=\"Encuentra toda la informaci\u00f3n sobre Pollen\u00e7a, &#039;el pueblo m\u00e1s bonito de la \u00edsla&#039;, y Biniarroi, la aldea con las mejores vistas de la \u00edsla\" \/>\n<meta name=\"robots\" content=\"index, follow, max-snippet:-1, max-image-preview:large, max-video-preview:-1\" \/>\n<link rel=\"canonical\" href=\"https:\/\/cankepa.com\/es\/mallorca\/\" \/>\n<meta property=\"og:locale\" content=\"es_ES\" \/>\n<meta property=\"og:type\" content=\"article\" \/>\n<meta property=\"og:title\" content=\"Informaci\u00f3n de Mallorca \u00b7 Conoce la \u00edsla desde nuestras villas \u00b7 Ca&#039;n Kepa\" \/>\n<meta property=\"og:description\" content=\"Encuentra toda la informaci\u00f3n sobre Pollen\u00e7a, &#039;el pueblo m\u00e1s bonito de la \u00edsla&#039;, y Biniarroi, la aldea con las mejores vistas de la \u00edsla\" \/>\n<meta property=\"og:url\" content=\"https:\/\/cankepa.com\/es\/mallorca\/\" \/>\n<meta property=\"og:site_name\" content=\"Ca\u00b4n Kepa\" \/>\n<meta property=\"article:modified_time\" content=\"2026-02-18T08:59:53+00:00\" \/>\n<meta name=\"twitter:card\" content=\"summary_large_image\" \/>\n<meta name=\"twitter:label1\" content=\"Tiempo de lectura\" \/>\n\t<meta name=\"twitter:data1\" content=\"3 minutos\" \/>\n<script type=\"application\/ld+json\" class=\"yoast-schema-graph\">{\"@context\":\"https:\/\/schema.org\",\"@graph\":[{\"@type\":\"WebPage\",\"@id\":\"https:\/\/cankepa.com\/mallorca\/\",\"url\":\"https:\/\/cankepa.com\/mallorca\/\",\"name\":\"Informaci\u00f3n de Mallorca \u00b7 Conoce la \u00edsla desde nuestras villas \u00b7 Ca'n Kepa\",\"isPartOf\":{\"@id\":\"https:\/\/cankepa.com\/es\/#website\"},\"datePublished\":\"2020-04-04T10:58:50+00:00\",\"dateModified\":\"2026-02-18T08:59:53+00:00\",\"description\":\"Encuentra toda la informaci\u00f3n sobre Pollen\u00e7a, 'el pueblo m\u00e1s bonito de la \u00edsla', y Biniarroi, la aldea con las mejores vistas de la \u00edsla\",\"breadcrumb\":{\"@id\":\"https:\/\/cankepa.com\/mallorca\/#breadcrumb\"},\"inLanguage\":\"es\",\"potentialAction\":[{\"@type\":\"ReadAction\",\"target\":[\"https:\/\/cankepa.com\/mallorca\/\"]}]},{\"@type\":\"BreadcrumbList\",\"@id\":\"https:\/\/cankepa.com\/mallorca\/#breadcrumb\",\"itemListElement\":[{\"@type\":\"ListItem\",\"position\":1,\"name\":\"Portada\",\"item\":\"https:\/\/cankepa.com\/es\/\"},{\"@type\":\"ListItem\",\"position\":2,\"name\":\"Mallorca\"}]},{\"@type\":\"WebSite\",\"@id\":\"https:\/\/cankepa.com\/es\/#website\",\"url\":\"https:\/\/cankepa.com\/es\/\",\"name\":\"Ca\u00b4n Kepa\",\"description\":\"Rural houses &amp; villas\",\"publisher\":{\"@id\":\"https:\/\/cankepa.com\/es\/#organization\"},\"potentialAction\":[{\"@type\":\"SearchAction\",\"target\":{\"@type\":\"EntryPoint\",\"urlTemplate\":\"https:\/\/cankepa.com\/es\/?s={search_term_string}\"},\"query-input\":{\"@type\":\"PropertyValueSpecification\",\"valueRequired\":true,\"valueName\":\"search_term_string\"}}],\"inLanguage\":\"es\"},{\"@type\":\"Organization\",\"@id\":\"https:\/\/cankepa.com\/es\/#organization\",\"name\":\"Ca'n Kepa\",\"url\":\"https:\/\/cankepa.com\/es\/\",\"logo\":{\"@type\":\"ImageObject\",\"inLanguage\":\"es\",\"@id\":\"https:\/\/cankepa.com\/es\/#\/schema\/logo\/image\/\",\"url\":\"https:\/\/cankepa.com\/wp-content\/uploads\/2020\/08\/200820-Logo-Can-Kepa-FINAL-47-1.png\",\"contentUrl\":\"https:\/\/cankepa.com\/wp-content\/uploads\/2020\/08\/200820-Logo-Can-Kepa-FINAL-47-1.png\",\"width\":1278,\"height\":283,\"caption\":\"Ca'n Kepa\"},\"image\":{\"@id\":\"https:\/\/cankepa.com\/es\/#\/schema\/logo\/image\/\"}}]}<\/script>\n<!-- \/ Yoast SEO plugin. -->","yoast_head_json":{"title":"Informaci\u00f3n de Mallorca \u00b7 Conoce la \u00edsla desde nuestras villas \u00b7 Ca'n Kepa","description":"Encuentra toda la informaci\u00f3n sobre Pollen\u00e7a, 'el pueblo m\u00e1s bonito de la \u00edsla', y Biniarroi, la aldea con las mejores vistas de la \u00edsla","robots":{"index":"index","follow":"follow","max-snippet":"max-snippet:-1","max-image-preview":"max-image-preview:large","max-video-preview":"max-video-preview:-1"},"canonical":"https:\/\/cankepa.com\/es\/mallorca\/","og_locale":"es_ES","og_type":"article","og_title":"Informaci\u00f3n de Mallorca \u00b7 Conoce la \u00edsla desde nuestras villas \u00b7 Ca'n Kepa","og_description":"Encuentra toda la informaci\u00f3n sobre Pollen\u00e7a, 'el pueblo m\u00e1s bonito de la \u00edsla', y Biniarroi, la aldea con las mejores vistas de la \u00edsla","og_url":"https:\/\/cankepa.com\/es\/mallorca\/","og_site_name":"Ca\u00b4n Kepa","article_modified_time":"2026-02-18T08:59:53+00:00","twitter_card":"summary_large_image","twitter_misc":{"Tiempo de lectura":"3 minutos"},"schema":{"@context":"https:\/\/schema.org","@graph":[{"@type":"WebPage","@id":"https:\/\/cankepa.com\/mallorca\/","url":"https:\/\/cankepa.com\/mallorca\/","name":"Informaci\u00f3n de Mallorca \u00b7 Conoce la \u00edsla desde nuestras villas \u00b7 Ca'n Kepa","isPartOf":{"@id":"https:\/\/cankepa.com\/es\/#website"},"datePublished":"2020-04-04T10:58:50+00:00","dateModified":"2026-02-18T08:59:53+00:00","description":"Encuentra toda la informaci\u00f3n sobre Pollen\u00e7a, 'el pueblo m\u00e1s bonito de la \u00edsla', y Biniarroi, la aldea con las mejores vistas de la \u00edsla","breadcrumb":{"@id":"https:\/\/cankepa.com\/mallorca\/#breadcrumb"},"inLanguage":"es","potentialAction":[{"@type":"ReadAction","target":["https:\/\/cankepa.com\/mallorca\/"]}]},{"@type":"BreadcrumbList","@id":"https:\/\/cankepa.com\/mallorca\/#breadcrumb","itemListElement":[{"@type":"ListItem","position":1,"name":"Portada","item":"https:\/\/cankepa.com\/es\/"},{"@type":"ListItem","position":2,"name":"Mallorca"}]},{"@type":"WebSite","@id":"https:\/\/cankepa.com\/es\/#website","url":"https:\/\/cankepa.com\/es\/","name":"Ca\u00b4n Kepa","description":"Rural houses &amp; villas","publisher":{"@id":"https:\/\/cankepa.com\/es\/#organization"},"potentialAction":[{"@type":"SearchAction","target":{"@type":"EntryPoint","urlTemplate":"https:\/\/cankepa.com\/es\/?s={search_term_string}"},"query-input":{"@type":"PropertyValueSpecification","valueRequired":true,"valueName":"search_term_string"}}],"inLanguage":"es"},{"@type":"Organization","@id":"https:\/\/cankepa.com\/es\/#organization","name":"Ca'n Kepa","url":"https:\/\/cankepa.com\/es\/","logo":{"@type":"ImageObject","inLanguage":"es","@id":"https:\/\/cankepa.com\/es\/#\/schema\/logo\/image\/","url":"https:\/\/cankepa.com\/wp-content\/uploads\/2020\/08\/200820-Logo-Can-Kepa-FINAL-47-1.png","contentUrl":"https:\/\/cankepa.com\/wp-content\/uploads\/2020\/08\/200820-Logo-Can-Kepa-FINAL-47-1.png","width":1278,"height":283,"caption":"Ca'n Kepa"},"image":{"@id":"https:\/\/cankepa.com\/es\/#\/schema\/logo\/image\/"}}]}},"_links":{"self":[{"href":"https:\/\/cankepa.com\/es\/wp-json\/wp\/v2\/pages\/47"}],"collection":[{"href":"https:\/\/cankepa.com\/es\/wp-json\/wp\/v2\/pages"}],"about":[{"href":"https:\/\/cankepa.com\/es\/wp-json\/wp\/v2\/types\/page"}],"author":[{"embeddable":true,"href":"https:\/\/cankepa.com\/es\/wp-json\/wp\/v2\/users\/1"}],"replies":[{"embeddable":true,"href":"https:\/\/cankepa.com\/es\/wp-json\/wp\/v2\/comments?post=47"}],"version-history":[{"count":92,"href":"https:\/\/cankepa.com\/es\/wp-json\/wp\/v2\/pages\/47\/revisions"}],"predecessor-version":[{"id":5156,"href":"https:\/\/cankepa.com\/es\/wp-json\/wp\/v2\/pages\/47\/revisions\/5156"}],"wp:attachment":[{"href":"https:\/\/cankepa.com\/es\/wp-json\/wp\/v2\/media?parent=47"}],"curies":[{"name":"wp","href":"https:\/\/api.w.org\/{rel}","templated":true}]}}