{"id":49,"date":"2020-04-04T10:59:14","date_gmt":"2020-04-04T10:59:14","guid":{"rendered":"http:\/\/cankepa.com\/?page_id=49"},"modified":"2026-02-18T09:04:23","modified_gmt":"2026-02-18T09:04:23","slug":"marruecos","status":"publish","type":"page","link":"https:\/\/cankepa.com\/es\/marruecos\/","title":{"rendered":"Morocco"},"content":{"rendered":"<div class=\"wpb-content-wrapper\"><section class=\"vc_section\"><div class=\"vc_row wpb_row vc_row-fluid\"><div class=\"wpb_column vc_column_container vc_col-sm-2\"><div class=\"vc_column-inner\"><div class=\"wpb_wrapper\"><\/div><\/div><\/div><div class=\"wpb_column vc_column_container vc_col-sm-8\"><div class=\"vc_column-inner\"><div class=\"wpb_wrapper\">\n\t<div  class=\"wpb_single_image wpb_content_element vc_align_center\">\n\t\t\n\t\t<figure class=\"wpb_wrapper vc_figure\">\n\t\t\t<div class=\"vc_single_image-wrapper vc_box_circle  vc_box_border_grey\"><img loading=\"lazy\" decoding=\"async\" width=\"150\" height=\"150\" src=\"https:\/\/cankepa.com\/wp-content\/uploads\/2020\/08\/Can-Kepa-rural-houses-villas-for-rent-alquiler-casas-rurales-majorca-mallorca-morocco-logo-marruecos-150x150.png\" class=\"vc_single_image-img attachment-thumbnail\" alt=\"\" title=\"Ca&#039;n Kepa - Marruecos\" srcset=\"https:\/\/cankepa.com\/wp-content\/uploads\/2020\/08\/Can-Kepa-rural-houses-villas-for-rent-alquiler-casas-rurales-majorca-mallorca-morocco-logo-marruecos-150x150.png 150w, https:\/\/cankepa.com\/wp-content\/uploads\/2020\/08\/Can-Kepa-rural-houses-villas-for-rent-alquiler-casas-rurales-majorca-mallorca-morocco-logo-marruecos-300x300.png 300w, https:\/\/cankepa.com\/wp-content\/uploads\/2020\/08\/Can-Kepa-rural-houses-villas-for-rent-alquiler-casas-rurales-majorca-mallorca-morocco-logo-marruecos-80x80.png 80w, https:\/\/cankepa.com\/wp-content\/uploads\/2020\/08\/Can-Kepa-rural-houses-villas-for-rent-alquiler-casas-rurales-majorca-mallorca-morocco-logo-marruecos-12x12.png 12w, https:\/\/cankepa.com\/wp-content\/uploads\/2020\/08\/Can-Kepa-rural-houses-villas-for-rent-alquiler-casas-rurales-majorca-mallorca-morocco-logo-marruecos.png 437w\" sizes=\"(max-width: 150px) 100vw, 150px\" \/><\/div>\n\t\t<\/figure>\n\t<\/div>\n\n\t<div class=\"wpb_text_column wpb_content_element \" >\n\t\t<div class=\"wpb_wrapper\">\n\t\t\t<h1 style=\"text-align: center;\"><span style=\"color: #66b80f;\">Marruecos\u00a0<\/span><\/h1>\n<p>&nbsp;<\/p>\n<h2 style=\"text-align: center;\"><span style=\"color: #999999;\">Tan cerca y tan desconocido.<br \/>\n\u00a1Ven a descubrir este pa\u00eds m\u00e1gico!<\/span><\/h2>\n\n\t\t<\/div>\n\t<\/div>\n<\/div><\/div><\/div><div class=\"wpb_column vc_column_container vc_col-sm-2\"><div class=\"vc_column-inner\"><div class=\"wpb_wrapper\"><\/div><\/div><\/div><\/div><\/section><section class=\"vc_section\"><div class=\"vc_row wpb_row vc_row-fluid\"><div class=\"wpb_column vc_column_container vc_col-sm-2\"><div class=\"vc_column-inner\"><div class=\"wpb_wrapper\"><div class=\"vc_row wpb_row vc_inner vc_row-fluid\"><div class=\"wpb_column vc_column_container vc_col-sm-12\"><div class=\"vc_column-inner\"><div class=\"wpb_wrapper\"><\/div><\/div><\/div><\/div><\/div><\/div><\/div><div class=\"wpb_column vc_column_container vc_col-sm-8\"><div class=\"vc_column-inner\"><div class=\"wpb_wrapper\"><div class=\"vc_row wpb_row vc_inner vc_row-fluid\"><div class=\"wpb_column vc_column_container vc_col-sm-6\"><div class=\"vc_column-inner\"><div class=\"wpb_wrapper\">\n\t<div class=\"wpb_text_column wpb_content_element \" >\n\t\t<div class=\"wpb_wrapper\">\n\t\t\t<p>Marruecos goza de un tiempo envidiable y variado durante todo el a\u00f1o, debido a su localizaci\u00f3n entre el oceano Atlantico, el desierto del Sahara, y el mar Mediterraneo.<\/p>\n<p>El pa\u00eds tiene una cultura muy rica y variada, muchas veces desconocida. La regi\u00f3n ha sido habitada por multitud de culturas, pueblos y religiones, y ha sido parte de diferentes reinos e imperios a lo largo de su historia. Todas ellas han dejado vestigios arquitect\u00f3nicos y urban\u00edsticos que hoy en d\u00eda todav\u00eda puedes visitar, admirar y disfrutar.<\/p>\n\n\t\t<\/div>\n\t<\/div>\n<\/div><\/div><\/div><div class=\"wpb_column vc_column_container vc_col-sm-6\"><div class=\"vc_column-inner\"><div class=\"wpb_wrapper\">\n\t<div  class=\"wpb_single_image wpb_content_element vc_align_center\">\n\t\t\n\t\t<figure class=\"wpb_wrapper vc_figure\">\n\t\t\t<div class=\"vc_single_image-wrapper   vc_box_border_grey\"><img loading=\"lazy\" decoding=\"async\" width=\"400\" height=\"400\" src=\"https:\/\/cankepa.com\/wp-content\/uploads\/2021\/05\/Can-Kepa-marruecos-turismo-cabo-negro.jpg\" class=\"vc_single_image-img attachment-large\" alt=\"\" title=\"Cabo Negro y las estribaciones del Rif desde Ceuta\" srcset=\"https:\/\/cankepa.com\/wp-content\/uploads\/2021\/05\/Can-Kepa-marruecos-turismo-cabo-negro.jpg 400w, https:\/\/cankepa.com\/wp-content\/uploads\/2021\/05\/Can-Kepa-marruecos-turismo-cabo-negro-300x300.jpg 300w, https:\/\/cankepa.com\/wp-content\/uploads\/2021\/05\/Can-Kepa-marruecos-turismo-cabo-negro-150x150.jpg 150w, https:\/\/cankepa.com\/wp-content\/uploads\/2021\/05\/Can-Kepa-marruecos-turismo-cabo-negro-80x80.jpg 80w, https:\/\/cankepa.com\/wp-content\/uploads\/2021\/05\/Can-Kepa-marruecos-turismo-cabo-negro-12x12.jpg 12w\" sizes=\"(max-width: 400px) 100vw, 400px\" \/><\/div>\n\t\t<\/figure>\n\t<\/div>\n<\/div><\/div><\/div><\/div><div class=\"vc_row wpb_row vc_inner vc_row-fluid\"><div class=\"wpb_column vc_column_container vc_col-sm-12\"><div class=\"vc_column-inner\"><div class=\"wpb_wrapper\">\n\t<div class=\"wpb_text_column wpb_content_element \" >\n\t\t<div class=\"wpb_wrapper\">\n\t\t\t<h4 style=\"text-align: center;\">Marruecos es un pa\u00eds muy acojedor y tranquilo donde el tiempo no existe, donde la gente lleva su propio ritmo, relajado y sin estr\u00e9s.<\/h4>\n\n\t\t<\/div>\n\t<\/div>\n<\/div><\/div><\/div><\/div><div class=\"vc_row wpb_row vc_inner vc_row-fluid\"><div class=\"wpb_column vc_column_container vc_col-sm-6\"><div class=\"vc_column-inner\"><div class=\"wpb_wrapper\">\n\t<div  class=\"wpb_single_image wpb_content_element vc_align_center\">\n\t\t\n\t\t<figure class=\"wpb_wrapper vc_figure\">\n\t\t\t<div class=\"vc_single_image-wrapper   vc_box_border_grey\"><img loading=\"lazy\" decoding=\"async\" width=\"400\" height=\"400\" src=\"https:\/\/cankepa.com\/wp-content\/uploads\/2021\/05\/Can-Kepa-marruecos-turismo-tetuan.jpg\" class=\"vc_single_image-img attachment-large\" alt=\"\" title=\"Bab (puerta) Tut de la medina de Tetu\u00e1n\" srcset=\"https:\/\/cankepa.com\/wp-content\/uploads\/2021\/05\/Can-Kepa-marruecos-turismo-tetuan.jpg 400w, https:\/\/cankepa.com\/wp-content\/uploads\/2021\/05\/Can-Kepa-marruecos-turismo-tetuan-300x300.jpg 300w, https:\/\/cankepa.com\/wp-content\/uploads\/2021\/05\/Can-Kepa-marruecos-turismo-tetuan-150x150.jpg 150w, https:\/\/cankepa.com\/wp-content\/uploads\/2021\/05\/Can-Kepa-marruecos-turismo-tetuan-80x80.jpg 80w, https:\/\/cankepa.com\/wp-content\/uploads\/2021\/05\/Can-Kepa-marruecos-turismo-tetuan-12x12.jpg 12w\" sizes=\"(max-width: 400px) 100vw, 400px\" \/><\/div>\n\t\t<\/figure>\n\t<\/div>\n<\/div><\/div><\/div><div class=\"wpb_column vc_column_container vc_col-sm-6\"><div class=\"vc_column-inner\"><div class=\"wpb_wrapper\">\n\t<div class=\"wpb_text_column wpb_content_element \" >\n\t\t<div class=\"wpb_wrapper\">\n\t\t\t<p>Las ciudades est\u00e1n llenas de movimiento, vida, y actividad durante el d\u00eda. Las medinas, las partes antiguas de las ciudades, siguen siendo un hervidero de gente comprando y vendiendo todo tipo de articulos por sus laber\u00ednticas callejuelas.<\/p>\n<p>En las medinas, que se organizan seg\u00fan el gremio, se pueden encontrar todo tipo de productos como: alimentos, especias, animales de corral, carniceros, y artesan\u00edas como peleteros, herreros, carpinteros, ebanistas, anticuarios, joyeros, y tambi\u00e9n productos manufacturados.<\/p>\n\n\t\t<\/div>\n\t<\/div>\n<\/div><\/div><\/div><\/div><div class=\"vc_row wpb_row vc_inner vc_row-fluid\"><div class=\"wpb_column vc_column_container vc_col-sm-6\"><div class=\"vc_column-inner\"><div class=\"wpb_wrapper\">\n\t<div class=\"wpb_text_column wpb_content_element \" >\n\t\t<div class=\"wpb_wrapper\">\n\t\t\t<p>El mundo rural, como en cualquier pa\u00eds, es un universo aparte. El campo marroqu\u00ed es muy humilde y tranquilo, donde todav\u00eda se guardan las tradiciones y las formas de hacer de antes.<\/p>\n<p>La gente mantiene la dimensi\u00f3n m\u00e1gica de la vida con un imaginario colectivo lleno de genios y fuerzas invisibles.<\/p>\n<p>Marruecos tambi\u00e9n est\u00e1 en una constante pero calmada evoluci\u00f3n en el campo, donde el progreso tecnol\u00f3gico se da la mano con la tradici\u00f3n del mundo isl\u00e1mico.<\/p>\n\n\t\t<\/div>\n\t<\/div>\n<\/div><\/div><\/div><div class=\"wpb_column vc_column_container vc_col-sm-6\"><div class=\"vc_column-inner\"><div class=\"wpb_wrapper\">\n\t<div  class=\"wpb_single_image wpb_content_element vc_align_center\">\n\t\t\n\t\t<figure class=\"wpb_wrapper vc_figure\">\n\t\t\t<div class=\"vc_single_image-wrapper   vc_box_border_grey\"><img loading=\"lazy\" decoding=\"async\" width=\"400\" height=\"400\" src=\"https:\/\/cankepa.com\/wp-content\/uploads\/2021\/05\/Can-Kepa-marruecos-turismo-viejos.jpg\" class=\"vc_single_image-img attachment-large\" alt=\"\" title=\"Se\u00f1ores a la fresca\" srcset=\"https:\/\/cankepa.com\/wp-content\/uploads\/2021\/05\/Can-Kepa-marruecos-turismo-viejos.jpg 400w, https:\/\/cankepa.com\/wp-content\/uploads\/2021\/05\/Can-Kepa-marruecos-turismo-viejos-300x300.jpg 300w, https:\/\/cankepa.com\/wp-content\/uploads\/2021\/05\/Can-Kepa-marruecos-turismo-viejos-150x150.jpg 150w, https:\/\/cankepa.com\/wp-content\/uploads\/2021\/05\/Can-Kepa-marruecos-turismo-viejos-80x80.jpg 80w, https:\/\/cankepa.com\/wp-content\/uploads\/2021\/05\/Can-Kepa-marruecos-turismo-viejos-12x12.jpg 12w\" sizes=\"(max-width: 400px) 100vw, 400px\" \/><\/div>\n\t\t<\/figure>\n\t<\/div>\n<\/div><\/div><\/div><\/div><div class=\"vc_row wpb_row vc_inner vc_row-fluid\"><div class=\"wpb_column vc_column_container vc_col-sm-12\"><div class=\"vc_column-inner\"><div class=\"wpb_wrapper\">\n\t<div class=\"wpb_text_column wpb_content_element \" >\n\t\t<div class=\"wpb_wrapper\">\n\t\t\t<h4 style=\"text-align: center;\">El mantra del pa\u00eds es: &#8216;\u00a1La prisa mata amigo!&#8217;<\/h4>\n\n\t\t<\/div>\n\t<\/div>\n<\/div><\/div><\/div><\/div><\/div><\/div><\/div><div class=\"wpb_column vc_column_container vc_col-sm-2\"><div class=\"vc_column-inner\"><div class=\"wpb_wrapper\"><\/div><\/div><\/div><\/div><div class=\"vc_row wpb_row vc_row-fluid\"><div class=\"wpb_column vc_column_container vc_col-sm-2\"><div class=\"vc_column-inner\"><div class=\"wpb_wrapper\"><\/div><\/div><\/div><div class=\"wpb_column vc_column_container vc_col-sm-8\"><div class=\"vc_column-inner\"><div class=\"wpb_wrapper\"><div class=\"vc_row wpb_row vc_inner vc_row-fluid\"><div class=\"wpb_column vc_column_container vc_col-sm-6\"><div class=\"vc_column-inner\"><div class=\"wpb_wrapper\">\n\t<div  class=\"wpb_single_image wpb_content_element vc_align_center\">\n\t\t\n\t\t<figure class=\"wpb_wrapper vc_figure\">\n\t\t\t<div class=\"vc_single_image-wrapper   vc_box_border_grey\"><img loading=\"lazy\" decoding=\"async\" width=\"400\" height=\"400\" src=\"https:\/\/cankepa.com\/wp-content\/uploads\/2021\/05\/Can-Kepa-marruecos-turismo-sfeda.jpg\" class=\"vc_single_image-img attachment-large\" alt=\"\" title=\"Can-Kepa-marruecos-turismo-sfeda\" srcset=\"https:\/\/cankepa.com\/wp-content\/uploads\/2021\/05\/Can-Kepa-marruecos-turismo-sfeda.jpg 400w, https:\/\/cankepa.com\/wp-content\/uploads\/2021\/05\/Can-Kepa-marruecos-turismo-sfeda-300x300.jpg 300w, https:\/\/cankepa.com\/wp-content\/uploads\/2021\/05\/Can-Kepa-marruecos-turismo-sfeda-150x150.jpg 150w, https:\/\/cankepa.com\/wp-content\/uploads\/2021\/05\/Can-Kepa-marruecos-turismo-sfeda-80x80.jpg 80w, https:\/\/cankepa.com\/wp-content\/uploads\/2021\/05\/Can-Kepa-marruecos-turismo-sfeda-12x12.jpg 12w\" sizes=\"(max-width: 400px) 100vw, 400px\" \/><\/div>\n\t\t<\/figure>\n\t<\/div>\n<\/div><\/div><\/div><div class=\"wpb_column vc_column_container vc_col-sm-6\"><div class=\"vc_column-inner\"><div class=\"wpb_wrapper\">\n\t<div class=\"wpb_text_column wpb_content_element \" >\n\t\t<div class=\"wpb_wrapper\">\n\t\t\t<p>El pa\u00eds tiene una naturaleza que brinda la posibilidad de hacer un amplio abanico de actividades como senderismo, esqu\u00ed, surf o buceo submarino.<\/p>\n<p><span style=\"font-weight: 400;\">\u00a1Ven a nuestras casas y sum\u00e9rgete en la tranquilidad del campo! Descansa en una <em>tarba<\/em> (sof\u00e1 tradicional marroqu\u00ed) debajo de una higuera o de una c\u00e1lida noche estrellada. Disfruta de los amaneceres y los atardeceres en nuestros jardines entre el olor del jazm\u00edn, el piar de los p\u00e1jaros, y la brisa fresca de la monta\u00f1a o del mar Mediterraneo. Y recuerda que, si quieres bullicio, tendr\u00e1s las ciudades y pueblos a unos minutos en coche.<\/span><\/p>\n\n\t\t<\/div>\n\t<\/div>\n<\/div><\/div><\/div><\/div><\/div><\/div><\/div><div class=\"wpb_column vc_column_container vc_col-sm-2\"><div class=\"vc_column-inner\"><div class=\"wpb_wrapper\"><\/div><\/div><\/div><\/div><div class=\"vc_row wpb_row vc_row-fluid\"><div class=\"wpb_column vc_column_container vc_col-sm-2\"><div class=\"vc_column-inner\"><div class=\"wpb_wrapper\"><\/div><\/div><\/div><div class=\"wpb_column vc_column_container vc_col-sm-8\"><div class=\"vc_column-inner\"><div class=\"wpb_wrapper\">\n\t<div class=\"wpb_text_column wpb_content_element \" >\n\t\t<div class=\"wpb_wrapper\">\n\t\t\t<h4 style=\"text-align: center;\">Llevamos veinte a\u00f1os viviendo en Marruecos, tenemos toda la informaci\u00f3n que necesitas para que descubras este maravilloso pa\u00eds.<\/h4>\n\n\t\t<\/div>\n\t<\/div>\n<\/div><\/div><\/div><div class=\"wpb_column vc_column_container vc_col-sm-2\"><div class=\"vc_column-inner\"><div class=\"wpb_wrapper\"><\/div><\/div><\/div><\/div><div class=\"vc_row wpb_row vc_row-fluid\"><\/div><\/section><section class=\"vc_section\"><div class=\"vc_row wpb_row vc_row-fluid\"><div class=\"wpb_column vc_column_container vc_col-sm-2\"><div class=\"vc_column-inner\"><div class=\"wpb_wrapper\"><\/div><\/div><\/div><div class=\"wpb_column vc_column_container vc_col-sm-8\"><div class=\"vc_column-inner\"><div class=\"wpb_wrapper\">\n\t<div class=\"wpb_text_column wpb_content_element \" >\n\t\t<div class=\"wpb_wrapper\">\n\t\t\t<h3 style=\"text-align: center;\"><span style=\"color: #66b80f;\">El norte de Marruecos tiene mucho que ofrecer<\/span><\/h3>\n\n\t\t<\/div>\n\t<\/div>\n<\/div><\/div><\/div><div class=\"wpb_column vc_column_container vc_col-sm-2\"><div class=\"vc_column-inner\"><div class=\"wpb_wrapper\"><\/div><\/div><\/div><\/div><div class=\"vc_row wpb_row vc_row-fluid\"><\/div><div class=\"vc_row wpb_row vc_row-fluid\"><div class=\"wpb_column vc_column_container vc_col-sm-3\"><div class=\"vc_column-inner\"><div class=\"wpb_wrapper\"><div class=\"vc_icon_element vc_icon_element-outer vc_icon_element-align-center vc_icon_element-have-style\"><div class=\"vc_icon_element-inner vc_icon_element-color-green vc_icon_element-have-style-inner vc_icon_element-size-md vc_icon_element-style-rounded-outline vc_icon_element-outline vc_icon_element-background-color-grey\" ><span class=\"vc_icon_element-icon fas fa-landmark\" ><\/span><\/div><\/div>\n\t<div class=\"wpb_text_column wpb_content_element  vc_custom_1610910334046\" >\n\t\t<div class=\"wpb_wrapper\">\n\t\t\t<p style=\"text-align: center;\"><strong>Cultura e historia<\/strong><\/p>\n\n\t\t<\/div>\n\t<\/div>\n\n\t<div class=\"wpb_text_column wpb_content_element  vc_custom_1616422959302\" >\n\t\t<div class=\"wpb_wrapper\">\n\t\t\t<p>Conoce el norte de la Yebala marroqu\u00ed, sus gentes, su cultura, sus tradiciones y su historia.<\/p>\n<p>\u00a1Tienes muchas cosas por descubrir!<\/p>\n\n\t\t<\/div>\n\t<\/div>\n<\/div><\/div><\/div><div class=\"wpb_column vc_column_container vc_col-sm-3\"><div class=\"vc_column-inner\"><div class=\"wpb_wrapper\"><div class=\"vc_icon_element vc_icon_element-outer vc_icon_element-align-center vc_icon_element-have-style\"><div class=\"vc_icon_element-inner vc_icon_element-color-green vc_icon_element-have-style-inner vc_icon_element-size-md vc_icon_element-style-rounded-outline vc_icon_element-outline vc_icon_element-background-color-grey\" ><span class=\"vc_icon_element-icon fab fa-pagelines\" ><\/span><\/div><\/div>\n\t<div class=\"wpb_text_column wpb_content_element  vc_custom_1610911046715\" >\n\t\t<div class=\"wpb_wrapper\">\n\t\t\t<p style=\"text-align: center;\"><strong>Naturaleza<\/strong><\/p>\n\n\t\t<\/div>\n\t<\/div>\n\n\t<div class=\"wpb_text_column wpb_content_element  vc_custom_1616423108525\" >\n\t\t<div class=\"wpb_wrapper\">\n\t\t\t<p>Pi\u00e9rdete por las monta\u00f1as y campos del norte de Marruecos.<\/p>\n<p>\u00a1Ven a tener una aventura disfrutando de su fauna y flora!<\/p>\n\n\t\t<\/div>\n\t<\/div>\n<\/div><\/div><\/div><div class=\"wpb_column vc_column_container vc_col-sm-3\"><div class=\"vc_column-inner\"><div class=\"wpb_wrapper\"><div class=\"vc_icon_element vc_icon_element-outer vc_icon_element-align-center vc_icon_element-have-style\"><div class=\"vc_icon_element-inner vc_icon_element-color-green vc_icon_element-have-style-inner vc_icon_element-size-md vc_icon_element-style-rounded-outline vc_icon_element-outline vc_icon_element-background-color-grey\" ><span class=\"vc_icon_element-icon fas fa-sun\" ><\/span><\/div><\/div>\n\t<div class=\"wpb_text_column wpb_content_element  vc_custom_1611092935348\" >\n\t\t<div class=\"wpb_wrapper\">\n\t\t\t<p style=\"text-align: center;\"><strong>Sol y playa<\/strong><\/p>\n\n\t\t<\/div>\n\t<\/div>\n\n\t<div class=\"wpb_text_column wpb_content_element  vc_custom_1616423148293\" >\n\t\t<div class=\"wpb_wrapper\">\n\t\t\t<p>\u00bfQu\u00e9 tipo de playa quieres? \u00bfDe piedras, de arena gorda, de arena fina? Marruecos tiene lo que buscas, unas playas magn\u00edficas en el Atl\u00e1ntico y en el Mediterraneo, y un sol de envidiar.<\/p>\n\n\t\t<\/div>\n\t<\/div>\n<\/div><\/div><\/div><div class=\"wpb_column vc_column_container vc_col-sm-3\"><div class=\"vc_column-inner\"><div class=\"wpb_wrapper\"><div class=\"vc_icon_element vc_icon_element-outer vc_icon_element-align-center vc_icon_element-have-style\"><div class=\"vc_icon_element-inner vc_icon_element-color-green vc_icon_element-have-style-inner vc_icon_element-size-md vc_icon_element-style-rounded-outline vc_icon_element-outline vc_icon_element-background-color-grey\" ><span class=\"vc_icon_element-icon fas fa-plane-arrival\" ><\/span><\/div><\/div>\n\t<div class=\"wpb_text_column wpb_content_element  vc_custom_1610910269807\" >\n\t\t<div class=\"wpb_wrapper\">\n\t\t\t<p style=\"text-align: center;\"><strong>Cerca de Europa<\/strong><\/p>\n\n\t\t<\/div>\n\t<\/div>\n\n\t<div class=\"wpb_text_column wpb_content_element  vc_custom_1616422885908\" >\n\t\t<div class=\"wpb_wrapper\">\n\t\t\t<p>Estamos a un par de horas de Europa, a cuarenta kil\u00f3metros, con una ampliada gama de posibilidades para llegar a aqu\u00ed. R\u00e1pido, lento, a tu aire, \u00a1como t\u00fa quieras!<\/p>\n\n\t\t<\/div>\n\t<\/div>\n<\/div><\/div><\/div><\/div><\/section><section class=\"vc_section\"><div class=\"vc_row wpb_row vc_row-fluid\"><div class=\"wpb_column vc_column_container vc_col-sm-2\"><div class=\"vc_column-inner\"><div class=\"wpb_wrapper\"><\/div><\/div><\/div><div class=\"wpb_column vc_column_container vc_col-sm-8\"><div class=\"vc_column-inner\"><div class=\"wpb_wrapper\"><div class=\"vc_icon_element vc_icon_element-outer vc_icon_element-align-center vc_icon_element-have-style\"><div class=\"vc_icon_element-inner vc_icon_element-color-green vc_icon_element-have-style-inner vc_icon_element-size-lg vc_icon_element-style-rounded-outline vc_icon_element-outline vc_icon_element-background-color-grey\" ><span class=\"vc_icon_element-icon fas fa-chess-rook\" ><\/span><\/div><\/div>\n\t<div class=\"wpb_text_column wpb_content_element \" >\n\t\t<div class=\"wpb_wrapper\">\n\t\t\t<h3 style=\"text-align: center;\"><span style=\"color: #999999;\">El pa\u00eds<\/span><\/h3>\n<p style=\"text-align: center;\">Un poco de informaci\u00f3n general sobre Marruecos.<\/p>\n\n\t\t<\/div>\n\t<\/div>\n<div class=\"vc_tta-container\" data-vc-action=\"collapseAll\"><div class=\"vc_general vc_tta vc_tta-accordion vc_tta-color-green vc_tta-style-outline vc_tta-shape-rounded vc_tta-spacing-1 vc_tta-gap-3 vc_tta-controls-align-center vc_tta-o-all-clickable\"><div class=\"vc_tta-panels-container\"><div class=\"vc_tta-panels\"><div class=\"vc_tta-panel\" id=\"1611751911862-34f6fda0-dfd6\" data-vc-content=\".vc_tta-panel-body\"><div class=\"vc_tta-panel-heading\"><h4 class=\"vc_tta-panel-title vc_tta-controls-icon-position-left\"><a href=\"#1611751911862-34f6fda0-dfd6\" data-vc-accordion data-vc-container=\".vc_tta-container\"><span class=\"vc_tta-title-text\">\u00b7 Geograf\u00eda \u00b7<\/span><i class=\"vc_tta-controls-icon vc_tta-controls-icon-chevron\"><\/i><\/a><\/h4><\/div><div class=\"vc_tta-panel-body\">\n\t<div class=\"wpb_text_column wpb_content_element \" >\n\t\t<div class=\"wpb_wrapper\">\n\t\t\t<p>Marruecos se encuentra en la esquina noroeste de \u00c1frica, encajonado entre el mar Maditerraneo por el norte, el oceano Atl\u00e1ntico por el oeste y el desierto por el sur y este.<\/p>\n<p>El pa\u00eds tiene dos grandes masas monta\u00f1osas:<br \/>\n\u00b7 Las monta\u00f1as de la cordillera del Rif en el norte, con picos de m\u00e1s de 2000 metros sobre el nivel del mar, y<br \/>\n\u00b7 Las tres cordilleras del pedregoso Atlas (Medio, Alto y Antiatlas) en el centro del pa\u00eds, que varian entre los 2500 y los 4000 metros sobre el nivel del mar.<\/p>\n<p>A lo largo de la costa atl\u00e1ntica, desde el norte se extienden hacia el sur grandes llanuras donde se encuentra concentrada la mayor parte de la producci\u00f3n agr\u00edcola del pa\u00eds.<\/p>\n<p>En el sur y el este, el pa\u00eds est\u00e1 encajonado por el desierto del S\u00e1hara.<\/p>\n\n\t\t<\/div>\n\t<\/div>\n\n\t<div  class=\"wpb_single_image wpb_content_element vc_align_center\">\n\t\t\n\t\t<figure class=\"wpb_wrapper vc_figure\">\n\t\t\t<div class=\"vc_single_image-wrapper   vc_box_border_grey\"><img loading=\"lazy\" decoding=\"async\" width=\"600\" height=\"481\" src=\"https:\/\/cankepa.com\/wp-content\/uploads\/2021\/03\/Mapa-Topografico-Marruecos.jpg\" class=\"vc_single_image-img attachment-large\" alt=\"\" title=\"Mapa-Topografico-Marruecos\" srcset=\"https:\/\/cankepa.com\/wp-content\/uploads\/2021\/03\/Mapa-Topografico-Marruecos.jpg 600w, https:\/\/cankepa.com\/wp-content\/uploads\/2021\/03\/Mapa-Topografico-Marruecos-300x241.jpg 300w, https:\/\/cankepa.com\/wp-content\/uploads\/2021\/03\/Mapa-Topografico-Marruecos-80x64.jpg 80w, https:\/\/cankepa.com\/wp-content\/uploads\/2021\/03\/Mapa-Topografico-Marruecos-16x12.jpg 16w\" sizes=\"(max-width: 600px) 100vw, 600px\" \/><\/div>\n\t\t<\/figure>\n\t<\/div>\n<\/div><\/div><div class=\"vc_tta-panel\" id=\"1611858217771-aaa7470a-37bf\" data-vc-content=\".vc_tta-panel-body\"><div class=\"vc_tta-panel-heading\"><h4 class=\"vc_tta-panel-title vc_tta-controls-icon-position-left\"><a href=\"#1611858217771-aaa7470a-37bf\" data-vc-accordion data-vc-container=\".vc_tta-container\"><span class=\"vc_tta-title-text\">\u00b7 Clima \u00b7<\/span><i class=\"vc_tta-controls-icon vc_tta-controls-icon-chevron\"><\/i><\/a><\/h4><\/div><div class=\"vc_tta-panel-body\">\n\t<div class=\"wpb_text_column wpb_content_element \" >\n\t\t<div class=\"wpb_wrapper\">\n\t\t\t<p><span style=\"font-weight: 400;\">El clima en el area de nuestras casas se debate entre el Mediterraneo y el Atl\u00e1ntico. Entre el viento de levante, viento del este, que trae humedad y hace que el agua del mar y la piscina esten m\u00e1s calientes; y el viento de poniente, viento del oeste, que trae sequedad y hace que el agua est\u00e9 bien fresquita. Un par de d\u00edas al a\u00f1o tenemos vendaval, viento del sur, muy fuerte y caliente.<\/span><\/p>\n<p>&nbsp;<\/p>\n<p><strong>Cuando viajar a Marruecos<\/strong><\/p>\n<p><span style=\"font-weight: 400;\">Las mejores temporadas para venir al norte de Marruecos son primavera y oto\u00f1o, las temperaturas son moderadas y las lluvias no son demasiado abundantes.\u00a0<\/span><\/p>\n<p><span style=\"font-weight: 400;\">En invierno, las temperaturas son m\u00e1s fr\u00edas, pero no te preocupes que nuestras casas est\u00e1n equipadas con chimeneas y calefacci\u00f3n para que no pases nada de fr\u00edo.\u00a0<\/span><\/p>\n<p><span style=\"font-weight: 400;\">En verano, las temperaturas son m\u00e1s altas, pero no tan altas como en el centro y el sur del pa\u00eds. Por las noches puedes llegar a necesitar una chaquetilla porque puede refrescar. <\/span><\/p>\n\n\t\t<\/div>\n\t<\/div>\n\n\t<div class=\"wpb_text_column wpb_content_element \" >\n\t\t<div class=\"wpb_wrapper\">\n\t\t\t<p>Las zonas clim\u00e1ticas del norte del pa\u00eds, el area que podr\u00e1s visitar desde nuestras casas, son:<\/p>\n<p><strong>Zona de la costa mediterr\u00e1nea y el Rif<\/strong><\/p>\n<p><span style=\"font-weight: 400;\">El clima es mediterraneo con inviernos suaves, moderadamente lluviosos con temperaturas en torno a los 18\u00baC, y veranos calurosos y secos con una media de 32\u00baC. En el interior llueve m\u00e1s que en la costa y puede llegar a nevar; las temperaturas pueden ser frescas en invierno. La parte oeste de esta zona, donde estamos nosotros, es m\u00e1s h\u00fameda por la influencia atl\u00e1ntica, y se va haciendo m\u00e1s seco hacia el este (frontera con Argelia).<\/span><\/p>\n<p><strong>Zona de las llanuras del Atl\u00e1ntico norte<\/strong><\/p>\n<p><span style=\"font-weight: 400;\">Esta zona se extiende en la costa atl\u00e1ntica que va desde las ciudades de T\u00e1nger, en el norte del pa\u00eds, y El-Jadida, ciudad a unos cien kil\u00f3metros al sur de la ciudad de Casablanca, en el centro del pa\u00eds. Estas llanuras tienen un clima mediterraneo con influencia oce\u00e1nica. La temporada de lluvias abarca desde octubre hasta abril o mayo. Los veranos son secos y soleados, con brumas matutinas y roc\u00edo nocturno. En cuanto a precipitaciones, las mayores se encuentran en el norte y van disminuyendo a medida que vamos hacia el sur. Las temperaturas son bastante homogeneas, varian entre 12\u00baC en enero y los 23\u00baC en verano. Los d\u00edas abrasadores no son muy comunes en esta zona.<\/span><\/p>\n\n\t\t<\/div>\n\t<\/div>\n\n\t<div  class=\"wpb_single_image wpb_content_element vc_align_center\">\n\t\t\n\t\t<figure class=\"wpb_wrapper vc_figure\">\n\t\t\t<div class=\"vc_single_image-wrapper   vc_box_border_grey\"><img loading=\"lazy\" decoding=\"async\" width=\"578\" height=\"638\" src=\"https:\/\/cankepa.com\/wp-content\/uploads\/2021\/03\/Mapa-Clima-Marruecos.jpg\" class=\"vc_single_image-img attachment-large\" alt=\"\" title=\"Mapa-Clima-Marruecos\" srcset=\"https:\/\/cankepa.com\/wp-content\/uploads\/2021\/03\/Mapa-Clima-Marruecos.jpg 578w, https:\/\/cankepa.com\/wp-content\/uploads\/2021\/03\/Mapa-Clima-Marruecos-272x300.jpg 272w, https:\/\/cankepa.com\/wp-content\/uploads\/2021\/03\/Mapa-Clima-Marruecos-72x80.jpg 72w, https:\/\/cankepa.com\/wp-content\/uploads\/2021\/03\/Mapa-Clima-Marruecos-11x12.jpg 11w\" sizes=\"(max-width: 578px) 100vw, 578px\" \/><\/div>\n\t\t<\/figure>\n\t<\/div>\n<\/div><\/div><div class=\"vc_tta-panel\" id=\"1619763814297-dcee0b66-0249\" data-vc-content=\".vc_tta-panel-body\"><div class=\"vc_tta-panel-heading\"><h4 class=\"vc_tta-panel-title vc_tta-controls-icon-position-left\"><a href=\"#1619763814297-dcee0b66-0249\" data-vc-accordion data-vc-container=\".vc_tta-container\"><span class=\"vc_tta-title-text\">\u00b7 Naturaleza \u00b7<\/span><i class=\"vc_tta-controls-icon vc_tta-controls-icon-chevron\"><\/i><\/a><\/h4><\/div><div class=\"vc_tta-panel-body\">\n\t<div class=\"wpb_text_column wpb_content_element \" >\n\t\t<div class=\"wpb_wrapper\">\n\t\t\t<p><span style=\"font-weight: 400;\">Marruecos cuenta con parajes naturales protegidos distribuidos en parques y reservas naturales donde podr\u00e1s disfrutar de la naturaleza salvaje del pa\u00eds.\u00a0<\/span><\/p>\n<p>&nbsp;<\/p>\n<p><strong>\u00b7 Parques Naturales<\/strong><\/p>\n<p><span style=\"font-weight: 400;\">Parque Nacional de Souss Massa, Parque Nacional de Tazzeka, Parque Nacional del Toubkal, Parque Nacional Alhucemas, Parque Nacional de Talassemtane, Parque Nacional de Ifrane, Parque Nacional del Alto Atlas Oriental, Parque Nacional de Jenifra, Parque Nacional de Iriqui y Parque Nacional de Khenifiss.<\/span><\/p>\n<p>&nbsp;<\/p>\n<p><strong>\u00b7 Reservas Naturales<\/strong><\/p>\n<p><span style=\"font-weight: 400;\">Reserva Biol\u00f3gica Merdja Zerga (en Moulay Bousselham), Reserva de la Biosfera de Arganeraie, Reserva de la Biosfera Intercontinental del Mediterr\u00e1neo de Marruecos y Espa\u00f1a (donde se incluye el Parque natural del Talassemtane, as\u00ed como la Laguna de Smir, Koudiet Taifour, Moussa y Jbel Bouhach), Reserva de la Biosfera de los Oasis del Sur de Marruecos.<\/span><\/p>\n<p>&nbsp;<\/p>\n<p><strong>\u00b7 Sitios Ramsar<\/strong><\/p>\n<p><span style=\"font-weight: 400;\">Hay 24 en el pa\u00eds. Estos sitios tienen como principal objetivo la conservaci\u00f3n de los h\u00e1bitats de las aves acu\u00e1ticas y migratorias. Los m\u00e1s septentrionales y cercanos a nuestras casas son:<\/span><\/p>\n<ul>\n<li><em>Ramsar 2380<\/em><span style=\"font-weight: 400;\">: Mdiq. Este sitio est\u00e1 compuesto por una laguna litoral pantanosa en la peque\u00f1a llanura aluvial costera del r\u00edo Smir y un pantano a menos de diez kil\u00f3metros aguas arriba. La laguna es un ecosistema mediterr\u00e1neo de estuario poco com\u00fan en Marruecos. El sitio alberga una gran diversidad de vida vegetal y animal, como lo ilustra la presencia de diferentes especies de algas, de plantas vasculares, de vertebrados (entre las que figuran anfibios, reptiles, mam\u00edferos) y de aves acu\u00e1ticas migratorias. El sitio se encuentra en la v\u00eda migratoria del Atl\u00e1ntico oriental y es una etapa crucial para multitud de especies de aves acu\u00e1ticas del Pale\u00e1rtico occidental durante su paso y tambi\u00e9n en invierno. Sus tres tipos principales de humedales (marinos y costeros, continentales y artificiales) brindan una gran diversidad de servicios de los ecosistemas a las poblaciones vecinas.<\/span><\/li>\n<li aria-level=\"1\"><i>Ramsar 2381<\/i><span style=\"font-weight: 400;\">: <\/span><span style=\"font-weight: 400;\">Belyounech. El sitio incluye una extensi\u00f3n costera y dos monta\u00f1as separadas por el valle de Oued El Marsa en la costa sur del Estrecho de Gibraltar, donde el Atl\u00e1ntico se encuentra con el Mediterr\u00e1neo. Los ecosistemas de acantilados costeros y marinos del humedal son ricos en fauna y flora. Es una regi\u00f3n importante para el paso de tortugas marinas, aves y mam\u00edferos, as\u00ed como un lugar donde desovan varias especies de peces. La costa tambi\u00e9n tiene un gran valor paisaj\u00edstico y cultural en la aglomeraci\u00f3n de Belyounech, donde se pueden encontrar los restos de una pr\u00f3spera ciudad medieval. El sitio tambi\u00e9n es una Reserva de la Biosfera de la UNESCO.<\/span><\/li>\n<\/ul>\n\n\t\t<\/div>\n\t<\/div>\n<\/div><\/div><div class=\"vc_tta-panel\" id=\"1611858328492-bd6d9af7-60ee\" data-vc-content=\".vc_tta-panel-body\"><div class=\"vc_tta-panel-heading\"><h4 class=\"vc_tta-panel-title vc_tta-controls-icon-position-left\"><a href=\"#1611858328492-bd6d9af7-60ee\" data-vc-accordion data-vc-container=\".vc_tta-container\"><span class=\"vc_tta-title-text\">\u00b7 Historia \u00b7<\/span><i class=\"vc_tta-controls-icon vc_tta-controls-icon-chevron\"><\/i><\/a><\/h4><\/div><div class=\"vc_tta-panel-body\">\n\t<div class=\"wpb_text_column wpb_content_element \" >\n\t\t<div class=\"wpb_wrapper\">\n\t\t\t<p><span style=\"font-weight: 400;\">Debido a su localizaci\u00f3n entre la peninsula ib\u00e9rica, el desierto del S\u00e1hara, y el Mediterraneo occidental, lo que es hoy en d\u00eda Marruecos ha sido habitado por multitud de culturas, pueblos y religiones durante toda la historia. Todas ellas han dejado vestigios arquitect\u00f3nicos y urban\u00edsticos que puedes visitar, admirar y disfrutar.<\/span><\/p>\n<p><b>Pueblo aut\u00f3ctono<\/b><\/p>\n<p><span style=\"font-weight: 400;\">El pueblo aut\u00f3ctono de Marruecos el pueblo bereber que han habitado la zona desde hace unos cuatro mil a\u00f1os. Hoy en d\u00eda, la cultura bereber se va diluyendo poco a poco con la cultura \u00e1rabe, pero todav\u00eda sigue siendo predominante en diferentes areas del pa\u00eds y el campo.<\/span><\/p>\n<p><b>Edad antigua<\/b><\/p>\n<p><span style=\"font-weight: 400;\">En la edad antigua pasaron diferentes pueblos mediterraneos que se asentaron en diferentes enclaves costeros tanto en la vertiente atl\u00e1ntica como en la mediterranea. Los pueblos m\u00e1s importantes fueron los fenicios, los cartagineses y los romanos. Despu\u00e9s de la caida del imperio romano, hubo diferentes reinos bereberes con influencia romana, e incluso cristiana de la primera \u00e9poca, como el reino bereber maur\u00ed.<\/span><\/p>\n<p><b>Edad media<\/b><\/p>\n<p><span style=\"font-weight: 400;\">Con el desmembramiento del imperio romano y su debilitamiento propici\u00f3 la llegada y ocupaci\u00f3n de pueblos europeos germ\u00e1nicos como los v\u00e1ndalos (s. V d.c.) que dejaron su gen\u00e9tica en la zona del Rif donde todav\u00eda hoy en d\u00eda se ven gente de tez m\u00e1s clara, rubia con ojos azules. Despu\u00e9s, Bizancio estuvo presente en la zona durante un par de siglos hasta la llegada de los pueblos \u00e1rabes de oriente.<\/span><\/p>\n<p><span style=\"font-weight: 400;\">Los \u00e1rabes omeyas llegaron al norte de \u00c1frica en el siglo VIII desde oriente pr\u00f3ximo en su expansi\u00f3n hacia la peninsula Ib\u00e9rica. Durante los siguientes siglos Marruecos fu\u00e9 invadida por imperios bereberes llegados desde la zona de la actual Mauritania como los Almoravides (s. X d.c.) y los Almohades (s. XI d.c.) en su avance hacia la peninsula Ib\u00e9rica. Durante los siglos XII y XIII la zona fu\u00e9 controlada por diferentes reinos bereberes zenata como los marin\u00edes y el reino de Fez de los que descienden varias etnias actuales. En en s.XIII llegaron muchos exiliados andalusies, tanto musulmanes como jud\u00edos, al norte de Marruecos.<\/span><\/p>\n<p><b>Edad moderna<\/b><\/p>\n<p><span style=\"font-weight: 400;\">Durante los siglos XV al XVII Marruecos fu\u00e9 gobernada por diferentes dinast\u00edas \u00e1rabes como los said\u00edes, y algunas zonas por andalusies y otomanos, y finalmente los alauitas, que siguen gobernando Marruecos actualmente.<\/span><\/p>\n<p><b>Edad contemporanea<\/b><\/p>\n\n\t\t<\/div>\n\t<\/div>\n\n\t<div  class=\"wpb_single_image wpb_content_element vc_align_center\">\n\t\t\n\t\t<figure class=\"wpb_wrapper vc_figure\">\n\t\t\t<div class=\"vc_single_image-wrapper   vc_box_border_grey\"><img loading=\"lazy\" decoding=\"async\" width=\"600\" height=\"370\" src=\"https:\/\/cankepa.com\/wp-content\/uploads\/2021\/03\/Mapa-marruecos-protectorado-1956.jpg\" class=\"vc_single_image-img attachment-large\" alt=\"\" title=\"Mapa-marruecos-protectorado-1956\" srcset=\"https:\/\/cankepa.com\/wp-content\/uploads\/2021\/03\/Mapa-marruecos-protectorado-1956.jpg 600w, https:\/\/cankepa.com\/wp-content\/uploads\/2021\/03\/Mapa-marruecos-protectorado-1956-300x185.jpg 300w, https:\/\/cankepa.com\/wp-content\/uploads\/2021\/03\/Mapa-marruecos-protectorado-1956-80x49.jpg 80w, https:\/\/cankepa.com\/wp-content\/uploads\/2021\/03\/Mapa-marruecos-protectorado-1956-16x10.jpg 16w\" sizes=\"(max-width: 600px) 100vw, 600px\" \/><\/div>\n\t\t<\/figure>\n\t<\/div>\n\n\t<div class=\"wpb_text_column wpb_content_element \" >\n\t\t<div class=\"wpb_wrapper\">\n\t\t\t<p><span style=\"font-weight: 400;\">Desde el siglo XV los portugueses se habian instalado en ciudades costeras atlanticas sin llegar nunca a controlar el interior del pa\u00eds.\u00a0<\/span><\/p>\n<p><span style=\"font-weight: 400;\">En el siglo XX comenz\u00f3 el periodo de Protectorado franc\u00e9s y espa\u00f1ol de Marruecos. Por el tratado de Algeciras, Espa\u00f1a consigui\u00f3 el control de la zona norte, Francia el centro y sur del pa\u00eds, y la ciudad de T\u00e1nger fu\u00e9 declarada zona internacional controlada por varias potencias occidentales en condominio: <\/span><span style=\"font-weight: 400;\">B\u00e9lgica<\/span><span style=\"font-weight: 400;\">, Espa\u00f1a, Francia, Pa\u00edses Bajos, Portugal, Reino Unido e Italia.<\/span><\/p>\n<p><b>Marruecos independiente<\/b><\/p>\n<p><span style=\"font-weight: 400;\">Marruecos consigue la independencia de Francia y Espa\u00f1a en 1956, a\u00f1o en el que se reunificaron los dos protectorados europeos y la zona internacional de T\u00e1nger. El gobierno del pa\u00eds volvi\u00f3 a manos de la dinastia alauita primero con Mohamed V y despu\u00e9s con Hassan II.\u00a0<\/span><\/p>\n<p><span style=\"font-weight: 400;\">Desde el a\u00f1o 2000, con la subida al trono de Mohamed VI, el pa\u00eds ha experimentado un gran desarrollo econ\u00f3mico, social y de sus infrastructuras. A nivel nacional se han construido el puerto de Tanger Med, localizado en la zona del estrecho de Gibraltar, se ha construido una nueva red de autopistas, y se han mejorado las carreteras nacionales. A nivel local, han mejorado el asfaltado de calles y el alumbrado p\u00fablico. En las area rurales han mejorado los servicios b\u00e1sicos y la accesibilidad, lo que antes eran caminos polvorientos ahora se est\u00e1n pavimentando, mejorando el acceso tanto para los locales como para los extranjeros.<\/span><\/p>\n<p><span style=\"font-weight: 400;\">En los \u00faltimos a\u00f1os, el gobierno marroqu\u00ed est\u00e1 desarrollando politicas para promover el turismo rural.<\/span><\/p>\n\n\t\t<\/div>\n\t<\/div>\n<\/div><\/div><div class=\"vc_tta-panel\" id=\"1611858385475-a06d57e4-2097\" data-vc-content=\".vc_tta-panel-body\"><div class=\"vc_tta-panel-heading\"><h4 class=\"vc_tta-panel-title vc_tta-controls-icon-position-left\"><a href=\"#1611858385475-a06d57e4-2097\" data-vc-accordion data-vc-container=\".vc_tta-container\"><span class=\"vc_tta-title-text\">\u00b7 Sociedad \u00b7<\/span><i class=\"vc_tta-controls-icon vc_tta-controls-icon-chevron\"><\/i><\/a><\/h4><\/div><div class=\"vc_tta-panel-body\">\n\t<div class=\"wpb_text_column wpb_content_element \" >\n\t\t<div class=\"wpb_wrapper\">\n\t\t\t<p><span style=\"font-weight: 400;\">Actualemente, m\u00e1s de la mitad de la poblaci\u00f3n de Marruecos vive en areas urbanas, la otra parte todav\u00eda vive en areas rurales donde todav\u00eda guardan las tradiciones del campo.<\/span><\/p>\n<p><span style=\"font-weight: 400;\">Debido a la migraci\u00f3n del campo a la ciudad que lleva pasando desde hace ya varias d\u00e9cadas, actualemente m\u00e1s de la mitad de la poblaci\u00f3n de Marruecos vive en areas urbanas, que son los principales centros de comercio de productos manufacturados, artesanias locales y alimentos, adem\u00e1s de tener los principales lugares hist\u00f3ricos y tur\u00edsticos. A pesar de ello, el gobierno est\u00e1 haciendo esfuerzos por llevar servicios b\u00e1sicos e infrastructuras a areas rurales para frenar esos movimientos migratorios tanto a areas urbanas dentro del propio pa\u00eds como al extranjero (Espa\u00f1a, Francia y Holanda).<\/span><\/p>\n<p><span style=\"font-weight: 400;\">El campo sigue siendo muy humilde y tradicional, con un sentimiento y organizaci\u00f3n tribal todav\u00eda latente. El norte de Marruecos est\u00e1 compuesto principalmete por tribus yebelies y rife\u00f1as. La Yebala y el Rif son dos regiones hist\u00f3ricas de Marruecos, que al igual que el resto del pa\u00eds, est\u00e1n compuestas por diferentes tribus de origen \u00e9tnico bereber. Debido a la migraci\u00f3n interna, esta organizaci\u00f3n e identidad tribal se est\u00e1 difuminando poco a poco con los a\u00f1os, principalmente en las ciudades. <\/span><\/p>\n\n\t\t<\/div>\n\t<\/div>\n\n\t<div class=\"wpb_text_column wpb_content_element \" >\n\t\t<div class=\"wpb_wrapper\">\n\t\t\t<p style=\"text-align: center;\">Distribuci\u00f3n tribal en Marruecos<\/p>\n<p>La principal tribu de la zona donde se encuentran nuestras casas es la tribu Haouz.<\/p>\n\n\t\t<\/div>\n\t<\/div>\n\n\t<div  class=\"wpb_single_image wpb_content_element vc_align_center\">\n\t\t\n\t\t<figure class=\"wpb_wrapper vc_figure\">\n\t\t\t<div class=\"vc_single_image-wrapper   vc_box_border_grey\"><img loading=\"lazy\" decoding=\"async\" width=\"569\" height=\"453\" src=\"https:\/\/cankepa.com\/wp-content\/uploads\/2021\/03\/mapa-tribus-marruecos.png\" class=\"vc_single_image-img attachment-large\" alt=\"\" title=\"mapa-tribus-marruecos\" srcset=\"https:\/\/cankepa.com\/wp-content\/uploads\/2021\/03\/mapa-tribus-marruecos.png 569w, https:\/\/cankepa.com\/wp-content\/uploads\/2021\/03\/mapa-tribus-marruecos-300x239.png 300w, https:\/\/cankepa.com\/wp-content\/uploads\/2021\/03\/mapa-tribus-marruecos-80x64.png 80w, https:\/\/cankepa.com\/wp-content\/uploads\/2021\/03\/mapa-tribus-marruecos-16x12.png 16w\" sizes=\"(max-width: 569px) 100vw, 569px\" \/><\/div>\n\t\t<\/figure>\n\t<\/div>\n<\/div><\/div><div class=\"vc_tta-panel\" id=\"1611858463131-15b40958-8729\" data-vc-content=\".vc_tta-panel-body\"><div class=\"vc_tta-panel-heading\"><h4 class=\"vc_tta-panel-title vc_tta-controls-icon-position-left\"><a href=\"#1611858463131-15b40958-8729\" data-vc-accordion data-vc-container=\".vc_tta-container\"><span class=\"vc_tta-title-text\">\u00b7 Gastronom\u00eda \u00b7<\/span><i class=\"vc_tta-controls-icon vc_tta-controls-icon-chevron\"><\/i><\/a><\/h4><\/div><div class=\"vc_tta-panel-body\"><div class=\"vc_row wpb_row vc_inner vc_row-fluid\"><div class=\"wpb_column vc_column_container vc_col-sm-6\"><div class=\"vc_column-inner\"><div class=\"wpb_wrapper\">\n\t<div  class=\"wpb_single_image wpb_content_element vc_align_center\">\n\t\t\n\t\t<figure class=\"wpb_wrapper vc_figure\">\n\t\t\t<div class=\"vc_single_image-wrapper   vc_box_border_grey\"><img loading=\"lazy\" decoding=\"async\" width=\"400\" height=\"266\" src=\"https:\/\/cankepa.com\/wp-content\/uploads\/2020\/05\/Can-Kepa-marruecos-turismo-te-menta.jpg\" class=\"vc_single_image-img attachment-large\" alt=\"\" title=\"Can-Kepa-marruecos-turismo-te-menta\" srcset=\"https:\/\/cankepa.com\/wp-content\/uploads\/2020\/05\/Can-Kepa-marruecos-turismo-te-menta.jpg 400w, https:\/\/cankepa.com\/wp-content\/uploads\/2020\/05\/Can-Kepa-marruecos-turismo-te-menta-300x200.jpg 300w, https:\/\/cankepa.com\/wp-content\/uploads\/2020\/05\/Can-Kepa-marruecos-turismo-te-menta-80x53.jpg 80w, https:\/\/cankepa.com\/wp-content\/uploads\/2020\/05\/Can-Kepa-marruecos-turismo-te-menta-16x12.jpg 16w\" sizes=\"(max-width: 400px) 100vw, 400px\" \/><\/div>\n\t\t<\/figure>\n\t<\/div>\n<\/div><\/div><\/div><div class=\"wpb_column vc_column_container vc_col-sm-6\"><div class=\"vc_column-inner\"><div class=\"wpb_wrapper\">\n\t<div  class=\"wpb_single_image wpb_content_element vc_align_center\">\n\t\t\n\t\t<figure class=\"wpb_wrapper vc_figure\">\n\t\t\t<div class=\"vc_single_image-wrapper   vc_box_border_grey\"><img loading=\"lazy\" decoding=\"async\" width=\"400\" height=\"266\" src=\"https:\/\/cankepa.com\/wp-content\/uploads\/2021\/04\/Can-Kepa-marruecos-turismo-kuf-comida.jpg\" class=\"vc_single_image-img attachment-large\" alt=\"\" title=\"Can-Kepa-marruecos-turismo-kuf-comida\" srcset=\"https:\/\/cankepa.com\/wp-content\/uploads\/2021\/04\/Can-Kepa-marruecos-turismo-kuf-comida.jpg 400w, https:\/\/cankepa.com\/wp-content\/uploads\/2021\/04\/Can-Kepa-marruecos-turismo-kuf-comida-300x200.jpg 300w, https:\/\/cankepa.com\/wp-content\/uploads\/2021\/04\/Can-Kepa-marruecos-turismo-kuf-comida-80x53.jpg 80w, https:\/\/cankepa.com\/wp-content\/uploads\/2021\/04\/Can-Kepa-marruecos-turismo-kuf-comida-16x12.jpg 16w\" sizes=\"(max-width: 400px) 100vw, 400px\" \/><\/div>\n\t\t<\/figure>\n\t<\/div>\n<\/div><\/div><\/div><\/div>\n\t<div class=\"wpb_text_column wpb_content_element \" >\n\t\t<div class=\"wpb_wrapper\">\n\t\t\t<p><span style=\"font-weight: 400;\">La gastronom\u00eda marroqu\u00ed se basa en la dieta mediterranea (verduras, carne, pescado, pan y productos lacteos) y las especias de oriente (cilantro, comino, jengibre,&#8230;). La variedad de platos es muy amplia, no puedes dejar de probar:<\/span><\/p>\n<ul>\n<li style=\"font-weight: 400;\" aria-level=\"1\"><span style=\"font-weight: 400;\"><strong>Pinchitos<\/strong> (brochetas) de pollo, ternera y cordero, marinados con especias y cocinado a la brasa.<\/span><\/li>\n<li style=\"font-weight: 400;\" aria-level=\"1\"><span style=\"font-weight: 400;\"><strong>Tajine<\/strong> (estofado) de carne, de pescado o de verduras.<\/span><\/li>\n<li style=\"font-weight: 400;\" aria-level=\"1\"><span style=\"font-weight: 400;\"><strong>Chuletas de cordero<\/strong>. El cordero es un carne muy apreciada en todo el mundo musulm\u00e1n y Marruecos no es una excepci\u00f3n.<\/span><\/li>\n<li style=\"font-weight: 400;\" aria-level=\"1\"><span style=\"font-weight: 400;\"><strong>Hojaldres<\/strong> con diferentes rellenos de carne o de queso de cabra con miel.<\/span><\/li>\n<li style=\"font-weight: 400;\" aria-level=\"1\"><span style=\"font-weight: 400;\">Una gran variedad de <strong>aceitunas<\/strong> (verdes, negras, rojas) y con diferentes ali\u00f1os.<\/span><\/li>\n<li style=\"font-weight: 400;\" aria-level=\"1\"><span style=\"font-weight: 400;\"><strong>Harira<\/strong>, una sopa de verduras, carne y legumbres muy contundente, t\u00edpica del mes de ramad\u00e1n, mes santo y de ayuno. Durante el mes de ramad\u00e1n, los musulmanes no tienen permitido comer desde el alba hasta la puesta de sol. A la hora de romper el ayuno, lo primero que comen son: d\u00e1tiles, harira y chubbaqu\u00eda (masa frita con miel).<\/span><\/li>\n<li style=\"font-weight: 400;\" aria-level=\"1\"><span style=\"font-weight: 400;\"><strong>Cusc\u00fas<\/strong>, el plato t\u00edpico marroqu\u00ed por excelencia, con verduras varias, puede llevar tambi\u00e9n\u00a0 carne, y cebolla caramelizada. Es el plato t\u00edpico de los viernes.<\/span><\/li>\n<li style=\"font-weight: 400;\" aria-level=\"1\"><span style=\"font-weight: 400;\"><strong>T\u00e9 verde con menta,<\/strong> el omnipresente, presente en cualquier casa, en cualquier sitio desde la ciudad al campo, desde la costa a la monta\u00f1a.<\/span><\/li>\n<\/ul>\n\n\t\t<\/div>\n\t<\/div>\n<\/div><\/div><\/div><\/div><\/div><\/div><\/div><\/div><\/div><div class=\"wpb_column vc_column_container vc_col-sm-2\"><div class=\"vc_column-inner\"><div class=\"wpb_wrapper\"><\/div><\/div><\/div><\/div><\/section><section class=\"vc_section\"><div class=\"vc_row wpb_row vc_row-fluid\"><div class=\"wpb_column vc_column_container vc_col-sm-2\"><div class=\"vc_column-inner\"><div class=\"wpb_wrapper\"><\/div><\/div><\/div><div class=\"wpb_column vc_column_container vc_col-sm-8\"><div class=\"vc_column-inner\"><div class=\"wpb_wrapper\"><div class=\"vc_icon_element vc_icon_element-outer vc_icon_element-align-center vc_icon_element-have-style\"><div class=\"vc_icon_element-inner vc_icon_element-color-green vc_icon_element-have-style-inner vc_icon_element-size-lg vc_icon_element-style-rounded-outline vc_icon_element-outline vc_icon_element-background-color-grey\" ><span class=\"vc_icon_element-icon fas fa-tree\" ><\/span><\/div><\/div>\n\t<div class=\"wpb_text_column wpb_content_element \" >\n\t\t<div class=\"wpb_wrapper\">\n\t\t\t<h3 style=\"text-align: center;\">El norte de la Yebala marroqu\u00ed<\/h3>\n<p style=\"text-align: left;\">La Yebala es una zona hist\u00f3rica del norte de Marruecos ocupada por las tribus yebalies. La zona est\u00e1 influenciada por Espa\u00f1a desde los tiempos del protectorado espa\u00f1ol en Marruecos, y en nuestros d\u00edas por su frontera con la ciudad aut\u00f3noma espa\u00f1ola de Ceuta y su proximidad a la peninsula ib\u00e9rica.<\/p>\n<p>Nuestras casas se encuentran en el norte de la Yebala, entre las ciudades de Tetu\u00e1n y Ceuta. Nuestra villa est\u00e1 en el <strong>valle Smir<\/strong> y nuestras casas rurales est\u00e1n en la <strong>aldea de il-Kuf<\/strong>.<\/p>\n\n\t\t<\/div>\n\t<\/div>\n\n\t<div  class=\"wpb_single_image wpb_content_element vc_align_center\">\n\t\t\n\t\t<figure class=\"wpb_wrapper vc_figure\">\n\t\t\t<div class=\"vc_single_image-wrapper vc_box_circle  vc_box_border_grey\"><img decoding=\"async\" class=\"vc_single_image-img \" src=\"https:\/\/cankepa.com\/wp-content\/uploads\/2021\/03\/Mapa-Ceuta-Tetuan-2-01-1-500x500.jpg\" width=\"500\" height=\"500\" alt=\"Prefectura de M&#039;diq-Fnideq, donde est\u00e1n nuestras casas\" title=\"Prefectura de M&#039;diq-Fnideq, donde est\u00e1n nuestras casas\" loading=\"lazy\" \/><\/div>\n\t\t<\/figure>\n\t<\/div>\n\n\t<div class=\"wpb_text_column wpb_content_element \" >\n\t\t<div class=\"wpb_wrapper\">\n\t\t\t<p style=\"text-align: center;\">Debajo encontrar\u00e1s informaci\u00f3n sobre los dos sitios donde se encuantran nuestras casas:<br \/>\nel valle del r\u00edo Smir y la aldea de el-Kuf.<\/p>\n\n\t\t<\/div>\n\t<\/div>\n<div class=\"vc_empty_space\"   style=\"height: 32px\"><span class=\"vc_empty_space_inner\"><\/span><\/div><\/div><\/div><\/div><div class=\"wpb_column vc_column_container vc_col-sm-2\"><div class=\"vc_column-inner\"><div class=\"wpb_wrapper\"><\/div><\/div><\/div><\/div><div class=\"vc_row wpb_row vc_row-fluid\"><div class=\"wpb_column vc_column_container vc_col-sm-2\"><div class=\"vc_column-inner\"><div class=\"wpb_wrapper\"><\/div><\/div><\/div><div class=\"wpb_column vc_column_container vc_col-sm-8\"><div class=\"vc_column-inner\"><div class=\"wpb_wrapper\">\n\t<div class=\"wpb_text_column wpb_content_element \" >\n\t\t<div class=\"wpb_wrapper\">\n\t\t\t<h3 style=\"text-align: center;\"><span style=\"color: #66b80f;\">\u00b7 Valle de Smir \u00b7<\/span><\/h3>\n\n\t\t<\/div>\n\t<\/div>\n\n\t<div class=\"wpb_text_column wpb_content_element \" >\n\t\t<div class=\"wpb_wrapper\">\n\t\t\t<p style=\"text-align: center;\">En el valle del r\u00edo Smir se encuentra nuestra villa Las Flores de Marruecos.<\/p>\n\n\t\t<\/div>\n\t<\/div>\n<\/div><\/div><\/div><div class=\"wpb_column vc_column_container vc_col-sm-2\"><div class=\"vc_column-inner\"><div class=\"wpb_wrapper\"><\/div><\/div><\/div><\/div><div class=\"vc_row wpb_row vc_row-fluid\"><div class=\"wpb_column vc_column_container vc_col-sm-12\"><div class=\"vc_column-inner\"><div class=\"wpb_wrapper\">\n\t<div  class=\"wpb_single_image wpb_content_element vc_align_left\">\n\t\t\n\t\t<figure class=\"wpb_wrapper vc_figure\">\n\t\t\t<div class=\"vc_single_image-wrapper   vc_box_border_grey\"><img loading=\"lazy\" decoding=\"async\" width=\"2048\" height=\"485\" src=\"https:\/\/cankepa.com\/wp-content\/uploads\/2020\/04\/Can-Kepa-marruecos-turismo-smir.jpg\" class=\"vc_single_image-img attachment-full\" alt=\"\" title=\"Can-Kepa-marruecos-turismo-smir\" srcset=\"https:\/\/cankepa.com\/wp-content\/uploads\/2020\/04\/Can-Kepa-marruecos-turismo-smir.jpg 2048w, https:\/\/cankepa.com\/wp-content\/uploads\/2020\/04\/Can-Kepa-marruecos-turismo-smir-300x71.jpg 300w, https:\/\/cankepa.com\/wp-content\/uploads\/2020\/04\/Can-Kepa-marruecos-turismo-smir-1024x243.jpg 1024w, https:\/\/cankepa.com\/wp-content\/uploads\/2020\/04\/Can-Kepa-marruecos-turismo-smir-768x182.jpg 768w, https:\/\/cankepa.com\/wp-content\/uploads\/2020\/04\/Can-Kepa-marruecos-turismo-smir-80x19.jpg 80w, https:\/\/cankepa.com\/wp-content\/uploads\/2020\/04\/Can-Kepa-marruecos-turismo-smir-1536x364.jpg 1536w, https:\/\/cankepa.com\/wp-content\/uploads\/2020\/04\/Can-Kepa-marruecos-turismo-smir-16x4.jpg 16w\" sizes=\"(max-width: 2048px) 100vw, 2048px\" \/><\/div>\n\t\t<\/figure>\n\t<\/div>\n<\/div><\/div><\/div><\/div><div class=\"vc_row wpb_row vc_row-fluid\"><div class=\"wpb_column vc_column_container vc_col-sm-2\"><div class=\"vc_column-inner\"><div class=\"wpb_wrapper\"><\/div><\/div><\/div><div class=\"wpb_column vc_column_container vc_col-sm-8\"><div class=\"vc_column-inner\"><div class=\"wpb_wrapper\">\n\t<div class=\"wpb_text_column wpb_content_element \" >\n\t\t<div class=\"wpb_wrapper\">\n\t\t\t<p>Disfruta la naturaleza en este tranquilo valle rural sabiendo que tienes el mar, la playa, la monta\u00f1a y la ciudad a menos de veinte minutos en coche.<\/p>\n\n\t\t<\/div>\n\t<\/div>\n<\/div><\/div><\/div><div class=\"wpb_column vc_column_container vc_col-sm-2\"><div class=\"vc_column-inner\"><div class=\"wpb_wrapper\"><\/div><\/div><\/div><\/div><div class=\"vc_row wpb_row vc_row-fluid\"><div class=\"wpb_column vc_column_container vc_col-sm-2\"><div class=\"vc_column-inner\"><div class=\"wpb_wrapper\"><\/div><\/div><\/div><div class=\"wpb_column vc_column_container vc_col-sm-8\"><div class=\"vc_column-inner\"><div class=\"wpb_wrapper\"><div class=\"vc_btn3-container vc_btn3-center\" ><a class=\"vc_general vc_btn3 vc_btn3-size-md vc_btn3-shape-rounded vc_btn3-style-outline vc_btn3-block vc_btn3-icon-left vc_btn3-color-blue\" href=\"https:\/\/cankepa.com\/marruecos\/smir\/\" title=\"Conoce el valle del r\u00edo Smir\"><i class=\"vc_btn3-icon fas fa-umbrella-beach\"><\/i> M\u00e1s informaci\u00f3n sobre el valle de Smir aqu\u00ed<\/a><\/div><div class=\"vc_empty_space\"   style=\"height: 32px\"><span class=\"vc_empty_space_inner\"><\/span><\/div><\/div><\/div><\/div><div class=\"wpb_column vc_column_container vc_col-sm-2\"><div class=\"vc_column-inner\"><div class=\"wpb_wrapper\"><\/div><\/div><\/div><\/div><div class=\"vc_row wpb_row vc_row-fluid\"><div class=\"wpb_column vc_column_container vc_col-sm-2\"><div class=\"vc_column-inner\"><div class=\"wpb_wrapper\"><\/div><\/div><\/div><div class=\"wpb_column vc_column_container vc_col-sm-8\"><div class=\"vc_column-inner\"><div class=\"wpb_wrapper\">\n\t<div class=\"wpb_text_column wpb_content_element \" >\n\t\t<div class=\"wpb_wrapper\">\n\t\t\t<h3 style=\"text-align: center;\"><span style=\"color: #66b80f;\">\u00b7 Aldea de el-Kuf \u00b7<\/span><\/h3>\n\n\t\t<\/div>\n\t<\/div>\n\n\t<div class=\"wpb_text_column wpb_content_element \" >\n\t\t<div class=\"wpb_wrapper\">\n\t\t\t<p style=\"text-align: center;\">Nuestras casas rurales se encuentran en el-Kuf, una agradable aldea rural tradicional en la monta\u00f1a Fath Lemhar.<\/p>\n\n\t\t<\/div>\n\t<\/div>\n<\/div><\/div><\/div><div class=\"wpb_column vc_column_container vc_col-sm-2\"><div class=\"vc_column-inner\"><div class=\"wpb_wrapper\"><\/div><\/div><\/div><\/div><div class=\"vc_row wpb_row vc_row-fluid\"><div class=\"wpb_column vc_column_container vc_col-sm-12\"><div class=\"vc_column-inner\"><div class=\"wpb_wrapper\">\n\t<div  class=\"wpb_single_image wpb_content_element vc_align_left\">\n\t\t\n\t\t<figure class=\"wpb_wrapper vc_figure\">\n\t\t\t<div class=\"vc_single_image-wrapper   vc_box_border_grey\"><img loading=\"lazy\" decoding=\"async\" width=\"1920\" height=\"514\" src=\"https:\/\/cankepa.com\/wp-content\/uploads\/2020\/04\/alquiler-casa-rural-marruecos-kuf-rincon-tetuan-piedra-11-Can-Kepa.jpg\" class=\"vc_single_image-img attachment-full\" alt=\"\" title=\"alquiler-casa-rural-marruecos-kuf-rincon-tetuan-piedra-11-Can-Kepa\" srcset=\"https:\/\/cankepa.com\/wp-content\/uploads\/2020\/04\/alquiler-casa-rural-marruecos-kuf-rincon-tetuan-piedra-11-Can-Kepa.jpg 1920w, https:\/\/cankepa.com\/wp-content\/uploads\/2020\/04\/alquiler-casa-rural-marruecos-kuf-rincon-tetuan-piedra-11-Can-Kepa-300x80.jpg 300w, https:\/\/cankepa.com\/wp-content\/uploads\/2020\/04\/alquiler-casa-rural-marruecos-kuf-rincon-tetuan-piedra-11-Can-Kepa-1024x274.jpg 1024w, https:\/\/cankepa.com\/wp-content\/uploads\/2020\/04\/alquiler-casa-rural-marruecos-kuf-rincon-tetuan-piedra-11-Can-Kepa-768x206.jpg 768w, https:\/\/cankepa.com\/wp-content\/uploads\/2020\/04\/alquiler-casa-rural-marruecos-kuf-rincon-tetuan-piedra-11-Can-Kepa-80x21.jpg 80w, https:\/\/cankepa.com\/wp-content\/uploads\/2020\/04\/alquiler-casa-rural-marruecos-kuf-rincon-tetuan-piedra-11-Can-Kepa-1536x411.jpg 1536w, https:\/\/cankepa.com\/wp-content\/uploads\/2020\/04\/alquiler-casa-rural-marruecos-kuf-rincon-tetuan-piedra-11-Can-Kepa-16x4.jpg 16w\" sizes=\"(max-width: 1920px) 100vw, 1920px\" \/><\/div>\n\t\t<\/figure>\n\t<\/div>\n<\/div><\/div><\/div><\/div><div class=\"vc_row wpb_row vc_row-fluid\"><div class=\"wpb_column vc_column_container vc_col-sm-2\"><div class=\"vc_column-inner\"><div class=\"wpb_wrapper\"><\/div><\/div><\/div><div class=\"wpb_column vc_column_container vc_col-sm-8\"><div class=\"vc_column-inner\"><div class=\"wpb_wrapper\">\n\t<div class=\"wpb_text_column wpb_content_element \" >\n\t\t<div class=\"wpb_wrapper\">\n\t\t\t<p style=\"text-align: center;\">\u00a0Convive con una aut\u00e9ntica comunidad tradicional, conoce la naturaleza y las aldeas vecinas.<\/p>\n<p style=\"text-align: center;\">Descubre el Marruecos m\u00e1s profundo e inexplorado.<\/p>\n\n\t\t<\/div>\n\t<\/div>\n<\/div><\/div><\/div><div class=\"wpb_column vc_column_container vc_col-sm-2\"><div class=\"vc_column-inner\"><div class=\"wpb_wrapper\"><\/div><\/div><\/div><\/div><div class=\"vc_row wpb_row vc_row-fluid\"><div class=\"wpb_column vc_column_container vc_col-sm-2\"><div class=\"vc_column-inner\"><div class=\"wpb_wrapper\"><\/div><\/div><\/div><div class=\"wpb_column vc_column_container vc_col-sm-8\"><div class=\"vc_column-inner\"><div class=\"wpb_wrapper\"><div class=\"vc_btn3-container vc_btn3-center\" ><a class=\"vc_general vc_btn3 vc_btn3-size-md vc_btn3-shape-rounded vc_btn3-style-outline vc_btn3-block vc_btn3-icon-left vc_btn3-color-blue\" href=\"https:\/\/cankepa.com\/marruecos\/kuf\/\" title=\"Conoce la aldea de il-Kuf\"><i class=\"vc_btn3-icon fas fa-mountain\"><\/i> Aqu\u00ed encontrar\u00e1s m\u00e1s informaci\u00f3n sobre la aldea de el-Kuf<\/a><\/div><\/div><\/div><\/div><div class=\"wpb_column vc_column_container vc_col-sm-2\"><div class=\"vc_column-inner\"><div class=\"wpb_wrapper\"><\/div><\/div><\/div><\/div><div class=\"vc_row wpb_row vc_row-fluid\"><\/div><div class=\"vc_row wpb_row vc_row-fluid\"><div class=\"wpb_column vc_column_container vc_col-sm-2\"><div class=\"vc_column-inner\"><div class=\"wpb_wrapper\"><div class=\"vc_empty_space\"   style=\"height: 32px\"><span class=\"vc_empty_space_inner\"><\/span><\/div><\/div><\/div><\/div><div class=\"wpb_column vc_column_container vc_col-sm-8\"><div class=\"vc_column-inner\"><div class=\"wpb_wrapper\">\n\t<div class=\"wpb_text_column wpb_content_element \" >\n\t\t<div class=\"wpb_wrapper\">\n\t\t\t<h3 style=\"text-align: center;\"><span style=\"color: #66b80f;\">\u00b7 Ciudades y pueblos de la regi\u00f3n \u00b7<\/span><\/h3>\n<p style=\"text-align: center;\"><span style=\"color: #000000;\">Las ciudades y los pueblos m\u00e1s interesantes en el norte de la Yebala marroqu\u00ed, a como m\u00e1ximo dos horas en coche, la distancia perfecta para excursiones de un d\u00eda:<\/span><\/p>\n\n\t\t<\/div>\n\t<\/div>\n\n\t<div  class=\"wpb_single_image wpb_content_element vc_align_center\">\n\t\t\n\t\t<figure class=\"wpb_wrapper vc_figure\">\n\t\t\t<div class=\"vc_single_image-wrapper vc_box_circle  vc_box_border_grey\"><img decoding=\"async\" class=\"vc_single_image-img \" src=\"https:\/\/cankepa.com\/wp-content\/uploads\/2021\/05\/Norte-de-marruecos-scaled-500x500.jpg\" width=\"500\" height=\"500\" alt=\"Norte de marruecos\" title=\"Norte de marruecos\" loading=\"lazy\" \/><\/div>\n\t\t<\/figure>\n\t<\/div>\n<\/div><\/div><\/div><div class=\"wpb_column vc_column_container vc_col-sm-2\"><div class=\"vc_column-inner\"><div class=\"wpb_wrapper\"><\/div><\/div><\/div><\/div><div class=\"vc_row wpb_row vc_row-fluid\"><div class=\"wpb_column vc_column_container vc_col-sm-2\"><div class=\"vc_column-inner\"><div class=\"wpb_wrapper\"><\/div><\/div><\/div><div class=\"wpb_column vc_column_container vc_col-sm-8\"><div class=\"vc_column-inner\"><div class=\"wpb_wrapper\"><div class=\"vc_tta-container\" data-vc-action=\"collapseAll\"><div class=\"vc_general vc_tta vc_tta-accordion vc_tta-color-green vc_tta-style-outline vc_tta-shape-rounded vc_tta-spacing-1 vc_tta-gap-3 vc_tta-controls-align-center vc_tta-o-all-clickable\"><div class=\"vc_tta-panels-container\"><div class=\"vc_tta-panels\"><div class=\"vc_tta-panel\" id=\"1605909673421-94abcfbb-0edf\" data-vc-content=\".vc_tta-panel-body\"><div class=\"vc_tta-panel-heading\"><h4 class=\"vc_tta-panel-title vc_tta-controls-icon-position-left\"><a href=\"#1605909673421-94abcfbb-0edf\" data-vc-accordion data-vc-container=\".vc_tta-container\"><span class=\"vc_tta-title-text\">\u00b7 Tetu\u00e1n \u00b7<\/span><i class=\"vc_tta-controls-icon vc_tta-controls-icon-chevron\"><\/i><\/a><\/h4><\/div><div class=\"vc_tta-panel-body\"><div class=\"vc_row wpb_row vc_inner vc_row-fluid\"><div class=\"wpb_column vc_column_container vc_col-sm-12\"><div class=\"vc_column-inner\"><div class=\"wpb_wrapper\">\n\t<div  class=\"wpb_single_image wpb_content_element vc_align_left\">\n\t\t\n\t\t<figure class=\"wpb_wrapper vc_figure\">\n\t\t\t<div class=\"vc_single_image-wrapper   vc_box_border_grey\"><img loading=\"lazy\" decoding=\"async\" width=\"2000\" height=\"547\" src=\"https:\/\/cankepa.com\/wp-content\/uploads\/2020\/05\/Can-Kepa-marruecos-turismo-tetuan-palacio-real.jpg\" class=\"vc_single_image-img attachment-full\" alt=\"\" title=\"Can-Kepa-marruecos-turismo-tetuan-palacio-real\" srcset=\"https:\/\/cankepa.com\/wp-content\/uploads\/2020\/05\/Can-Kepa-marruecos-turismo-tetuan-palacio-real.jpg 2000w, https:\/\/cankepa.com\/wp-content\/uploads\/2020\/05\/Can-Kepa-marruecos-turismo-tetuan-palacio-real-300x82.jpg 300w, https:\/\/cankepa.com\/wp-content\/uploads\/2020\/05\/Can-Kepa-marruecos-turismo-tetuan-palacio-real-1024x280.jpg 1024w, https:\/\/cankepa.com\/wp-content\/uploads\/2020\/05\/Can-Kepa-marruecos-turismo-tetuan-palacio-real-768x210.jpg 768w, https:\/\/cankepa.com\/wp-content\/uploads\/2020\/05\/Can-Kepa-marruecos-turismo-tetuan-palacio-real-80x22.jpg 80w, https:\/\/cankepa.com\/wp-content\/uploads\/2020\/05\/Can-Kepa-marruecos-turismo-tetuan-palacio-real-1536x420.jpg 1536w, https:\/\/cankepa.com\/wp-content\/uploads\/2020\/05\/Can-Kepa-marruecos-turismo-tetuan-palacio-real-16x4.jpg 16w\" sizes=\"(max-width: 2000px) 100vw, 2000px\" \/><\/div>\n\t\t<\/figure>\n\t<\/div>\n\n\t<div class=\"wpb_text_column wpb_content_element \" >\n\t\t<div class=\"wpb_wrapper\">\n\t\t\t<p><span style=\"font-weight: 400;\">Tetu\u00e1n es la ciudad m\u00e1s cercana a nuestra villa y nuestras casas, a unos veinte minutos en coche. <\/span><\/p>\n<p><span style=\"font-weight: 400;\">Tetu\u00e1n es una capital de provincia moderna de 390.000 habitantes que guarda un ambiente provinciano muy agradable. <\/span><span style=\"font-weight: 400;\">Su medina, ciudad antigua, fue declarada Patrimonio de la Humanidad por la Unesco. La ciudad est\u00e1 poco explotada tur\u00edsticamente y sigue manteniendo su toque aut\u00e9ntico y local.\u00a0<\/span><\/p>\n<p><span style=\"font-weight: 400;\">Las ciudad, es considerada &#8216;la ciudad m\u00e1s andaluza de Marruecos&#8217; por sus lazos hist\u00f3ricos con Espa\u00f1a, debido a que fu\u00e9 uno de los primeros lugares a donde llegaron los moriscos musulmanes y judios espa\u00f1oles sefardies expulsados del Al-Andalus, y posteriormente de Castilla, durante la edad media. <\/span><\/p>\n<p><span style=\"font-weight: 400;\">M\u00e1s tarde fu\u00e9 capital del Protectorado Espa\u00f1ol en Marruecos en la primera mitad del siglo XX. De esta \u00e9poca quedan restos en la arquitectura modernista en la zona del ensanche espa\u00f1ol, barrio contiguo a la medina, donde se conservan algunos de los edificios m\u00e1s ic\u00f3nicos de la ciudad.<\/span><\/p>\n<p>La medina m\u00e1s autentica del norte de Marruecos.<\/p>\n\n\t\t<\/div>\n\t<\/div>\n<\/div><\/div><\/div><\/div><\/div><\/div><div class=\"vc_tta-panel\" id=\"1605909806876-e318d4be-948a\" data-vc-content=\".vc_tta-panel-body\"><div class=\"vc_tta-panel-heading\"><h4 class=\"vc_tta-panel-title vc_tta-controls-icon-position-left\"><a href=\"#1605909806876-e318d4be-948a\" data-vc-accordion data-vc-container=\".vc_tta-container\"><span class=\"vc_tta-title-text\">\u00b7 T\u00e1nger \u00b7<\/span><i class=\"vc_tta-controls-icon vc_tta-controls-icon-chevron\"><\/i><\/a><\/h4><\/div><div class=\"vc_tta-panel-body\"><div class=\"vc_row wpb_row vc_inner vc_row-fluid\"><div class=\"wpb_column vc_column_container vc_col-sm-12\"><div class=\"vc_column-inner\"><div class=\"wpb_wrapper\">\n\t<div  class=\"wpb_single_image wpb_content_element vc_align_center\">\n\t\t\n\t\t<figure class=\"wpb_wrapper vc_figure\">\n\t\t\t<div class=\"vc_single_image-wrapper   vc_box_border_grey\"><img loading=\"lazy\" decoding=\"async\" width=\"600\" height=\"283\" src=\"https:\/\/cankepa.com\/wp-content\/uploads\/2021\/04\/Can-Kepa-marruecos-turismo-tanger.jpg\" class=\"vc_single_image-img attachment-large\" alt=\"\" title=\"Can-Kepa-marruecos-turismo-tanger\" srcset=\"https:\/\/cankepa.com\/wp-content\/uploads\/2021\/04\/Can-Kepa-marruecos-turismo-tanger.jpg 600w, https:\/\/cankepa.com\/wp-content\/uploads\/2021\/04\/Can-Kepa-marruecos-turismo-tanger-300x142.jpg 300w, https:\/\/cankepa.com\/wp-content\/uploads\/2021\/04\/Can-Kepa-marruecos-turismo-tanger-80x38.jpg 80w, https:\/\/cankepa.com\/wp-content\/uploads\/2021\/04\/Can-Kepa-marruecos-turismo-tanger-16x8.jpg 16w\" sizes=\"(max-width: 600px) 100vw, 600px\" \/><\/div>\n\t\t<\/figure>\n\t<\/div>\n\n\t<div class=\"wpb_text_column wpb_content_element \" >\n\t\t<div class=\"wpb_wrapper\">\n\t\t\t<p><span style=\"font-weight: 400;\">T\u00e1nger es la ciudad m\u00e1s importante del norte de Marruecos con una poblaci\u00f3n aproximada de 900.000 habitantes y un puerto popular de entrada de turistas en el pa\u00eds debido al caracter cosmopolita de la ciudad. La ciudad se encuentra en la parte atl\u00e1ntica del pa\u00eds, en el estrecho de Gibraltar, en frente de la peninsula ib\u00e9rica, a una hora de Algeciras en barco.<\/span><\/p>\n<p><span style=\"font-weight: 400;\">La ciudad toma el nombre de la mitolog\u00eda griega, Tingis, la esposa del gigante Anteo, supuestos fundador de la ciudad. La zona ha estado poblada desde el paleol\u00edtico y desde entonces han pasado numerosas culturas como en el resto del norte de el pa\u00eds. T\u00e1nger termin\u00f3 siendo Ciudad Internacional durante la primera mitad del siglo XX, cuando la ciudad estaba dividida en sectores, gobernados por cada una de las potencias europeas presentes en la ciudad. Pas\u00f3 a formar parte del reino de Marruecos en 1954 cuando el pa\u00eds se independiz\u00f3 y unific\u00f3.<\/span><\/p>\n<p><span style=\"font-weight: 400;\">La ciudad de Marruecos que est\u00e1 m\u00e1s entre oriente y occidente.<\/span><\/p>\n\n\t\t<\/div>\n\t<\/div>\n<\/div><\/div><\/div><\/div><\/div><\/div><div class=\"vc_tta-panel\" id=\"1605909811345-aab71a80-96fd\" data-vc-content=\".vc_tta-panel-body\"><div class=\"vc_tta-panel-heading\"><h4 class=\"vc_tta-panel-title vc_tta-controls-icon-position-left\"><a href=\"#1605909811345-aab71a80-96fd\" data-vc-accordion data-vc-container=\".vc_tta-container\"><span class=\"vc_tta-title-text\">\u00b7 Chefchauen \/ Chauen\u00b7<\/span><i class=\"vc_tta-controls-icon vc_tta-controls-icon-chevron\"><\/i><\/a><\/h4><\/div><div class=\"vc_tta-panel-body\"><div class=\"vc_row wpb_row vc_inner vc_row-fluid\"><div class=\"wpb_column vc_column_container vc_col-sm-6\"><div class=\"vc_column-inner\"><div class=\"wpb_wrapper\"><div class=\"vc_empty_space\"   style=\"height: 32px\"><span class=\"vc_empty_space_inner\"><\/span><\/div>\n\t<div  class=\"wpb_single_image wpb_content_element vc_align_left\">\n\t\t\n\t\t<figure class=\"wpb_wrapper vc_figure\">\n\t\t\t<div class=\"vc_single_image-wrapper   vc_box_border_grey\"><img loading=\"lazy\" decoding=\"async\" width=\"400\" height=\"300\" src=\"https:\/\/cankepa.com\/wp-content\/uploads\/2020\/05\/Can-Kepa-marruecos-turismo-chefchaouen-mezquita.jpg\" class=\"vc_single_image-img attachment-large\" alt=\"\" title=\"Can-Kepa-marruecos-turismo-chefchaouen-mezquita\" srcset=\"https:\/\/cankepa.com\/wp-content\/uploads\/2020\/05\/Can-Kepa-marruecos-turismo-chefchaouen-mezquita.jpg 400w, https:\/\/cankepa.com\/wp-content\/uploads\/2020\/05\/Can-Kepa-marruecos-turismo-chefchaouen-mezquita-300x225.jpg 300w, https:\/\/cankepa.com\/wp-content\/uploads\/2020\/05\/Can-Kepa-marruecos-turismo-chefchaouen-mezquita-80x60.jpg 80w, https:\/\/cankepa.com\/wp-content\/uploads\/2020\/05\/Can-Kepa-marruecos-turismo-chefchaouen-mezquita-16x12.jpg 16w\" sizes=\"(max-width: 400px) 100vw, 400px\" \/><\/div>\n\t\t<\/figure>\n\t<\/div>\n\n\t<div  class=\"wpb_single_image wpb_content_element vc_align_left\">\n\t\t\n\t\t<figure class=\"wpb_wrapper vc_figure\">\n\t\t\t<div class=\"vc_single_image-wrapper   vc_box_border_grey\"><img loading=\"lazy\" decoding=\"async\" width=\"400\" height=\"300\" src=\"https:\/\/cankepa.com\/wp-content\/uploads\/2021\/04\/Can-Kepa-marruecos-turismo-chefchaouen-medina.jpg\" class=\"vc_single_image-img attachment-large\" alt=\"\" title=\"Can-Kepa-marruecos-turismo-chefchaouen-medina\" srcset=\"https:\/\/cankepa.com\/wp-content\/uploads\/2021\/04\/Can-Kepa-marruecos-turismo-chefchaouen-medina.jpg 400w, https:\/\/cankepa.com\/wp-content\/uploads\/2021\/04\/Can-Kepa-marruecos-turismo-chefchaouen-medina-300x225.jpg 300w, https:\/\/cankepa.com\/wp-content\/uploads\/2021\/04\/Can-Kepa-marruecos-turismo-chefchaouen-medina-80x60.jpg 80w, https:\/\/cankepa.com\/wp-content\/uploads\/2021\/04\/Can-Kepa-marruecos-turismo-chefchaouen-medina-16x12.jpg 16w\" sizes=\"(max-width: 400px) 100vw, 400px\" \/><\/div>\n\t\t<\/figure>\n\t<\/div>\n<\/div><\/div><\/div><div class=\"wpb_column vc_column_container vc_col-sm-6\"><div class=\"vc_column-inner\"><div class=\"wpb_wrapper\">\n\t<div class=\"wpb_text_column wpb_content_element \" >\n\t\t<div class=\"wpb_wrapper\">\n\t\t\t<p style=\"text-align: left;\"><span style=\"font-weight: 400;\">Chefchauen, o Chauen, es capital de la provincia hom\u00f3nima, y la tercera ciudad m\u00e1s importante de la regi\u00f3n con 43.000 habitantes. Conocida como &#8216;el pueblo azul de Marruecos&#8217; por la costrumbre de sus habitantes de pintar las casas, fachadas y calles con cal, a la que se le a\u00f1aden pigmentos azules, como forma de desinfectante, purificador e insecticida.\u00a0<\/span><\/p>\n<p style=\"text-align: left;\"><span style=\"font-weight: 400;\">La ciudad se fund\u00f3 en 1471 en el emplazamiento de una peque\u00f1a poblaci\u00f3n bereber. La poblaci\u00f3n original estaba compuesta por andalusies, musulmanes y judios, exiliados de Al-Andalus que huyeron durante la reconquista castellana.<\/span><\/p>\n<p style=\"text-align: left;\"><span style=\"font-weight: 400;\">La ciudad fue considerada sagrada durante muchos siglos y estuvo aislada del exterior, estando prohibida su entrada a extrajeros hasta principios del siglo XX. En 1906, debido a la Conferencia de Algeciras, comenz\u00f3 el Protectorado Espa\u00f1ol en Marruecos, y ello hizo que entraran las tropas espa\u00f1olas quienes abrieron la ciudad. <\/span><\/p>\n<p style=\"text-align: left;\"><span style=\"font-weight: 400;\">Hoy en d\u00eda Chauen es uno de los principales destinos tur\u00edsticos del norte de Marruecos.\u00a0<\/span><\/p>\n\n\t\t<\/div>\n\t<\/div>\n<\/div><\/div><\/div><\/div><\/div><\/div><div class=\"vc_tta-panel\" id=\"1610742737679-f1b6a44e-49ce\" data-vc-content=\".vc_tta-panel-body\"><div class=\"vc_tta-panel-heading\"><h4 class=\"vc_tta-panel-title vc_tta-controls-icon-position-left\"><a href=\"#1610742737679-f1b6a44e-49ce\" data-vc-accordion data-vc-container=\".vc_tta-container\"><span class=\"vc_tta-title-text\">\u00b7 M'diq \/ Rinc\u00f3n \u00b7<\/span><i class=\"vc_tta-controls-icon vc_tta-controls-icon-chevron\"><\/i><\/a><\/h4><\/div><div class=\"vc_tta-panel-body\"><div class=\"vc_row wpb_row vc_inner vc_row-fluid\"><div class=\"wpb_column vc_column_container vc_col-sm-12\"><div class=\"vc_column-inner\"><div class=\"wpb_wrapper\">\n\t<div class=\"wpb_text_column wpb_content_element \" >\n\t\t<div class=\"wpb_wrapper\">\n\t\t\t<p><span style=\"font-weight: 400;\">M&#8217;diq (Rinc\u00f3n en espa\u00f1ol) es el pueblo m\u00e1s cercano a nuestra villa y nuestras casas. <\/span><\/p>\n<p><span style=\"font-weight: 400;\">En el pasado el pueblo era una peque\u00f1a aldea de pescadores donde, durante la \u00e9poca del protectorado espa\u00f1ol de Marruecos, se construy\u00f3 una estaci\u00f3n de tren en la l\u00ednea Ceuta-Tetu\u00e1n y una igles\u00eda. As\u00ed se comenz\u00f3 a poblar este &#8216;rinc\u00f3n&#8217; al lado de Cabo Negro. Desde hace unas d\u00e9cadas, el pueblo ha ido creciendo y expandi\u00e9ndose hasta lo que es hoy. <\/span><\/p>\n<p><span style=\"font-weight: 400;\">Actualmente el pueblo tiene una poblaci\u00f3n de alrededor de 57.000 personas y todo tipo de servicios: mercados, tiendas,\u00a0 hospital, escuelas de buceo, puerto pesquero, restaurantes, cafeterias&#8230; Tambi\u00e9n tiene un palacio la familia real marroqu\u00ed donde pasan los veranos. En invierno es un pueblo muy tranquilo, en verano se convierte en un pueblo muy bullicioso con turistas marroqu\u00edes del resto del pa\u00eds.\u00a0<\/span><\/p>\n\n\t\t<\/div>\n\t<\/div>\n<\/div><\/div><\/div><\/div><\/div><\/div><div class=\"vc_tta-panel\" id=\"1610741600080-ea1bd633-70ea\" data-vc-content=\".vc_tta-panel-body\"><div class=\"vc_tta-panel-heading\"><h4 class=\"vc_tta-panel-title vc_tta-controls-icon-position-left\"><a href=\"#1610741600080-ea1bd633-70ea\" data-vc-accordion data-vc-container=\".vc_tta-container\"><span class=\"vc_tta-title-text\">\u00b7 Oued Lau \u00b7<\/span><i class=\"vc_tta-controls-icon vc_tta-controls-icon-chevron\"><\/i><\/a><\/h4><\/div><div class=\"vc_tta-panel-body\"><div class=\"vc_row wpb_row vc_inner vc_row-fluid\"><div class=\"wpb_column vc_column_container vc_col-sm-6\"><div class=\"vc_column-inner\"><div class=\"wpb_wrapper\">\n\t<div class=\"wpb_text_column wpb_content_element \" >\n\t\t<div class=\"wpb_wrapper\">\n\t\t\t<p><span style=\"font-weight: 400;\">Oued Lau es un peque\u00f1o pueblo de pescadores de apenas 8000 habitantes. El pueblo, con una larga playa a orillas del Mediterraneo, es un sitio de veraneo para gente de clase media marroqu\u00ed. Por las ma\u00f1anas todav\u00eda se puede ver a los locales recoger sus redes de pesca llenas de pescado que se vende en la misma playa. <\/span><\/p>\n<p><span style=\"font-weight: 400;\">El mercado de los s\u00e1bados, es muy bullicioso, pintoresco y aut\u00e9ntico. Muchos aldeanos de las monta\u00f1as de la zona van al mercado a vender y comprar verduras, animales, comida y otros productos locales. Los aldeanos pueden comprar tambi\u00e9n productos manufacturados traidos de la ciudad (productos de consumo, material de construcci\u00f3n,&#8230;) y tienen lugar otros servicios termporales como restaurantes o peluqueros. Debido a que la mayor parte de los locales bajan en burro, se forma un parking de burros muy pintoresco.<\/span><\/p>\n<p><span style=\"font-weight: 400;\">Es un buen sitio para experimentar la atm\u00f3sfera rural y sumergirte en lo m\u00e1s aut\u00e9ntico de la zona.\u00a0<\/span><\/p>\n\n\t\t<\/div>\n\t<\/div>\n<\/div><\/div><\/div><div class=\"wpb_column vc_column_container vc_col-sm-6\"><div class=\"vc_column-inner\"><div class=\"wpb_wrapper\">\n\t<div  class=\"wpb_single_image wpb_content_element vc_align_center\">\n\t\t\n\t\t<figure class=\"wpb_wrapper vc_figure\">\n\t\t\t<div class=\"vc_single_image-wrapper   vc_box_border_grey\"><img loading=\"lazy\" decoding=\"async\" width=\"400\" height=\"300\" src=\"https:\/\/cankepa.com\/wp-content\/uploads\/2020\/05\/Can-Kepa-marruecos-turismo-oued-lau-mercado-burros.jpg\" class=\"vc_single_image-img attachment-large\" alt=\"\" title=\"Can-Kepa-marruecos-turismo-oued-lau-mercado-burros\" srcset=\"https:\/\/cankepa.com\/wp-content\/uploads\/2020\/05\/Can-Kepa-marruecos-turismo-oued-lau-mercado-burros.jpg 400w, https:\/\/cankepa.com\/wp-content\/uploads\/2020\/05\/Can-Kepa-marruecos-turismo-oued-lau-mercado-burros-300x225.jpg 300w, https:\/\/cankepa.com\/wp-content\/uploads\/2020\/05\/Can-Kepa-marruecos-turismo-oued-lau-mercado-burros-80x60.jpg 80w, https:\/\/cankepa.com\/wp-content\/uploads\/2020\/05\/Can-Kepa-marruecos-turismo-oued-lau-mercado-burros-16x12.jpg 16w\" sizes=\"(max-width: 400px) 100vw, 400px\" \/><\/div>\n\t\t<\/figure>\n\t<\/div>\n\n\t<div  class=\"wpb_single_image wpb_content_element vc_align_center\">\n\t\t\n\t\t<figure class=\"wpb_wrapper vc_figure\">\n\t\t\t<div class=\"vc_single_image-wrapper   vc_box_border_grey\"><img loading=\"lazy\" decoding=\"async\" width=\"300\" height=\"400\" src=\"https:\/\/cankepa.com\/wp-content\/uploads\/2020\/05\/Can-Kepa-marruecos-turismo-oued-lau-mercado-aceituna.jpg\" class=\"vc_single_image-img attachment-large\" alt=\"\" title=\"Can-Kepa-marruecos-turismo-oued-lau-mercado-aceituna\" srcset=\"https:\/\/cankepa.com\/wp-content\/uploads\/2020\/05\/Can-Kepa-marruecos-turismo-oued-lau-mercado-aceituna.jpg 300w, https:\/\/cankepa.com\/wp-content\/uploads\/2020\/05\/Can-Kepa-marruecos-turismo-oued-lau-mercado-aceituna-225x300.jpg 225w, https:\/\/cankepa.com\/wp-content\/uploads\/2020\/05\/Can-Kepa-marruecos-turismo-oued-lau-mercado-aceituna-60x80.jpg 60w, https:\/\/cankepa.com\/wp-content\/uploads\/2020\/05\/Can-Kepa-marruecos-turismo-oued-lau-mercado-aceituna-9x12.jpg 9w\" sizes=\"(max-width: 300px) 100vw, 300px\" \/><\/div>\n\t\t<\/figure>\n\t<\/div>\n<\/div><\/div><\/div><\/div><\/div><\/div><div class=\"vc_tta-panel\" id=\"1610741605000-1d786ba8-e535\" data-vc-content=\".vc_tta-panel-body\"><div class=\"vc_tta-panel-heading\"><h4 class=\"vc_tta-panel-title vc_tta-controls-icon-position-left\"><a href=\"#1610741605000-1d786ba8-e535\" data-vc-accordion data-vc-container=\".vc_tta-container\"><span class=\"vc_tta-title-text\">\u00b7 Assilah \/ Arcila \u00b7<\/span><i class=\"vc_tta-controls-icon vc_tta-controls-icon-chevron\"><\/i><\/a><\/h4><\/div><div class=\"vc_tta-panel-body\"><div class=\"vc_row wpb_row vc_inner vc_row-fluid\"><div class=\"wpb_column vc_column_container vc_col-sm-6\"><div class=\"vc_column-inner\"><div class=\"wpb_wrapper\">\n\t<div class=\"wpb_text_column wpb_content_element \" >\n\t\t<div class=\"wpb_wrapper\">\n\t\t\t<p><span style=\"font-weight: 400;\">Assilah, Arcila en espa\u00f1ol, es un pueblo que se encuentra en la costa atl\u00e1ntica de Marruecos, a unos cuarenta y cinco kil\u00f3metros al sur de la ciudad de T\u00e1nger. <\/span><\/p>\n<p><span style=\"font-weight: 400;\">En la edad antigua fue un asentamiento fenicio, romano y cartagin\u00e9s. En el siglo IX, fue un emirato independiente posteriormente absorbido e incluido en los imperios de la regi\u00f3n (el Omeya, el Almohade y el Almoravide). En el siglo XV fue conquistada por los portugueses, que construyeron las actuales murallas defensivas, dentro de las cuales, en el siglo XVII, se contruy\u00f3 la actual medina de la ciudad.<\/span><\/p>\n<p><span style=\"font-weight: 400;\">Hoy en d\u00eda es un tranquilo pueblo que acoge el Festival Cultural de Assilah todos los veranos durante los meses de julio y agosto, cuando la medina se convierte en galer\u00eda de arte donde artistas de diferentes nacionalidades pintan sus obras en las paredes de las callejuelas.<\/span><\/p>\n\n\t\t<\/div>\n\t<\/div>\n<\/div><\/div><\/div><div class=\"wpb_column vc_column_container vc_col-sm-6\"><div class=\"vc_column-inner\"><div class=\"wpb_wrapper\">\n\t<div  class=\"wpb_single_image wpb_content_element vc_align_center\">\n\t\t\n\t\t<figure class=\"wpb_wrapper vc_figure\">\n\t\t\t<div class=\"vc_single_image-wrapper   vc_box_border_grey\"><img loading=\"lazy\" decoding=\"async\" width=\"400\" height=\"266\" src=\"https:\/\/cankepa.com\/wp-content\/uploads\/2020\/05\/Can-Kepa-marruecos-turismo-assilah-arcila-murallas.jpg\" class=\"vc_single_image-img attachment-large\" alt=\"\" title=\"Can-Kepa-marruecos-turismo-assilah-arcila-murallas\" srcset=\"https:\/\/cankepa.com\/wp-content\/uploads\/2020\/05\/Can-Kepa-marruecos-turismo-assilah-arcila-murallas.jpg 400w, https:\/\/cankepa.com\/wp-content\/uploads\/2020\/05\/Can-Kepa-marruecos-turismo-assilah-arcila-murallas-300x200.jpg 300w, https:\/\/cankepa.com\/wp-content\/uploads\/2020\/05\/Can-Kepa-marruecos-turismo-assilah-arcila-murallas-80x53.jpg 80w, https:\/\/cankepa.com\/wp-content\/uploads\/2020\/05\/Can-Kepa-marruecos-turismo-assilah-arcila-murallas-16x12.jpg 16w\" sizes=\"(max-width: 400px) 100vw, 400px\" \/><\/div>\n\t\t<\/figure>\n\t<\/div>\n\n\t<div  class=\"wpb_single_image wpb_content_element vc_align_center\">\n\t\t\n\t\t<figure class=\"wpb_wrapper vc_figure\">\n\t\t\t<div class=\"vc_single_image-wrapper   vc_box_border_grey\"><img loading=\"lazy\" decoding=\"async\" width=\"400\" height=\"400\" src=\"https:\/\/cankepa.com\/wp-content\/uploads\/2020\/05\/Can-Kepa-marruecos-turismo-assilah-arcila-medina-mural.jpg\" class=\"vc_single_image-img attachment-large\" alt=\"\" title=\"Can-Kepa-marruecos-turismo-assilah-arcila-medina-mural\" srcset=\"https:\/\/cankepa.com\/wp-content\/uploads\/2020\/05\/Can-Kepa-marruecos-turismo-assilah-arcila-medina-mural.jpg 400w, https:\/\/cankepa.com\/wp-content\/uploads\/2020\/05\/Can-Kepa-marruecos-turismo-assilah-arcila-medina-mural-300x300.jpg 300w, https:\/\/cankepa.com\/wp-content\/uploads\/2020\/05\/Can-Kepa-marruecos-turismo-assilah-arcila-medina-mural-150x150.jpg 150w, https:\/\/cankepa.com\/wp-content\/uploads\/2020\/05\/Can-Kepa-marruecos-turismo-assilah-arcila-medina-mural-80x80.jpg 80w, https:\/\/cankepa.com\/wp-content\/uploads\/2020\/05\/Can-Kepa-marruecos-turismo-assilah-arcila-medina-mural-12x12.jpg 12w\" sizes=\"(max-width: 400px) 100vw, 400px\" \/><\/div>\n\t\t<\/figure>\n\t<\/div>\n<\/div><\/div><\/div><\/div><\/div><\/div><div class=\"vc_tta-panel\" id=\"1610741607144-4eb5d376-894a\" data-vc-content=\".vc_tta-panel-body\"><div class=\"vc_tta-panel-heading\"><h4 class=\"vc_tta-panel-title vc_tta-controls-icon-position-left\"><a href=\"#1610741607144-4eb5d376-894a\" data-vc-accordion data-vc-container=\".vc_tta-container\"><span class=\"vc_tta-title-text\">\u00b7 Moulay Abdesalam \u00b7<\/span><i class=\"vc_tta-controls-icon vc_tta-controls-icon-chevron\"><\/i><\/a><\/h4><\/div><div class=\"vc_tta-panel-body\"><div class=\"vc_row wpb_row vc_inner vc_row-fluid\"><div class=\"wpb_column vc_column_container vc_col-sm-12\"><div class=\"vc_column-inner\"><div class=\"wpb_wrapper\">\n\t<div class=\"wpb_text_column wpb_content_element \" >\n\t\t<div class=\"wpb_wrapper\">\n\t\t\t<p><span style=\"font-weight: 400;\">Moulay Abdesalam es un peque\u00f1o pueblo a medio camino entre las ciudades de Chefchaouen, Larache y Tetu\u00e1n, en la cima de la monta\u00f1a Jbel Alam y rodeado por un\u00a0 alcornocal donde habitan macacos de Berber\u00eda. <\/span><\/p>\n<p><span style=\"font-weight: 400;\">El pueblo es famoso en el norte de Marruecos por ser el lugar donde est\u00e1 enterrado el mulay Abd al-Sal\u0101m ibn Mash\u012bsh al-\u02bbAlam\u012b, un sabio o sant\u00f3n suf\u00ed de la edad media. El sufismo es la rama m\u00edstica del islam. El mulay fu\u00e9 asesinado en este lugar, donde fue enterrado y se construy\u00f3 un morabito en su tumba al que mucha gente va de romer\u00eda todos los veranos. Es uno de los sitios del pa\u00eds a los que viaja la gente muy humilde que no puede permitirse viajar a la Meca de peregrinaci\u00f3n una vez en la vida, que es uno de los mandatos del islam.<\/span><\/p>\n<p><span style=\"font-weight: 400;\">El morabito se encuentra en el pico de la monta\u00f1a con unas impresionantes vistas panor\u00e1micas de la costa atl\u00e1ntica entre Arcila y T\u00e1nger de un lado, y las monta\u00f1as de Ben Karrich, entre Chauen y Tetu\u00e1n, del otro.<\/span><\/p>\n\n\t\t<\/div>\n\t<\/div>\n<\/div><\/div><\/div><\/div><div class=\"vc_row wpb_row vc_inner vc_row-fluid\"><div class=\"wpb_column vc_column_container vc_col-sm-6\"><div class=\"vc_column-inner\"><div class=\"wpb_wrapper\">\n\t<div  class=\"wpb_single_image wpb_content_element vc_align_center\">\n\t\t\n\t\t<figure class=\"wpb_wrapper vc_figure\">\n\t\t\t<div class=\"vc_single_image-wrapper   vc_box_border_grey\"><img loading=\"lazy\" decoding=\"async\" width=\"400\" height=\"195\" src=\"https:\/\/cankepa.com\/wp-content\/uploads\/2021\/04\/Can-Kepa-marruecos-turismo-mouley-abdessalam-ben-karrich.jpg\" class=\"vc_single_image-img attachment-large\" alt=\"\" title=\"Can-Kepa-marruecos-turismo-mouley-abdessalam-ben-karrich\" srcset=\"https:\/\/cankepa.com\/wp-content\/uploads\/2021\/04\/Can-Kepa-marruecos-turismo-mouley-abdessalam-ben-karrich.jpg 400w, https:\/\/cankepa.com\/wp-content\/uploads\/2021\/04\/Can-Kepa-marruecos-turismo-mouley-abdessalam-ben-karrich-300x146.jpg 300w, https:\/\/cankepa.com\/wp-content\/uploads\/2021\/04\/Can-Kepa-marruecos-turismo-mouley-abdessalam-ben-karrich-80x39.jpg 80w, https:\/\/cankepa.com\/wp-content\/uploads\/2021\/04\/Can-Kepa-marruecos-turismo-mouley-abdessalam-ben-karrich-16x8.jpg 16w\" sizes=\"(max-width: 400px) 100vw, 400px\" \/><\/div>\n\t\t<\/figure>\n\t<\/div>\n<\/div><\/div><\/div><div class=\"wpb_column vc_column_container vc_col-sm-6\"><div class=\"vc_column-inner\"><div class=\"wpb_wrapper\">\n\t<div  class=\"wpb_single_image wpb_content_element vc_align_center\">\n\t\t\n\t\t<figure class=\"wpb_wrapper vc_figure\">\n\t\t\t<div class=\"vc_single_image-wrapper   vc_box_border_grey\"><img loading=\"lazy\" decoding=\"async\" width=\"400\" height=\"195\" src=\"https:\/\/cankepa.com\/wp-content\/uploads\/2021\/04\/Can-Kepa-marruecos-turismo-mouley-abdessalam-atardecer.jpg\" class=\"vc_single_image-img attachment-large\" alt=\"\" title=\"Can-Kepa-marruecos-turismo-mouley-abdessalam-atardecer\" srcset=\"https:\/\/cankepa.com\/wp-content\/uploads\/2021\/04\/Can-Kepa-marruecos-turismo-mouley-abdessalam-atardecer.jpg 400w, https:\/\/cankepa.com\/wp-content\/uploads\/2021\/04\/Can-Kepa-marruecos-turismo-mouley-abdessalam-atardecer-300x146.jpg 300w, https:\/\/cankepa.com\/wp-content\/uploads\/2021\/04\/Can-Kepa-marruecos-turismo-mouley-abdessalam-atardecer-80x39.jpg 80w, https:\/\/cankepa.com\/wp-content\/uploads\/2021\/04\/Can-Kepa-marruecos-turismo-mouley-abdessalam-atardecer-16x8.jpg 16w\" sizes=\"(max-width: 400px) 100vw, 400px\" \/><\/div>\n\t\t<\/figure>\n\t<\/div>\n<\/div><\/div><\/div><\/div><\/div><\/div><div class=\"vc_tta-panel\" id=\"1611686801240-a60a4342-d6f3\" data-vc-content=\".vc_tta-panel-body\"><div class=\"vc_tta-panel-heading\"><h4 class=\"vc_tta-panel-title vc_tta-controls-icon-position-left\"><a href=\"#1611686801240-a60a4342-d6f3\" data-vc-accordion data-vc-container=\".vc_tta-container\"><span class=\"vc_tta-title-text\">\u00b7 Akchour \u00b7<\/span><i class=\"vc_tta-controls-icon vc_tta-controls-icon-chevron\"><\/i><\/a><\/h4><\/div><div class=\"vc_tta-panel-body\"><div class=\"vc_row wpb_row vc_inner vc_row-fluid\"><div class=\"wpb_column vc_column_container vc_col-sm-6\"><div class=\"vc_column-inner\"><div class=\"wpb_wrapper\">\n\t<div class=\"wpb_text_column wpb_content_element \" >\n\t\t<div class=\"wpb_wrapper\">\n\t\t\t<p style=\"text-align: left;\"><span style=\"font-weight: 400;\">En la carretera entre Oued Lau y Chefchaouen se encuentra Akchour, una peque\u00f1a aldea en el parque natural de Talassemtane. A pesar de que la localidad no es de apenas inter\u00e9s, desde el pueblo comienzan varias rutas de senderismo por el parque natural que te permitir\u00e1n disfrutar de la naturaleza de la zona, sus cascadas y sus curiosas formaciones naturales como el &#8216;Puente de Dios&#8217;, un puente natural de piedra.<\/span><\/p>\n\n\t\t<\/div>\n\t<\/div>\n<\/div><\/div><\/div><div class=\"wpb_column vc_column_container vc_col-sm-6\"><div class=\"vc_column-inner\"><div class=\"wpb_wrapper\">\n\t<div  class=\"wpb_single_image wpb_content_element vc_align_center\">\n\t\t\n\t\t<figure class=\"wpb_wrapper vc_figure\">\n\t\t\t<div class=\"vc_single_image-wrapper   vc_box_border_grey\"><img loading=\"lazy\" decoding=\"async\" width=\"400\" height=\"300\" src=\"https:\/\/cankepa.com\/wp-content\/uploads\/2021\/04\/Can-Kepa-marruecos-turismo-akchour.jpg\" class=\"vc_single_image-img attachment-large\" alt=\"\" title=\"Can-Kepa-marruecos-turismo-akchour\" srcset=\"https:\/\/cankepa.com\/wp-content\/uploads\/2021\/04\/Can-Kepa-marruecos-turismo-akchour.jpg 400w, https:\/\/cankepa.com\/wp-content\/uploads\/2021\/04\/Can-Kepa-marruecos-turismo-akchour-300x225.jpg 300w, https:\/\/cankepa.com\/wp-content\/uploads\/2021\/04\/Can-Kepa-marruecos-turismo-akchour-80x60.jpg 80w, https:\/\/cankepa.com\/wp-content\/uploads\/2021\/04\/Can-Kepa-marruecos-turismo-akchour-16x12.jpg 16w\" sizes=\"(max-width: 400px) 100vw, 400px\" \/><\/div>\n\t\t<\/figure>\n\t<\/div>\n<\/div><\/div><\/div><\/div><\/div><\/div><\/div><\/div><\/div><\/div>\n\t<div class=\"wpb_text_column wpb_content_element \" >\n\t\t<div class=\"wpb_wrapper\">\n\t\t\t<p style=\"text-align: center;\">y la ciudad espa\u00f1ola en el norte de \u00c1frica de<\/p>\n\n\t\t<\/div>\n\t<\/div>\n<div class=\"vc_tta-container\" data-vc-action=\"collapseAll\"><div class=\"vc_general vc_tta vc_tta-accordion vc_tta-color-green vc_tta-style-outline vc_tta-shape-rounded vc_tta-spacing-1 vc_tta-gap-3 vc_tta-controls-align-center vc_tta-o-all-clickable\"><div class=\"vc_tta-panels-container\"><div class=\"vc_tta-panels\"><div class=\"vc_tta-panel\" id=\"1611752304739-59726521-65b7\" data-vc-content=\".vc_tta-panel-body\"><div class=\"vc_tta-panel-heading\"><h4 class=\"vc_tta-panel-title vc_tta-controls-icon-position-left\"><a href=\"#1611752304739-59726521-65b7\" data-vc-accordion data-vc-container=\".vc_tta-container\"><span class=\"vc_tta-title-text\">\u00b7 Ceuta \u00b7<\/span><i class=\"vc_tta-controls-icon vc_tta-controls-icon-chevron\"><\/i><\/a><\/h4><\/div><div class=\"vc_tta-panel-body\"><div class=\"vc_row wpb_row vc_inner vc_row-fluid\"><div class=\"wpb_column vc_column_container vc_col-sm-12\"><div class=\"vc_column-inner\"><div class=\"wpb_wrapper\">\n\t<div class=\"wpb_text_column wpb_content_element \" >\n\t\t<div class=\"wpb_wrapper\">\n\t\t\t<p><span style=\"font-weight: 400;\">Ceuta es una de las dos ciudades espa\u00f1olas en el norte de \u00c1frica junto de la ciudad aut\u00f3noma de Melilla. Ceuta est\u00e1 situada estrat\u00e9gicamente en el estrecho de Gibraltar, justo en frente del exclave brit\u00e1nico, a veinte kil\u00f3metros de la peninsula. Es una ciudad moderna, en un enclave muy bonito con vistas sobre la peninsula ib\u00e9rica y la costa mediterranea del norte de Marruecos, con restos hit\u00f3ricos de las diferentes culturas que han poblado el lugar.<\/span><\/p>\n\n\t\t<\/div>\n\t<\/div>\n<\/div><\/div><\/div><\/div><div class=\"vc_row wpb_row vc_inner vc_row-fluid\"><div class=\"wpb_column vc_column_container vc_col-sm-6\"><div class=\"vc_column-inner\"><div class=\"wpb_wrapper\">\n\t<div  class=\"wpb_single_image wpb_content_element vc_align_left\">\n\t\t\n\t\t<figure class=\"wpb_wrapper vc_figure\">\n\t\t\t<div class=\"vc_single_image-wrapper   vc_box_border_grey\"><img loading=\"lazy\" decoding=\"async\" width=\"400\" height=\"300\" src=\"https:\/\/cankepa.com\/wp-content\/uploads\/2020\/05\/Can-Kepa-marruecos-turismo-ceuta-murallas-reales.jpg\" class=\"vc_single_image-img attachment-large\" alt=\"\" title=\"Can-Kepa-marruecos-turismo-ceuta-murallas-reales\" srcset=\"https:\/\/cankepa.com\/wp-content\/uploads\/2020\/05\/Can-Kepa-marruecos-turismo-ceuta-murallas-reales.jpg 400w, https:\/\/cankepa.com\/wp-content\/uploads\/2020\/05\/Can-Kepa-marruecos-turismo-ceuta-murallas-reales-300x225.jpg 300w, https:\/\/cankepa.com\/wp-content\/uploads\/2020\/05\/Can-Kepa-marruecos-turismo-ceuta-murallas-reales-80x60.jpg 80w, https:\/\/cankepa.com\/wp-content\/uploads\/2020\/05\/Can-Kepa-marruecos-turismo-ceuta-murallas-reales-16x12.jpg 16w\" sizes=\"(max-width: 400px) 100vw, 400px\" \/><\/div>\n\t\t<\/figure>\n\t<\/div>\n<\/div><\/div><\/div><div class=\"wpb_column vc_column_container vc_col-sm-6\"><div class=\"vc_column-inner\"><div class=\"wpb_wrapper\">\n\t<div  class=\"wpb_single_image wpb_content_element vc_align_center\">\n\t\t\n\t\t<figure class=\"wpb_wrapper vc_figure\">\n\t\t\t<div class=\"vc_single_image-wrapper   vc_box_border_grey\"><img loading=\"lazy\" decoding=\"async\" width=\"400\" height=\"300\" src=\"https:\/\/cankepa.com\/wp-content\/uploads\/2021\/04\/Can-Kepa-marruecos-turismo-ceuta-mirador.jpg\" class=\"vc_single_image-img attachment-large\" alt=\"\" title=\"Can-Kepa-marruecos-turismo-ceuta-mirador\" srcset=\"https:\/\/cankepa.com\/wp-content\/uploads\/2021\/04\/Can-Kepa-marruecos-turismo-ceuta-mirador.jpg 400w, https:\/\/cankepa.com\/wp-content\/uploads\/2021\/04\/Can-Kepa-marruecos-turismo-ceuta-mirador-300x225.jpg 300w, https:\/\/cankepa.com\/wp-content\/uploads\/2021\/04\/Can-Kepa-marruecos-turismo-ceuta-mirador-80x60.jpg 80w, https:\/\/cankepa.com\/wp-content\/uploads\/2021\/04\/Can-Kepa-marruecos-turismo-ceuta-mirador-16x12.jpg 16w\" sizes=\"(max-width: 400px) 100vw, 400px\" \/><\/div>\n\t\t<\/figure>\n\t<\/div>\n<\/div><\/div><\/div><\/div><\/div><\/div><\/div><\/div><\/div><\/div><\/div><\/div><\/div><div class=\"wpb_column vc_column_container vc_col-sm-2\"><div class=\"vc_column-inner\"><div class=\"wpb_wrapper\"><\/div><\/div><\/div><\/div><div class=\"vc_row wpb_row vc_row-fluid\"><div class=\"wpb_column vc_column_container vc_col-sm-12\"><div class=\"vc_column-inner\"><div class=\"wpb_wrapper\">\n\t<div  class=\"wpb_single_image wpb_content_element vc_align_left\">\n\t\t\n\t\t<figure class=\"wpb_wrapper vc_figure\">\n\t\t\t<div class=\"vc_single_image-wrapper   vc_box_border_grey\"><img loading=\"lazy\" decoding=\"async\" width=\"2000\" height=\"441\" src=\"https:\/\/cankepa.com\/wp-content\/uploads\/2020\/04\/Can-Kepa-marruecos-turismo-ceuta-estrecho.jpg\" class=\"vc_single_image-img attachment-full\" alt=\"\" title=\"Can-Kepa-marruecos-turismo-ceuta-estrecho\" srcset=\"https:\/\/cankepa.com\/wp-content\/uploads\/2020\/04\/Can-Kepa-marruecos-turismo-ceuta-estrecho.jpg 2000w, https:\/\/cankepa.com\/wp-content\/uploads\/2020\/04\/Can-Kepa-marruecos-turismo-ceuta-estrecho-300x66.jpg 300w, https:\/\/cankepa.com\/wp-content\/uploads\/2020\/04\/Can-Kepa-marruecos-turismo-ceuta-estrecho-1024x226.jpg 1024w, https:\/\/cankepa.com\/wp-content\/uploads\/2020\/04\/Can-Kepa-marruecos-turismo-ceuta-estrecho-768x169.jpg 768w, https:\/\/cankepa.com\/wp-content\/uploads\/2020\/04\/Can-Kepa-marruecos-turismo-ceuta-estrecho-80x18.jpg 80w, https:\/\/cankepa.com\/wp-content\/uploads\/2020\/04\/Can-Kepa-marruecos-turismo-ceuta-estrecho-1536x339.jpg 1536w, https:\/\/cankepa.com\/wp-content\/uploads\/2020\/04\/Can-Kepa-marruecos-turismo-ceuta-estrecho-16x4.jpg 16w\" sizes=\"(max-width: 2000px) 100vw, 2000px\" \/><\/div>\n\t\t<\/figure>\n\t<\/div>\n<\/div><\/div><\/div><\/div><\/section><section class=\"vc_section\"><div class=\"vc_row wpb_row vc_row-fluid\"><div class=\"wpb_column vc_column_container vc_col-sm-2\"><div class=\"vc_column-inner\"><div class=\"wpb_wrapper\"><\/div><\/div><\/div><div class=\"wpb_column vc_column_container vc_col-sm-8\"><div class=\"vc_column-inner\"><div class=\"wpb_wrapper\">\n\t<div class=\"wpb_text_column wpb_content_element \" >\n\t\t<div class=\"wpb_wrapper\">\n\t\t\t<h3 style=\"text-align: center;\"><span style=\"color: #66b80f;\">\u00b7 La cara rural de la regi\u00f3n \u00b7<\/span><\/h3>\n\n\t\t<\/div>\n\t<\/div>\n<div class=\"vc_tta-container\" data-vc-action=\"collapseAll\"><div class=\"vc_general vc_tta vc_tta-accordion vc_tta-color-green vc_tta-style-outline vc_tta-shape-rounded vc_tta-spacing-1 vc_tta-gap-3 vc_tta-controls-align-center vc_tta-o-all-clickable\"><div class=\"vc_tta-panels-container\"><div class=\"vc_tta-panels\"><div class=\"vc_tta-panel\" id=\"1612983862423-77623d42-80f5\" data-vc-content=\".vc_tta-panel-body\"><div class=\"vc_tta-panel-heading\"><h4 class=\"vc_tta-panel-title vc_tta-controls-icon-position-left\"><a href=\"#1612983862423-77623d42-80f5\" data-vc-accordion data-vc-container=\".vc_tta-container\"><span class=\"vc_tta-title-text\">Senderismo por Fath Lemhar<\/span><i class=\"vc_tta-controls-icon vc_tta-controls-icon-chevron\"><\/i><\/a><\/h4><\/div><div class=\"vc_tta-panel-body\">\n\t<div  class=\"wpb_single_image wpb_content_element vc_align_center\">\n\t\t\n\t\t<figure class=\"wpb_wrapper vc_figure\">\n\t\t\t<div class=\"vc_single_image-wrapper   vc_box_border_grey\"><img loading=\"lazy\" decoding=\"async\" width=\"1024\" height=\"286\" src=\"https:\/\/cankepa.com\/wp-content\/uploads\/2020\/04\/Can-Kepa-marruecos-turismo-barrage-smir-kuf-fath-lemhar-cabo-negro-1024x286.jpg\" class=\"vc_single_image-img attachment-large\" alt=\"\" title=\"Can-Kepa-marruecos-turismo-barrage-smir-kuf-fath-lemhar-cabo-negro\" srcset=\"https:\/\/cankepa.com\/wp-content\/uploads\/2020\/04\/Can-Kepa-marruecos-turismo-barrage-smir-kuf-fath-lemhar-cabo-negro-1024x286.jpg 1024w, https:\/\/cankepa.com\/wp-content\/uploads\/2020\/04\/Can-Kepa-marruecos-turismo-barrage-smir-kuf-fath-lemhar-cabo-negro-300x84.jpg 300w, https:\/\/cankepa.com\/wp-content\/uploads\/2020\/04\/Can-Kepa-marruecos-turismo-barrage-smir-kuf-fath-lemhar-cabo-negro-768x214.jpg 768w, https:\/\/cankepa.com\/wp-content\/uploads\/2020\/04\/Can-Kepa-marruecos-turismo-barrage-smir-kuf-fath-lemhar-cabo-negro-80x22.jpg 80w, https:\/\/cankepa.com\/wp-content\/uploads\/2020\/04\/Can-Kepa-marruecos-turismo-barrage-smir-kuf-fath-lemhar-cabo-negro-1536x429.jpg 1536w, https:\/\/cankepa.com\/wp-content\/uploads\/2020\/04\/Can-Kepa-marruecos-turismo-barrage-smir-kuf-fath-lemhar-cabo-negro-16x4.jpg 16w, https:\/\/cankepa.com\/wp-content\/uploads\/2020\/04\/Can-Kepa-marruecos-turismo-barrage-smir-kuf-fath-lemhar-cabo-negro.jpg 2000w\" sizes=\"(max-width: 1024px) 100vw, 1024px\" \/><\/div>\n\t\t<\/figure>\n\t<\/div>\n\n\t<div class=\"wpb_text_column wpb_content_element \" >\n\t\t<div class=\"wpb_wrapper\">\n\t\t\t<p><span style=\"font-weight: 400;\">Hay varias rutas de senderismo marcadas en las monta\u00f1as de:<\/span><\/p>\n<p><span style=\"font-weight: 400;\"><strong>\u00b7 Fath Lemhar<\/strong><\/span><\/p>\n<p>Rodeando la monta\u00f1a por ambas vertientes:<\/p>\n<p><span style=\"font-weight: 400;\">&#8211; En la vertiente este que da a la costa,<\/span><span style=\"font-weight: 400;\"> las ruta une las aldeas que van desde Asrour en el sur, pasando por las aldeas de Oued el-Lile, Belouazene, El Bayine, Il-Kouf, Oued-Yaryoum, Boujmil, hasta llegar a Taghramt en el norte.\u00a0<\/span><\/p>\n<p>&#8211; En la vertiente oeste que da al valle de il-Khemiss Anjra, la ruta va de <span style=\"font-weight: 400;\">Asrour en el sur,<\/span> por<span style=\"font-weight: 400;\"> las aldeas El Allauiya, El Onsar, El-Keddane,\u00a0 Jilbech, Agla, Tarrante, Bab A\u00e2rahiya, Dar el Hijar, Ed-Dhar, El Onsar el-Khouasem, Khoualem, hasta llegar a Taghramt en el norte.\u00a0<\/span><\/p>\n<p><strong>\u00b7 Jbel Zem zem<\/strong><\/p>\n<p>Rutas marcadas alrededor de la monta\u00f1a Zem-zem <em>(<\/em><span style=\"font-weight: 400;\"><em>Jbel Zem-zem)<\/em>\u00a0pasan por las aldeas de Tachia, Ikareh y Mrah Rhrif.<\/span><\/p>\n<p>\u00b7 <strong>Pantano Smir<\/strong><\/p>\n<p>La ruta al rededor de el Pantano Smir <em>(Barrage Smir) <\/em>pasa pr\u00f3xima a las aldeas de <span style=\"font-weight: 400;\">Belouazene, El Bayine, Rechchaka, y cruzando el r\u00edo Smir (<em>Oued Smir<\/em>).<\/span><\/p>\n<p><strong>\u00b7 Jbel Darsa<\/strong><\/p>\n<p>Tambi\u00e9n hay rutas marcadas desde Asrour que llegan a Tetu\u00e1n, pasando por las aldeas de Mezrouka yEl Ma\u00e2dil. Otra ruta por la monta\u00f1a va hasta Darsa, monta\u00f1a sobre la ciudad.<\/p>\n\n\t\t<\/div>\n\t<\/div>\n<\/div><\/div><div class=\"vc_tta-panel\" id=\"1612983862622-9ed8c38d-5222\" data-vc-content=\".vc_tta-panel-body\"><div class=\"vc_tta-panel-heading\"><h4 class=\"vc_tta-panel-title vc_tta-controls-icon-position-left\"><a href=\"#1612983862622-9ed8c38d-5222\" data-vc-accordion data-vc-container=\".vc_tta-container\"><span class=\"vc_tta-title-text\">Bicicleta por Smir y El negro<\/span><i class=\"vc_tta-controls-icon vc_tta-controls-icon-chevron\"><\/i><\/a><\/h4><\/div><div class=\"vc_tta-panel-body\">\n\t<div class=\"wpb_text_column wpb_content_element \" >\n\t\t<div class=\"wpb_wrapper\">\n\t\t\t<p><span style=\"font-weight: 400;\">Se pueden hacer rutas en bicicleta por los caminos rurales que van desde Tetu\u00e1n a:<\/span><\/p>\n<ul>\n<li><span style=\"font-weight: 400;\">Pantano Smir (Barrage Smir), paralelas a la monta\u00f1a Fath Lemhar y por sus aldeas,<\/span><\/li>\n<li><span style=\"font-weight: 400;\">La zona del valle de Allyene y el Negro,<\/span><\/li>\n<li><span style=\"font-weight: 400;\">Las aldeas de Haydra hasta Fnideq\/Castillejos y la ciudad aut\u00f3noma espa\u00f1ola de Ceuta.<\/span><\/li>\n<\/ul>\n\n\t\t<\/div>\n\t<\/div>\n\n\t<div  class=\"wpb_single_image wpb_content_element vc_align_center\">\n\t\t\n\t\t<figure class=\"wpb_wrapper vc_figure\">\n\t\t\t<div class=\"vc_single_image-wrapper   vc_box_border_grey\"><img loading=\"lazy\" decoding=\"async\" width=\"1024\" height=\"241\" src=\"https:\/\/cankepa.com\/wp-content\/uploads\/2020\/04\/Can-Kepa-marruecos-turismo-smir-sol-panoramica-1024x241.jpg\" class=\"vc_single_image-img attachment-large\" alt=\"\" title=\"Can-Kepa-marruecos-turismo-smir-sol-panoramica\" srcset=\"https:\/\/cankepa.com\/wp-content\/uploads\/2020\/04\/Can-Kepa-marruecos-turismo-smir-sol-panoramica-1024x241.jpg 1024w, https:\/\/cankepa.com\/wp-content\/uploads\/2020\/04\/Can-Kepa-marruecos-turismo-smir-sol-panoramica-300x71.jpg 300w, https:\/\/cankepa.com\/wp-content\/uploads\/2020\/04\/Can-Kepa-marruecos-turismo-smir-sol-panoramica-768x181.jpg 768w, https:\/\/cankepa.com\/wp-content\/uploads\/2020\/04\/Can-Kepa-marruecos-turismo-smir-sol-panoramica-80x19.jpg 80w, https:\/\/cankepa.com\/wp-content\/uploads\/2020\/04\/Can-Kepa-marruecos-turismo-smir-sol-panoramica-1536x362.jpg 1536w, https:\/\/cankepa.com\/wp-content\/uploads\/2020\/04\/Can-Kepa-marruecos-turismo-smir-sol-panoramica-16x4.jpg 16w, https:\/\/cankepa.com\/wp-content\/uploads\/2020\/04\/Can-Kepa-marruecos-turismo-smir-sol-panoramica.jpg 2000w\" sizes=\"(max-width: 1024px) 100vw, 1024px\" \/><\/div>\n\t\t<\/figure>\n\t<\/div>\n<\/div><\/div><div class=\"vc_tta-panel\" id=\"1612983940657-60f32f2c-1657\" data-vc-content=\".vc_tta-panel-body\"><div class=\"vc_tta-panel-heading\"><h4 class=\"vc_tta-panel-title vc_tta-controls-icon-position-left\"><a href=\"#1612983940657-60f32f2c-1657\" data-vc-accordion data-vc-container=\".vc_tta-container\"><span class=\"vc_tta-title-text\">Convivencia con la comunidad rural de el-Kuf<\/span><i class=\"vc_tta-controls-icon vc_tta-controls-icon-chevron\"><\/i><\/a><\/h4><\/div><div class=\"vc_tta-panel-body\"><div class=\"vc_row wpb_row vc_inner vc_row-fluid\"><div class=\"wpb_column vc_column_container vc_col-sm-6\"><div class=\"vc_column-inner\"><div class=\"wpb_wrapper\">\n\t<div class=\"wpb_text_column wpb_content_element \" >\n\t\t<div class=\"wpb_wrapper\">\n\t\t\t<p><span style=\"font-weight: 400;\">El-Kuf es una aldea de mil trescientas personas en la monta\u00f1a Fath Lemhar, cerca del pantano Smir (<em>Barrage<\/em> <em>Smir<\/em>), a veinte minutos en coche de M&#8217;diq\/Rinc\u00f3n.<\/span><\/p>\n<p><span style=\"font-weight: 400;\">En el-Kuf puedes experimentar la convivencia con una comunidad rural tradicional marroqu\u00ed y descubrir sus tradiciones y forma de vida.<br \/>\n<\/span><\/p>\n\n\t\t<\/div>\n\t<\/div>\n<\/div><\/div><\/div><div class=\"wpb_column vc_column_container vc_col-sm-6\"><div class=\"vc_column-inner\"><div class=\"wpb_wrapper\">\n\t<div  class=\"wpb_single_image wpb_content_element vc_align_center\">\n\t\t\n\t\t<figure class=\"wpb_wrapper vc_figure\">\n\t\t\t<div class=\"vc_single_image-wrapper   vc_box_border_grey\"><img loading=\"lazy\" decoding=\"async\" width=\"400\" height=\"266\" src=\"https:\/\/cankepa.com\/wp-content\/uploads\/2020\/05\/Can-Kepa-marruecos-turismo-casa-tejado-mimbre.jpg\" class=\"vc_single_image-img attachment-large\" alt=\"\" title=\"Can-Kepa-marruecos-turismo-casa-tejado-mimbre\" srcset=\"https:\/\/cankepa.com\/wp-content\/uploads\/2020\/05\/Can-Kepa-marruecos-turismo-casa-tejado-mimbre.jpg 400w, https:\/\/cankepa.com\/wp-content\/uploads\/2020\/05\/Can-Kepa-marruecos-turismo-casa-tejado-mimbre-300x200.jpg 300w, https:\/\/cankepa.com\/wp-content\/uploads\/2020\/05\/Can-Kepa-marruecos-turismo-casa-tejado-mimbre-80x53.jpg 80w, https:\/\/cankepa.com\/wp-content\/uploads\/2020\/05\/Can-Kepa-marruecos-turismo-casa-tejado-mimbre-16x12.jpg 16w\" sizes=\"(max-width: 400px) 100vw, 400px\" \/><\/div>\n\t\t<\/figure>\n\t<\/div>\n<\/div><\/div><\/div><\/div><div class=\"vc_btn3-container vc_btn3-center\" ><a class=\"vc_general vc_btn3 vc_btn3-size-md vc_btn3-shape-rounded vc_btn3-style-outline vc_btn3-block vc_btn3-icon-left vc_btn3-color-blue\" href=\"https:\/\/cankepa.com\/marruecos\/kuf\/\" title=\"Informaci\u00f3n de la aldea de il-Kuf\"><i class=\"vc_btn3-icon fas fa-search-plus\"><\/i> M\u00e1s informaci\u00f3n sobre la comunidad<\/a><\/div><\/div><\/div><\/div><\/div><\/div><\/div><\/div><\/div><\/div><div class=\"wpb_column vc_column_container vc_col-sm-2\"><div class=\"vc_column-inner\"><div class=\"wpb_wrapper\"><\/div><\/div><\/div><\/div><\/section><section class=\"vc_section\"><div class=\"vc_row wpb_row vc_row-fluid\"><div class=\"wpb_column vc_column_container vc_col-sm-2\"><div class=\"vc_column-inner\"><div class=\"wpb_wrapper\"><\/div><\/div><\/div><div class=\"wpb_column vc_column_container vc_col-sm-8\"><div class=\"vc_column-inner\"><div class=\"wpb_wrapper\"><div class=\"vc_icon_element vc_icon_element-outer vc_icon_element-align-center vc_icon_element-have-style\"><div class=\"vc_icon_element-inner vc_icon_element-color-green vc_icon_element-have-style-inner vc_icon_element-size-lg vc_icon_element-style-rounded-outline vc_icon_element-outline vc_icon_element-background-color-grey\" ><span class=\"vc_icon_element-icon fas fa-concierge-bell\" ><\/span><\/div><\/div>\n\t<div class=\"wpb_text_column wpb_content_element \" >\n\t\t<div class=\"wpb_wrapper\">\n\t\t\t<h3 style=\"text-align: center;\"><span style=\"color: #999999;\">\u00bfQu\u00e9 podemos hacer por t\u00ed?<\/span><\/h3>\n<p>Estamos siempre disponibles para responder cualquier pregunta que tengas sobre el norte de Marruecos o nuestras casas, y si lo necesitas, darte todas las gu\u00edas y consejos que necesites.<\/p>\n\n\t\t<\/div>\n\t<\/div>\n<\/div><\/div><\/div><div class=\"wpb_column vc_column_container vc_col-sm-2\"><div class=\"vc_column-inner\"><div class=\"wpb_wrapper\"><\/div><\/div><\/div><\/div><div class=\"vc_row wpb_row vc_row-fluid\"><div class=\"wpb_column vc_column_container vc_col-sm-3\"><div class=\"vc_column-inner\"><div class=\"wpb_wrapper\">\n\t<div class=\"wpb_text_column wpb_content_element  vc_custom_1611086746420\" >\n\t\t<div class=\"wpb_wrapper\">\n\t\t\t<p style=\"text-align: center;\">Tu organizaci\u00f3n<\/p>\n\n\t\t<\/div>\n\t<\/div>\n\n\t<div class=\"wpb_text_column wpb_content_element  vc_custom_1611087921702\" >\n\t\t<div class=\"wpb_wrapper\">\n\t\t\t<p style=\"text-align: center;\">Te ayudamos a planear tus d\u00edas de desconexi\u00f3n en el norte de Marruecos.<\/p>\n<p style=\"text-align: center;\">T\u00fa s\u00f3lo dinos cuantos d\u00edas vienes y cuales son tus preferencias, y nosotros te damos una idea de lo que puedes hacer.<\/p>\n\n\t\t<\/div>\n\t<\/div>\n<\/div><\/div><\/div><div class=\"wpb_column vc_column_container vc_col-sm-3\"><div class=\"vc_column-inner\"><div class=\"wpb_wrapper\">\n\t<div class=\"wpb_text_column wpb_content_element  vc_custom_1611086705977\" >\n\t\t<div class=\"wpb_wrapper\">\n\t\t\t<p style=\"text-align: center;\">Nuestros colaboradores<\/p>\n\n\t\t<\/div>\n\t<\/div>\n\n\t<div class=\"wpb_text_column wpb_content_element  vc_custom_1617292743859\" >\n\t\t<div class=\"wpb_wrapper\">\n\t\t\t<p>Te ponemos en contacto con nuestra red de colaboradores como: escuelas de buceo, gu\u00edas tur\u00edsticos, o de monta\u00f1a, conductores para que te lleven y te traigan, o tiendas de souvenires para que puedas tener referencias a la hora del regateo \ud83d\ude09<\/p>\n\n\t\t<\/div>\n\t<\/div>\n<\/div><\/div><\/div><div class=\"wpb_column vc_column_container vc_col-sm-3\"><div class=\"vc_column-inner\"><div class=\"wpb_wrapper\">\n\t<div class=\"wpb_text_column wpb_content_element  vc_custom_1611088039895\" >\n\t\t<div class=\"wpb_wrapper\">\n\t\t\t<p style=\"text-align: center;\">Nuestros restaurantes favoritos<\/p>\n\n\t\t<\/div>\n\t<\/div>\n\n\t<div class=\"wpb_text_column wpb_content_element  vc_custom_1611088379182\" >\n\t\t<div class=\"wpb_wrapper\">\n\t\t\t<p style=\"text-align: center;\">Te aconsejamos restaurantes locales a los que nosotros vamos, algunos m\u00e1s humildes, otros menos, pero en todos ellos te vas a quedar m\u00e1s que satisfecho con sus productos frescos, y su gastronom\u00eda t\u00edpica, local y del pa\u00eds.<\/p>\n\n\t\t<\/div>\n\t<\/div>\n<\/div><\/div><\/div><div class=\"wpb_column vc_column_container vc_col-sm-3\"><div class=\"vc_column-inner\"><div class=\"wpb_wrapper\">\n\t<div class=\"wpb_text_column wpb_content_element  vc_custom_1611086728144\" >\n\t\t<div class=\"wpb_wrapper\">\n\t\t\t<p style=\"text-align: center;\">Nuestros vecinos<\/p>\n\n\t\t<\/div>\n\t<\/div>\n\n\t<div class=\"wpb_text_column wpb_content_element  vc_custom_1611088551945\" >\n\t\t<div class=\"wpb_wrapper\">\n\t\t\t<p style=\"text-align: center;\">Queremos promover tipos de actividades econ\u00f3micas alternativas a las cl\u00e1sicas en el-Kuf basadas en la econom\u00eda de subsistencia. Te ponemos en contacto con vecinos de el-Kuf para que te cocinen comida t\u00edpica o te vendan sus productos locales: pan, verduras, huevos, l\u00e1cteos&#8230;<\/p>\n\n\t\t<\/div>\n\t<\/div>\n<\/div><\/div><\/div><\/div><div class=\"vc_row wpb_row vc_row-fluid vc_custom_1611086063243 vc_row-has-fill\"><div class=\"wpb_column vc_column_container vc_col-sm-2\"><div class=\"vc_column-inner\"><div class=\"wpb_wrapper\"><\/div><\/div><\/div><div class=\"wpb_column vc_column_container vc_col-sm-8\"><div class=\"vc_column-inner\"><div class=\"wpb_wrapper\"><div class=\"vc_empty_space\"   style=\"height: 32px\"><span class=\"vc_empty_space_inner\"><\/span><\/div><div class=\"vc_icon_element vc_icon_element-outer vc_icon_element-align-center vc_icon_element-have-style\"><div class=\"vc_icon_element-inner vc_icon_element-color-green vc_icon_element-have-style-inner vc_icon_element-size-sm vc_icon_element-style-rounded vc_icon_element-background vc_icon_element-background-color-white\" ><span class=\"vc_icon_element-icon fas fa-exclamation\" ><\/span><\/div><\/div><div class=\"vc_row wpb_row vc_inner vc_row-fluid\"><div class=\"wpb_column vc_column_container vc_col-sm-12\"><div class=\"vc_column-inner\"><div class=\"wpb_wrapper\">\n\t<div class=\"wpb_text_column wpb_content_element \" >\n\t\t<div class=\"wpb_wrapper\">\n\t\t\t<h5 style=\"text-align: center;\"><span style=\"color: #000000;\">Si reservas alguna de las<\/span><br \/>\n<span style=\"color: #000000;\">casas de Ca\u2019n Kepa <\/span><span style=\"color: #000000;\">desde otro sitio,<br \/>\n<\/span><span style=\"color: #000000;\">\u00a1esto no est\u00e1 incluido!<\/span><\/h5>\n\n\t\t<\/div>\n\t<\/div>\n<\/div><\/div><\/div><\/div>\n\t<div class=\"wpb_text_column wpb_content_element \" >\n\t\t<div class=\"wpb_wrapper\">\n\t\t\t<h5 style=\"text-align: center;\">\u00a1Recuerda!<\/h5>\n<p style=\"text-align: center;\"><span style=\"color: #000000;\">Solo si <\/span><span style=\"color: #000000;\">reservas a trav\u00e9s de nuestra p\u00e1gina web <\/span><span style=\"color: #000000;\">disfrutar\u00e1s de beneficios \u00fanicos:<\/span><\/p>\n\n\t\t<\/div>\n\t<\/div>\n<div class=\"vc_row wpb_row vc_inner vc_row-fluid\"><div class=\"wpb_column vc_column_container vc_col-sm-6\"><div class=\"vc_column-inner\"><div class=\"wpb_wrapper\"><div class=\"vc_icon_element vc_icon_element-outer vc_icon_element-align-center vc_icon_element-have-style\"><div class=\"vc_icon_element-inner vc_icon_element-color-green vc_icon_element-have-style-inner vc_icon_element-size-sm vc_icon_element-style-rounded vc_icon_element-background vc_icon_element-background-color-white\" ><span class=\"vc_icon_element-icon fas fa-taxi\" ><\/span><\/div><\/div>\n\t<div class=\"wpb_text_column wpb_content_element \" >\n\t\t<div class=\"wpb_wrapper\">\n\t\t\t<p>Te organizamos tu <strong>recogida del aeropuerto y\/o alquiler de veh\u00edculo, <\/strong>sabemos que llegar a un aeropuerto que no conoces puede ser complicado y m\u00e1s en un pa\u00eds extrajero, y el alquiler de vehiculo en cada pais es diferente y a veces engorroso.<\/p>\n\n\t\t<\/div>\n\t<\/div>\n<\/div><\/div><\/div><div class=\"wpb_column vc_column_container vc_col-sm-6\"><div class=\"vc_column-inner\"><div class=\"wpb_wrapper\"><div class=\"vc_icon_element vc_icon_element-outer vc_icon_element-align-center vc_icon_element-have-style\"><div class=\"vc_icon_element-inner vc_icon_element-color-green vc_icon_element-have-style-inner vc_icon_element-size-sm vc_icon_element-style-rounded vc_icon_element-background vc_icon_element-background-color-white\" ><span class=\"vc_icon_element-icon fas fa-sim-card\" ><\/span><\/div><\/div>\n\t<div class=\"wpb_text_column wpb_content_element \" >\n\t\t<div class=\"wpb_wrapper\">\n\t\t\t<p>Te facilitamos una <strong>tarjeta SIM local<\/strong> para que puedas compartir tu experiencia con los tuyos, si no tienes plan de datos que te cubra en el extranjero no te preocupes, nosotros te proporcionaremos una tarjeta SIM para que puedas llamary navegar por Internet a tu gusto.<\/p>\n\n\t\t<\/div>\n\t<\/div>\n<\/div><\/div><\/div><\/div><\/div><\/div><\/div><div class=\"wpb_column vc_column_container vc_col-sm-2\"><div class=\"vc_column-inner\"><div class=\"wpb_wrapper\"><\/div><\/div><\/div><\/div><\/section><section class=\"vc_section\"><div class=\"vc_row wpb_row vc_row-fluid\"><div class=\"wpb_column vc_column_container vc_col-sm-2\"><div class=\"vc_column-inner\"><div class=\"wpb_wrapper\"><\/div><\/div><\/div><div class=\"wpb_column vc_column_container vc_col-sm-8\"><div class=\"vc_column-inner\"><div class=\"wpb_wrapper\"><div class=\"vc_icon_element vc_icon_element-outer vc_icon_element-align-center vc_icon_element-have-style\"><div class=\"vc_icon_element-inner vc_icon_element-color-green vc_icon_element-have-style-inner vc_icon_element-size-lg vc_icon_element-style-rounded-outline vc_icon_element-outline vc_icon_element-background-color-grey\" ><span class=\"vc_icon_element-icon fas fa-map-signs\" ><\/span><\/div><\/div>\n\t<div class=\"wpb_text_column wpb_content_element \" >\n\t\t<div class=\"wpb_wrapper\">\n\t\t\t<h3 style=\"text-align: center;\">\u00bfQu\u00e9 nivel de aventura quieres para llegar aqu\u00ed?<\/h3>\n<p>&nbsp;<\/p>\n<p style=\"text-align: center;\">Por experiencia te decimos que viene mucha gente aventurera, y como hay muchas formas de llegar aqu\u00ed te damos las diferentes opciones dependiendo de lo quieras hacer.<\/p>\n\n\t\t<\/div>\n\t<\/div>\n<\/div><\/div><\/div><div class=\"wpb_column vc_column_container vc_col-sm-2\"><div class=\"vc_column-inner\"><div class=\"wpb_wrapper\"><\/div><\/div><\/div><\/div><div class=\"vc_row wpb_row vc_row-fluid\"><div class=\"wpb_column vc_column_container vc_col-sm-12\"><div class=\"vc_column-inner\"><div class=\"wpb_wrapper\"><div class=\"vc_tta-container\" data-vc-action=\"collapseAll\"><div class=\"vc_general vc_tta vc_tta-accordion vc_tta-color-green vc_tta-style-outline vc_tta-shape-rounded vc_tta-spacing-1 vc_tta-gap-3 vc_tta-controls-align-center vc_tta-o-all-clickable\"><div class=\"vc_tta-panels-container\"><div class=\"vc_tta-panels\"><div class=\"vc_tta-panel\" id=\"1610897671491-da39c34b-5f4c\" data-vc-content=\".vc_tta-panel-body\"><div class=\"vc_tta-panel-heading\"><h4 class=\"vc_tta-panel-title vc_tta-controls-icon-position-left\"><a href=\"#1610897671491-da39c34b-5f4c\" data-vc-accordion data-vc-container=\".vc_tta-container\"><i class=\"vc_tta-icon fas fa-wind\"><\/i><span class=\"vc_tta-title-text\">\u00b7 Quiero llegar a la villa c\u00f3modamente y quiero llegar YA! \u00b7 Vuelo directamente a Marruecos \u00b7<\/span><i class=\"vc_tta-controls-icon vc_tta-controls-icon-chevron\"><\/i><\/a><\/h4><\/div><div class=\"vc_tta-panel-body\"><div class=\"vc_icon_element vc_icon_element-outer vc_icon_element-align-center vc_icon_element-have-style\"><div class=\"vc_icon_element-inner vc_icon_element-color-green vc_icon_element-have-style-inner vc_icon_element-size-md vc_icon_element-style-rounded-outline vc_icon_element-outline vc_icon_element-background-color-grey\" ><span class=\"vc_icon_element-icon fas fa-plane-arrival\" ><\/span><\/div><\/div>\n\t<div class=\"wpb_text_column wpb_content_element \" >\n\t\t<div class=\"wpb_wrapper\">\n\t\t\t<h5 style=\"text-align: center;\">Tienes dos opciones, volar al<\/h5>\n\n\t\t<\/div>\n\t<\/div>\n<div class=\"vc_row wpb_row vc_inner vc_row-fluid\"><div class=\"wpb_column vc_column_container vc_col-sm-6\"><div class=\"vc_column-inner\"><div class=\"wpb_wrapper\">\n\t<div class=\"wpb_text_column wpb_content_element \" >\n\t\t<div class=\"wpb_wrapper\">\n\t\t\t<p style=\"text-align: left;\"><strong>Aeropuerto Internacional de T\u00e1nger-Ibn Batouta<br \/>\n<\/strong><\/p>\n<p style=\"text-align: left;\">+ Las casas se encuentra a 2 horas en coche.<br \/>\n+ Aeropuerto con conexiones internacionales.<\/p>\n\n\t\t<\/div>\n\t<\/div>\n<\/div><\/div><\/div><div class=\"wpb_column vc_column_container vc_col-sm-6\"><div class=\"vc_column-inner\"><div class=\"wpb_wrapper\">\n\t<div class=\"wpb_text_column wpb_content_element \" >\n\t\t<div class=\"wpb_wrapper\">\n\t\t\t<p style=\"text-align: left;\"><strong>Aeropuerto de\u00a0 Tetu\u00e1n Sania Ramel<\/strong><\/p>\n<p>+ Las casas se encuentran a 15 minutos en coche.<br \/>\n&#8211; Solo llegan vuelos nacionales de Marruecos.<\/p>\n\n\t\t<\/div>\n\t<\/div>\n<\/div><\/div><\/div><\/div><div class=\"vc_row wpb_row vc_inner vc_row-fluid\"><div class=\"wpb_column vc_column_container vc_col-sm-3\"><div class=\"vc_column-inner\"><div class=\"wpb_wrapper\"><\/div><\/div><\/div><div class=\"wpb_column vc_column_container vc_col-sm-6\"><div class=\"vc_column-inner\"><div class=\"wpb_wrapper\">\n\t<div class=\"wpb_text_column wpb_content_element \" >\n\t\t<div class=\"wpb_wrapper\">\n\t\t\t<p>Una vez en Marruecos, y con coche, llegar a la casa es muy sencillo: sigue las indicaciones de la autopista A6 para la salida de M\u2019diq. Podemos quedar ah\u00ed y te vamos a buscar para ense\u00f1arte el camino.<\/p>\n<h5 style=\"text-align: center;\">Est\u00e1s a diez minutos en coche de la casa.<\/h5>\n\n\t\t<\/div>\n\t<\/div>\n<\/div><\/div><\/div><div class=\"wpb_column vc_column_container vc_col-sm-3\"><div class=\"vc_column-inner\"><div class=\"wpb_wrapper\"><\/div><\/div><\/div><\/div><\/div><\/div><div class=\"vc_tta-panel\" id=\"1610897671501-a6721836-b199\" data-vc-content=\".vc_tta-panel-body\"><div class=\"vc_tta-panel-heading\"><h4 class=\"vc_tta-panel-title vc_tta-controls-icon-position-left\"><a href=\"#1610897671501-a6721836-b199\" data-vc-accordion data-vc-container=\".vc_tta-container\"><i class=\"vc_tta-icon fas fa-water\"><\/i><span class=\"vc_tta-title-text\">\u00b7\u00b7 Quiero un nivel intermedio de aventura \u00b7\u00b7 Viajo en mi propio veh\u00edculo para no depender de otros \u00b7\u00b7<\/span><i class=\"vc_tta-controls-icon vc_tta-controls-icon-chevron\"><\/i><\/a><\/h4><\/div><div class=\"vc_tta-panel-body\"><div class=\"vc_icon_element vc_icon_element-outer vc_icon_element-align-center vc_icon_element-have-style\"><div class=\"vc_icon_element-inner vc_icon_element-color-green vc_icon_element-have-style-inner vc_icon_element-size-md vc_icon_element-style-rounded-outline vc_icon_element-outline vc_icon_element-background-color-grey\" ><span class=\"vc_icon_element-icon fas fa-ship\" ><\/span><\/div><\/div>\n\t<div class=\"wpb_text_column wpb_content_element \" >\n\t\t<div class=\"wpb_wrapper\">\n\t\t\t<h5 style=\"text-align: center;\">Tienes dos opciones<\/h5>\n\n\t\t<\/div>\n\t<\/div>\n<div class=\"vc_row wpb_row vc_inner vc_row-fluid\"><div class=\"wpb_column vc_column_container vc_col-sm-6\"><div class=\"vc_column-inner\"><div class=\"wpb_wrapper\">\n\t<div class=\"wpb_text_column wpb_content_element \" >\n\t\t<div class=\"wpb_wrapper\">\n\t\t\t<p><strong>Puerto de T\u00e1nger Med<\/strong><\/p>\n<p>Cruza el estrecho de Gibraltar en un ferry de Algeciras al Puerto de T\u00e1nger en el mediterraneo.<\/p>\n<p>Una vez en Marruecos, la villa est\u00e1\u00a0 a tan solo hora y media en coche por autopista.<\/p>\n\n\t\t<\/div>\n\t<\/div>\n<\/div><\/div><\/div><div class=\"wpb_column vc_column_container vc_col-sm-6\"><div class=\"vc_column-inner\"><div class=\"wpb_wrapper\">\n\t<div class=\"wpb_text_column wpb_content_element \" >\n\t\t<div class=\"wpb_wrapper\">\n\t\t\t<p><strong>Puerto de Ceuta<\/strong><\/p>\n<p>Este es el trayecto que hemos hecho desde que vivimos aqu\u00ed.<\/p>\n<p>De Algeciras cruzas a Ceuta en ferry el estrecho de Gibraltar.<\/p>\n<p>Una vez en Ceuta, cruza la frontera a Marruecos y por la autopista est\u00e1s en la villa en 20 minutos.<\/p>\n\n\t\t<\/div>\n\t<\/div>\n<\/div><\/div><\/div><\/div><div class=\"vc_row wpb_row vc_inner vc_row-fluid\"><div class=\"wpb_column vc_column_container vc_col-sm-3\"><div class=\"vc_column-inner\"><div class=\"wpb_wrapper\"><\/div><\/div><\/div><div class=\"wpb_column vc_column_container vc_col-sm-6\"><div class=\"vc_column-inner\"><div class=\"wpb_wrapper\">\n\t<div class=\"wpb_text_column wpb_content_element \" >\n\t\t<div class=\"wpb_wrapper\">\n\t\t\t<p style=\"text-align: left;\">Una vez en Marruecos, llegar a la casa es muy sencillo: sigue las indicaciones de la autopista A6 para la salida de M\u2019diq.<\/p>\n<p style=\"text-align: left;\">Podemos quedar ah\u00ed y te vamos a buscar para ense\u00f1arte el camino.<\/p>\n<h5 style=\"text-align: center;\">Est\u00e1s a diez minutos en coche de la casa.<\/h5>\n\n\t\t<\/div>\n\t<\/div>\n<\/div><\/div><\/div><div class=\"wpb_column vc_column_container vc_col-sm-3\"><div class=\"vc_column-inner\"><div class=\"wpb_wrapper\"><\/div><\/div><\/div><\/div><\/div><\/div><div class=\"vc_tta-panel\" id=\"1610897671509-ea0243e4-9705\" data-vc-content=\".vc_tta-panel-body\"><div class=\"vc_tta-panel-heading\"><h4 class=\"vc_tta-panel-title vc_tta-controls-icon-position-left\"><a href=\"#1610897671509-ea0243e4-9705\" data-vc-accordion data-vc-container=\".vc_tta-container\"><i class=\"vc_tta-icon fas fa-mountain\"><\/i><span class=\"vc_tta-title-text\">\u00b7\u00b7\u00b7 Quiero un nivel alto de aventura \u00b7\u00b7\u00b7 Vuelo a M\u00e1laga o Gibraltar y ah\u00ed comienza mi aventura \u00b7\u00b7\u00b7<\/span><i class=\"vc_tta-controls-icon vc_tta-controls-icon-chevron\"><\/i><\/a><\/h4><\/div><div class=\"vc_tta-panel-body\"><div class=\"vc_row wpb_row vc_inner vc_row-fluid\"><div class=\"wpb_column vc_column_container vc_col-sm-3\"><div class=\"vc_column-inner\"><div class=\"wpb_wrapper\"><div class=\"vc_icon_element vc_icon_element-outer vc_icon_element-align-center vc_icon_element-have-style\"><div class=\"vc_icon_element-inner vc_icon_element-color-green vc_icon_element-have-style-inner vc_icon_element-size-md vc_icon_element-style-rounded-outline vc_icon_element-outline vc_icon_element-background-color-grey\" ><span class=\"vc_icon_element-icon fas fa-plane-arrival\" ><\/span><\/div><\/div><\/div><\/div><\/div><div class=\"wpb_column vc_column_container vc_col-sm-3\"><div class=\"vc_column-inner\"><div class=\"wpb_wrapper\"><div class=\"vc_icon_element vc_icon_element-outer vc_icon_element-align-center vc_icon_element-have-style\"><div class=\"vc_icon_element-inner vc_icon_element-color-green vc_icon_element-have-style-inner vc_icon_element-size-md vc_icon_element-style-rounded-outline vc_icon_element-outline vc_icon_element-background-color-grey\" ><span class=\"vc_icon_element-icon fas fa-helicopter\" ><\/span><\/div><\/div><\/div><\/div><\/div><div class=\"wpb_column vc_column_container vc_col-sm-3\"><div class=\"vc_column-inner\"><div class=\"wpb_wrapper\"><div class=\"vc_icon_element vc_icon_element-outer vc_icon_element-align-center\"><div class=\"vc_icon_element-inner vc_icon_element-color-green vc_icon_element-size-md vc_icon_element-style- vc_icon_element-background-color-grey\" ><span class=\"vc_icon_element-icon fas fa-bus\" ><\/span><\/div><\/div><\/div><\/div><\/div><div class=\"wpb_column vc_column_container vc_col-sm-3\"><div class=\"vc_column-inner\"><div class=\"wpb_wrapper\"><div class=\"vc_icon_element vc_icon_element-outer vc_icon_element-align-center vc_icon_element-have-style\"><div class=\"vc_icon_element-inner vc_icon_element-color-green vc_icon_element-have-style-inner vc_icon_element-size-md vc_icon_element-style-rounded-outline vc_icon_element-outline vc_icon_element-background-color-grey\" ><span class=\"vc_icon_element-icon fas fa-ship\" ><\/span><\/div><\/div><\/div><\/div><\/div><\/div>\n\t<div class=\"wpb_text_column wpb_content_element \" >\n\t\t<div class=\"wpb_wrapper\">\n\t\t\t<h5 style=\"text-align: center;\">Tienes tres opciones<\/h5>\n\n\t\t<\/div>\n\t<\/div>\n<div class=\"vc_row wpb_row vc_inner vc_row-fluid\"><div class=\"wpb_column vc_column_container vc_col-sm-4\"><div class=\"vc_column-inner\"><div class=\"wpb_wrapper\">\n\t<div class=\"wpb_text_column wpb_content_element \" >\n\t\t<div class=\"wpb_wrapper\">\n\t\t\t<p><strong>Avi\u00f3n a M\u00e1laga + Helicoptero a Ceuta<\/strong><\/p>\n<p>&#8211; Vuela al Aeropuerto de M\u00e1laga-Costa del Sol.<br \/>\n&#8211; Sin dejar el aeropuerto coge un helicoptero que te lleva a Ceuta.<br \/>\n&#8211; En Ceuta puedes alquilar un coche, o pasar la frontera andando.<br \/>\n&#8211; Si pasas andando tendr\u00e1s que coger un taxi que te deje en casa o cerca.<\/p>\n\n\t\t<\/div>\n\t<\/div>\n<\/div><\/div><\/div><div class=\"wpb_column vc_column_container vc_col-sm-4\"><div class=\"vc_column-inner\"><div class=\"wpb_wrapper\">\n\t<div class=\"wpb_text_column wpb_content_element \" >\n\t\t<div class=\"wpb_wrapper\">\n\t\t\t<p><strong>Avi\u00f3n a M\u00e1laga + Bus a Algeciras + Barco a Ceuta<\/strong><\/p>\n<p>&#8211; Vuela al Aeropuerto de M\u00e1laga-Costa del Sol.<br \/>\n&#8211; Del aeropuerto puedes coger un autobus a:<\/p>\n<ul>\n<li>Algeciras-puerto directo (2 buses al d\u00eda),<\/li>\n<li>Algeciras-estaci\u00f3n directo,<\/li>\n<li>Algeciras-estaci\u00f3n semidirecto o de ruta,<\/li>\n<li>M\u00e1laga o Marbella para de ah\u00ed coger un bus a Algeciras,<\/li>\n<\/ul>\n<p>&#8211; En Algeciras tendr\u00e1s que ir al puerto a cojer un ferry a Ceuta cruzando el estrecho de Gibraltar.<br \/>\n&#8211; En Ceuta puedes alquilar un coche, o pasar la frontera andando.<br \/>\n&#8211; Si pasas andando tendr\u00e1s que coger un taxi que te deje en casa o cerca.<\/p>\n\n\t\t<\/div>\n\t<\/div>\n<\/div><\/div><\/div><div class=\"wpb_column vc_column_container vc_col-sm-4\"><div class=\"vc_column-inner\"><div class=\"wpb_wrapper\">\n\t<div class=\"wpb_text_column wpb_content_element \" >\n\t\t<div class=\"wpb_wrapper\">\n\t\t\t<p><strong>Avi\u00f3n a Gibraltar + Bus a Algeciras + Barco a Ceuta<\/strong><\/p>\n<p>&#8211; Vuela al Aeropuerto de Gibraltar (v\u00eda Londres).<br \/>\n&#8211; De la forntera de Gibraltar puedes coger un autobus urbano a Algeciras.<br \/>\n&#8211; En Algeciras tendr\u00e1s que ir al puerto a cojer un ferry para cruzar el estrecho de Gibraltar para llegar a Ceuta.<br \/>\n&#8211; En Ceuta puedes alquilar un coche, o pasar la frontera andando.<br \/>\n&#8211; Si pasas andando tendr\u00e1s que coger un taxi que te deje en casa o cerca.<\/p>\n\n\t\t<\/div>\n\t<\/div>\n<\/div><\/div><\/div><\/div><\/div><\/div><div class=\"vc_tta-panel\" id=\"1610897671519-49c45d8d-6b23\" data-vc-content=\".vc_tta-panel-body\"><div class=\"vc_tta-panel-heading\"><h4 class=\"vc_tta-panel-title vc_tta-controls-icon-position-left\"><a href=\"#1610897671519-49c45d8d-6b23\" data-vc-accordion data-vc-container=\".vc_tta-container\"><i class=\"vc_tta-icon fas fa-broom\"><\/i><span class=\"vc_tta-title-text\">\u00b7\u00b7\u00b7\u00b7 Quiero el nivel m\u00e1ximo de aventura \u00b7\u00b7\u00b7\u00b7 Viajo en mi propio barco u otras opciones \u00b7\u00b7\u00b7\u00b7<\/span><i class=\"vc_tta-controls-icon vc_tta-controls-icon-chevron\"><\/i><\/a><\/h4><\/div><div class=\"vc_tta-panel-body\"><div class=\"vc_row wpb_row vc_inner vc_row-fluid\"><div class=\"wpb_column vc_column_container vc_col-sm-4\"><div class=\"vc_column-inner\"><div class=\"wpb_wrapper\"><div class=\"vc_icon_element vc_icon_element-outer vc_icon_element-align-center vc_icon_element-have-style\"><div class=\"vc_icon_element-inner vc_icon_element-color-green vc_icon_element-have-style-inner vc_icon_element-size-md vc_icon_element-style-rounded-outline vc_icon_element-outline vc_icon_element-background-color-grey\" ><span class=\"vc_icon_element-icon fas fa-anchor\" ><\/span><\/div><\/div><\/div><\/div><\/div><div class=\"wpb_column vc_column_container vc_col-sm-4\"><div class=\"vc_column-inner\"><div class=\"wpb_wrapper\"><div class=\"vc_icon_element vc_icon_element-outer vc_icon_element-align-center vc_icon_element-have-style\"><div class=\"vc_icon_element-inner vc_icon_element-color-green vc_icon_element-have-style-inner vc_icon_element-size-md vc_icon_element-style-rounded-outline vc_icon_element-outline vc_icon_element-background-color-grey\" ><span class=\"vc_icon_element-icon fas fa-bicycle\" ><\/span><\/div><\/div><\/div><\/div><\/div><div class=\"wpb_column vc_column_container vc_col-sm-4\"><div class=\"vc_column-inner\"><div class=\"wpb_wrapper\"><div class=\"vc_icon_element vc_icon_element-outer vc_icon_element-align-center vc_icon_element-have-style\"><div class=\"vc_icon_element-inner vc_icon_element-color-green vc_icon_element-have-style-inner vc_icon_element-size-md vc_icon_element-style-rounded-outline vc_icon_element-outline vc_icon_element-background-color-grey\" ><span class=\"vc_icon_element-icon fas fa-hiking\" ><\/span><\/div><\/div><\/div><\/div><\/div><\/div>\n\t<div class=\"wpb_text_column wpb_content_element \" >\n\t\t<div class=\"wpb_wrapper\">\n\t\t\t<p><strong>Puertos deportivos<\/strong><br \/>\n&#8211; Si viajas en tu propio barco, hay dos puertos deportivos cerca de casa: el de la urbanizaci\u00f3n de Kabila (a 10 minutos en coche) y el de la urbanizaci\u00f3n de Marina Smir (a 12 minutos en coche).<\/p>\n<p>&nbsp;<\/p>\n<p style=\"text-align: center;\"><strong>No s\u00e9 qu\u00e9 otra opci\u00f3n m\u00e1s darte! \u00bfVienes en moto?\u00bfEn bici?\u00bfAndando?<\/strong><\/p>\n<h5 style=\"text-align: center;\">Si viajas de cualquier otra forma comentanosl\u00e1<br \/>\ny te esperamos tomando un t\u00e9 con menta debajo de una higuera. Aupa ah\u00ed!<\/h5>\n\n\t\t<\/div>\n\t<\/div>\n<\/div><\/div><\/div><\/div><\/div><\/div><\/div><\/div><\/div><\/div><div class=\"vc_row wpb_row vc_row-fluid vc_row-o-equal-height vc_row-flex\"><div class=\"wpb_column vc_column_container vc_col-sm-3\"><div class=\"vc_column-inner\"><div class=\"wpb_wrapper\"><div class=\"vc_icon_element vc_icon_element-outer vc_icon_element-align-center vc_icon_element-have-style\"><div class=\"vc_icon_element-inner vc_icon_element-color-white vc_icon_element-have-style-inner vc_icon_element-size-xs vc_icon_element-style-rounded vc_icon_element-background vc_icon_element-background-color-orange\" ><span class=\"vc_icon_element-icon vc-material vc-material-local_airport\" ><\/span><\/div><\/div><div class=\"vc_tta-container\" data-vc-action=\"collapseAll\"><div class=\"vc_general vc_tta vc_tta-accordion vc_tta-color-green vc_tta-style-outline vc_tta-shape-rounded vc_tta-o-shape-group vc_tta-controls-align-center vc_tta-o-all-clickable\"><div class=\"vc_tta-panels-container\"><div class=\"vc_tta-panels\"><div class=\"vc_tta-panel\" id=\"1610899438296-22b35b45-e3c4\" data-vc-content=\".vc_tta-panel-body\"><div class=\"vc_tta-panel-heading\"><h4 class=\"vc_tta-panel-title vc_tta-controls-icon-position-left\"><a href=\"#1610899438296-22b35b45-e3c4\" data-vc-accordion data-vc-container=\".vc_tta-container\"><span class=\"vc_tta-title-text\">Aeropuertos<\/span><i class=\"vc_tta-controls-icon vc_tta-controls-icon-chevron\"><\/i><\/a><\/h4><\/div><div class=\"vc_tta-panel-body\">\n\t<div class=\"wpb_text_column wpb_content_element \" >\n\t\t<div class=\"wpb_wrapper\">\n\t\t\t<p><span style=\"font-weight: 400;\"><strong>\u00b7 Aeropuerto de Tetu\u00e1n Sania Ramel \u00b7<\/strong> a veinte minutos en coche de nuestras casas.<\/span><\/p>\n<p><strong>\u00b7 Aeropuerto internacional de T\u00e1nger-Ibn Batouta \u00b7<\/strong> a dos horas en coche de nuestras casas.<\/p>\n<p><strong>\u00b7 Aeropuerto de Malaga-Costa del Sol \u00b7<\/strong> puedes coger un helic\u00f3ptero a la ciudad aut\u00f3noma de Ceuta, o puedes ir a Algeciras en autob\u00fas y de aqu\u00ed coger un ferry a Ceuta o a la ciudad de T\u00e1nger.<\/p>\n<p><strong>\u00b7 Aeropuerto internacional de Gibraltar \u00b7<\/strong> al lado de la ciudad espa\u00f1ola de Algeciras. De aqu\u00ed puedes coger un ferry a Ceuta o a la ciudad de T\u00e1nger.<\/p>\n\n\t\t<\/div>\n\t<\/div>\n<\/div><\/div><\/div><\/div><\/div><\/div><\/div><\/div><\/div><div class=\"wpb_column vc_column_container vc_col-sm-3\"><div class=\"vc_column-inner\"><div class=\"wpb_wrapper\"><div class=\"vc_icon_element vc_icon_element-outer vc_icon_element-align-center vc_icon_element-have-style\"><div class=\"vc_icon_element-inner vc_icon_element-color-white vc_icon_element-have-style-inner vc_icon_element-size-xs vc_icon_element-style-rounded vc_icon_element-background vc_icon_element-background-color-sky\" ><span class=\"vc_icon_element-icon fas fa-ship\" ><\/span><\/div><\/div><div class=\"vc_tta-container\" data-vc-action=\"collapseAll\"><div class=\"vc_general vc_tta vc_tta-accordion vc_tta-color-green vc_tta-style-outline vc_tta-shape-rounded vc_tta-o-shape-group vc_tta-controls-align-center vc_tta-o-all-clickable\"><div class=\"vc_tta-panels-container\"><div class=\"vc_tta-panels\"><div class=\"vc_tta-panel\" id=\"1610899505863-7b15af96-ad41\" data-vc-content=\".vc_tta-panel-body\"><div class=\"vc_tta-panel-heading\"><h4 class=\"vc_tta-panel-title vc_tta-controls-icon-position-left\"><a href=\"#1610899505863-7b15af96-ad41\" data-vc-accordion data-vc-container=\".vc_tta-container\"><span class=\"vc_tta-title-text\">Puertos<\/span><i class=\"vc_tta-controls-icon vc_tta-controls-icon-chevron\"><\/i><\/a><\/h4><\/div><div class=\"vc_tta-panel-body\">\n\t<div class=\"wpb_text_column wpb_content_element \" >\n\t\t<div class=\"wpb_wrapper\">\n\t\t\t<p><strong>\u00b7 Puerto Tangier Ville \u00b7 <\/strong>puerto de la ciudad de T\u00e1nger con conexiones en ferry a Espa\u00f1a y a otras ciudades de Europa. Este puerto de encuentra a dos horas de nuestras casas.<\/p>\n<p><span style=\"font-weight: 400;\"><strong>\u00b7 Puerto Tangier Med \u00b7<\/strong> puerto en el estrecho de Gibraltar entre la ciudad aut\u00f3noma espa\u00f1ola de Ceuta y la ciudad marroqu\u00ed de T\u00e1nger, a una hora en coche de nuestras casas.<\/span><\/p>\n<p><span style=\"font-weight: 400;\"><strong>\u00b7 Puerto de Ceuta \u00b7<\/strong> puerto en la ciudad aut\u00f3noma espa\u00f1ola de Ceuta a treinta minutos en coche de nuestras casas.<\/span><\/p>\n\n\t\t<\/div>\n\t<\/div>\n<\/div><\/div><\/div><\/div><\/div><\/div><\/div><\/div><\/div><div class=\"wpb_column vc_column_container vc_col-sm-3\"><div class=\"vc_column-inner\"><div class=\"wpb_wrapper\"><div class=\"vc_icon_element vc_icon_element-outer vc_icon_element-align-center vc_icon_element-have-style\"><div class=\"vc_icon_element-inner vc_icon_element-color-white vc_icon_element-have-style-inner vc_icon_element-size-xs vc_icon_element-style-rounded vc_icon_element-background vc_icon_element-background-color-violet\" ><span class=\"vc_icon_element-icon fas fa-helicopter\" ><\/span><\/div><\/div><div class=\"vc_tta-container\" data-vc-action=\"collapseAll\"><div class=\"vc_general vc_tta vc_tta-accordion vc_tta-color-green vc_tta-style-outline vc_tta-shape-rounded vc_tta-o-shape-group vc_tta-controls-align-center vc_tta-o-all-clickable\"><div class=\"vc_tta-panels-container\"><div class=\"vc_tta-panels\"><div class=\"vc_tta-panel\" id=\"1610899484867-408e28ea-fd39\" data-vc-content=\".vc_tta-panel-body\"><div class=\"vc_tta-panel-heading\"><h4 class=\"vc_tta-panel-title vc_tta-controls-icon-position-left\"><a href=\"#1610899484867-408e28ea-fd39\" data-vc-accordion data-vc-container=\".vc_tta-container\"><span class=\"vc_tta-title-text\">Helipuertos<\/span><i class=\"vc_tta-controls-icon vc_tta-controls-icon-chevron\"><\/i><\/a><\/h4><\/div><div class=\"vc_tta-panel-body\">\n\t<div class=\"wpb_text_column wpb_content_element \" >\n\t\t<div class=\"wpb_wrapper\">\n\t\t\t<p><span style=\"font-weight: 400;\"><strong>\u00b7 Helipuerto de Ceuta \u00b7<\/strong> Puedes volar en helic\u00f3ptero al aeropuerto de M\u00e1laga o a la ciudad espa\u00f1ola de Algeciras.<\/span><\/p>\n<p><strong>\u00b7 Helipuerto de M\u00e1laga \u00b7 <\/strong>Localizado en el aeropuerto de M\u00e1laga, puedes volar a la ciudad aut\u00f3noma espa\u00f1ola de Ceuta.<\/p>\n<p><strong>\u00b7 Helipuerto de Algeciras \u00b7 <\/strong>Localizado en el puerto de Algeciras, puedes volar a la ciudad aut\u00f3noma espa\u00f1ola de Ceuta.<\/p>\n\n\t\t<\/div>\n\t<\/div>\n<\/div><\/div><\/div><\/div><\/div><\/div><\/div><\/div><\/div><div class=\"wpb_column vc_column_container vc_col-sm-3\"><div class=\"vc_column-inner\"><div class=\"wpb_wrapper\"><div class=\"vc_icon_element vc_icon_element-outer vc_icon_element-align-center vc_icon_element-have-style\"><div class=\"vc_icon_element-inner vc_icon_element-color-white vc_icon_element-have-style-inner vc_icon_element-size-xs vc_icon_element-style-rounded vc_icon_element-background vc_icon_element-background-color-green\" ><span class=\"vc_icon_element-icon fas fa-anchor\" ><\/span><\/div><\/div><div class=\"vc_tta-container\" data-vc-action=\"collapseAll\"><div class=\"vc_general vc_tta vc_tta-accordion vc_tta-color-green vc_tta-style-outline vc_tta-shape-rounded vc_tta-o-shape-group vc_tta-controls-align-center vc_tta-o-all-clickable\"><div class=\"vc_tta-panels-container\"><div class=\"vc_tta-panels\"><div class=\"vc_tta-panel\" id=\"1610899465542-f3bb3804-ceb7\" data-vc-content=\".vc_tta-panel-body\"><div class=\"vc_tta-panel-heading\"><h4 class=\"vc_tta-panel-title vc_tta-controls-icon-position-left\"><a href=\"#1610899465542-f3bb3804-ceb7\" data-vc-accordion data-vc-container=\".vc_tta-container\"><span class=\"vc_tta-title-text\">Puertos deportivos<\/span><i class=\"vc_tta-controls-icon vc_tta-controls-icon-chevron\"><\/i><\/a><\/h4><\/div><div class=\"vc_tta-panel-body\">\n\t<div class=\"wpb_text_column wpb_content_element \" >\n\t\t<div class=\"wpb_wrapper\">\n\t\t\t<p><span style=\"font-weight: 400;\">Si viajas en tu propio barco, puedes atracar en los puertos deportivos de la zona: <\/span><\/p>\n<p><span style=\"font-weight: 400;\">\u00b7 <strong>Puerto deportivo de<\/strong> la urbanizaci\u00f3n de <strong>Marina Smir<\/strong> a escasos quince minutos de nuestras casas.<\/span><\/p>\n<p><span style=\"font-weight: 400;\">\u00b7 <strong>Puerto deportivo de<\/strong> la urbanizaci\u00f3n de <strong>Kabila<\/strong> a diez minutos de nuestras casas.<\/span><\/p>\n\n\t\t<\/div>\n\t<\/div>\n<\/div><\/div><\/div><\/div><\/div><\/div><\/div><\/div><\/div><\/div><div class=\"vc_row wpb_row vc_row-fluid\"><div class=\"wpb_column vc_column_container vc_col-sm-2\"><div class=\"vc_column-inner\"><div class=\"wpb_wrapper\"><\/div><\/div><\/div><div class=\"wpb_column vc_column_container vc_col-sm-8\"><div class=\"vc_column-inner\"><div class=\"wpb_wrapper\">\n\t<div class=\"wpb_text_column wpb_content_element \" >\n\t\t<div class=\"wpb_wrapper\">\n\t\t\t<h5 style=\"text-align: center;\">Cont\u00e1ctanos para informarnos de tu viaje o para resolver cualquier duda que tengas para llegar hasta aqu\u00ed.<\/h5>\n\n\t\t<\/div>\n\t<\/div>\n<div class=\"vc_btn3-container vc_btn3-center\" ><a class=\"vc_general vc_btn3 vc_btn3-size-md vc_btn3-shape-rounded vc_btn3-style-outline vc_btn3-block vc_btn3-icon-left vc_btn3-color-blue\" href=\"https:\/\/cankepa.com\/contact\/\" title=\"\u00a1Sin miedo! Contestamos todas tus dudas\"><i class=\"vc_btn3-icon fas fa-user-edit\"><\/i> \u00a1Escr\u00edbenos'<\/a><\/div><\/div><\/div><\/div><div class=\"wpb_column vc_column_container vc_col-sm-2\"><div class=\"vc_column-inner\"><div class=\"wpb_wrapper\"><\/div><\/div><\/div><\/div><div class=\"vc_row wpb_row vc_row-fluid\"><\/div><\/section><div class=\"vc_row wpb_row vc_row-fluid vc_custom_1605357044574 vc_row-has-fill\"><\/div><section class=\"vc_section\"><div class=\"vc_row wpb_row vc_row-fluid\"><div class=\"wpb_column vc_column_container vc_col-sm-12\"><div class=\"vc_column-inner\"><div class=\"wpb_wrapper\"><div class=\"vc_icon_element vc_icon_element-outer vc_icon_element-align-center vc_icon_element-have-style\"><div class=\"vc_icon_element-inner vc_icon_element-color-green vc_icon_element-have-style-inner vc_icon_element-size-md vc_icon_element-style-rounded-outline vc_icon_element-outline vc_icon_element-background-color-grey\" ><span class=\"vc_icon_element-icon fas fa-map-marker-alt\" ><\/span><\/div><\/div>\n\t<div class=\"wpb_text_column wpb_content_element \" >\n\t\t<div class=\"wpb_wrapper\">\n\t\t\t<h3 style=\"text-align: center;\">Nuestras casas en Marruecos<\/h3>\n\n\t\t<\/div>\n\t<\/div>\n<\/div><\/div><\/div><\/div><div class=\"vc_row wpb_row vc_row-fluid\"><div class=\"wpb_column vc_column_container vc_col-sm-2 vc_col-has-fill\"><div class=\"vc_column-inner vc_custom_1610747612073\"><div class=\"wpb_wrapper\"><div class=\"vc_empty_space\"   style=\"height: 32px\"><span class=\"vc_empty_space_inner\"><\/span><\/div>\n\t<div class=\"wpb_text_column wpb_content_element \" >\n\t\t<div class=\"wpb_wrapper\">\n\t\t\t<p style=\"text-align: center;\">\u00b7 Flores de Marruecos \u00b7<\/p>\n\n\t\t<\/div>\n\t<\/div>\n<div class=\"vc_icon_element vc_icon_element-outer vc_icon_element-align-center vc_icon_element-have-style\"><div class=\"vc_icon_element-inner vc_icon_element-color-white vc_icon_element-have-style-inner vc_icon_element-size-xs vc_icon_element-style-rounded vc_icon_element-background vc_icon_element-background-color-custom\"  style=\"background-color:#c2185b\"><span class=\"vc_icon_element-icon fas fa-home\" ><\/span><\/div><\/div><\/div><\/div><\/div><div class=\"wpb_column vc_column_container vc_col-sm-2\"><div class=\"vc_column-inner\"><div class=\"wpb_wrapper\"><div class=\"vc_empty_space\"   style=\"height: 32px\"><span class=\"vc_empty_space_inner\"><\/span><\/div>\n\t<div class=\"wpb_text_column wpb_content_element \" >\n\t\t<div class=\"wpb_wrapper\">\n\t\t\t<p style=\"text-align: center;\">\u00b7 Casa Azul \u00b7<\/p>\n\n\t\t<\/div>\n\t<\/div>\n<div class=\"vc_icon_element vc_icon_element-outer vc_icon_element-align-center vc_icon_element-have-style\"><div class=\"vc_icon_element-inner vc_icon_element-color-white vc_icon_element-have-style-inner vc_icon_element-size-xs vc_icon_element-style-rounded vc_icon_element-background vc_icon_element-background-color-custom\"  style=\"background-color:#01579b\"><span class=\"vc_icon_element-icon fas fa-home\" ><\/span><\/div><\/div><\/div><\/div><\/div><div class=\"wpb_column vc_column_container vc_col-sm-2\"><div class=\"vc_column-inner\"><div class=\"wpb_wrapper\"><div class=\"vc_empty_space\"   style=\"height: 32px\"><span class=\"vc_empty_space_inner\"><\/span><\/div>\n\t<div class=\"wpb_text_column wpb_content_element \" >\n\t\t<div class=\"wpb_wrapper\">\n\t\t\t<p style=\"text-align: center;\">\u00b7 Casa de Ena \u00b7<\/p>\n\n\t\t<\/div>\n\t<\/div>\n<div class=\"vc_icon_element vc_icon_element-outer vc_icon_element-align-center vc_icon_element-have-style\"><div class=\"vc_icon_element-inner vc_icon_element-color-white vc_icon_element-have-style-inner vc_icon_element-size-xs vc_icon_element-style-rounded vc_icon_element-background vc_icon_element-background-color-custom\"  style=\"background-color:#0288d1\"><span class=\"vc_icon_element-icon fas fa-home\" ><\/span><\/div><\/div><\/div><\/div><\/div><div class=\"wpb_column vc_column_container vc_col-sm-2\"><div class=\"vc_column-inner\"><div class=\"wpb_wrapper\"><div class=\"vc_empty_space\"   style=\"height: 32px\"><span class=\"vc_empty_space_inner\"><\/span><\/div>\n\t<div class=\"wpb_text_column wpb_content_element \" >\n\t\t<div class=\"wpb_wrapper\">\n\t\t\t<p style=\"text-align: center;\">\u00b7 Casa de piedra \u00b7<\/p>\n\n\t\t<\/div>\n\t<\/div>\n<div class=\"vc_icon_element vc_icon_element-outer vc_icon_element-align-center vc_icon_element-have-style\"><div class=\"vc_icon_element-inner vc_icon_element-color-white vc_icon_element-have-style-inner vc_icon_element-size-xs vc_icon_element-style-rounded vc_icon_element-background vc_icon_element-background-color-custom\"  style=\"background-color:#afafaf\"><span class=\"vc_icon_element-icon fas fa-home\" ><\/span><\/div><\/div><\/div><\/div><\/div><div class=\"wpb_column vc_column_container vc_col-sm-2\"><div class=\"vc_column-inner\"><div class=\"wpb_wrapper\"><div class=\"vc_empty_space\"   style=\"height: 32px\"><span class=\"vc_empty_space_inner\"><\/span><\/div>\n\t<div class=\"wpb_text_column wpb_content_element \" >\n\t\t<div class=\"wpb_wrapper\">\n\t\t\t<p style=\"text-align: center;\">\u00b7 Sassem de Itziar \u00b7<\/p>\n\n\t\t<\/div>\n\t<\/div>\n<div class=\"vc_icon_element vc_icon_element-outer vc_icon_element-align-center vc_icon_element-have-style\"><div class=\"vc_icon_element-inner vc_icon_element-color-white vc_icon_element-have-style-inner vc_icon_element-size-xs vc_icon_element-style-rounded vc_icon_element-background vc_icon_element-background-color-custom\"  style=\"background-color:#afb42b\"><span class=\"vc_icon_element-icon fas fa-home\" ><\/span><\/div><\/div><\/div><\/div><\/div><div class=\"wpb_column vc_column_container vc_col-sm-2\"><div class=\"vc_column-inner\"><div class=\"wpb_wrapper\"><div class=\"vc_empty_space\"   style=\"height: 32px\"><span class=\"vc_empty_space_inner\"><\/span><\/div>\n\t<div class=\"wpb_text_column wpb_content_element \" >\n\t\t<div class=\"wpb_wrapper\">\n\t\t\t<p style=\"text-align: center;\">\u00b7 Sassem de Pepe \u00b7<\/p>\n\n\t\t<\/div>\n\t<\/div>\n<div class=\"vc_icon_element vc_icon_element-outer vc_icon_element-align-center vc_icon_element-have-style\"><div class=\"vc_icon_element-inner vc_icon_element-color-white vc_icon_element-have-style-inner vc_icon_element-size-xs vc_icon_element-style-rounded vc_icon_element-background vc_icon_element-background-color-custom\"  style=\"background-color:#a52714\"><span class=\"vc_icon_element-icon fas fa-home\" ><\/span><\/div><\/div><\/div><\/div><\/div><\/div><div class=\"vc_row wpb_row vc_row-fluid\"><div class=\"wpb_column vc_column_container vc_col-sm-2\"><div class=\"vc_column-inner\"><div class=\"wpb_wrapper\"><\/div><\/div><\/div><div class=\"wpb_column vc_column_container vc_col-sm-8\"><div class=\"vc_column-inner\"><div class=\"wpb_wrapper\"><div class=\"vc_btn3-container vc_btn3-center\" ><a class=\"vc_general vc_btn3 vc_btn3-size-md vc_btn3-shape-rounded vc_btn3-style-outline vc_btn3-block vc_btn3-icon-left vc_btn3-color-blue\" href=\"https:\/\/cankepa.com\/nuestras-casas-marruecos\/\" title=\"Echa una ojeada a nuestras casa en marruecos\"><i class=\"vc_btn3-icon fas fa-binoculars\"><\/i> Nuestras casas en Marruecos<\/a><\/div><\/div><\/div><\/div><div class=\"wpb_column vc_column_container vc_col-sm-2\"><div class=\"vc_column-inner\"><div class=\"wpb_wrapper\"><\/div><\/div><\/div><\/div><\/section>\n<\/div>","protected":false},"excerpt":{"rendered":"Marruecos\u00a0 &nbsp; Tan cerca y tan desconocido. \u00a1Ven a descubrir este pa\u00eds m\u00e1gico! Marruecos goza de un tiempo envidiable y variado durante todo el a\u00f1o, debido a su localizaci\u00f3n entre el oceano Atlantico, el desierto del Sahara, y el mar Mediterraneo. El pa\u00eds tiene una cultura muy rica y variada, muchas veces desconocida. La regi\u00f3n [...]","protected":false},"author":1,"featured_media":0,"parent":0,"menu_order":0,"comment_status":"closed","ping_status":"closed","template":"","meta":{"footnotes":""},"yoast_head":"<!-- This site is optimized with the Yoast SEO plugin v23.5 - https:\/\/yoast.com\/wordpress\/plugins\/seo\/ -->\n<title>Informaci\u00f3n de Marruecos \u00b7 Desc\u00fabrelo desde nuestras casas \u00b7 Ca&#039;n Kepa<\/title>\n<meta name=\"description\" content=\"El mejor lugar desde el que se puede visitar el norte de Marruecos \u00b7 Ven a conocer su gente, su cultura, su patromino hist\u00f3rico y natural\" \/>\n<meta name=\"robots\" content=\"index, follow, max-snippet:-1, max-image-preview:large, max-video-preview:-1\" \/>\n<link rel=\"canonical\" href=\"https:\/\/cankepa.com\/es\/marruecos\/\" \/>\n<meta property=\"og:locale\" content=\"es_ES\" \/>\n<meta property=\"og:type\" content=\"article\" \/>\n<meta property=\"og:title\" content=\"Informaci\u00f3n de Marruecos \u00b7 Desc\u00fabrelo desde nuestras casas \u00b7 Ca&#039;n Kepa\" \/>\n<meta property=\"og:description\" content=\"El mejor lugar desde el que se puede visitar el norte de Marruecos \u00b7 Ven a conocer su gente, su cultura, su patromino hist\u00f3rico y natural\" \/>\n<meta property=\"og:url\" content=\"https:\/\/cankepa.com\/es\/marruecos\/\" \/>\n<meta property=\"og:site_name\" content=\"Ca\u00b4n Kepa\" \/>\n<meta property=\"article:modified_time\" content=\"2026-02-18T09:04:23+00:00\" \/>\n<meta name=\"twitter:card\" content=\"summary_large_image\" \/>\n<meta name=\"twitter:label1\" content=\"Tiempo de lectura\" \/>\n\t<meta name=\"twitter:data1\" content=\"36 minutos\" \/>\n<script type=\"application\/ld+json\" class=\"yoast-schema-graph\">{\"@context\":\"https:\/\/schema.org\",\"@graph\":[{\"@type\":\"WebPage\",\"@id\":\"https:\/\/cankepa.com\/marruecos\/\",\"url\":\"https:\/\/cankepa.com\/marruecos\/\",\"name\":\"Informaci\u00f3n de Marruecos \u00b7 Desc\u00fabrelo desde nuestras casas \u00b7 Ca'n Kepa\",\"isPartOf\":{\"@id\":\"https:\/\/cankepa.com\/es\/#website\"},\"datePublished\":\"2020-04-04T10:59:14+00:00\",\"dateModified\":\"2026-02-18T09:04:23+00:00\",\"description\":\"El mejor lugar desde el que se puede visitar el norte de Marruecos \u00b7 Ven a conocer su gente, su cultura, su patromino hist\u00f3rico y natural\",\"breadcrumb\":{\"@id\":\"https:\/\/cankepa.com\/marruecos\/#breadcrumb\"},\"inLanguage\":\"es\",\"potentialAction\":[{\"@type\":\"ReadAction\",\"target\":[\"https:\/\/cankepa.com\/marruecos\/\"]}]},{\"@type\":\"BreadcrumbList\",\"@id\":\"https:\/\/cankepa.com\/marruecos\/#breadcrumb\",\"itemListElement\":[{\"@type\":\"ListItem\",\"position\":1,\"name\":\"Portada\",\"item\":\"https:\/\/cankepa.com\/es\/\"},{\"@type\":\"ListItem\",\"position\":2,\"name\":\"Morocco\"}]},{\"@type\":\"WebSite\",\"@id\":\"https:\/\/cankepa.com\/es\/#website\",\"url\":\"https:\/\/cankepa.com\/es\/\",\"name\":\"Ca\u00b4n Kepa\",\"description\":\"Rural houses &amp; villas\",\"publisher\":{\"@id\":\"https:\/\/cankepa.com\/es\/#organization\"},\"potentialAction\":[{\"@type\":\"SearchAction\",\"target\":{\"@type\":\"EntryPoint\",\"urlTemplate\":\"https:\/\/cankepa.com\/es\/?s={search_term_string}\"},\"query-input\":{\"@type\":\"PropertyValueSpecification\",\"valueRequired\":true,\"valueName\":\"search_term_string\"}}],\"inLanguage\":\"es\"},{\"@type\":\"Organization\",\"@id\":\"https:\/\/cankepa.com\/es\/#organization\",\"name\":\"Ca'n Kepa\",\"url\":\"https:\/\/cankepa.com\/es\/\",\"logo\":{\"@type\":\"ImageObject\",\"inLanguage\":\"es\",\"@id\":\"https:\/\/cankepa.com\/es\/#\/schema\/logo\/image\/\",\"url\":\"https:\/\/cankepa.com\/wp-content\/uploads\/2020\/08\/200820-Logo-Can-Kepa-FINAL-47-1.png\",\"contentUrl\":\"https:\/\/cankepa.com\/wp-content\/uploads\/2020\/08\/200820-Logo-Can-Kepa-FINAL-47-1.png\",\"width\":1278,\"height\":283,\"caption\":\"Ca'n Kepa\"},\"image\":{\"@id\":\"https:\/\/cankepa.com\/es\/#\/schema\/logo\/image\/\"}}]}<\/script>\n<!-- \/ Yoast SEO plugin. -->","yoast_head_json":{"title":"Informaci\u00f3n de Marruecos \u00b7 Desc\u00fabrelo desde nuestras casas \u00b7 Ca'n Kepa","description":"El mejor lugar desde el que se puede visitar el norte de Marruecos \u00b7 Ven a conocer su gente, su cultura, su patromino hist\u00f3rico y natural","robots":{"index":"index","follow":"follow","max-snippet":"max-snippet:-1","max-image-preview":"max-image-preview:large","max-video-preview":"max-video-preview:-1"},"canonical":"https:\/\/cankepa.com\/es\/marruecos\/","og_locale":"es_ES","og_type":"article","og_title":"Informaci\u00f3n de Marruecos \u00b7 Desc\u00fabrelo desde nuestras casas \u00b7 Ca'n Kepa","og_description":"El mejor lugar desde el que se puede visitar el norte de Marruecos \u00b7 Ven a conocer su gente, su cultura, su patromino hist\u00f3rico y natural","og_url":"https:\/\/cankepa.com\/es\/marruecos\/","og_site_name":"Ca\u00b4n Kepa","article_modified_time":"2026-02-18T09:04:23+00:00","twitter_card":"summary_large_image","twitter_misc":{"Tiempo de lectura":"36 minutos"},"schema":{"@context":"https:\/\/schema.org","@graph":[{"@type":"WebPage","@id":"https:\/\/cankepa.com\/marruecos\/","url":"https:\/\/cankepa.com\/marruecos\/","name":"Informaci\u00f3n de Marruecos \u00b7 Desc\u00fabrelo desde nuestras casas \u00b7 Ca'n Kepa","isPartOf":{"@id":"https:\/\/cankepa.com\/es\/#website"},"datePublished":"2020-04-04T10:59:14+00:00","dateModified":"2026-02-18T09:04:23+00:00","description":"El mejor lugar desde el que se puede visitar el norte de Marruecos \u00b7 Ven a conocer su gente, su cultura, su patromino hist\u00f3rico y natural","breadcrumb":{"@id":"https:\/\/cankepa.com\/marruecos\/#breadcrumb"},"inLanguage":"es","potentialAction":[{"@type":"ReadAction","target":["https:\/\/cankepa.com\/marruecos\/"]}]},{"@type":"BreadcrumbList","@id":"https:\/\/cankepa.com\/marruecos\/#breadcrumb","itemListElement":[{"@type":"ListItem","position":1,"name":"Portada","item":"https:\/\/cankepa.com\/es\/"},{"@type":"ListItem","position":2,"name":"Morocco"}]},{"@type":"WebSite","@id":"https:\/\/cankepa.com\/es\/#website","url":"https:\/\/cankepa.com\/es\/","name":"Ca\u00b4n Kepa","description":"Rural houses &amp; villas","publisher":{"@id":"https:\/\/cankepa.com\/es\/#organization"},"potentialAction":[{"@type":"SearchAction","target":{"@type":"EntryPoint","urlTemplate":"https:\/\/cankepa.com\/es\/?s={search_term_string}"},"query-input":{"@type":"PropertyValueSpecification","valueRequired":true,"valueName":"search_term_string"}}],"inLanguage":"es"},{"@type":"Organization","@id":"https:\/\/cankepa.com\/es\/#organization","name":"Ca'n Kepa","url":"https:\/\/cankepa.com\/es\/","logo":{"@type":"ImageObject","inLanguage":"es","@id":"https:\/\/cankepa.com\/es\/#\/schema\/logo\/image\/","url":"https:\/\/cankepa.com\/wp-content\/uploads\/2020\/08\/200820-Logo-Can-Kepa-FINAL-47-1.png","contentUrl":"https:\/\/cankepa.com\/wp-content\/uploads\/2020\/08\/200820-Logo-Can-Kepa-FINAL-47-1.png","width":1278,"height":283,"caption":"Ca'n Kepa"},"image":{"@id":"https:\/\/cankepa.com\/es\/#\/schema\/logo\/image\/"}}]}},"_links":{"self":[{"href":"https:\/\/cankepa.com\/es\/wp-json\/wp\/v2\/pages\/49"}],"collection":[{"href":"https:\/\/cankepa.com\/es\/wp-json\/wp\/v2\/pages"}],"about":[{"href":"https:\/\/cankepa.com\/es\/wp-json\/wp\/v2\/types\/page"}],"author":[{"embeddable":true,"href":"https:\/\/cankepa.com\/es\/wp-json\/wp\/v2\/users\/1"}],"replies":[{"embeddable":true,"href":"https:\/\/cankepa.com\/es\/wp-json\/wp\/v2\/comments?post=49"}],"version-history":[{"count":313,"href":"https:\/\/cankepa.com\/es\/wp-json\/wp\/v2\/pages\/49\/revisions"}],"predecessor-version":[{"id":5158,"href":"https:\/\/cankepa.com\/es\/wp-json\/wp\/v2\/pages\/49\/revisions\/5158"}],"wp:attachment":[{"href":"https:\/\/cankepa.com\/es\/wp-json\/wp\/v2\/media?parent=49"}],"curies":[{"name":"wp","href":"https:\/\/api.w.org\/{rel}","templated":true}]}}